{"id":2635,"date":"2025-12-17T09:14:29","date_gmt":"2025-12-17T09:14:29","guid":{"rendered":"https:\/\/eventkit.ch\/?page_id=2635"},"modified":"2026-03-25T08:42:50","modified_gmt":"2026-03-25T07:42:50","slug":"2635-2","status":"publish","type":"page","link":"https:\/\/eventkit.ch\/?page_id=2635&lang=fr","title":{"rendered":"Mesurer et \u00e9valuer l&#8217;impact"},"content":{"rendered":"<section class=\"wp-block-group alignfull is-layout-constrained wp-block-group-is-layout-constrained\"><div class=\"wp-bootstrap-blocks-row row is-style-default align-items-center\">\n\t\n<div class=\"col-12 col-md-6\">\n\t\t\t\n<div class=\"wp-block-group has-16-font-size is-layout-flow wp-block-group-is-layout-flow\"><h1 class=\"wp-block-heading\">\u00c9valuer l&#8217;impact de ta manifestation<\/h1>\n\n<p class=\"has-secondary-font-family has-26-font-size\">La mesure syst\u00e9matique de l&#8217;impact d&#8217;une manifestation est une t\u00e2che exigeante. \u00c0 l&#8217;aide d&#8217;outils gratuits, tu peux suivre des indicateurs concrets et les utiliser pour les d\u00e9cisions strat\u00e9giques. &nbsp;<\/p>\n\n<p class=\"has-secondary-font-family has-18-font-size\">Il existe diff\u00e9rents outils permettant de mesurer l&#8217;impact d&#8217;une activit\u00e9 sur les personnes et l&#8217;environnement. Les calculateurs de CO\u2082, par exemple, peuvent aider les comit\u00e9s d&#8217;organisation \u00e0 \u00e9valuer avec pr\u00e9cision les \u00e9missions de gaz \u00e0 effet de serre de leurs manifestations. Voici une s\u00e9lection d&#8217;outils sp\u00e9cifiques aux manifestations, qui diff\u00e8rent en termes de niveau de d\u00e9tail, de m\u00e9thodologie et de groupes cibles.<\/p><\/div>\n\t<\/div>\n\n<div class=\"col-12 col-md-6\">\n\t\t\t\n<figure class=\"wp-block-image size-large has-custom-border\"><img loading=\"lazy\" decoding=\"async\" width=\"1024\" height=\"682\" src=\"https:\/\/eventkit.ch\/wp-content\/uploads\/2025\/11\/csm_Gletscher_Web_hp_77d208741a-edited-1024x682.webp\" alt=\"\" class=\"wp-image-1190\" style=\"border-top-left-radius:8px;border-top-right-radius:8px;border-bottom-left-radius:8px;border-bottom-right-radius:8px\" srcset=\"https:\/\/eventkit.ch\/wp-content\/uploads\/2025\/11\/csm_Gletscher_Web_hp_77d208741a-edited-1024x682.webp 1024w, https:\/\/eventkit.ch\/wp-content\/uploads\/2025\/11\/csm_Gletscher_Web_hp_77d208741a-edited-300x200.webp 300w, https:\/\/eventkit.ch\/wp-content\/uploads\/2025\/11\/csm_Gletscher_Web_hp_77d208741a-edited-768x512.webp 768w, https:\/\/eventkit.ch\/wp-content\/uploads\/2025\/11\/csm_Gletscher_Web_hp_77d208741a-edited-1536x1023.webp 1536w, https:\/\/eventkit.ch\/wp-content\/uploads\/2025\/11\/csm_Gletscher_Web_hp_77d208741a-edited.webp 1735w\" sizes=\"auto, (max-width: 1024px) 100vw, 1024px\" \/><\/figure>\n\t<\/div>\n<\/div><\/section><section class=\"wp-block-group alignfull has-primary-light-background-color has-background has-16-font-size is-layout-constrained wp-block-group-is-layout-constrained\"><div class=\"wp-bootstrap-blocks-row row\">\n\t\n<div class=\"col-12 col-md-6\">\n\t\t\t\n<figure class=\"wp-block-image size-large is-resized has-custom-border\"><a href=\"https:\/\/sustainable-impact-tool.info\/fr\/\" target=\"_blank\" rel=\" noreferrer noopener\"><img loading=\"lazy\" decoding=\"async\" width=\"1024\" height=\"682\" src=\"https:\/\/eventkit.ch\/wp-content\/uploads\/2025\/12\/image-edited-1024x682.png\" alt=\"\" class=\"wp-image-1320\" style=\"border-top-left-radius:8px;border-top-right-radius:8px;border-bottom-left-radius:8px;border-bottom-right-radius:8px;aspect-ratio:1.5014962295016558;width:482px;height:auto\" srcset=\"https:\/\/eventkit.ch\/wp-content\/uploads\/2025\/12\/image-edited-1024x682.png 1024w, https:\/\/eventkit.ch\/wp-content\/uploads\/2025\/12\/image-edited-300x200.png 300w, https:\/\/eventkit.ch\/wp-content\/uploads\/2025\/12\/image-edited-768x512.png 768w, https:\/\/eventkit.ch\/wp-content\/uploads\/2025\/12\/image-edited.png 1201w\" sizes=\"auto, (max-width: 1024px) 100vw, 1024px\" \/><\/a><\/figure>\n\t<\/div>\n\n<div class=\"col-12 col-md-6\">\n\t\t\t\n<h2 class=\"wp-block-heading has-28-font-size\">Pour mesurer l&#8217;impact des manifestations culturelles<\/h2>\n\n<p>Le <a href=\"https:\/\/sustainable-impact-tool.info\/fr\/\" target=\"_blank\" rel=\"noreferrer noopener\">Sustainable Impact Tool <\/a>est un outil de travail gratuit destin\u00e9 aux institutions culturelles suisses. Il aide les actrices et acteurs du monde artistique et culturel \u00e0 analyser syst\u00e9matiquement leurs activit\u00e9s sous l&#8217;angle de la durabilit\u00e9. Il permet ainsi d&#8217;\u00e9valuer l&#8217;efficacit\u00e9 des mesures tant au niveau institutionnel que pour des productions, des tourn\u00e9es ou des manifestations individuelles. Cet outil fait l&#8217;objet d&#8217;un d\u00e9veloppement continu.<\/p>\n\t<\/div>\n<\/div><\/section><section class=\"wp-block-group alignfull has-orange-lighter-background-color has-background has-16-font-size is-layout-constrained wp-block-group-is-layout-constrained\"><div class=\"wp-bootstrap-blocks-row row\">\n\t\n<div class=\"col-12 col-md-6\">\n\t\t\t\n<h2 class=\"wp-block-heading has-28-font-size\">Calculateur d&#8217;empreinte carbone<\/h2>\n\n<p>Le <a href=\"https:\/\/www.myclimate.org\/fr-ch\/sinformer\/notre-profil\/telechargements\/empreinte-carbone-des-evenements\/\" target=\"_blank\" rel=\"noreferrer noopener\">calculateur pour manifestations<\/a> de myclimate est un outil en ligne gratuit permettant de calculer les \u00e9missions de gaz \u00e0 effet de serre et d&#8217;\u00e9tablir l&#8217;empreinte carbone d&#8217;un \u00e9v\u00e9nement. Pour le faire, tu devras saisir des donn\u00e9es relatives \u00e0 la mobilit\u00e9 (d\u00e9placements, vols), aux nuit\u00e9es, \u00e0 la restauration, \u00e0 l&#8217;\u00e9nergie (\u00e9lectricit\u00e9, chauffage), au mat\u00e9riel, au transport et aux d\u00e9chets. Les \u00e9missions de gaz \u00e0 effet de serre calcul\u00e9es sont bas\u00e9es sur les facteurs d&#8217;\u00e9mission actuels, des publications scientifiques ainsi que des statistiques internationales et internes.<\/p>\n\t<\/div>\n\n<div class=\"col-12 col-md-6\">\n\t\t\t\n<div class=\"wp-block-group is-nowrap is-layout-flex wp-container-core-group-is-layout-6c531013 wp-block-group-is-layout-flex\"><figure class=\"wp-block-image size-large has-custom-border\"><a href=\"https:\/\/www.myclimate.org\/fr-ch\/sinformer\/notre-profil\/telechargements\/empreinte-carbone-des-evenements\/\" target=\"_blank\" rel=\" noreferrer noopener\"><img loading=\"lazy\" decoding=\"async\" width=\"1024\" height=\"554\" src=\"https:\/\/eventkit.ch\/wp-content\/uploads\/2025\/12\/Bildschirmfoto-2025-12-17-um-10.04.36-1024x554.png\" alt=\"\" class=\"wp-image-1743\" style=\"border-top-left-radius:8px;border-top-right-radius:8px;border-bottom-left-radius:8px;border-bottom-right-radius:8px\" srcset=\"https:\/\/eventkit.ch\/wp-content\/uploads\/2025\/12\/Bildschirmfoto-2025-12-17-um-10.04.36-1024x554.png 1024w, https:\/\/eventkit.ch\/wp-content\/uploads\/2025\/12\/Bildschirmfoto-2025-12-17-um-10.04.36-300x162.png 300w, https:\/\/eventkit.ch\/wp-content\/uploads\/2025\/12\/Bildschirmfoto-2025-12-17-um-10.04.36-768x415.png 768w, https:\/\/eventkit.ch\/wp-content\/uploads\/2025\/12\/Bildschirmfoto-2025-12-17-um-10.04.36-1536x830.png 1536w, https:\/\/eventkit.ch\/wp-content\/uploads\/2025\/12\/Bildschirmfoto-2025-12-17-um-10.04.36-2048x1107.png 2048w\" sizes=\"auto, (max-width: 1024px) 100vw, 1024px\" \/><\/a><\/figure><\/div>\n\t<\/div>\n<\/div><\/section><section class=\"wp-block-group alignfull has-white-background-color has-background has-16-font-size is-layout-constrained wp-block-group-is-layout-constrained\"><div class=\"wp-bootstrap-blocks-row row align-items-center\">\n\t\n<div class=\"col-12 col-md-6\">\n\t\t\t\n<div class=\"wp-block-group is-layout-flow wp-block-group-is-layout-flow\"><h2 class=\"wp-block-heading\">Prendre ses responsabilit\u00e9s<\/h2>\n\n<p class=\"is-style-default has-general-font-family has-16-font-size\" style=\"margin-bottom:var(--wp--preset--spacing--40)\">Les manifestations sportives ont la possibilit\u00e9 d&#8217;assumer la responsabilit\u00e9 des \u00e9missions de gaz \u00e0 effet de serre in\u00e9vitables en contribuant au <a href=\"https:\/\/swissolympic.myclimate.org\/fr\/home\" target=\"_blank\" rel=\"noreferrer noopener\">Fonds pour le climat <\/a>de Swiss Olympic. Ce fonds aide les f\u00e9d\u00e9rations et clubs sportifs suisses \u00e0 r\u00e9duire leurs \u00e9missions de gaz \u00e0 effet de serre et \u00e0 mettre en \u0153uvre des mesures de protection du climat (p. ex. conseils en \u00e9nergie, mobilit\u00e9 \u00e9lectrique, contrats solaires ou remplacement des g\u00e9n\u00e9rateurs diesel lors d&#8217;\u00e9v\u00e9nements).<\/p><\/div>\n\t<\/div>\n\n<div class=\"col-12 col-md-6\">\n\t\t\t\n<div class=\"wp-block-group is-style-card has-border-color has-background is-layout-constrained wp-container-core-group-is-layout-6b9a723e wp-block-group-is-layout-constrained is-style-card--1\" style=\"border-color:#e6e6e6;background-color:#fefcfa;padding-top:var(--wp--preset--spacing--60);padding-bottom:var(--wp--preset--spacing--60)\"><figure class=\"wp-block-image size-full\"><a href=\"https:\/\/www.swissolympic.ch\/fr\/federations\/prevention\/Swiss-Olympic-Klimafonds\" target=\"_blank\" rel=\" noreferrer noopener\"><img loading=\"lazy\" decoding=\"async\" width=\"716\" height=\"328\" src=\"https:\/\/eventkit.ch\/wp-content\/uploads\/2025\/12\/SO_Klimafonds_4c_DE_SO_MassnahmenProjekte.webp\" alt=\"\" class=\"wp-image-2042\" srcset=\"https:\/\/eventkit.ch\/wp-content\/uploads\/2025\/12\/SO_Klimafonds_4c_DE_SO_MassnahmenProjekte.webp 716w, https:\/\/eventkit.ch\/wp-content\/uploads\/2025\/12\/SO_Klimafonds_4c_DE_SO_MassnahmenProjekte-300x137.webp 300w\" sizes=\"auto, (max-width: 716px) 100vw, 716px\" \/><\/a><\/figure><\/div>\n\t<\/div>\n<\/div><\/section><p><\/p>","protected":false},"excerpt":{"rendered":"","protected":false},"author":3,"featured_media":0,"parent":0,"menu_order":0,"comment_status":"closed","ping_status":"closed","template":"page-no-title","meta":{"_sitemap_exclude":false,"_sitemap_priority":"","_sitemap_frequency":"","footnotes":""},"class_list":["post-2635","page","type-page","status-publish","hentry"],"yoast_head":"<!-- This site is optimized with the Yoast SEO plugin v27.3 - https:\/\/yoast.com\/product\/yoast-seo-wordpress\/ -->\n<title>Mesurer et \u00e9valuer l&#039;impact<\/title>\n<meta name=\"description\" content=\"\u00c9valuer l&#039;impact de ta manifestationLa mesure syst\u00e9matique de l&#039;impact d&#039;une manifestation est une t\u00e2che exigeante. \u00c0 l&#039;aide d&#039;outils gratuits, tu peux suivre des indicateurs concrets et les utiliser pour les d\u00e9cisions strat\u00e9giques.\" \/>\n<meta name=\"robots\" content=\"index, follow, max-snippet:-1, max-image-preview:large, max-video-preview:-1\" \/>\n<link rel=\"canonical\" href=\"https:\/\/eventkit.ch\/?page_id=2635&lang=fr\" \/>\n<meta property=\"og:locale\" content=\"de_DE\" \/>\n<meta property=\"og:type\" content=\"article\" \/>\n<meta property=\"og:title\" content=\"Mesurer et \u00e9valuer l&#039;impact\" \/>\n<meta property=\"og:description\" content=\"\u00c9valuer l&#039;impact de ta manifestationLa mesure syst\u00e9matique de l&#039;impact d&#039;une manifestation est une t\u00e2che exigeante. \u00c0 l&#039;aide d&#039;outils gratuits, tu peux suivre des indicateurs concrets et les utiliser pour les d\u00e9cisions strat\u00e9giques.\" \/>\n<meta property=\"og:url\" content=\"https:\/\/eventkit.ch\/?page_id=2635&amp;lang=fr\" \/>\n<meta property=\"og:site_name\" content=\"EventKit\" \/>\n<meta property=\"article:modified_time\" content=\"2026-03-25T07:42:50+00:00\" \/>\n<meta property=\"og:image\" content=\"https:\/\/eventkit.ch\/wp-content\/uploads\/2025\/11\/csm_Gletscher_Web_hp_77d208741a-edited.webp\" \/>\n\t<meta property=\"og:image:width\" content=\"1735\" \/>\n\t<meta property=\"og:image:height\" content=\"1156\" \/>\n\t<meta property=\"og:image:type\" content=\"image\/webp\" \/>\n<meta name=\"twitter:card\" content=\"summary_large_image\" \/>\n<meta name=\"twitter:label1\" content=\"Gesch\u00e4tzte Lesezeit\" \/>\n\t<meta name=\"twitter:data1\" content=\"3\u00a0Minuten\" \/>\n<script type=\"application\/ld+json\" class=\"yoast-schema-graph\">{\"@context\":\"https:\\\/\\\/schema.org\",\"@graph\":[{\"@type\":\"WebPage\",\"@id\":\"https:\\\/\\\/eventkit.ch\\\/?page_id=2635&lang=fr\",\"url\":\"https:\\\/\\\/eventkit.ch\\\/?page_id=2635&lang=fr\",\"name\":\"Mesurer et \u00e9valuer l'impact\",\"isPartOf\":{\"@id\":\"https:\\\/\\\/eventkit.ch\\\/#website\"},\"primaryImageOfPage\":{\"@id\":\"https:\\\/\\\/eventkit.ch\\\/?page_id=2635&lang=fr#primaryimage\"},\"image\":{\"@id\":\"https:\\\/\\\/eventkit.ch\\\/?page_id=2635&lang=fr#primaryimage\"},\"thumbnailUrl\":\"https:\\\/\\\/eventkit.ch\\\/wp-content\\\/uploads\\\/2025\\\/11\\\/csm_Gletscher_Web_hp_77d208741a-edited-1024x682.webp\",\"datePublished\":\"2025-12-17T09:14:29+00:00\",\"dateModified\":\"2026-03-25T07:42:50+00:00\",\"description\":\"\u00c9valuer l'impact de ta manifestationLa mesure syst\u00e9matique de l'impact d'une manifestation est une t\u00e2che exigeante. \u00c0 l'aide d'outils gratuits, tu peux suivre des indicateurs concrets et les utiliser pour les d\u00e9cisions strat\u00e9giques.\",\"breadcrumb\":{\"@id\":\"https:\\\/\\\/eventkit.ch\\\/?page_id=2635&lang=fr#breadcrumb\"},\"inLanguage\":\"de\",\"potentialAction\":[{\"@type\":\"ReadAction\",\"target\":[\"https:\\\/\\\/eventkit.ch\\\/?page_id=2635&lang=fr\"]}]},{\"@type\":\"ImageObject\",\"inLanguage\":\"de\",\"@id\":\"https:\\\/\\\/eventkit.ch\\\/?page_id=2635&lang=fr#primaryimage\",\"url\":\"https:\\\/\\\/eventkit.ch\\\/wp-content\\\/uploads\\\/2025\\\/11\\\/csm_Gletscher_Web_hp_77d208741a-edited.webp\",\"contentUrl\":\"https:\\\/\\\/eventkit.ch\\\/wp-content\\\/uploads\\\/2025\\\/11\\\/csm_Gletscher_Web_hp_77d208741a-edited.webp\",\"width\":1735,\"height\":1156},{\"@type\":\"BreadcrumbList\",\"@id\":\"https:\\\/\\\/eventkit.ch\\\/?page_id=2635&lang=fr#breadcrumb\",\"itemListElement\":[{\"@type\":\"ListItem\",\"position\":1,\"name\":\"Home\",\"item\":\"https:\\\/\\\/eventkit.ch\\\/\"},{\"@type\":\"ListItem\",\"position\":2,\"name\":\"Mesurer et \u00e9valuer l&#8217;impact\"}]},{\"@type\":\"WebSite\",\"@id\":\"https:\\\/\\\/eventkit.ch\\\/#website\",\"url\":\"https:\\\/\\\/eventkit.ch\\\/\",\"name\":\"EventKit\",\"description\":\"Nachhaltigkeit, die wirkt: Dein Event im Check.\",\"publisher\":{\"@id\":\"https:\\\/\\\/eventkit.ch\\\/#organization\"},\"potentialAction\":[{\"@type\":\"SearchAction\",\"target\":{\"@type\":\"EntryPoint\",\"urlTemplate\":\"https:\\\/\\\/eventkit.ch\\\/?s={search_term_string}\"},\"query-input\":{\"@type\":\"PropertyValueSpecification\",\"valueRequired\":true,\"valueName\":\"search_term_string\"}}],\"inLanguage\":\"de\"},{\"@type\":\"Organization\",\"@id\":\"https:\\\/\\\/eventkit.ch\\\/#organization\",\"name\":\"EventKit\",\"url\":\"https:\\\/\\\/eventkit.ch\\\/\",\"logo\":{\"@type\":\"ImageObject\",\"inLanguage\":\"de\",\"@id\":\"https:\\\/\\\/eventkit.ch\\\/#\\\/schema\\\/logo\\\/image\\\/\",\"url\":\"https:\\\/\\\/eventkit.ch\\\/wp-content\\\/uploads\\\/2025\\\/11\\\/android-icon-144x144-1.png\",\"contentUrl\":\"https:\\\/\\\/eventkit.ch\\\/wp-content\\\/uploads\\\/2025\\\/11\\\/android-icon-144x144-1.png\",\"width\":144,\"height\":144,\"caption\":\"EventKit\"},\"image\":{\"@id\":\"https:\\\/\\\/eventkit.ch\\\/#\\\/schema\\\/logo\\\/image\\\/\"}}]}<\/script>\n<!-- \/ Yoast SEO plugin. -->","yoast_head_json":{"title":"Mesurer et \u00e9valuer l'impact","description":"\u00c9valuer l'impact de ta manifestationLa mesure syst\u00e9matique de l'impact d'une manifestation est une t\u00e2che exigeante. \u00c0 l'aide d'outils gratuits, tu peux suivre des indicateurs concrets et les utiliser pour les d\u00e9cisions strat\u00e9giques.","robots":{"index":"index","follow":"follow","max-snippet":"max-snippet:-1","max-image-preview":"max-image-preview:large","max-video-preview":"max-video-preview:-1"},"canonical":"https:\/\/eventkit.ch\/?page_id=2635&lang=fr","og_locale":"de_DE","og_type":"article","og_title":"Mesurer et \u00e9valuer l'impact","og_description":"\u00c9valuer l'impact de ta manifestationLa mesure syst\u00e9matique de l'impact d'une manifestation est une t\u00e2che exigeante. \u00c0 l'aide d'outils gratuits, tu peux suivre des indicateurs concrets et les utiliser pour les d\u00e9cisions strat\u00e9giques.","og_url":"https:\/\/eventkit.ch\/?page_id=2635&lang=fr","og_site_name":"EventKit","article_modified_time":"2026-03-25T07:42:50+00:00","og_image":[{"width":1735,"height":1156,"url":"https:\/\/eventkit.ch\/wp-content\/uploads\/2025\/11\/csm_Gletscher_Web_hp_77d208741a-edited.webp","type":"image\/webp"}],"twitter_card":"summary_large_image","twitter_misc":{"Gesch\u00e4tzte Lesezeit":"3\u00a0Minuten"},"schema":{"@context":"https:\/\/schema.org","@graph":[{"@type":"WebPage","@id":"https:\/\/eventkit.ch\/?page_id=2635&lang=fr","url":"https:\/\/eventkit.ch\/?page_id=2635&lang=fr","name":"Mesurer et \u00e9valuer l'impact","isPartOf":{"@id":"https:\/\/eventkit.ch\/#website"},"primaryImageOfPage":{"@id":"https:\/\/eventkit.ch\/?page_id=2635&lang=fr#primaryimage"},"image":{"@id":"https:\/\/eventkit.ch\/?page_id=2635&lang=fr#primaryimage"},"thumbnailUrl":"https:\/\/eventkit.ch\/wp-content\/uploads\/2025\/11\/csm_Gletscher_Web_hp_77d208741a-edited-1024x682.webp","datePublished":"2025-12-17T09:14:29+00:00","dateModified":"2026-03-25T07:42:50+00:00","description":"\u00c9valuer l'impact de ta manifestationLa mesure syst\u00e9matique de l'impact d'une manifestation est une t\u00e2che exigeante. \u00c0 l'aide d'outils gratuits, tu peux suivre des indicateurs concrets et les utiliser pour les d\u00e9cisions strat\u00e9giques.","breadcrumb":{"@id":"https:\/\/eventkit.ch\/?page_id=2635&lang=fr#breadcrumb"},"inLanguage":"de","potentialAction":[{"@type":"ReadAction","target":["https:\/\/eventkit.ch\/?page_id=2635&lang=fr"]}]},{"@type":"ImageObject","inLanguage":"de","@id":"https:\/\/eventkit.ch\/?page_id=2635&lang=fr#primaryimage","url":"https:\/\/eventkit.ch\/wp-content\/uploads\/2025\/11\/csm_Gletscher_Web_hp_77d208741a-edited.webp","contentUrl":"https:\/\/eventkit.ch\/wp-content\/uploads\/2025\/11\/csm_Gletscher_Web_hp_77d208741a-edited.webp","width":1735,"height":1156},{"@type":"BreadcrumbList","@id":"https:\/\/eventkit.ch\/?page_id=2635&lang=fr#breadcrumb","itemListElement":[{"@type":"ListItem","position":1,"name":"Home","item":"https:\/\/eventkit.ch\/"},{"@type":"ListItem","position":2,"name":"Mesurer et \u00e9valuer l&#8217;impact"}]},{"@type":"WebSite","@id":"https:\/\/eventkit.ch\/#website","url":"https:\/\/eventkit.ch\/","name":"EventKit","description":"Nachhaltigkeit, die wirkt: Dein Event im Check.","publisher":{"@id":"https:\/\/eventkit.ch\/#organization"},"potentialAction":[{"@type":"SearchAction","target":{"@type":"EntryPoint","urlTemplate":"https:\/\/eventkit.ch\/?s={search_term_string}"},"query-input":{"@type":"PropertyValueSpecification","valueRequired":true,"valueName":"search_term_string"}}],"inLanguage":"de"},{"@type":"Organization","@id":"https:\/\/eventkit.ch\/#organization","name":"EventKit","url":"https:\/\/eventkit.ch\/","logo":{"@type":"ImageObject","inLanguage":"de","@id":"https:\/\/eventkit.ch\/#\/schema\/logo\/image\/","url":"https:\/\/eventkit.ch\/wp-content\/uploads\/2025\/11\/android-icon-144x144-1.png","contentUrl":"https:\/\/eventkit.ch\/wp-content\/uploads\/2025\/11\/android-icon-144x144-1.png","width":144,"height":144,"caption":"EventKit"},"image":{"@id":"https:\/\/eventkit.ch\/#\/schema\/logo\/image\/"}}]}},"_links":{"self":[{"href":"https:\/\/eventkit.ch\/index.php?rest_route=\/wp\/v2\/pages\/2635","targetHints":{"allow":["GET"]}}],"collection":[{"href":"https:\/\/eventkit.ch\/index.php?rest_route=\/wp\/v2\/pages"}],"about":[{"href":"https:\/\/eventkit.ch\/index.php?rest_route=\/wp\/v2\/types\/page"}],"author":[{"embeddable":true,"href":"https:\/\/eventkit.ch\/index.php?rest_route=\/wp\/v2\/users\/3"}],"replies":[{"embeddable":true,"href":"https:\/\/eventkit.ch\/index.php?rest_route=%2Fwp%2Fv2%2Fcomments&post=2635"}],"version-history":[{"count":4,"href":"https:\/\/eventkit.ch\/index.php?rest_route=\/wp\/v2\/pages\/2635\/revisions"}],"predecessor-version":[{"id":3063,"href":"https:\/\/eventkit.ch\/index.php?rest_route=\/wp\/v2\/pages\/2635\/revisions\/3063"}],"wp:attachment":[{"href":"https:\/\/eventkit.ch\/index.php?rest_route=%2Fwp%2Fv2%2Fmedia&parent=2635"}],"curies":[{"name":"wp","href":"https:\/\/api.w.org\/{rel}","templated":true}]}}