{"id":1763,"date":"2025-12-08T13:34:17","date_gmt":"2025-12-08T13:34:17","guid":{"rendered":"https:\/\/eventkit.ch\/?page_id=1763"},"modified":"2026-03-25T08:46:49","modified_gmt":"2026-03-25T07:46:49","slug":"restauration","status":"publish","type":"page","link":"https:\/\/eventkit.ch\/?page_id=1763&lang=fr","title":{"rendered":"Restauration"},"content":{"rendered":"<div class=\"wp-block-group alignfull is-layout-constrained wp-block-group-is-layout-constrained\" style=\"padding-top:var(--wp--preset--spacing--40);padding-bottom:var(--wp--preset--spacing--60)\"><figure class=\"wp-block-image aligncenter size-full\"><img decoding=\"async\" src=\"https:\/\/eventkit.ch\/wp-content\/uploads\/2025\/12\/Test-Icons_Eventkit_250922-12.svg\" alt=\"\" class=\"wp-image-1534\"\/><\/figure>\n\n<h1 class=\"has-text-align-center wp-block-post-title\">Restauration<\/h1>\n\n<p class=\"has-text-align-center is-style-subtitle\">La durabilit\u00e9 passe par l&#8217;estomac et ce qui se trouve dans notre assiette a un impact. Les ingr\u00e9dients r\u00e9gionaux, biologiques et issus du commerce \u00e9quitable ainsi que les menus de saison ne sont pas seulement nourrissants, ils ont aussi du sens. En achetant de mani\u00e8re responsable, en r\u00e9duisant la consommation de produits d&#8217;origine animale et en \u00e9vitant les restes, ta manifestation propose une restauration durable et responsable.<\/p><\/div><section class=\"wp-block-group alignfull has-orange-lighter-background-color has-background has-15-font-size is-layout-constrained wp-block-group-is-layout-constrained\"><h2 class=\"wp-block-heading has-text-align-center\">Offrir une restauration durable<\/h2>\n\n<p class=\"has-text-align-center is-style-subtitle has-30-font-size\">L&#8217;offre d\u00e9termine la demande<\/p>\n\n<div class=\"wp-bootstrap-blocks-row row\">\n\t\n<div class=\"col-12 col-md-5\">\n\t\t\t\n<p class=\"has-18-font-size\">V\u00e9g\u00e9tariens ou v\u00e9g\u00e9taliens : les plats se basant sur les v\u00e9g\u00e9taux apportent vari\u00e9t\u00e9 et durabilit\u00e9. En misant sur des alternatives cr\u00e9atives, tu surprends ton public sur le plan culinaire et proposes une alimentation saine et durable.<\/p>\n\n<p><\/p>\n\n<h4 class=\"wp-block-heading has-secondary-font-family has-24-font-size\"><br>Tu trouveras des informations d\u00e9taill\u00e9es dans ces fiches d&#8217;information :<\/h4>\n\n<div class=\"wp-block-buttons is-layout-flex wp-block-buttons-is-layout-flex\"><div class=\"wp-block-button has-custom-width wp-block-button__width-75 is-style-btn-secondary is-style-btn-secondary--1\"><a class=\"wp-block-button__link has-14-font-size has-custom-font-size wp-element-button\" href=\"https:\/\/eventkit.ch\/?resource=offrir-une-restauration-durable&amp;lang=fr\" target=\"_blank\" rel=\"noreferrer noopener\">Proposer une restauration durable<\/a><\/div>\n\n<div class=\"wp-block-button has-custom-width wp-block-button__width-75 is-style-btn-secondary is-style-btn-secondary--2\"><a class=\"wp-block-button__link has-14-font-size has-custom-font-size wp-element-button\" href=\"https:\/\/eventkit.ch\/?resource=impliquer-les-exploitantes-et-exploitants-de-stands&amp;lang=fr\" target=\"_blank\" rel=\"noreferrer noopener\">Impliquer les exploitantes et exploitants de stands<\/a><\/div><\/div>\n\n<h4 class=\"wp-block-heading has-secondary-font-family has-24-font-size\"><br>Liens utiles :<\/h4>\n\n<div class=\"wp-block-group is-layout-constrained wp-block-group-is-layout-constrained\"><ul style=\"margin-top:0;margin-bottom:0\" class=\"wp-block-list is-style-borderd has-secondary-font-family\"><li style=\"border-style:none;border-width:0px;margin-top:var(--wp--preset--spacing--30);margin-bottom:var(--wp--preset--spacing--30)\"><a href=\"https:\/\/woeb.swiss\/fr\/documents\/recommandations-restauration-durable-lors-devenements\" target=\"_blank\" rel=\"noreferrer noopener\">OFEV: &#8222;Restauration durable&#8220;<\/a><\/li>\n\n<li><a href=\"https:\/\/woeb.swiss\/fr\/documents\/recommandations-achats-responsables-alimentation-restauration-collective\" target=\"_blank\" rel=\"noreferrer noopener\">Recommandations pour des achats responsables dans le domaine de l\u2019alimentation et de la restauration collective<\/a><\/li><\/ul><\/div>\n\n<p><\/p>\n\t<\/div>\n\n<div class=\"col-12 col-md-7\">\n\t\t\t\n<figure class=\"wp-block-image size-full has-custom-border\"><img loading=\"lazy\" decoding=\"async\" width=\"2560\" height=\"1707\" src=\"https:\/\/eventkit.ch\/wp-content\/uploads\/2025\/12\/IMG_3305_jazz_sur_plage-scaled.jpg\" alt=\"\" class=\"wp-image-1642\" style=\"border-radius:8px\" srcset=\"https:\/\/eventkit.ch\/wp-content\/uploads\/2025\/12\/IMG_3305_jazz_sur_plage-scaled.jpg 2560w, https:\/\/eventkit.ch\/wp-content\/uploads\/2025\/12\/IMG_3305_jazz_sur_plage-300x200.jpg 300w, https:\/\/eventkit.ch\/wp-content\/uploads\/2025\/12\/IMG_3305_jazz_sur_plage-1024x683.jpg 1024w, https:\/\/eventkit.ch\/wp-content\/uploads\/2025\/12\/IMG_3305_jazz_sur_plage-768x512.jpg 768w, https:\/\/eventkit.ch\/wp-content\/uploads\/2025\/12\/IMG_3305_jazz_sur_plage-1536x1024.jpg 1536w, https:\/\/eventkit.ch\/wp-content\/uploads\/2025\/12\/IMG_3305_jazz_sur_plage-2048x1365.jpg 2048w\" sizes=\"auto, (max-width: 2560px) 100vw, 2560px\" \/><figcaption class=\"wp-element-caption\"><em>\u00a9 Jazz sur plage<\/em><\/figcaption><\/figure>\n\n<h3 class=\"wp-block-heading has-secondary-font-family has-24-font-size\">Crit\u00e8res associ\u00e9s dans Eventkit :<\/h3>\n\n<p>2.1. La plupart des plats propos\u00e9s lors de la manifestation sont v\u00e9g\u00e9tariens ou v\u00e9g\u00e9taliens.<\/p>\n\t<\/div>\n<\/div><\/section><section class=\"wp-block-group alignfull has-green-light-background-color has-background has-15-font-size is-layout-constrained wp-block-group-is-layout-constrained\"><h2 class=\"wp-block-heading has-text-align-center\">\u00c9viter le gaspillage alimentaire<\/h2>\n\n<p class=\"has-text-align-center is-style-subtitle has-30-font-size\">Une bonne planification r\u00e9duit concr\u00e8tement le volume des d\u00e9chets<\/p>\n\n<div class=\"wp-bootstrap-blocks-row row\">\n\t\n<div class=\"col-12 col-md-5\">\n\t\t\t\n<p class=\"has-18-font-size\">Trop pr\u00e9par\u00e9, trop peu de plats consomm\u00e9s : ces situations peuvent \u00eatre \u00e9vit\u00e9es. Une bonne planification, des portions flexibles et des id\u00e9es cr\u00e9atives pour utiliser les restes permettent de s&#8217;assurer que les aliments finissent l\u00e0 o\u00f9 ils doivent \u00eatre : dans l&#8217;estomac et pas \u00e0 la poubelle.<\/p>\n\n<p><\/p>\n\n<h4 class=\"wp-block-heading has-secondary-font-family has-24-font-size\"><br>Tu trouveras des informations d\u00e9taill\u00e9es dans ces fiches d&#8217;information :<\/h4>\n\n<div class=\"wp-block-buttons is-layout-flex wp-block-buttons-is-layout-flex\"><div class=\"wp-block-button has-custom-width wp-block-button__width-75 is-style-btn-primary is-style-btn-primary--3\"><a class=\"wp-block-button__link has-general-font-family has-14-font-size has-custom-font-size wp-element-button\" href=\"https:\/\/eventkit.ch\/?resource=limiter-le-gaspillage-alimentaire&amp;lang=fr\" style=\"padding-right:0;padding-left:0\" target=\"_blank\" rel=\"noreferrer noopener\">Limiter le gaspillage alimentaire<\/a><\/div>\n\n<div class=\"wp-block-button has-custom-width wp-block-button__width-75 is-style-btn-primary is-style-btn-primary--4\"><a class=\"wp-block-button__link has-general-font-family has-14-font-size has-custom-font-size wp-element-button\" href=\"https:\/\/eventkit.ch\/?resource=limiter-les-dechets-lies-a-lalimentation&amp;lang=fr\" style=\"padding-right:0;padding-left:0\" target=\"_blank\" rel=\"noreferrer noopener\">Limiter les d\u00e9chets li\u00e9s \u00e0 l&#8217;alimentation<\/a><\/div><\/div>\n\n<p><\/p>\n\n<p><\/p>\n\n<h4 class=\"wp-block-heading has-secondary-font-family has-24-font-size\"><br>Liens utiles :<\/h4>\n\n<div class=\"wp-block-group is-layout-constrained wp-block-group-is-layout-constrained\"><ul style=\"margin-top:0;margin-bottom:0\" class=\"wp-block-list is-style-borderd has-secondary-font-family\"><li style=\"border-style:none;border-width:0px;margin-top:var(--wp--preset--spacing--30);margin-bottom:var(--wp--preset--spacing--30)\"><a href=\"http:\/\/www.foodwaste.ch\/fr\" target=\"_blank\" rel=\"noreferrer noopener\">www.foodwaste.ch\/fr<\/a><\/li><\/ul><\/div>\n\t<\/div>\n\n<div class=\"col-12 col-md-7\">\n\t\t\t\n<figure class=\"wp-block-image size-full has-custom-border\"><img loading=\"lazy\" decoding=\"async\" width=\"980\" height=\"736\" src=\"https:\/\/eventkit.ch\/wp-content\/uploads\/2025\/12\/20230523_105933-1.jpg\" alt=\"\" class=\"wp-image-1888\" style=\"border-radius:8px\" srcset=\"https:\/\/eventkit.ch\/wp-content\/uploads\/2025\/12\/20230523_105933-1.jpg 980w, https:\/\/eventkit.ch\/wp-content\/uploads\/2025\/12\/20230523_105933-1-300x225.jpg 300w, https:\/\/eventkit.ch\/wp-content\/uploads\/2025\/12\/20230523_105933-1-768x577.jpg 768w\" sizes=\"auto, (max-width: 980px) 100vw, 980px\" \/><figcaption class=\"wp-element-caption\">\u00a9 Foodways<\/figcaption><\/figure>\n\n<h3 class=\"wp-block-heading has-secondary-font-family has-24-font-size\">Crit\u00e8res associ\u00e9s dans Eventkit :<\/h3>\n\n<p>2.2. Il existe un plan d\u2019action permettant d\u2019\u00e9viter le gaspillage alimentaire (p. ex., distribution de petites portions, avec possibilit\u00e9 de se resservir). <\/p>\n\t<\/div>\n<\/div><\/section><section class=\"wp-block-group alignfull is-layout-constrained wp-block-group-is-layout-constrained\"><h2 class=\"wp-block-heading has-text-align-center\">Autres sujets en lien<\/h2>\n\n<p class=\"has-text-align-center is-style-subtitle\">avec la th\u00e9matique Restauration<\/p>\n\n<div class=\"wp-block-columns is-layout-flex wp-container-core-columns-is-layout-28f84493 wp-block-columns-is-layout-flex\"><div class=\"wp-block-column is-layout-flow wp-block-column-is-layout-flow\"><div class=\"wp-block-group is-layout-constrained wp-block-group-is-layout-constrained\"><figure class=\"wp-block-image size-full has-custom-border\"><img loading=\"lazy\" decoding=\"async\" width=\"1772\" height=\"1181\" src=\"https:\/\/eventkit.ch\/wp-content\/uploads\/2025\/12\/P5251457-edited.jpg\" alt=\"\" class=\"wp-image-1653\" style=\"border-radius:10px\" srcset=\"https:\/\/eventkit.ch\/wp-content\/uploads\/2025\/12\/P5251457-edited.jpg 1772w, https:\/\/eventkit.ch\/wp-content\/uploads\/2025\/12\/P5251457-edited-300x200.jpg 300w, https:\/\/eventkit.ch\/wp-content\/uploads\/2025\/12\/P5251457-edited-1024x682.jpg 1024w, https:\/\/eventkit.ch\/wp-content\/uploads\/2025\/12\/P5251457-edited-768x512.jpg 768w, https:\/\/eventkit.ch\/wp-content\/uploads\/2025\/12\/P5251457-edited-1536x1024.jpg 1536w\" sizes=\"auto, (max-width: 1772px) 100vw, 1772px\" \/><figcaption class=\"wp-element-caption\">\u00a9 SOLA Basel\/IWB<\/figcaption><\/figure>\n\n<h3 class=\"wp-block-heading has-28-font-size\" style=\"margin-top:10px;margin-bottom:10px\">Proposer de l&#8217;eau gratuitement<\/h3>\n\n<p><\/p>\n\n<p class=\"has-black-color has-text-color has-link-color wp-elements-c3c307dd663157cbd880b4c1f44dd8c2\">Une source d&#8217;eau accessible librement apporte des avantages \u00e0 plusieurs niveaux. Elle permet d&#8217;\u00e9viter le gaspillage et de pr\u00e9server les ressources, elle est b\u00e9n\u00e9fique pour la sant\u00e9 et facile \u00e0 mettre en \u0153uvre. Et, surtout, elle est un bon facteur de r\u00e9duction de l&#8217;empreinte \u00e9cologique de ta manifestation.<\/p>\n\n<div class=\"wp-block-buttons is-layout-flex wp-block-buttons-is-layout-flex\"><div class=\"wp-block-button has-custom-width wp-block-button__width-100\"><a class=\"wp-block-button__link has-white-color has-primary-background-color has-text-color has-background has-link-color wp-element-button\" href=\"https:\/\/eventkit.ch\/?resource=limiter-les-dechets-lies-aux-boissons&amp;lang=fr\" target=\"_blank\" rel=\"noreferrer noopener\">Limiter les d\u00e9chets li\u00e9s aux boissons<\/a><\/div><\/div><\/div>\n\n<p><\/p>\n\n<h4 class=\"wp-block-heading has-secondary-font-family has-24-font-size\">Liens utiles :<\/h4>\n\n<ul class=\"wp-block-list is-style-borderd\"><li><a href=\"https:\/\/www.bwt.com\/fr-ch\/commerce-et-industrie\/bureau-hopitaux\/fontaines-a-eau\/fontaines-a-eau-pour-evenements\/\" type=\"link\" id=\"https:\/\/www.bwt.com\/fr-ch\/commerce-et-industrie\/bureau-hopitaux\/fontaines-a-eau\/fontaines-a-eau-pour-evenements\/\" target=\"_blank\" rel=\"noreferrer noopener\">Fontaines \u00e0 eau pour \u00e9v\u00e9nements<\/a><\/li><\/ul><\/div>\n\n<div class=\"wp-block-column is-layout-flow wp-block-column-is-layout-flow\"><div class=\"wp-block-group is-layout-constrained wp-block-group-is-layout-constrained\"><figure class=\"wp-block-image size-full has-custom-border\"><img loading=\"lazy\" decoding=\"async\" width=\"1068\" height=\"712\" src=\"https:\/\/eventkit.ch\/wp-content\/uploads\/2026\/01\/recircle-edited-1.jpg\" alt=\"\" class=\"wp-image-3163\" style=\"border-radius:10px\" srcset=\"https:\/\/eventkit.ch\/wp-content\/uploads\/2026\/01\/recircle-edited-1.jpg 1068w, https:\/\/eventkit.ch\/wp-content\/uploads\/2026\/01\/recircle-edited-1-300x200.jpg 300w, https:\/\/eventkit.ch\/wp-content\/uploads\/2026\/01\/recircle-edited-1-1024x683.jpg 1024w, https:\/\/eventkit.ch\/wp-content\/uploads\/2026\/01\/recircle-edited-1-768x512.jpg 768w\" sizes=\"auto, (max-width: 1068px) 100vw, 1068px\" \/><figcaption class=\"wp-element-caption\">\u00a9 recircle.ch<\/figcaption><\/figure>\n\n<p><\/p>\n\n<h3 class=\"wp-block-heading has-28-font-size\" style=\"margin-top:10px;margin-bottom:10px\">Effectuer des achats durables<\/h3>\n\n<p><\/p>\n\n<p>En achetant des produits r\u00e9gionaux et saisonniers, tu privil\u00e9gies des aliments frais et d&#8217;origine contr\u00f4l\u00e9e, tu renforces l&#8217;\u00e9conomie locale et tu \u00e9conomises des ressources. Le surco\u00fbt peut quant \u00e0 lui \u00eatre compens\u00e9 par une augmentation de la part de v\u00e9g\u00e9taux dans les achats. Compl\u00e9t\u00e9 par des labels de qualit\u00e9 tels que Bio ou Fairtrade, chaque repas devient un gage de qualit\u00e9, d&#8217;\u00e9quit\u00e9 et de responsabilit\u00e9. Tu trouveras un aper\u00e7u des labels dans les liens.<\/p>\n\n<div class=\"wp-block-buttons is-layout-flex wp-block-buttons-is-layout-flex\"><div class=\"wp-block-button has-custom-width wp-block-button__width-100\"><a class=\"wp-block-button__link has-white-color has-primary-background-color has-text-color has-background has-link-color wp-element-button\" href=\"https:\/\/eventkit.ch\/?resource=favoriser-le-commerce-equitable-les-labels-durables-et-les-poissons-provenant-de-peche-responsable&amp;lang=fr\" target=\"_blank\" rel=\"noreferrer noopener\">Favoriser le commerce \u00e9quitable, les labels et les poissons issus de p\u00eache responsable<\/a><\/div>\n\n<div class=\"wp-block-button has-custom-width wp-block-button__width-100\"><a class=\"wp-block-button__link has-white-color has-primary-background-color has-text-color has-background has-link-color wp-element-button\" href=\"https:\/\/eventkit.ch\/?resource=etablir-des-criteres-environnementaux-et-sociaux-pour-les-achats&amp;lang=fr\" target=\"_blank\" rel=\"noreferrer noopener\">\u00c9tablir des crit\u00e8res environnementaux et sociaux pour les achats<\/a><\/div><\/div>\n\n<p><\/p>\n\n<h4 class=\"wp-block-heading has-secondary-font-family has-24-font-size\">Liens utiles :<\/h4>\n\n<ul class=\"wp-block-list is-style-borderd\"><li><a href=\"https:\/\/www.labelinfo.ch\/fr\" target=\"_blank\" rel=\"noreferrer noopener\">www.labelinfo.ch\/fr<\/a><\/li>\n\n<li><a href=\"https:\/\/www.wwf.ch\/fr\/vie-durable\/guide-labels-alimentaires\" target=\"_blank\" rel=\"noreferrer noopener\">WWF: Guide Labels alimentaires<\/a><\/li><\/ul><\/div>\n\n<p><\/p><\/div>\n\n<div class=\"wp-block-column is-layout-flow wp-block-column-is-layout-flow\"><figure class=\"wp-block-image size-full has-custom-border\"><img loading=\"lazy\" decoding=\"async\" width=\"1536\" height=\"1024\" src=\"https:\/\/eventkit.ch\/wp-content\/uploads\/2025\/12\/jonathanviey-00389-1536x1024-1.webp\" alt=\"\" class=\"wp-image-1644\" style=\"border-radius:10px\" srcset=\"https:\/\/eventkit.ch\/wp-content\/uploads\/2025\/12\/jonathanviey-00389-1536x1024-1.webp 1536w, https:\/\/eventkit.ch\/wp-content\/uploads\/2025\/12\/jonathanviey-00389-1536x1024-1-300x200.webp 300w, https:\/\/eventkit.ch\/wp-content\/uploads\/2025\/12\/jonathanviey-00389-1536x1024-1-1024x683.webp 1024w, https:\/\/eventkit.ch\/wp-content\/uploads\/2025\/12\/jonathanviey-00389-1536x1024-1-768x512.webp 768w\" sizes=\"auto, (max-width: 1536px) 100vw, 1536px\" \/><figcaption class=\"wp-element-caption\">\u00a9 Eidgen\u00f6ssisches Turnfest Aarau 2019, Jonathan Viey<\/figcaption><\/figure>\n\n<p><\/p>\n\n<h3 class=\"wp-block-heading has-28-font-size\">Favoriser une alimentation saine<\/h3>\n\n<p><\/p>\n\n<p>Une offre attrayante de plats et de boissons sains renforce la sant\u00e9, le bien-\u00eatre et les performances, tant chez les participantes et participants que chez les b\u00e9n\u00e9voles. Le public est \u00e9galement sensible \u00e0 l\u2019offre qui lui est propos\u00e9e. C\u2019est une opportunit\u00e9 de promouvoir la sant\u00e9 et valoriser les valeurs de la manifestation.<\/p>\n\n<div class=\"wp-block-buttons is-layout-flex wp-block-buttons-is-layout-flex\"><div class=\"wp-block-button has-custom-width wp-block-button__width-100\"><a class=\"wp-block-button__link has-white-color has-primary-background-color has-text-color has-background has-link-color wp-element-button\" href=\"https:\/\/eventkit.ch\/?resource=offrir-une-alimentation-et-des-boissons-saines-et-equilibrees&amp;lang=fr\" target=\"_blank\" rel=\"noreferrer noopener\">Offrir une alimentation et des boissons saines et \u00e9quilibr\u00e9es<\/a><\/div><\/div>\n\n<p><\/p>\n\n<h4 class=\"wp-block-heading has-secondary-font-family has-24-font-size\">Liens utiles :<\/h4>\n\n<ul class=\"wp-block-list is-style-borderd\"><li><a href=\"https:\/\/www.blv.admin.ch\/blv\/fr\/home\/lebensmittel-und-ernaehrung\/ernaehrung\/empfehlungen-informationen\/schweizer-ernaehrungsempfehlungen.html\" target=\"_blank\" rel=\"noreferrer noopener\">OSAV: Recommandations nutritionnelles suisses<\/a><\/li><\/ul><\/div><\/div><\/section><section class=\"wp-block-group alignfull has-orange-light-background-color has-background is-layout-constrained wp-block-group-is-layout-constrained\"><figure class=\"wp-block-image aligncenter size-full\"><img decoding=\"async\" src=\"https:\/\/eventkit.ch\/wp-content\/themes\/eventkit-wp\/assets\/images\/pattern\/download.png\" alt=\"\" class=\"wp-image-491\"\/><\/figure>\n\n<h2 class=\"wp-block-heading has-text-align-center\">T\u00e9l\u00e9charge la liste de crit\u00e8res compl\u00e8te<\/h2>\n\n<p class=\"has-text-align-center is-style-subtitle\">avec ses 58 mesures dans 9 domaines th\u00e9matiques<\/p>\n\n<div class=\"wp-block-buttons is-content-justification-center is-layout-flex wp-container-core-buttons-is-layout-253fffe0 wp-block-buttons-is-layout-flex\"><?xml encoding=\"utf-8\" ?><div class=\"wp-block-button is-style-btn-secondary is-style-btn-secondary--5\"><a class=\"wp-block-button__link wp-element-button has-core-icon\" href=\"https:\/\/eventkit.ch\/wp-content\/uploads\/2026\/03\/Zielwerte-Eventkit.pdf\" target=\"_blank\" rel=\"noreferrer noopener\" style='--core-icon: url(\"https:\/\/eventkit.ch\/wp-content\/themes\/eventkit-wp\/gutenberg-dev\/assets\/badge-icons\/file-text.svg\");'> Au format PDF<\/a><\/div>\n\n\n<?xml encoding=\"utf-8\" ?><div class=\"wp-block-button is-style-btn-primary is-style-btn-primary--6\"><a class=\"wp-block-button__link wp-element-button has-core-icon\" href=\"https:\/\/eventkit.ch\/wp-content\/uploads\/2026\/03\/Zielwerte-Eventkit.xlsx\" target=\"_blank\" rel=\"noreferrer noopener\" style='--core-icon: url(\"https:\/\/eventkit.ch\/wp-content\/themes\/eventkit-wp\/gutenberg-dev\/assets\/badge-icons\/file-text.svg\");'>Au format Excel<\/a><\/div>\n<\/div><\/section>","protected":false},"excerpt":{"rendered":"<p>La durabilit\u00e9 passe par l&#8217;estomac et ce qui se trouve dans notre assiette a un impact. Les ingr\u00e9dients r\u00e9gionaux, biologiques et issus du commerce \u00e9quitable ainsi que les menus de saison ne sont pas seulement nourrissants, ils ont aussi du sens. En achetant de mani\u00e8re responsable, en r\u00e9duisant la consommation de produits d&#8217;origine animale et [&hellip;]<\/p>\n","protected":false},"author":3,"featured_media":677,"parent":875,"menu_order":0,"comment_status":"closed","ping_status":"closed","template":"page-no-title","meta":{"_sitemap_exclude":false,"_sitemap_priority":"","_sitemap_frequency":"","footnotes":""},"class_list":["post-1763","page","type-page","status-publish","has-post-thumbnail","hentry"],"yoast_head":"<!-- This site is optimized with the Yoast SEO plugin v27.3 - https:\/\/yoast.com\/product\/yoast-seo-wordpress\/ -->\n<title>Restauration<\/title>\n<meta name=\"description\" content=\"La durabilit\u00e9 passe par l&#039;estomac et ce qui se trouve dans notre assiette a un impact. Les ingr\u00e9dients r\u00e9gionaux, biologiques et issus du commerce \u00e9quitable ainsi que les menus de saison ne sont pas seulement nourrissants, ils ont aussi du sens.\" \/>\n<meta name=\"robots\" content=\"index, follow, max-snippet:-1, max-image-preview:large, max-video-preview:-1\" \/>\n<link rel=\"canonical\" href=\"https:\/\/eventkit.ch\/?page_id=1763&lang=fr\" \/>\n<meta property=\"og:locale\" content=\"de_DE\" \/>\n<meta property=\"og:type\" content=\"article\" \/>\n<meta property=\"og:title\" content=\"Restauration\" \/>\n<meta property=\"og:description\" content=\"La durabilit\u00e9 passe par l&#039;estomac et ce qui se trouve dans notre assiette a un impact. Les ingr\u00e9dients r\u00e9gionaux, biologiques et issus du commerce \u00e9quitable ainsi que les menus de saison ne sont pas seulement nourrissants, ils ont aussi du sens.\" \/>\n<meta property=\"og:url\" content=\"https:\/\/eventkit.ch\/?page_id=1763&amp;lang=fr\" \/>\n<meta property=\"og:site_name\" content=\"EventKit\" \/>\n<meta property=\"article:modified_time\" content=\"2026-03-25T07:46:49+00:00\" \/>\n<meta property=\"og:image\" content=\"https:\/\/eventkit.ch\/wp-content\/uploads\/2025\/11\/Event-Image-4.png\" \/>\n\t<meta property=\"og:image:width\" content=\"772\" \/>\n\t<meta property=\"og:image:height\" content=\"480\" \/>\n\t<meta property=\"og:image:type\" content=\"image\/png\" \/>\n<meta name=\"twitter:card\" content=\"summary_large_image\" \/>\n<meta name=\"twitter:label1\" content=\"Gesch\u00e4tzte Lesezeit\" \/>\n\t<meta name=\"twitter:data1\" content=\"9\u00a0Minuten\" \/>\n<script type=\"application\/ld+json\" class=\"yoast-schema-graph\">{\"@context\":\"https:\\\/\\\/schema.org\",\"@graph\":[{\"@type\":\"WebPage\",\"@id\":\"https:\\\/\\\/eventkit.ch\\\/?page_id=1763&lang=fr\",\"url\":\"https:\\\/\\\/eventkit.ch\\\/?page_id=1763&lang=fr\",\"name\":\"Restauration\",\"isPartOf\":{\"@id\":\"https:\\\/\\\/eventkit.ch\\\/#website\"},\"primaryImageOfPage\":{\"@id\":\"https:\\\/\\\/eventkit.ch\\\/?page_id=1763&lang=fr#primaryimage\"},\"image\":{\"@id\":\"https:\\\/\\\/eventkit.ch\\\/?page_id=1763&lang=fr#primaryimage\"},\"thumbnailUrl\":\"https:\\\/\\\/eventkit.ch\\\/wp-content\\\/uploads\\\/2025\\\/11\\\/Event-Image-4.png\",\"datePublished\":\"2025-12-08T13:34:17+00:00\",\"dateModified\":\"2026-03-25T07:46:49+00:00\",\"description\":\"La durabilit\u00e9 passe par l'estomac et ce qui se trouve dans notre assiette a un impact. Les ingr\u00e9dients r\u00e9gionaux, biologiques et issus du commerce \u00e9quitable ainsi que les menus de saison ne sont pas seulement nourrissants, ils ont aussi du sens.\",\"breadcrumb\":{\"@id\":\"https:\\\/\\\/eventkit.ch\\\/?page_id=1763&lang=fr#breadcrumb\"},\"inLanguage\":\"de\",\"potentialAction\":[{\"@type\":\"ReadAction\",\"target\":[\"https:\\\/\\\/eventkit.ch\\\/?page_id=1763&lang=fr\"]}]},{\"@type\":\"ImageObject\",\"inLanguage\":\"de\",\"@id\":\"https:\\\/\\\/eventkit.ch\\\/?page_id=1763&lang=fr#primaryimage\",\"url\":\"https:\\\/\\\/eventkit.ch\\\/wp-content\\\/uploads\\\/2025\\\/11\\\/Event-Image-4.png\",\"contentUrl\":\"https:\\\/\\\/eventkit.ch\\\/wp-content\\\/uploads\\\/2025\\\/11\\\/Event-Image-4.png\",\"width\":772,\"height\":480},{\"@type\":\"BreadcrumbList\",\"@id\":\"https:\\\/\\\/eventkit.ch\\\/?page_id=1763&lang=fr#breadcrumb\",\"itemListElement\":[{\"@type\":\"ListItem\",\"position\":1,\"name\":\"Home\",\"item\":\"https:\\\/\\\/eventkit.ch\\\/\"},{\"@type\":\"ListItem\",\"position\":2,\"name\":\"Th\u00e8mes\",\"item\":\"https:\\\/\\\/eventkit.ch\\\/?page_id=875&lang=fr\"},{\"@type\":\"ListItem\",\"position\":3,\"name\":\"Restauration\"}]},{\"@type\":\"WebSite\",\"@id\":\"https:\\\/\\\/eventkit.ch\\\/#website\",\"url\":\"https:\\\/\\\/eventkit.ch\\\/\",\"name\":\"EventKit\",\"description\":\"Nachhaltigkeit, die wirkt: Dein Event im Check.\",\"publisher\":{\"@id\":\"https:\\\/\\\/eventkit.ch\\\/#organization\"},\"potentialAction\":[{\"@type\":\"SearchAction\",\"target\":{\"@type\":\"EntryPoint\",\"urlTemplate\":\"https:\\\/\\\/eventkit.ch\\\/?s={search_term_string}\"},\"query-input\":{\"@type\":\"PropertyValueSpecification\",\"valueRequired\":true,\"valueName\":\"search_term_string\"}}],\"inLanguage\":\"de\"},{\"@type\":\"Organization\",\"@id\":\"https:\\\/\\\/eventkit.ch\\\/#organization\",\"name\":\"EventKit\",\"url\":\"https:\\\/\\\/eventkit.ch\\\/\",\"logo\":{\"@type\":\"ImageObject\",\"inLanguage\":\"de\",\"@id\":\"https:\\\/\\\/eventkit.ch\\\/#\\\/schema\\\/logo\\\/image\\\/\",\"url\":\"https:\\\/\\\/eventkit.ch\\\/wp-content\\\/uploads\\\/2025\\\/11\\\/android-icon-144x144-1.png\",\"contentUrl\":\"https:\\\/\\\/eventkit.ch\\\/wp-content\\\/uploads\\\/2025\\\/11\\\/android-icon-144x144-1.png\",\"width\":144,\"height\":144,\"caption\":\"EventKit\"},\"image\":{\"@id\":\"https:\\\/\\\/eventkit.ch\\\/#\\\/schema\\\/logo\\\/image\\\/\"}}]}<\/script>\n<!-- \/ Yoast SEO plugin. -->","yoast_head_json":{"title":"Restauration","description":"La durabilit\u00e9 passe par l'estomac et ce qui se trouve dans notre assiette a un impact. Les ingr\u00e9dients r\u00e9gionaux, biologiques et issus du commerce \u00e9quitable ainsi que les menus de saison ne sont pas seulement nourrissants, ils ont aussi du sens.","robots":{"index":"index","follow":"follow","max-snippet":"max-snippet:-1","max-image-preview":"max-image-preview:large","max-video-preview":"max-video-preview:-1"},"canonical":"https:\/\/eventkit.ch\/?page_id=1763&lang=fr","og_locale":"de_DE","og_type":"article","og_title":"Restauration","og_description":"La durabilit\u00e9 passe par l'estomac et ce qui se trouve dans notre assiette a un impact. Les ingr\u00e9dients r\u00e9gionaux, biologiques et issus du commerce \u00e9quitable ainsi que les menus de saison ne sont pas seulement nourrissants, ils ont aussi du sens.","og_url":"https:\/\/eventkit.ch\/?page_id=1763&lang=fr","og_site_name":"EventKit","article_modified_time":"2026-03-25T07:46:49+00:00","og_image":[{"width":772,"height":480,"url":"https:\/\/eventkit.ch\/wp-content\/uploads\/2025\/11\/Event-Image-4.png","type":"image\/png"}],"twitter_card":"summary_large_image","twitter_misc":{"Gesch\u00e4tzte Lesezeit":"9\u00a0Minuten"},"schema":{"@context":"https:\/\/schema.org","@graph":[{"@type":"WebPage","@id":"https:\/\/eventkit.ch\/?page_id=1763&lang=fr","url":"https:\/\/eventkit.ch\/?page_id=1763&lang=fr","name":"Restauration","isPartOf":{"@id":"https:\/\/eventkit.ch\/#website"},"primaryImageOfPage":{"@id":"https:\/\/eventkit.ch\/?page_id=1763&lang=fr#primaryimage"},"image":{"@id":"https:\/\/eventkit.ch\/?page_id=1763&lang=fr#primaryimage"},"thumbnailUrl":"https:\/\/eventkit.ch\/wp-content\/uploads\/2025\/11\/Event-Image-4.png","datePublished":"2025-12-08T13:34:17+00:00","dateModified":"2026-03-25T07:46:49+00:00","description":"La durabilit\u00e9 passe par l'estomac et ce qui se trouve dans notre assiette a un impact. Les ingr\u00e9dients r\u00e9gionaux, biologiques et issus du commerce \u00e9quitable ainsi que les menus de saison ne sont pas seulement nourrissants, ils ont aussi du sens.","breadcrumb":{"@id":"https:\/\/eventkit.ch\/?page_id=1763&lang=fr#breadcrumb"},"inLanguage":"de","potentialAction":[{"@type":"ReadAction","target":["https:\/\/eventkit.ch\/?page_id=1763&lang=fr"]}]},{"@type":"ImageObject","inLanguage":"de","@id":"https:\/\/eventkit.ch\/?page_id=1763&lang=fr#primaryimage","url":"https:\/\/eventkit.ch\/wp-content\/uploads\/2025\/11\/Event-Image-4.png","contentUrl":"https:\/\/eventkit.ch\/wp-content\/uploads\/2025\/11\/Event-Image-4.png","width":772,"height":480},{"@type":"BreadcrumbList","@id":"https:\/\/eventkit.ch\/?page_id=1763&lang=fr#breadcrumb","itemListElement":[{"@type":"ListItem","position":1,"name":"Home","item":"https:\/\/eventkit.ch\/"},{"@type":"ListItem","position":2,"name":"Th\u00e8mes","item":"https:\/\/eventkit.ch\/?page_id=875&lang=fr"},{"@type":"ListItem","position":3,"name":"Restauration"}]},{"@type":"WebSite","@id":"https:\/\/eventkit.ch\/#website","url":"https:\/\/eventkit.ch\/","name":"EventKit","description":"Nachhaltigkeit, die wirkt: Dein Event im Check.","publisher":{"@id":"https:\/\/eventkit.ch\/#organization"},"potentialAction":[{"@type":"SearchAction","target":{"@type":"EntryPoint","urlTemplate":"https:\/\/eventkit.ch\/?s={search_term_string}"},"query-input":{"@type":"PropertyValueSpecification","valueRequired":true,"valueName":"search_term_string"}}],"inLanguage":"de"},{"@type":"Organization","@id":"https:\/\/eventkit.ch\/#organization","name":"EventKit","url":"https:\/\/eventkit.ch\/","logo":{"@type":"ImageObject","inLanguage":"de","@id":"https:\/\/eventkit.ch\/#\/schema\/logo\/image\/","url":"https:\/\/eventkit.ch\/wp-content\/uploads\/2025\/11\/android-icon-144x144-1.png","contentUrl":"https:\/\/eventkit.ch\/wp-content\/uploads\/2025\/11\/android-icon-144x144-1.png","width":144,"height":144,"caption":"EventKit"},"image":{"@id":"https:\/\/eventkit.ch\/#\/schema\/logo\/image\/"}}]}},"_links":{"self":[{"href":"https:\/\/eventkit.ch\/index.php?rest_route=\/wp\/v2\/pages\/1763","targetHints":{"allow":["GET"]}}],"collection":[{"href":"https:\/\/eventkit.ch\/index.php?rest_route=\/wp\/v2\/pages"}],"about":[{"href":"https:\/\/eventkit.ch\/index.php?rest_route=\/wp\/v2\/types\/page"}],"author":[{"embeddable":true,"href":"https:\/\/eventkit.ch\/index.php?rest_route=\/wp\/v2\/users\/3"}],"replies":[{"embeddable":true,"href":"https:\/\/eventkit.ch\/index.php?rest_route=%2Fwp%2Fv2%2Fcomments&post=1763"}],"version-history":[{"count":30,"href":"https:\/\/eventkit.ch\/index.php?rest_route=\/wp\/v2\/pages\/1763\/revisions"}],"predecessor-version":[{"id":3694,"href":"https:\/\/eventkit.ch\/index.php?rest_route=\/wp\/v2\/pages\/1763\/revisions\/3694"}],"up":[{"embeddable":true,"href":"https:\/\/eventkit.ch\/index.php?rest_route=\/wp\/v2\/pages\/875"}],"wp:featuredmedia":[{"embeddable":true,"href":"https:\/\/eventkit.ch\/index.php?rest_route=\/wp\/v2\/media\/677"}],"wp:attachment":[{"href":"https:\/\/eventkit.ch\/index.php?rest_route=%2Fwp%2Fv2%2Fmedia&parent=1763"}],"curies":[{"name":"wp","href":"https:\/\/api.w.org\/{rel}","templated":true}]}}