{"id":1730,"date":"2025-12-17T09:14:29","date_gmt":"2025-12-17T09:14:29","guid":{"rendered":"https:\/\/eventkit.ch\/?page_id=1730"},"modified":"2026-04-20T10:54:33","modified_gmt":"2026-04-20T08:54:33","slug":"klimarechner","status":"publish","type":"page","link":"https:\/\/eventkit.ch\/?page_id=1730","title":{"rendered":"Wirkung messen"},"content":{"rendered":"<section class=\"wp-block-group alignfull is-layout-constrained wp-block-group-is-layout-constrained\"><div class=\"wp-bootstrap-blocks-row row is-style-default align-items-center\">\n\t\n<div class=\"col-12 col-md-6\">\n\t\t\t\n<div class=\"wp-block-group has-16-font-size is-layout-flow wp-block-group-is-layout-flow\"><h1 class=\"wp-block-heading\">Wirkung messen und bilanzieren<\/h1>\n\n<p class=\"has-secondary-font-family has-26-font-size\">Die systematische Messung der Nachhaltigkeitswirkung ist anspruchsvoll. Mit Hilfe von kostenlosen Tools kann deine Veranstaltung konkrete Indikatoren erfassen und vom Ergebnis strategische Entscheidungen ableiten. &nbsp;<\/p>\n\n<p class=\"has-secondary-font-family has-18-font-size\">Es gibt verschiedene Tools mit denen Veranstalter:innen die Auswirkung ihrer Aktivit\u00e4ten auf Mensch und Umwelt messen k\u00f6nnen. Zum Beispiel k\u00f6nnen CO\u2082-Rechner f\u00fcr Events Veranstaltenden helfen, die Treibhausgasemissionen ihrer Veranstaltungen pr\u00e4zise zu bilanzieren. Die nachfolgende \u00dcbersicht stellt ausgew\u00e4hlte Event-spezifische Tools vor, die sich in Detailtiefe, Methodik und Zielgruppen unterscheiden.<\/p><\/div>\n\t<\/div>\n\n<div class=\"col-12 col-md-6\">\n\t\t\t\n<figure class=\"wp-block-image size-large has-custom-border\"><img loading=\"lazy\" decoding=\"async\" width=\"1024\" height=\"682\" src=\"https:\/\/eventkit.ch\/wp-content\/uploads\/2026\/04\/Gletscherfoto_Christof_pluswert_reduziert-1024x682.jpg\" alt=\"\" class=\"wp-image-3774\" style=\"border-top-left-radius:8px;border-top-right-radius:8px;border-bottom-left-radius:8px;border-bottom-right-radius:8px\" srcset=\"https:\/\/eventkit.ch\/wp-content\/uploads\/2026\/04\/Gletscherfoto_Christof_pluswert_reduziert-1024x682.jpg 1024w, https:\/\/eventkit.ch\/wp-content\/uploads\/2026\/04\/Gletscherfoto_Christof_pluswert_reduziert-300x200.jpg 300w, https:\/\/eventkit.ch\/wp-content\/uploads\/2026\/04\/Gletscherfoto_Christof_pluswert_reduziert-768x512.jpg 768w, https:\/\/eventkit.ch\/wp-content\/uploads\/2026\/04\/Gletscherfoto_Christof_pluswert_reduziert-1536x1024.jpg 1536w, https:\/\/eventkit.ch\/wp-content\/uploads\/2026\/04\/Gletscherfoto_Christof_pluswert_reduziert.jpg 1772w\" sizes=\"auto, (max-width: 1024px) 100vw, 1024px\" \/><\/figure>\n\t<\/div>\n<\/div><\/section><section class=\"wp-block-group alignfull has-primary-light-background-color has-background has-16-font-size is-layout-constrained wp-block-group-is-layout-constrained\"><div class=\"wp-bootstrap-blocks-row row\">\n\t\n<div class=\"col-12 col-md-6\">\n\t\t\t\n<figure class=\"wp-block-image size-large is-resized has-custom-border\"><a href=\"https:\/\/sustainable-impact-tool.info\/\" target=\"_blank\" rel=\" noreferrer noopener\"><img loading=\"lazy\" decoding=\"async\" width=\"1024\" height=\"682\" src=\"https:\/\/eventkit.ch\/wp-content\/uploads\/2025\/12\/image-edited-1024x682.png\" alt=\"\" class=\"wp-image-1320\" style=\"border-top-left-radius:8px;border-top-right-radius:8px;border-bottom-left-radius:8px;border-bottom-right-radius:8px;aspect-ratio:1.5014962295016558;width:482px;height:auto\" srcset=\"https:\/\/eventkit.ch\/wp-content\/uploads\/2025\/12\/image-edited-1024x682.png 1024w, https:\/\/eventkit.ch\/wp-content\/uploads\/2025\/12\/image-edited-300x200.png 300w, https:\/\/eventkit.ch\/wp-content\/uploads\/2025\/12\/image-edited-768x512.png 768w, https:\/\/eventkit.ch\/wp-content\/uploads\/2025\/12\/image-edited.png 1201w\" sizes=\"auto, (max-width: 1024px) 100vw, 1024px\" \/><\/a><\/figure>\n\t<\/div>\n\n<div class=\"col-12 col-md-6\">\n\t\t\t\n<h2 class=\"wp-block-heading has-28-font-size\">Wirkungsmessung f\u00fcr Kulturveranstaltungen<\/h2>\n\n<p>Das Sustainable Impact Tool ist ein kostenloses Arbeitsinstrument f\u00fcr Kulturinstitutionen in der Schweiz. Es unterst\u00fctzt die Kunst- und Kulturschaffenden darin, ihre Aktivit\u00e4ten im Hinblick auf \u00f6kologische und soziale Nachhaltigkeit systematisch zu analysieren. So l\u00e4sst sich die Wirksamkeit von nachhaltigem Handeln sowohl auf institutioneller Ebene als auch bei einzelnen Produktionen, Tourneen oder Veranstaltungen pr\u00fcfen. Das Tool wird laufend weiterentwickelt.<\/p>\n\t<\/div>\n<\/div><\/section><section class=\"wp-block-group alignfull has-orange-lighter-background-color has-background has-16-font-size is-layout-constrained wp-block-group-is-layout-constrained\"><div class=\"wp-bootstrap-blocks-row row\">\n\t\n<div class=\"col-12 col-md-6\">\n\t\t\t\n<h2 class=\"wp-block-heading has-28-font-size\">Klima-Rechner <\/h2>\n\n<p>Der myclimate Eventrechner ist ein kostenloses Online-Tool zur Berechnung der Treibhausgasemissionen und zur Erstellung des CO\u2082- Fussabdrucks von Veranstaltungen. Nutzer erfassen Daten zu Mobilit\u00e4t (Anreise, Fl\u00fcge), \u00dcbernachtungen, Verpflegung, Energie (Strom, Heizung), Material, Transport und Abfall. Die berechneten Treibhausgasemissionen basieren auf aktuellen Emissionsfaktoren, wissenschaftlichen Ver\u00f6ffentlichungen sowie internationalen und internen Statistiken.<\/p>\n\t<\/div>\n\n<div class=\"col-12 col-md-6\">\n\t\t\t\n<div class=\"wp-block-group is-nowrap is-layout-flex wp-container-core-group-is-layout-6c531013 wp-block-group-is-layout-flex\"><figure class=\"wp-block-image size-large has-custom-border\"><a href=\"https:\/\/www.myclimate.org\/de-ch\/informieren\/ueber-uns\/downloads\/eventrechner\/\" target=\"_blank\" rel=\" noreferrer noopener\"><img loading=\"lazy\" decoding=\"async\" width=\"1024\" height=\"554\" src=\"https:\/\/eventkit.ch\/wp-content\/uploads\/2025\/12\/Bildschirmfoto-2025-12-17-um-10.04.36-1024x554.png\" alt=\"\" class=\"wp-image-1743\" style=\"border-top-left-radius:8px;border-top-right-radius:8px;border-bottom-left-radius:8px;border-bottom-right-radius:8px\" srcset=\"https:\/\/eventkit.ch\/wp-content\/uploads\/2025\/12\/Bildschirmfoto-2025-12-17-um-10.04.36-1024x554.png 1024w, https:\/\/eventkit.ch\/wp-content\/uploads\/2025\/12\/Bildschirmfoto-2025-12-17-um-10.04.36-300x162.png 300w, https:\/\/eventkit.ch\/wp-content\/uploads\/2025\/12\/Bildschirmfoto-2025-12-17-um-10.04.36-768x415.png 768w, https:\/\/eventkit.ch\/wp-content\/uploads\/2025\/12\/Bildschirmfoto-2025-12-17-um-10.04.36-1536x830.png 1536w, https:\/\/eventkit.ch\/wp-content\/uploads\/2025\/12\/Bildschirmfoto-2025-12-17-um-10.04.36-2048x1107.png 2048w\" sizes=\"auto, (max-width: 1024px) 100vw, 1024px\" \/><\/a><\/figure><\/div>\n\t<\/div>\n<\/div><\/section><section class=\"wp-block-group alignfull has-white-background-color has-background has-16-font-size is-layout-constrained wp-block-group-is-layout-constrained\"><div class=\"wp-bootstrap-blocks-row row align-items-center\">\n\t\n<div class=\"col-12 col-md-6\">\n\t\t\t\n<div class=\"wp-block-group is-layout-flow wp-block-group-is-layout-flow\"><h2 class=\"wp-block-heading\">Verantwortung \u00fcbernehmen<\/h2>\n\n<p class=\"is-style-default\" style=\"margin-bottom:var(--wp--preset--spacing--40)\">Sportveranstaltungen k\u00f6nnen f\u00fcr nicht vermeidbare Treibhausgasemissionen Verantwortung \u00fcbernehmen und einen Beitrag in den Swiss Olympic Klimafonds leisten. Der Fonds unterst\u00fctzt Schweizer Sportverb\u00e4nde und -vereine dabei,&nbsp;ihre Treibhausgasemissionen zu reduzieren und Klimaschutz umzusetzen (z.B. mit Energieberatungen, E-Mobilit\u00e4t, Solar-Contracting oder den Ersatz von Dieselgeneratoren bei Events).<\/p><\/div>\n\t<\/div>\n\n<div class=\"col-12 col-md-6\">\n\t\t\t\n<div class=\"wp-block-group is-style-card has-border-color has-background is-layout-constrained wp-container-core-group-is-layout-6b9a723e wp-block-group-is-layout-constrained is-style-card--1\" style=\"border-color:#e6e6e6;background-color:#fefcfa;padding-top:var(--wp--preset--spacing--60);padding-bottom:var(--wp--preset--spacing--60)\"><figure class=\"wp-block-image size-full\"><a href=\"https:\/\/www.swissolympic.ch\/verbaende\/praevention\/Swiss-Olympic-Klimafonds\" target=\"_blank\" rel=\" noreferrer noopener\"><img loading=\"lazy\" decoding=\"async\" width=\"716\" height=\"328\" src=\"https:\/\/eventkit.ch\/wp-content\/uploads\/2025\/12\/SO_Klimafonds_4c_DE_SO_MassnahmenProjekte.webp\" alt=\"\" class=\"wp-image-2042\" srcset=\"https:\/\/eventkit.ch\/wp-content\/uploads\/2025\/12\/SO_Klimafonds_4c_DE_SO_MassnahmenProjekte.webp 716w, https:\/\/eventkit.ch\/wp-content\/uploads\/2025\/12\/SO_Klimafonds_4c_DE_SO_MassnahmenProjekte-300x137.webp 300w\" sizes=\"auto, (max-width: 716px) 100vw, 716px\" \/><\/a><\/figure><\/div>\n\t<\/div>\n<\/div><\/section><p><\/p>","protected":false},"excerpt":{"rendered":"","protected":false},"author":3,"featured_media":0,"parent":0,"menu_order":0,"comment_status":"closed","ping_status":"closed","template":"page-no-title","meta":{"_sitemap_exclude":false,"_sitemap_priority":"","_sitemap_frequency":"","footnotes":""},"class_list":["post-1730","page","type-page","status-publish","hentry"],"yoast_head":"<!-- This site is optimized with the Yoast SEO plugin v27.3 - https:\/\/yoast.com\/product\/yoast-seo-wordpress\/ -->\n<title>Wirkung messen - EventKit<\/title>\n<meta name=\"robots\" content=\"index, follow, max-snippet:-1, max-image-preview:large, max-video-preview:-1\" \/>\n<link rel=\"canonical\" href=\"https:\/\/eventkit.ch\/?page_id=1730\" \/>\n<meta property=\"og:locale\" content=\"de_DE\" \/>\n<meta property=\"og:type\" content=\"article\" \/>\n<meta property=\"og:title\" content=\"Wirkung messen - EventKit\" \/>\n<meta property=\"og:url\" content=\"https:\/\/eventkit.ch\/?page_id=1730\" \/>\n<meta property=\"og:site_name\" content=\"EventKit\" \/>\n<meta property=\"article:modified_time\" content=\"2026-04-20T08:54:33+00:00\" \/>\n<meta property=\"og:image\" content=\"https:\/\/eventkit.ch\/wp-content\/uploads\/2026\/04\/Gletscherfoto_Christof_pluswert_reduziert.jpg\" \/>\n\t<meta property=\"og:image:width\" content=\"1772\" \/>\n\t<meta property=\"og:image:height\" content=\"1181\" \/>\n\t<meta property=\"og:image:type\" content=\"image\/jpeg\" \/>\n<meta name=\"twitter:card\" content=\"summary_large_image\" \/>\n<meta name=\"twitter:label1\" content=\"Gesch\u00e4tzte Lesezeit\" \/>\n\t<meta name=\"twitter:data1\" content=\"3\u00a0Minuten\" \/>\n<script type=\"application\/ld+json\" class=\"yoast-schema-graph\">{\"@context\":\"https:\\\/\\\/schema.org\",\"@graph\":[{\"@type\":\"WebPage\",\"@id\":\"https:\\\/\\\/eventkit.ch\\\/?page_id=1730\",\"url\":\"https:\\\/\\\/eventkit.ch\\\/?page_id=1730\",\"name\":\"Wirkung messen - EventKit\",\"isPartOf\":{\"@id\":\"https:\\\/\\\/eventkit.ch\\\/#website\"},\"primaryImageOfPage\":{\"@id\":\"https:\\\/\\\/eventkit.ch\\\/?page_id=1730#primaryimage\"},\"image\":{\"@id\":\"https:\\\/\\\/eventkit.ch\\\/?page_id=1730#primaryimage\"},\"thumbnailUrl\":\"https:\\\/\\\/eventkit.ch\\\/wp-content\\\/uploads\\\/2026\\\/04\\\/Gletscherfoto_Christof_pluswert_reduziert-1024x682.jpg\",\"datePublished\":\"2025-12-17T09:14:29+00:00\",\"dateModified\":\"2026-04-20T08:54:33+00:00\",\"breadcrumb\":{\"@id\":\"https:\\\/\\\/eventkit.ch\\\/?page_id=1730#breadcrumb\"},\"inLanguage\":\"de\",\"potentialAction\":[{\"@type\":\"ReadAction\",\"target\":[\"https:\\\/\\\/eventkit.ch\\\/?page_id=1730\"]}]},{\"@type\":\"ImageObject\",\"inLanguage\":\"de\",\"@id\":\"https:\\\/\\\/eventkit.ch\\\/?page_id=1730#primaryimage\",\"url\":\"https:\\\/\\\/eventkit.ch\\\/wp-content\\\/uploads\\\/2026\\\/04\\\/Gletscherfoto_Christof_pluswert_reduziert.jpg\",\"contentUrl\":\"https:\\\/\\\/eventkit.ch\\\/wp-content\\\/uploads\\\/2026\\\/04\\\/Gletscherfoto_Christof_pluswert_reduziert.jpg\",\"width\":1772,\"height\":1181},{\"@type\":\"BreadcrumbList\",\"@id\":\"https:\\\/\\\/eventkit.ch\\\/?page_id=1730#breadcrumb\",\"itemListElement\":[{\"@type\":\"ListItem\",\"position\":1,\"name\":\"Home\",\"item\":\"https:\\\/\\\/eventkit.ch\\\/\"},{\"@type\":\"ListItem\",\"position\":2,\"name\":\"Wirkung messen\"}]},{\"@type\":\"WebSite\",\"@id\":\"https:\\\/\\\/eventkit.ch\\\/#website\",\"url\":\"https:\\\/\\\/eventkit.ch\\\/\",\"name\":\"EventKit\",\"description\":\"Nachhaltigkeit, die wirkt: Dein Event im Check.\",\"publisher\":{\"@id\":\"https:\\\/\\\/eventkit.ch\\\/#organization\"},\"potentialAction\":[{\"@type\":\"SearchAction\",\"target\":{\"@type\":\"EntryPoint\",\"urlTemplate\":\"https:\\\/\\\/eventkit.ch\\\/?s={search_term_string}\"},\"query-input\":{\"@type\":\"PropertyValueSpecification\",\"valueRequired\":true,\"valueName\":\"search_term_string\"}}],\"inLanguage\":\"de\"},{\"@type\":\"Organization\",\"@id\":\"https:\\\/\\\/eventkit.ch\\\/#organization\",\"name\":\"EventKit\",\"url\":\"https:\\\/\\\/eventkit.ch\\\/\",\"logo\":{\"@type\":\"ImageObject\",\"inLanguage\":\"de\",\"@id\":\"https:\\\/\\\/eventkit.ch\\\/#\\\/schema\\\/logo\\\/image\\\/\",\"url\":\"https:\\\/\\\/eventkit.ch\\\/wp-content\\\/uploads\\\/2025\\\/11\\\/android-icon-144x144-1.png\",\"contentUrl\":\"https:\\\/\\\/eventkit.ch\\\/wp-content\\\/uploads\\\/2025\\\/11\\\/android-icon-144x144-1.png\",\"width\":144,\"height\":144,\"caption\":\"EventKit\"},\"image\":{\"@id\":\"https:\\\/\\\/eventkit.ch\\\/#\\\/schema\\\/logo\\\/image\\\/\"}}]}<\/script>\n<!-- \/ Yoast SEO plugin. -->","yoast_head_json":{"title":"Wirkung messen - EventKit","robots":{"index":"index","follow":"follow","max-snippet":"max-snippet:-1","max-image-preview":"max-image-preview:large","max-video-preview":"max-video-preview:-1"},"canonical":"https:\/\/eventkit.ch\/?page_id=1730","og_locale":"de_DE","og_type":"article","og_title":"Wirkung messen - EventKit","og_url":"https:\/\/eventkit.ch\/?page_id=1730","og_site_name":"EventKit","article_modified_time":"2026-04-20T08:54:33+00:00","og_image":[{"width":1772,"height":1181,"url":"https:\/\/eventkit.ch\/wp-content\/uploads\/2026\/04\/Gletscherfoto_Christof_pluswert_reduziert.jpg","type":"image\/jpeg"}],"twitter_card":"summary_large_image","twitter_misc":{"Gesch\u00e4tzte Lesezeit":"3\u00a0Minuten"},"schema":{"@context":"https:\/\/schema.org","@graph":[{"@type":"WebPage","@id":"https:\/\/eventkit.ch\/?page_id=1730","url":"https:\/\/eventkit.ch\/?page_id=1730","name":"Wirkung messen - EventKit","isPartOf":{"@id":"https:\/\/eventkit.ch\/#website"},"primaryImageOfPage":{"@id":"https:\/\/eventkit.ch\/?page_id=1730#primaryimage"},"image":{"@id":"https:\/\/eventkit.ch\/?page_id=1730#primaryimage"},"thumbnailUrl":"https:\/\/eventkit.ch\/wp-content\/uploads\/2026\/04\/Gletscherfoto_Christof_pluswert_reduziert-1024x682.jpg","datePublished":"2025-12-17T09:14:29+00:00","dateModified":"2026-04-20T08:54:33+00:00","breadcrumb":{"@id":"https:\/\/eventkit.ch\/?page_id=1730#breadcrumb"},"inLanguage":"de","potentialAction":[{"@type":"ReadAction","target":["https:\/\/eventkit.ch\/?page_id=1730"]}]},{"@type":"ImageObject","inLanguage":"de","@id":"https:\/\/eventkit.ch\/?page_id=1730#primaryimage","url":"https:\/\/eventkit.ch\/wp-content\/uploads\/2026\/04\/Gletscherfoto_Christof_pluswert_reduziert.jpg","contentUrl":"https:\/\/eventkit.ch\/wp-content\/uploads\/2026\/04\/Gletscherfoto_Christof_pluswert_reduziert.jpg","width":1772,"height":1181},{"@type":"BreadcrumbList","@id":"https:\/\/eventkit.ch\/?page_id=1730#breadcrumb","itemListElement":[{"@type":"ListItem","position":1,"name":"Home","item":"https:\/\/eventkit.ch\/"},{"@type":"ListItem","position":2,"name":"Wirkung messen"}]},{"@type":"WebSite","@id":"https:\/\/eventkit.ch\/#website","url":"https:\/\/eventkit.ch\/","name":"EventKit","description":"Nachhaltigkeit, die wirkt: Dein Event im Check.","publisher":{"@id":"https:\/\/eventkit.ch\/#organization"},"potentialAction":[{"@type":"SearchAction","target":{"@type":"EntryPoint","urlTemplate":"https:\/\/eventkit.ch\/?s={search_term_string}"},"query-input":{"@type":"PropertyValueSpecification","valueRequired":true,"valueName":"search_term_string"}}],"inLanguage":"de"},{"@type":"Organization","@id":"https:\/\/eventkit.ch\/#organization","name":"EventKit","url":"https:\/\/eventkit.ch\/","logo":{"@type":"ImageObject","inLanguage":"de","@id":"https:\/\/eventkit.ch\/#\/schema\/logo\/image\/","url":"https:\/\/eventkit.ch\/wp-content\/uploads\/2025\/11\/android-icon-144x144-1.png","contentUrl":"https:\/\/eventkit.ch\/wp-content\/uploads\/2025\/11\/android-icon-144x144-1.png","width":144,"height":144,"caption":"EventKit"},"image":{"@id":"https:\/\/eventkit.ch\/#\/schema\/logo\/image\/"}}]}},"_links":{"self":[{"href":"https:\/\/eventkit.ch\/index.php?rest_route=\/wp\/v2\/pages\/1730","targetHints":{"allow":["GET"]}}],"collection":[{"href":"https:\/\/eventkit.ch\/index.php?rest_route=\/wp\/v2\/pages"}],"about":[{"href":"https:\/\/eventkit.ch\/index.php?rest_route=\/wp\/v2\/types\/page"}],"author":[{"embeddable":true,"href":"https:\/\/eventkit.ch\/index.php?rest_route=\/wp\/v2\/users\/3"}],"replies":[{"embeddable":true,"href":"https:\/\/eventkit.ch\/index.php?rest_route=%2Fwp%2Fv2%2Fcomments&post=1730"}],"version-history":[{"count":19,"href":"https:\/\/eventkit.ch\/index.php?rest_route=\/wp\/v2\/pages\/1730\/revisions"}],"predecessor-version":[{"id":3781,"href":"https:\/\/eventkit.ch\/index.php?rest_route=\/wp\/v2\/pages\/1730\/revisions\/3781"}],"wp:attachment":[{"href":"https:\/\/eventkit.ch\/index.php?rest_route=%2Fwp%2Fv2%2Fmedia&parent=1730"}],"curies":[{"name":"wp","href":"https:\/\/api.w.org\/{rel}","templated":true}]}}