{"id":1625,"date":"2025-11-18T13:40:32","date_gmt":"2025-11-18T13:40:32","guid":{"rendered":"https:\/\/eventkit.ch\/?page_id=1625"},"modified":"2026-03-25T08:44:03","modified_gmt":"2026-03-25T07:44:03","slug":"circulation-et-transports-2","status":"publish","type":"page","link":"https:\/\/eventkit.ch\/?page_id=1625&lang=fr","title":{"rendered":"Circulation &#038; transports"},"content":{"rendered":"<div class=\"wp-block-group alignfull is-layout-constrained wp-block-group-is-layout-constrained\" style=\"padding-top:var(--wp--preset--spacing--40);padding-bottom:var(--wp--preset--spacing--60)\"><figure class=\"wp-block-image aligncenter size-full\"><img loading=\"lazy\" decoding=\"async\" width=\"150\" height=\"150\" src=\"https:\/\/eventkit.ch\/wp-content\/uploads\/2025\/11\/Icon-min.png\" alt=\"\" class=\"wp-image-741\"\/><\/figure>\n\n<h1 class=\"has-text-align-center wp-block-post-title\">Circulation &#038; transports<\/h1>\n\n<p class=\"has-text-align-center is-style-subtitle\">L&#8217;utilisation de moyens de transport respectueux de l&#8217;environnement est un facteur d\u00e9cisif pour r\u00e9duire l&#8217;impact d&#8217;une manifestation. R\u00e9ductions ou billets comprenant les transports publics, navettes \u00e9lectriques ou encouragements pour les pi\u00e9tons et cyclistes : il existe de nombreuses possibilit\u00e9s.<\/p><\/div><p><\/p><section class=\"wp-block-group alignfull has-green-light-background-color has-background has-15-font-size is-layout-constrained wp-block-group-is-layout-constrained\" id=\"aerien\"><h2 class=\"wp-block-heading has-text-align-center\">R\u00e9duction du trafic a\u00e9rien<\/h2>\n\n<p class=\"has-text-align-center is-style-subtitle\">R\u00e9duire les distances parcourues en avion signifie r\u00e9duire les \u00e9missions<\/p>\n\n<div class=\"wp-bootstrap-blocks-row row\">\n\t\n<div class=\"col-12 col-md-5\">\n\t\t\t\n<p>Par exemple, un trajet a\u00e9rien de 700 km peut facilement \u00eatre remplac\u00e9 par un trajet en train de 3 \u00e0 5 heures. Si l&#8217;on tient compte de l&#8217;enregistrement et du check-out, ainsi que du trajet jusqu&#8217;\u00e0 l&#8217;a\u00e9roport, cela repr\u00e9sente finalement une faible diff\u00e9rence sur le temps de trajet et surtout une r\u00e9duction importante des \u00e9missions de CO<sub>2<\/sub>.<\/p>\n\n<p><\/p>\n\n<h4 class=\"wp-block-heading has-secondary-font-family has-24-font-size\">Tu trouveras des informations d\u00e9taill\u00e9es dans cette fiche d&#8217;information:<\/h4>\n\n<div class=\"wp-block-buttons is-layout-flex wp-block-buttons-is-layout-flex\"><div class=\"wp-block-button has-custom-width wp-block-button__width-75 is-style-btn-primary is-style-btn-primary--1\"><a class=\"wp-block-button__link has-general-font-family has-14-font-size has-custom-font-size wp-element-button\" href=\"https:\/\/eventkit.ch\/?resource=identifier-et-evaluer-les-besoins-en-deplacement&amp;lang=fr\" style=\"padding-right:0;padding-left:0\" target=\"_blank\" rel=\"noreferrer noopener\">Identifier et \u00e9valuer les besoins en d\u00e9placements<\/a><\/div><\/div>\n\n<p><\/p>\n\n<p><\/p>\n\n<h4 class=\"wp-block-heading has-secondary-font-family has-24-font-size\">Liens utiles :<\/h4>\n\n<ul style=\"margin-top:0;margin-bottom:0\" class=\"wp-block-list is-style-borderd has-secondary-font-family\"><li style=\"border-style:none;border-width:0px;margin-top:var(--wp--preset--spacing--30);margin-bottom:var(--wp--preset--spacing--30)\"><a href=\"https:\/\/www.swissolympic.ch\/fr\/federations\/prevention\/Swiss-Olympic-Klimafonds\" target=\"_blank\" rel=\"noreferrer noopener\">Fonds pour le climat de Swiss Olympic<\/a><\/li>\n\n<li style=\"border-style:none;border-width:0px;margin-top:var(--wp--preset--spacing--30);margin-bottom:var(--wp--preset--spacing--30)\"><a href=\"https:\/\/www.bafu.admin.ch\/fr\/mobilite-et-environnement-leviers-et-solutions-possibles\" target=\"_blank\" rel=\"noreferrer noopener\">OFEV: mobilit\u00e9 et environnement<\/a><\/li>\n\n<li style=\"border-style:none;border-width:0px;margin-top:var(--wp--preset--spacing--30);margin-bottom:var(--wp--preset--spacing--30)\"><a href=\"https:\/\/www.bafu.admin.ch\/fr\/mobilite-et-environnement-leviers-et-solutions-possibles\" target=\"_blank\" rel=\"noreferrer noopener\">SuisseEnergie: Outils pour les \u00e9v\u00e9nements<\/a><\/li>\n\n<li>Calculateurs recommand\u00e9s<\/li>\n\n<li style=\"border-style:none;border-width:0px;margin-top:var(--wp--preset--spacing--30);margin-bottom:var(--wp--preset--spacing--30)\"><a href=\"https:\/\/www.energie-environnement.ch\/mobilite\/mobility-impact\" target=\"_blank\" rel=\"noreferrer noopener\">Mobility-Impact pour calculer l&#8217;impact des moyens de transport<\/a><\/li><\/ul>\n\t<\/div>\n\n<div class=\"col-12 col-md-7\">\n\t\t\t\n<figure class=\"wp-block-image size-full has-custom-border\"><img loading=\"lazy\" decoding=\"async\" width=\"1376\" height=\"768\" src=\"https:\/\/eventkit.ch\/wp-content\/uploads\/2025\/11\/Flugrouten4.png\" alt=\"\" class=\"wp-image-1081\" style=\"border-radius:8px\" srcset=\"https:\/\/eventkit.ch\/wp-content\/uploads\/2025\/11\/Flugrouten4.png 1376w, https:\/\/eventkit.ch\/wp-content\/uploads\/2025\/11\/Flugrouten4-300x167.png 300w, https:\/\/eventkit.ch\/wp-content\/uploads\/2025\/11\/Flugrouten4-1024x572.png 1024w, https:\/\/eventkit.ch\/wp-content\/uploads\/2025\/11\/Flugrouten4-768x429.png 768w\" sizes=\"auto, (max-width: 1376px) 100vw, 1376px\" \/><\/figure>\n\n<h3 class=\"wp-block-heading has-secondary-font-family has-24-font-size\">Crit\u00e8res associ\u00e9s dans Eventkit :<\/h3>\n\n<p>3.1. Tout le personnel, le comit\u00e9 d\u2019organisation, les b\u00e9n\u00e9voles, etc., sont tenus de ne pas prendre l\u2019avion pour les trajets de moins de 700&nbsp;km (\u00e0 l\u2019exception des conf\u00e9renci\u00e8res et conf\u00e9renciers ou artistes et de leur personnel direct). Les personnes invit\u00e9es, intervenantes, participantes, le public, les athl\u00e8tes, artistes, etc., sont sensibilis\u00e9s \u00e0 la question des d\u00e9placements durables par un guide et encourag\u00e9s \u00e0 renoncer aux voyages en avion pour les trajets courts.<\/p>\n\t<\/div>\n<\/div><\/section><section class=\"wp-block-group alignfull has-orange-lighter-background-color has-background has-15-font-size is-layout-constrained wp-block-group-is-layout-constrained\"><h2 class=\"wp-block-heading has-text-align-center\">Encourager l&#8217;utilisation des transports publics<\/h2>\n\n<p class=\"has-text-align-center is-style-subtitle\">Une situation gagnant-gagnant pour de nombreuses parties prenantes<\/p>\n\n<div class=\"wp-bootstrap-blocks-row row\">\n\t\n<div class=\"col-12 col-md-5\">\n\t\t\t\n<p>Les billets combin\u00e9s sont un levier efficace pour augmenter l\u2019utilisation des transports publics. D\u2019autres mesures permettent \u00e9galement d\u2019augmenter la part des personnes optant pour des trajets en transports publics comme des horaires align\u00e9s sur ceux des transports publics, le choix d\u2019un emplacement bien desservi et \u00e0 proximit\u00e9 d\u2019un arr\u00eat ou l\u2019organisation de navettes. Des r\u00e9ductions ou bons d\u2019achats peuvent \u00e9galement \u00eatre propos\u00e9s aux personnes renon\u00e7ant \u00e0 leur voiture pour se rendre sur le lieu de la manifestation.<\/p>\n\n<p><\/p>\n\n<h4 class=\"wp-block-heading has-secondary-font-family has-24-font-size\">Tu trouveras des informations d\u00e9taill\u00e9es dans ces fiches d&#8217;information :<\/h4>\n\n<p><\/p>\n\n<div class=\"wp-block-buttons is-layout-flex wp-block-buttons-is-layout-flex\"><div class=\"wp-block-button has-custom-width wp-block-button__width-75 is-style-btn-secondary is-style-btn-secondary--2\"><a class=\"wp-block-button__link has-14-font-size has-custom-font-size wp-element-button\" href=\"https:\/\/eventkit.ch\/?resource=encourager-la-marche-a-pied&amp;lang=fr\" target=\"_blank\" rel=\"noreferrer noopener\">Encourager la marche \u00e0 pied<\/a><\/div>\n\n<div class=\"wp-block-button has-custom-width wp-block-button__width-75 is-style-btn-secondary is-style-btn-secondary--3\"><a class=\"wp-block-button__link has-14-font-size has-custom-font-size wp-element-button\" href=\"https:\/\/eventkit.ch\/?resource=inciter-le-public-a-venir-en-transports-publics&amp;lang=fr\" target=\"_blank\" rel=\"noreferrer noopener\">Inciter les participants \u00e0 venir en transports publics<\/a><\/div>\n\n<div class=\"wp-block-button has-custom-width wp-block-button__width-75 is-style-btn-secondary is-style-btn-secondary--4\"><a class=\"wp-block-button__link has-14-font-size has-custom-font-size wp-element-button\" href=\"https:\/\/eventkit.ch\/?resource=offrir-des-avantages-au-public-utilisant-les-transports-public&amp;lang=fr\" target=\"_blank\" rel=\"noreferrer noopener\">Offrir des avantages au public utilisant les transports publics<\/a><\/div>\n\n<div class=\"wp-block-button has-custom-width wp-block-button__width-75 is-style-btn-secondary is-style-btn-secondary--5\"><a class=\"wp-block-button__link has-14-font-size has-custom-font-size wp-element-button\" href=\"https:\/\/eventkit.ch\/?resource=organiser-des-lignes-de-bus-temporaires&amp;lang=fr\" target=\"_blank\" rel=\"noreferrer noopener\">Organiser des lignes de bus temporaires<\/a><\/div><\/div>\n\n<p><\/p>\n\n<h4 class=\"wp-block-heading has-secondary-font-family has-24-font-size\">Liens utiles :<\/h4>\n\n<ul class=\"wp-block-list is-style-borderd\"><li><a href=\"https:\/\/eventkit.ch\/wp-content\/uploads\/2025\/12\/TwoPager-Swisstainable_final_FRA.pdf\" target=\"_blank\" rel=\"noreferrer noopener\">Possibilit\u00e9s de collaboration avec CFF RailAway<\/a><\/li>\n\n<li><a href=\"https:\/\/www.bafu.admin.ch\/fr\/mobilite-et-environnement-leviers-et-solutions-possibles\" target=\"_blank\" rel=\"noreferrer noopener\">OFEV : Mobilit\u00e9 et environnement : Leviers et solutions possibles <\/a><\/li>\n\n<li><a href=\"https:\/\/www.local-energy.swiss\/fr\/arbeitsbereich\/mobilitaet-pro\/werkzeuge-und-instrumente\/hilfsmittel-fuer-veranstaltungen.html#\/\" target=\"_blank\" rel=\"noreferrer noopener\">local-energy.swiss : Outils pour les \u00e9v\u00e9nements <\/a><\/li><\/ul>\n\t<\/div>\n\n<div class=\"col-12 col-md-7\">\n\t\t\t\n<figure class=\"wp-block-image size-full has-custom-border\"><img loading=\"lazy\" decoding=\"async\" width=\"7728\" height=\"5152\" src=\"https:\/\/eventkit.ch\/wp-content\/uploads\/2025\/11\/Ambiance_ma2024_loOrent_-113.jpg\" alt=\"\" class=\"wp-image-1135\" style=\"border-radius:8px\" srcset=\"https:\/\/eventkit.ch\/wp-content\/uploads\/2025\/11\/Ambiance_ma2024_loOrent_-113.jpg 7728w, https:\/\/eventkit.ch\/wp-content\/uploads\/2025\/11\/Ambiance_ma2024_loOrent_-113-300x200.jpg 300w, https:\/\/eventkit.ch\/wp-content\/uploads\/2025\/11\/Ambiance_ma2024_loOrent_-113-1024x683.jpg 1024w, https:\/\/eventkit.ch\/wp-content\/uploads\/2025\/11\/Ambiance_ma2024_loOrent_-113-768x512.jpg 768w, https:\/\/eventkit.ch\/wp-content\/uploads\/2025\/11\/Ambiance_ma2024_loOrent_-113-1536x1024.jpg 1536w\" sizes=\"auto, (max-width: 7728px) 100vw, 7728px\" \/><\/figure>\n\n<h3 class=\"wp-block-heading has-secondary-font-family has-24-font-size\">Crit\u00e8res associ\u00e9s dans Eventkit :<\/h3>\n\n<p>3.2. Les lieux de manifestation sont accessibles \u00e0 pied (max. 500&nbsp;m) depuis l\u2019arr\u00eat de transports publics le plus proche. Dans le cas contraire, des offres de partage, telles que des v\u00e9los\/trottinettes \u00e9lectriques ou un service de navette \u00e0 faibles \u00e9missions sont disponibles.<\/p>\n\n<p>3.3. Les billets d&#8217;entr\u00e9e et les frais de participation comprennent le trajet en transports publics ou proposent une r\u00e9duction en cas d&#8217;utilisation des transports publics \/ de la mobilit\u00e9 douce (p. ex. billet combin\u00e9).<\/p>\n\n<p>3.4. Le d\u00e9but et la fin de la manifestation co\u00efncident  avec les horaires des transports publics.<\/p>\n\n<p>3.5. Aucune place de parc suppl\u00e9mentaire n\u2019est propos\u00e9e pour les visiteuses et visiteurs ou les participantes et participants. Si des places de stationnement doivent \u00eatre propos\u00e9es, des frais de stationnement incitatifs sont exig\u00e9s. La manifestation recommande par ailleurs d&#8217;utiliser les transports publics.<\/p>\n\n<p>3.6. Le guidage du public pour la mobilit\u00e9 active, les correspondances avec les transports publics et les navettes sont clairement indiqu\u00e9s et facilement compr\u00e9hensibles.<\/p>\n\t<\/div>\n<\/div><\/section><section class=\"wp-block-group alignfull is-layout-constrained wp-block-group-is-layout-constrained\"><h2 class=\"wp-block-heading has-text-align-center\">Autres sujets en lien <\/h2>\n\n<p class=\"has-text-align-center is-style-subtitle\">avec la th\u00e9matique circulation &amp; transport<\/p>\n\n<div class=\"wp-block-columns is-layout-flex wp-container-core-columns-is-layout-28f84493 wp-block-columns-is-layout-flex\"><div class=\"wp-block-column is-layout-flow wp-block-column-is-layout-flow\"><div class=\"wp-block-group is-layout-constrained wp-block-group-is-layout-constrained\"><figure class=\"wp-block-image size-full has-custom-border\"><img loading=\"lazy\" decoding=\"async\" width=\"720\" height=\"480\" src=\"https:\/\/eventkit.ch\/wp-content\/uploads\/2025\/11\/Verkehr-Transport-edited.png\" alt=\"\" class=\"wp-image-1123\" style=\"border-radius:10px\" srcset=\"https:\/\/eventkit.ch\/wp-content\/uploads\/2025\/11\/Verkehr-Transport-edited.png 720w, https:\/\/eventkit.ch\/wp-content\/uploads\/2025\/11\/Verkehr-Transport-edited-300x200.png 300w\" sizes=\"auto, (max-width: 720px) 100vw, 720px\" \/><\/figure>\n\n<p><\/p>\n\n<h3 class=\"wp-block-heading has-28-font-size\" style=\"margin-top:10px;margin-bottom:10px\">Favoriser la mobilit\u00e9 douce<\/h3>\n\n<p><\/p>\n\n<p>De nombreuses mesures facilitent les d\u00e9placements en mobilit\u00e9 douce, comme l\u2019installation de places de parc en suffisance pour les v\u00e9los, des itin\u00e9raires p\u00e9destres et cyclables bien indiqu\u00e9s ou encore une communication claire en amont de la manifestation.<\/p>\n\n<div class=\"wp-block-buttons is-layout-flex wp-block-buttons-is-layout-flex\"><div class=\"wp-block-button has-custom-width wp-block-button__width-100\"><a class=\"wp-block-button__link has-white-color has-primary-background-color has-text-color has-background has-link-color wp-element-button\" href=\"https:\/\/eventkit.ch\/?resource=mettre-des-velos-a-disposition&amp;lang=fr\" target=\"_blank\" rel=\"noreferrer noopener\">Mettre des v\u00e9los \u00e0 disposition<\/a><\/div>\n\n<div class=\"wp-block-button has-custom-width wp-block-button__width-100\"><a class=\"wp-block-button__link has-white-color has-primary-background-color has-text-color has-background has-link-color wp-element-button\" href=\"https:\/\/eventkit.ch\/?resource=organiser-des-parking-pour-les-deux-roues&amp;lang=fr\" target=\"_blank\" rel=\"noreferrer noopener\">Organiser des parkings pour les deux-roues<\/a><\/div><\/div>\n\n<p><\/p>\n\n<h4 class=\"wp-block-heading has-secondary-font-family has-24-font-size\">Liens utiles :<\/h4>\n\n<ul class=\"wp-block-list is-style-borderd\"><li><a href=\"https:\/\/www.carvelo.ch\/fr\/\" target=\"_blank\" rel=\"noreferrer noopener\">V\u00e9los cargo \u00e0 louer: carvelo.ch<\/a><\/li><\/ul><\/div>\n\n<p><\/p><\/div>\n\n<div class=\"wp-block-column is-layout-flow wp-block-column-is-layout-flow\"><figure class=\"wp-block-image size-full has-custom-border\"><img loading=\"lazy\" decoding=\"async\" width=\"1152\" height=\"768\" src=\"https:\/\/eventkit.ch\/wp-content\/uploads\/2025\/11\/Bus-Gempen-edited.jpg\" alt=\"\" class=\"wp-image-1122\" style=\"border-radius:10px\" srcset=\"https:\/\/eventkit.ch\/wp-content\/uploads\/2025\/11\/Bus-Gempen-edited.jpg 1152w, https:\/\/eventkit.ch\/wp-content\/uploads\/2025\/11\/Bus-Gempen-edited-300x200.jpg 300w, https:\/\/eventkit.ch\/wp-content\/uploads\/2025\/11\/Bus-Gempen-edited-1024x683.jpg 1024w, https:\/\/eventkit.ch\/wp-content\/uploads\/2025\/11\/Bus-Gempen-edited-768x512.jpg 768w\" sizes=\"auto, (max-width: 1152px) 100vw, 1152px\" \/><\/figure>\n\n<p><\/p>\n\n<h3 class=\"wp-block-heading has-28-font-size\">Transport motoris\u00e9<\/h3>\n\n<p><\/p>\n\n<p>Lorsque des alternatives au transport motoris\u00e9 pour les personnes et le mat\u00e9riel ne sont pas possible, privil\u00e9gie les v\u00e9hicules \u00e9lectriques ou les plus efficients (norme Euro 6d, au moins 48 points dans le classement eco-auto). Privil\u00e9gie des fournisseurs de ta r\u00e9gion. Tu pourras ainsi r\u00e9duire au maximum les distances de transport pour le mat\u00e9riel lou\u00e9 et achet\u00e9. Si possible, ne propose que des places de stationnement payantes pour les v\u00e9hicules individuels motoris\u00e9s.<\/p>\n\n<div class=\"wp-block-buttons is-layout-flex wp-block-buttons-is-layout-flex\"><div class=\"wp-block-button has-custom-width wp-block-button__width-100\"><a class=\"wp-block-button__link has-white-color has-secondary-background-color has-text-color has-background has-link-color wp-element-button\" href=\"https:\/\/eventkit.ch\/?resource=choisir-des-vehicules-peu-polluants-2&amp;lang=fr\" target=\"_blank\" rel=\"noreferrer noopener\">Choisir des v\u00e9hicules peu polluants<\/a><\/div>\n\n<div class=\"wp-block-button has-custom-width wp-block-button__width-100\"><a class=\"wp-block-button__link has-white-color has-secondary-background-color has-text-color has-background has-link-color wp-element-button\" href=\"https:\/\/eventkit.ch\/?resource=mettre-en-place-un-systeme-de-covoiturage&amp;lang=fr\" target=\"_blank\" rel=\"noreferrer noopener\">Mettre en place un syst\u00e8me de covoiturage<\/a><\/div>\n\n<div class=\"wp-block-button has-custom-width wp-block-button__width-100\"><a class=\"wp-block-button__link has-white-color has-secondary-background-color has-text-color has-background has-link-color wp-element-button\" href=\"https:\/\/eventkit.ch\/?resource=reduire-les-deplacements-en-vehicules-individuels-motorises-des-participants-et-des-organisateurs&amp;lang=fr\" target=\"_blank\" rel=\"noreferrer noopener\">Re\u0301duire les de\u0301placements en ve\u0301hicules individuels motorise\u0301s<\/a><\/div>\n\n<div class=\"wp-block-button has-custom-width wp-block-button__width-100\"><a class=\"wp-block-button__link has-white-color has-secondary-background-color has-text-color has-background has-link-color wp-element-button\" href=\"https:\/\/eventkit.ch\/?resource=organiser-un-parking&amp;lang=fr\" target=\"_blank\" rel=\"noreferrer noopener\">Organiser un parking<\/a><\/div><\/div>\n\n<p><\/p>\n\n<h4 class=\"wp-block-heading has-secondary-font-family has-24-font-size\">Liens utiles :<\/h4>\n\n<ul class=\"wp-block-list is-style-borderd\"><li><a href=\"https:\/\/eco-auto.info\/\" target=\"_blank\" rel=\"noreferrer noopener\">Site web: eco-auto de l&#8217;ATE pr\u00e9sente les v\u00e9hicules les moins polluants par cat\u00e9gorie.<\/a><\/li><\/ul><\/div><\/div><\/section><section class=\"wp-block-group alignfull has-orange-light-background-color has-background is-layout-constrained wp-block-group-is-layout-constrained\"><figure class=\"wp-block-image aligncenter size-full\"><img decoding=\"async\" src=\"https:\/\/eventkit.ch\/wp-content\/themes\/eventkit-wp\/assets\/images\/pattern\/download.png\" alt=\"\" class=\"wp-image-491\"\/><\/figure>\n\n<h2 class=\"wp-block-heading has-text-align-center\">T\u00e9l\u00e9charge la liste de crit\u00e8res compl\u00e8te<\/h2>\n\n<p class=\"has-text-align-center is-style-subtitle\">avec ses 58 mesures dans 9 domaines th\u00e9matiques<\/p>\n\n<div class=\"wp-block-buttons is-content-justification-center is-layout-flex wp-container-core-buttons-is-layout-253fffe0 wp-block-buttons-is-layout-flex\"><?xml encoding=\"utf-8\" ?><div class=\"wp-block-button is-style-btn-secondary is-style-btn-secondary--6\"><a class=\"wp-block-button__link wp-element-button has-core-icon\" href=\"https:\/\/eventkit.ch\/wp-content\/uploads\/2026\/03\/Zielwerte-Eventkit.pdf\" target=\"_blank\" rel=\"noreferrer noopener\" style='--core-icon: url(\"https:\/\/eventkit.ch\/wp-content\/themes\/eventkit-wp\/gutenberg-dev\/assets\/badge-icons\/file-text.svg\");'> Au format PDF<\/a><\/div>\n\n\n<?xml encoding=\"utf-8\" ?><div class=\"wp-block-button is-style-btn-primary is-style-btn-primary--7\"><a class=\"wp-block-button__link wp-element-button has-core-icon\" href=\"https:\/\/eventkit.ch\/wp-content\/uploads\/2026\/03\/Zielwerte-Eventkit.xlsx\" target=\"_blank\" rel=\"noreferrer noopener\" style='--core-icon: url(\"https:\/\/eventkit.ch\/wp-content\/themes\/eventkit-wp\/gutenberg-dev\/assets\/badge-icons\/file-text.svg\");'>Au format Excel<\/a><\/div>\n<\/div><\/section>","protected":false},"excerpt":{"rendered":"<p>L&#8217;utilisation de moyens de transport respectueux de l&#8217;environnement est un facteur d\u00e9cisif pour r\u00e9duire l&#8217;impact d&#8217;une manifestation. R\u00e9ductions ou billets comprenant les transports publics, navettes \u00e9lectriques ou encouragements pour les pi\u00e9tons et cyclistes : il existe de nombreuses possibilit\u00e9s. R\u00e9duction du trafic a\u00e9rien R\u00e9duire les distances parcourues en avion signifie r\u00e9duire les \u00e9missions Encourager l&#8217;utilisation [&hellip;]<\/p>\n","protected":false},"author":2,"featured_media":1123,"parent":875,"menu_order":0,"comment_status":"closed","ping_status":"closed","template":"page-no-title","meta":{"_sitemap_exclude":false,"_sitemap_priority":"","_sitemap_frequency":"","footnotes":""},"class_list":["post-1625","page","type-page","status-publish","has-post-thumbnail","hentry"],"yoast_head":"<!-- This site is optimized with the Yoast SEO plugin v27.3 - https:\/\/yoast.com\/product\/yoast-seo-wordpress\/ -->\n<title>Circulation &amp; transports<\/title>\n<meta name=\"description\" content=\"L&#039;utilisation de moyens de transport respectueux de l&#039;environnement est un facteur d\u00e9cisif pour r\u00e9duire l&#039;impact d&#039;une manifestation.\" \/>\n<meta name=\"robots\" content=\"index, follow, max-snippet:-1, max-image-preview:large, max-video-preview:-1\" \/>\n<link rel=\"canonical\" href=\"https:\/\/eventkit.ch\/?page_id=1625&lang=fr\" \/>\n<meta property=\"og:locale\" content=\"de_DE\" \/>\n<meta property=\"og:type\" content=\"article\" \/>\n<meta property=\"og:title\" content=\"Circulation &amp; transports\" \/>\n<meta property=\"og:description\" content=\"L&#039;utilisation de moyens de transport respectueux de l&#039;environnement est un facteur d\u00e9cisif pour r\u00e9duire l&#039;impact d&#039;une manifestation.\" \/>\n<meta property=\"og:url\" content=\"https:\/\/eventkit.ch\/?page_id=1625&amp;lang=fr\" \/>\n<meta property=\"og:site_name\" content=\"EventKit\" \/>\n<meta property=\"article:modified_time\" content=\"2026-03-25T07:44:03+00:00\" \/>\n<meta property=\"og:image\" content=\"https:\/\/eventkit.ch\/wp-content\/uploads\/2025\/11\/Verkehr-Transport-edited.png\" \/>\n\t<meta property=\"og:image:width\" content=\"720\" \/>\n\t<meta property=\"og:image:height\" content=\"480\" \/>\n\t<meta property=\"og:image:type\" content=\"image\/png\" \/>\n<meta name=\"twitter:card\" content=\"summary_large_image\" \/>\n<meta name=\"twitter:label1\" content=\"Gesch\u00e4tzte Lesezeit\" \/>\n\t<meta name=\"twitter:data1\" content=\"11\u00a0Minuten\" \/>\n<script type=\"application\/ld+json\" class=\"yoast-schema-graph\">{\"@context\":\"https:\\\/\\\/schema.org\",\"@graph\":[{\"@type\":\"WebPage\",\"@id\":\"https:\\\/\\\/eventkit.ch\\\/?page_id=1625&lang=fr\",\"url\":\"https:\\\/\\\/eventkit.ch\\\/?page_id=1625&lang=fr\",\"name\":\"Circulation & transports\",\"isPartOf\":{\"@id\":\"https:\\\/\\\/eventkit.ch\\\/#website\"},\"primaryImageOfPage\":{\"@id\":\"https:\\\/\\\/eventkit.ch\\\/?page_id=1625&lang=fr#primaryimage\"},\"image\":{\"@id\":\"https:\\\/\\\/eventkit.ch\\\/?page_id=1625&lang=fr#primaryimage\"},\"thumbnailUrl\":\"https:\\\/\\\/eventkit.ch\\\/wp-content\\\/uploads\\\/2025\\\/11\\\/Verkehr-Transport-edited.png\",\"datePublished\":\"2025-11-18T13:40:32+00:00\",\"dateModified\":\"2026-03-25T07:44:03+00:00\",\"description\":\"L'utilisation de moyens de transport respectueux de l'environnement est un facteur d\u00e9cisif pour r\u00e9duire l'impact d'une manifestation.\",\"breadcrumb\":{\"@id\":\"https:\\\/\\\/eventkit.ch\\\/?page_id=1625&lang=fr#breadcrumb\"},\"inLanguage\":\"de\",\"potentialAction\":[{\"@type\":\"ReadAction\",\"target\":[\"https:\\\/\\\/eventkit.ch\\\/?page_id=1625&lang=fr\"]}]},{\"@type\":\"ImageObject\",\"inLanguage\":\"de\",\"@id\":\"https:\\\/\\\/eventkit.ch\\\/?page_id=1625&lang=fr#primaryimage\",\"url\":\"https:\\\/\\\/eventkit.ch\\\/wp-content\\\/uploads\\\/2025\\\/11\\\/Verkehr-Transport-edited.png\",\"contentUrl\":\"https:\\\/\\\/eventkit.ch\\\/wp-content\\\/uploads\\\/2025\\\/11\\\/Verkehr-Transport-edited.png\",\"width\":720,\"height\":480,\"caption\":\"\u00a9 Unsplash: Joshua Fernandez\"},{\"@type\":\"BreadcrumbList\",\"@id\":\"https:\\\/\\\/eventkit.ch\\\/?page_id=1625&lang=fr#breadcrumb\",\"itemListElement\":[{\"@type\":\"ListItem\",\"position\":1,\"name\":\"Home\",\"item\":\"https:\\\/\\\/eventkit.ch\\\/\"},{\"@type\":\"ListItem\",\"position\":2,\"name\":\"Th\u00e8mes\",\"item\":\"https:\\\/\\\/eventkit.ch\\\/?page_id=875&lang=fr\"},{\"@type\":\"ListItem\",\"position\":3,\"name\":\"Circulation &#038; transports\"}]},{\"@type\":\"WebSite\",\"@id\":\"https:\\\/\\\/eventkit.ch\\\/#website\",\"url\":\"https:\\\/\\\/eventkit.ch\\\/\",\"name\":\"EventKit\",\"description\":\"Nachhaltigkeit, die wirkt: Dein Event im Check.\",\"publisher\":{\"@id\":\"https:\\\/\\\/eventkit.ch\\\/#organization\"},\"potentialAction\":[{\"@type\":\"SearchAction\",\"target\":{\"@type\":\"EntryPoint\",\"urlTemplate\":\"https:\\\/\\\/eventkit.ch\\\/?s={search_term_string}\"},\"query-input\":{\"@type\":\"PropertyValueSpecification\",\"valueRequired\":true,\"valueName\":\"search_term_string\"}}],\"inLanguage\":\"de\"},{\"@type\":\"Organization\",\"@id\":\"https:\\\/\\\/eventkit.ch\\\/#organization\",\"name\":\"EventKit\",\"url\":\"https:\\\/\\\/eventkit.ch\\\/\",\"logo\":{\"@type\":\"ImageObject\",\"inLanguage\":\"de\",\"@id\":\"https:\\\/\\\/eventkit.ch\\\/#\\\/schema\\\/logo\\\/image\\\/\",\"url\":\"https:\\\/\\\/eventkit.ch\\\/wp-content\\\/uploads\\\/2025\\\/11\\\/android-icon-144x144-1.png\",\"contentUrl\":\"https:\\\/\\\/eventkit.ch\\\/wp-content\\\/uploads\\\/2025\\\/11\\\/android-icon-144x144-1.png\",\"width\":144,\"height\":144,\"caption\":\"EventKit\"},\"image\":{\"@id\":\"https:\\\/\\\/eventkit.ch\\\/#\\\/schema\\\/logo\\\/image\\\/\"}}]}<\/script>\n<!-- \/ Yoast SEO plugin. -->","yoast_head_json":{"title":"Circulation & transports","description":"L'utilisation de moyens de transport respectueux de l'environnement est un facteur d\u00e9cisif pour r\u00e9duire l'impact d'une manifestation.","robots":{"index":"index","follow":"follow","max-snippet":"max-snippet:-1","max-image-preview":"max-image-preview:large","max-video-preview":"max-video-preview:-1"},"canonical":"https:\/\/eventkit.ch\/?page_id=1625&lang=fr","og_locale":"de_DE","og_type":"article","og_title":"Circulation & transports","og_description":"L'utilisation de moyens de transport respectueux de l'environnement est un facteur d\u00e9cisif pour r\u00e9duire l'impact d'une manifestation.","og_url":"https:\/\/eventkit.ch\/?page_id=1625&lang=fr","og_site_name":"EventKit","article_modified_time":"2026-03-25T07:44:03+00:00","og_image":[{"width":720,"height":480,"url":"https:\/\/eventkit.ch\/wp-content\/uploads\/2025\/11\/Verkehr-Transport-edited.png","type":"image\/png"}],"twitter_card":"summary_large_image","twitter_misc":{"Gesch\u00e4tzte Lesezeit":"11\u00a0Minuten"},"schema":{"@context":"https:\/\/schema.org","@graph":[{"@type":"WebPage","@id":"https:\/\/eventkit.ch\/?page_id=1625&lang=fr","url":"https:\/\/eventkit.ch\/?page_id=1625&lang=fr","name":"Circulation & transports","isPartOf":{"@id":"https:\/\/eventkit.ch\/#website"},"primaryImageOfPage":{"@id":"https:\/\/eventkit.ch\/?page_id=1625&lang=fr#primaryimage"},"image":{"@id":"https:\/\/eventkit.ch\/?page_id=1625&lang=fr#primaryimage"},"thumbnailUrl":"https:\/\/eventkit.ch\/wp-content\/uploads\/2025\/11\/Verkehr-Transport-edited.png","datePublished":"2025-11-18T13:40:32+00:00","dateModified":"2026-03-25T07:44:03+00:00","description":"L'utilisation de moyens de transport respectueux de l'environnement est un facteur d\u00e9cisif pour r\u00e9duire l'impact d'une manifestation.","breadcrumb":{"@id":"https:\/\/eventkit.ch\/?page_id=1625&lang=fr#breadcrumb"},"inLanguage":"de","potentialAction":[{"@type":"ReadAction","target":["https:\/\/eventkit.ch\/?page_id=1625&lang=fr"]}]},{"@type":"ImageObject","inLanguage":"de","@id":"https:\/\/eventkit.ch\/?page_id=1625&lang=fr#primaryimage","url":"https:\/\/eventkit.ch\/wp-content\/uploads\/2025\/11\/Verkehr-Transport-edited.png","contentUrl":"https:\/\/eventkit.ch\/wp-content\/uploads\/2025\/11\/Verkehr-Transport-edited.png","width":720,"height":480,"caption":"\u00a9 Unsplash: Joshua Fernandez"},{"@type":"BreadcrumbList","@id":"https:\/\/eventkit.ch\/?page_id=1625&lang=fr#breadcrumb","itemListElement":[{"@type":"ListItem","position":1,"name":"Home","item":"https:\/\/eventkit.ch\/"},{"@type":"ListItem","position":2,"name":"Th\u00e8mes","item":"https:\/\/eventkit.ch\/?page_id=875&lang=fr"},{"@type":"ListItem","position":3,"name":"Circulation &#038; transports"}]},{"@type":"WebSite","@id":"https:\/\/eventkit.ch\/#website","url":"https:\/\/eventkit.ch\/","name":"EventKit","description":"Nachhaltigkeit, die wirkt: Dein Event im Check.","publisher":{"@id":"https:\/\/eventkit.ch\/#organization"},"potentialAction":[{"@type":"SearchAction","target":{"@type":"EntryPoint","urlTemplate":"https:\/\/eventkit.ch\/?s={search_term_string}"},"query-input":{"@type":"PropertyValueSpecification","valueRequired":true,"valueName":"search_term_string"}}],"inLanguage":"de"},{"@type":"Organization","@id":"https:\/\/eventkit.ch\/#organization","name":"EventKit","url":"https:\/\/eventkit.ch\/","logo":{"@type":"ImageObject","inLanguage":"de","@id":"https:\/\/eventkit.ch\/#\/schema\/logo\/image\/","url":"https:\/\/eventkit.ch\/wp-content\/uploads\/2025\/11\/android-icon-144x144-1.png","contentUrl":"https:\/\/eventkit.ch\/wp-content\/uploads\/2025\/11\/android-icon-144x144-1.png","width":144,"height":144,"caption":"EventKit"},"image":{"@id":"https:\/\/eventkit.ch\/#\/schema\/logo\/image\/"}}]}},"_links":{"self":[{"href":"https:\/\/eventkit.ch\/index.php?rest_route=\/wp\/v2\/pages\/1625","targetHints":{"allow":["GET"]}}],"collection":[{"href":"https:\/\/eventkit.ch\/index.php?rest_route=\/wp\/v2\/pages"}],"about":[{"href":"https:\/\/eventkit.ch\/index.php?rest_route=\/wp\/v2\/types\/page"}],"author":[{"embeddable":true,"href":"https:\/\/eventkit.ch\/index.php?rest_route=\/wp\/v2\/users\/2"}],"replies":[{"embeddable":true,"href":"https:\/\/eventkit.ch\/index.php?rest_route=%2Fwp%2Fv2%2Fcomments&post=1625"}],"version-history":[{"count":29,"href":"https:\/\/eventkit.ch\/index.php?rest_route=\/wp\/v2\/pages\/1625\/revisions"}],"predecessor-version":[{"id":3740,"href":"https:\/\/eventkit.ch\/index.php?rest_route=\/wp\/v2\/pages\/1625\/revisions\/3740"}],"up":[{"embeddable":true,"href":"https:\/\/eventkit.ch\/index.php?rest_route=\/wp\/v2\/pages\/875"}],"wp:featuredmedia":[{"embeddable":true,"href":"https:\/\/eventkit.ch\/index.php?rest_route=\/wp\/v2\/media\/1123"}],"wp:attachment":[{"href":"https:\/\/eventkit.ch\/index.php?rest_route=%2Fwp%2Fv2%2Fmedia&parent=1625"}],"curies":[{"name":"wp","href":"https:\/\/api.w.org\/{rel}","templated":true}]}}