{"id":1615,"date":"2025-12-08T16:42:05","date_gmt":"2025-12-08T16:42:05","guid":{"rendered":"https:\/\/eventkit.ch\/?page_id=1615"},"modified":"2026-03-25T08:44:21","modified_gmt":"2026-03-25T07:44:21","slug":"economie","status":"publish","type":"page","link":"https:\/\/eventkit.ch\/?page_id=1615&lang=fr","title":{"rendered":"\u00c9conomie"},"content":{"rendered":"<div class=\"wp-block-group alignfull is-layout-constrained wp-block-group-is-layout-constrained\" style=\"padding-top:var(--wp--preset--spacing--40);padding-bottom:var(--wp--preset--spacing--60)\"><figure class=\"wp-block-image aligncenter size-full\"><img decoding=\"async\" src=\"https:\/\/eventkit.ch\/wp-content\/uploads\/2025\/12\/Test-Icons_Eventkit_250922-15.svg\" alt=\"\" class=\"wp-image-1531\"\/><\/figure>\n\n<h1 class=\"has-text-align-center wp-block-post-title\">\u00c9conomie<\/h1>\n\n<p class=\"has-text-align-center is-style-subtitle\">La personne qui agit aujourd&#8217;hui investit pour le futur. Une organisation \u00e9quitable, transparente et ancr\u00e9e localement renforce la confiance des partenaires, cr\u00e9e des relations \u00e0 long terme et fait preuve de responsabilit\u00e9 au-del\u00e0 de la manifestation.<\/p><\/div><section class=\"wp-block-group alignfull has-green-light-background-color has-background has-15-font-size is-layout-constrained wp-block-group-is-layout-constrained\"><h2 class=\"wp-block-heading has-text-align-center\">Valeur ajout\u00e9e r\u00e9gionale<\/h2>\n\n<p class=\"has-text-align-center is-style-subtitle has-30-font-size\">Penser localement, agir localement<\/p>\n\n<div class=\"wp-bootstrap-blocks-row row\">\n\t\n<div class=\"col-12 col-md-5\">\n\t\t\t\n<p class=\"has-18-font-size\">Lorsque les commandes sont pass\u00e9es aupr\u00e8s d&#8217;entreprises r\u00e9gionales, l&#8217;environnement, l&#8217;\u00e9conomie et la communaut\u00e9 en profitent directement. Gr\u00e2ce \u00e0 des trajets courts, des contrats \u00e9quitables et des partenariats solides, tu cr\u00e9es une valeur ajout\u00e9e qui reste dans la r\u00e9gion et dont les effets se font sentir bien au-del\u00e0 de ta manifestation.<\/p>\n\n<p><\/p>\n\n<h4 class=\"wp-block-heading has-secondary-font-family has-24-font-size\">Tu trouveras des informations d\u00e9taill\u00e9es dans cette fiche d&#8217;information :<\/h4>\n\n<div class=\"wp-block-buttons is-layout-flex wp-block-buttons-is-layout-flex\"><div class=\"wp-block-button has-custom-width wp-block-button__width-75 is-style-btn-primary is-style-btn-primary--1\"><a class=\"wp-block-button__link has-general-font-family has-14-font-size has-custom-font-size wp-element-button\" href=\"https:\/\/eventkit.ch\/?resource=choisir-les-herbergements&amp;lang=fr\" style=\"padding-right:0;padding-left:0\" target=\"_blank\" rel=\"noreferrer noopener\">Choisir les h\u00e9bergements<\/a><\/div><\/div>\n\n<p><\/p>\n\n<p><\/p>\n\n<h4 class=\"wp-block-heading has-secondary-font-family has-24-font-size\">Liens utiles :<\/h4>\n\n<ul style=\"margin-top:0;margin-bottom:0\" class=\"wp-block-list is-style-borderd has-secondary-font-family\"><li style=\"border-style:none;border-width:0px;margin-top:var(--wp--preset--spacing--30);margin-bottom:var(--wp--preset--spacing--30)\"><a href=\"https:\/\/www.stv-fst.ch\/fr\/durabilite\/centre-de-competences\/swisstainable\" target=\"_blank\" rel=\"noreferrer noopener\">Orientation dans la recherche d&#8217;offres durables<\/a><\/li><\/ul>\n\t<\/div>\n\n<div class=\"col-12 col-md-7\">\n\t\t\t\n<figure class=\"wp-block-image size-full has-custom-border\"><img loading=\"lazy\" decoding=\"async\" width=\"1024\" height=\"683\" src=\"https:\/\/eventkit.ch\/wp-content\/uploads\/2025\/12\/zurich-pride-festival-friday_54658107735_l.jpg\" alt=\"\" class=\"wp-image-2027\" style=\"border-radius:8px\" srcset=\"https:\/\/eventkit.ch\/wp-content\/uploads\/2025\/12\/zurich-pride-festival-friday_54658107735_l.jpg 1024w, https:\/\/eventkit.ch\/wp-content\/uploads\/2025\/12\/zurich-pride-festival-friday_54658107735_l-300x200.jpg 300w, https:\/\/eventkit.ch\/wp-content\/uploads\/2025\/12\/zurich-pride-festival-friday_54658107735_l-768x512.jpg 768w\" sizes=\"auto, (max-width: 1024px) 100vw, 1024px\" \/><figcaption class=\"wp-element-caption\"> \u00a9 Z\u00fcrich Pride<\/figcaption><\/figure>\n\n<h3 class=\"wp-block-heading has-secondary-font-family has-24-font-size\">Crit\u00e8res associ\u00e9s dans Eventkit :<\/h3>\n\n<p>9.1. Afin de soutenir l\u2019\u00e9conomie r\u00e9gionale, les fournisseurs de la r\u00e9gion sont privil\u00e9gi\u00e9s.<\/p>\n\n<p>9.6. Tout le personnel r\u00e9mun\u00e9r\u00e9 et employ\u00e9 de mani\u00e8re r\u00e9guli\u00e8re b\u00e9n\u00e9ficie de contrats de travail et est r\u00e9mun\u00e9r\u00e9 de mani\u00e8re appropri\u00e9e pour ses prestations.<\/p>\n\t<\/div>\n<\/div><\/section><section class=\"wp-block-group alignfull has-orange-lighter-background-color has-background has-15-font-size is-layout-constrained wp-block-group-is-layout-constrained\"><h2 class=\"wp-block-heading has-text-align-center\">Financement responsable<\/h2>\n\n<p class=\"has-text-align-center is-style-subtitle has-30-font-size\">L\u2019argent, c\u2019est bien plus qu\u2019une simple ligne dans un tableau<\/p>\n\n<div class=\"wp-bootstrap-blocks-row row\">\n\t\n<div class=\"col-12 col-md-5\">\n\t\t\t\n<p class=\"has-18-font-size\">Le choix conscient des sponsors et des organismes de financement selon des crit\u00e8res sociaux et \u00e9cologiques renforce la cr\u00e9dibilit\u00e9 d&#8217;une manifestation. Des directives claires, une utilisation transparente des fonds et le refus de sources de financement douteuses font du financement un \u00e9l\u00e9ment \u00e0 part enti\u00e8re de la strat\u00e9gie de durabilit\u00e9.<\/p>\n\n<p><\/p>\n\n<h4 class=\"wp-block-heading has-secondary-font-family has-24-font-size\">Tu trouveras des informations d\u00e9taill\u00e9es dans ces fiches d&#8217;information :<\/h4>\n\n<p><\/p>\n\n<div class=\"wp-block-buttons is-layout-flex wp-block-buttons-is-layout-flex\"><div class=\"wp-block-button has-custom-width wp-block-button__width-75 is-style-btn-secondary is-style-btn-secondary--2\"><a class=\"wp-block-button__link has-14-font-size has-custom-font-size wp-element-button\" href=\"https:\/\/eventkit.ch\/?resource=integrer-les-sponsors-a-la-demarche-de-durabilite&amp;lang=fr\" target=\"_blank\" rel=\"noreferrer noopener\">Inte\u0301grer les sponsors a\u0300 la de\u0301marche de durabilit\u00e9<\/a><\/div>\n\n<div class=\"wp-block-button has-custom-width wp-block-button__width-75 is-style-btn-secondary is-style-btn-secondary--3\"><a class=\"wp-block-button__link has-14-font-size has-custom-font-size wp-element-button\" href=\"https:\/\/eventkit.ch\/?resource=etablir-des-criteres-environnementaux-et-sociaux-pour-les-achats&amp;lang=fr\" target=\"_blank\" rel=\"noreferrer noopener\">Etablir des crite\u0300res environnementaux et sociaux pour les achats<\/a><\/div>\n\n<div class=\"wp-block-button has-custom-width wp-block-button__width-75 is-style-btn-secondary is-style-btn-secondary--4\"><a class=\"wp-block-button__link has-14-font-size has-custom-font-size wp-element-button\" href=\"https:\/\/eventkit.ch\/?resource=impliquer-les-exploitantes-et-exploitants-de-stands&amp;lang=fr\" target=\"_blank\" rel=\"noreferrer noopener\">Impliquer les exploitants de stands<\/a><\/div><\/div>\n\n<p><\/p>\n\n<h4 class=\"wp-block-heading has-secondary-font-family has-24-font-size\"><\/h4>\n\t<\/div>\n\n<div class=\"col-12 col-md-7\">\n\t\t\t\n<figure class=\"wp-block-image size-full has-custom-border\"><img loading=\"lazy\" decoding=\"async\" width=\"2560\" height=\"1707\" src=\"https:\/\/eventkit.ch\/wp-content\/uploads\/2025\/12\/Rawkingphoto.ch__DSC4015-scaled.jpg\" alt=\"\" class=\"wp-image-2030\" style=\"border-radius:8px\" srcset=\"https:\/\/eventkit.ch\/wp-content\/uploads\/2025\/12\/Rawkingphoto.ch__DSC4015-scaled.jpg 2560w, https:\/\/eventkit.ch\/wp-content\/uploads\/2025\/12\/Rawkingphoto.ch__DSC4015-300x200.jpg 300w, https:\/\/eventkit.ch\/wp-content\/uploads\/2025\/12\/Rawkingphoto.ch__DSC4015-1024x683.jpg 1024w, https:\/\/eventkit.ch\/wp-content\/uploads\/2025\/12\/Rawkingphoto.ch__DSC4015-768x512.jpg 768w, https:\/\/eventkit.ch\/wp-content\/uploads\/2025\/12\/Rawkingphoto.ch__DSC4015-1536x1024.jpg 1536w, https:\/\/eventkit.ch\/wp-content\/uploads\/2025\/12\/Rawkingphoto.ch__DSC4015-2048x1365.jpg 2048w\" sizes=\"auto, (max-width: 2560px) 100vw, 2560px\" \/><figcaption class=\"wp-element-caption\">\u00a9 Slow up Murten<\/figcaption><\/figure>\n\n<h3 class=\"wp-block-heading has-secondary-font-family has-24-font-size\">Crit\u00e8res associ\u00e9s dans Eventkit :<\/h3>\n\n<p>9.2.  Afin de soutenir l\u2019\u00e9conomie r\u00e9gionale, les fournisseurs de la r\u00e9gion sont privil\u00e9gi\u00e9s.<\/p>\n\t<\/div>\n<\/div><\/section><section class=\"wp-block-group alignfull is-layout-constrained wp-block-group-is-layout-constrained\"><h2 class=\"wp-block-heading has-text-align-center\">Autres sujets en lien<\/h2>\n\n<p class=\"has-text-align-center is-style-subtitle\"><br>avec la th\u00e9matique \u00e9conomie<\/p>\n\n<div class=\"wp-block-columns is-layout-flex wp-container-core-columns-is-layout-28f84493 wp-block-columns-is-layout-flex\"><div class=\"wp-block-column is-layout-flow wp-block-column-is-layout-flow\"><div class=\"wp-block-group is-layout-constrained wp-block-group-is-layout-constrained\"><figure class=\"wp-block-image size-full has-custom-border\"><img loading=\"lazy\" decoding=\"async\" width=\"2560\" height=\"1707\" src=\"https:\/\/eventkit.ch\/wp-content\/uploads\/2025\/12\/IMG_2857jazz_sur_plage-scaled.jpg\" alt=\"\" class=\"wp-image-2029\" style=\"border-radius:10px\" srcset=\"https:\/\/eventkit.ch\/wp-content\/uploads\/2025\/12\/IMG_2857jazz_sur_plage-scaled.jpg 2560w, https:\/\/eventkit.ch\/wp-content\/uploads\/2025\/12\/IMG_2857jazz_sur_plage-300x200.jpg 300w, https:\/\/eventkit.ch\/wp-content\/uploads\/2025\/12\/IMG_2857jazz_sur_plage-1024x683.jpg 1024w, https:\/\/eventkit.ch\/wp-content\/uploads\/2025\/12\/IMG_2857jazz_sur_plage-768x512.jpg 768w, https:\/\/eventkit.ch\/wp-content\/uploads\/2025\/12\/IMG_2857jazz_sur_plage-1536x1024.jpg 1536w, https:\/\/eventkit.ch\/wp-content\/uploads\/2025\/12\/IMG_2857jazz_sur_plage-2048x1365.jpg 2048w\" sizes=\"auto, (max-width: 2560px) 100vw, 2560px\" \/><figcaption class=\"wp-element-caption\">\u00a9 jazz sur plage<\/figcaption><\/figure>\n\n<p><\/p>\n\n<h3 class=\"wp-block-heading has-28-font-size\" style=\"margin-top:10px;margin-bottom:10px\">Conditions \u00e9quitables pour les b\u00e9n\u00e9voles et les personnes employ\u00e9es<\/h3>\n\n<p><\/p>\n\n<p>Une attitude respectueuse, une communication claire et des missions adapt\u00e9es garantissent que les b\u00e9n\u00e9voles participent avec plaisir. Un bon encadrement, une restauration de qualit\u00e9 et une r\u00e9mun\u00e9ration \u00e9quitable (financi\u00e8re ou mat\u00e9rielle) font de leur engagement un v\u00e9ritable atout pour toutes les parties concern\u00e9es.<\/p>\n\n<p>Des salaires \u00e9quitables, des emplois s\u00fbrs et un traitement respectueux cr\u00e9ent la confiance et la motivation, que ce soit dans la construction, la restauration ou l&#8217;organisation. Ceux qui accordent de l&#8217;importance \u00e0 des structures \u00e9quitables font preuve de responsabilit\u00e9 sociale et rendent tangible une \u00e9conomie locale et durable.<\/p>\n\n<div class=\"wp-block-buttons is-layout-flex wp-block-buttons-is-layout-flex\"><div class=\"wp-block-button has-custom-width wp-block-button__width-100\"><a class=\"wp-block-button__link has-white-color has-primary-background-color has-text-color has-background has-link-color wp-element-button\" href=\"https:\/\/eventkit.ch\/?resource=gerer-informer-et-sensibiliser-les-benevoles&amp;lang=fr\" target=\"_blank\" rel=\"noreferrer noopener\">Ge\u0301rer, informer et sensibiliser les be\u0301ne\u0301voles<\/a><\/div><\/div>\n\n<p><\/p>\n\n<h4 class=\"wp-block-heading has-secondary-font-family has-24-font-size\">Liens utiles :<\/h4>\n\n<ul class=\"wp-block-list is-style-borderd\"><li><a href=\"https:\/\/benevol.ch\/fr\/standards-et-fiches-dinformation\" target=\"_blank\" rel=\"noreferrer noopener\">Benevol: Plateforme pour le b\u00e9n\u00e9volat<\/a><\/li>\n\n<li><a href=\"https:\/\/dossier-freiwillig-engagiert.ch\/fr\/\" target=\"_blank\" rel=\"noreferrer noopener\">Benevol: Dossier b\u00e9n\u00e9volat<\/a><\/li>\n\n<li><a href=\"https:\/\/www.swissvolunteers.ch\/\" target=\"_blank\" rel=\"noreferrer noopener\">Swiss Volunteers: Plateforme pour mettre en lien manifestations et b\u00e9n\u00e9voles<\/a><\/li><\/ul><\/div>\n\n<p><\/p><\/div>\n\n<div class=\"wp-block-column is-layout-flow wp-block-column-is-layout-flow\"><figure class=\"wp-block-image size-full has-custom-border\"><img loading=\"lazy\" decoding=\"async\" width=\"591\" height=\"394\" src=\"https:\/\/eventkit.ch\/wp-content\/uploads\/2026\/01\/Jazz-sur-la-Plage-08-09-aout-2024-@anatholie-31-_DSC2999_kleiner.jpg\" alt=\"\" class=\"wp-image-2828\" style=\"border-radius:10px\" srcset=\"https:\/\/eventkit.ch\/wp-content\/uploads\/2026\/01\/Jazz-sur-la-Plage-08-09-aout-2024-@anatholie-31-_DSC2999_kleiner.jpg 591w, https:\/\/eventkit.ch\/wp-content\/uploads\/2026\/01\/Jazz-sur-la-Plage-08-09-aout-2024-@anatholie-31-_DSC2999_kleiner-300x200.jpg 300w\" sizes=\"auto, (max-width: 591px) 100vw, 591px\" \/><figcaption class=\"wp-element-caption\">\u00a9 jazz sur plage<\/figcaption><\/figure>\n\n<p><\/p>\n\n<h3 class=\"wp-block-heading has-28-font-size\">Achats responsables<\/h3>\n\n<p><\/p>\n\n<p>Toute manifestation envisage des achats \u2013 que ce soit de mat\u00e9riel, \u00e9lectronique, v\u00eatements, nourriture, etc. Une d\u00e9marche responsable consiste \u00e0 interroger en premier lieu le besoin et les alternatives (location, partage) puis de d\u00e9finir des crit\u00e8res d\u2019achats, comme une production respectant des crit\u00e8res environnementaux et sociaux, une cha\u00eene d&#8217;approvisionnement \u00e9quitable, le potentiel de r\u00e9utilisation ou de recyclage.<\/p>\n\n<div class=\"wp-block-buttons is-layout-flex wp-block-buttons-is-layout-flex\"><div class=\"wp-block-button has-custom-width wp-block-button__width-100\"><a class=\"wp-block-button__link has-white-color has-secondary-background-color has-text-color has-background has-link-color wp-element-button\" href=\"https:\/\/eventkit.ch\/?resource=etablir-des-criteres-environnementaux-et-sociaux-pour-les-achats&amp;lang=fr\" target=\"_blank\" rel=\"noreferrer noopener\">\u00c9tablir des crite\u0300res environnementaux et sociaux pour les achats<\/a><\/div><\/div>\n\n<p><\/p>\n\n<h4 class=\"wp-block-heading has-secondary-font-family has-24-font-size\">Liens utiles :<\/h4>\n\n<ul class=\"wp-block-list is-style-borderd\"><li><a href=\"https:\/\/www.swissolympic.ch\/fr\/federations\/prevention\/environnement?tabId=73ba1945-60c4-4fe1-a39e-8889463670ca\" target=\"_blank\" rel=\"noreferrer noopener\">Swiss Olympic: Directives d&#8217;achat (v\u00eatements, produits promotionnels, papier et IT)<\/a><\/li>\n\n<li><a href=\"https:\/\/www.swissolympic.ch\/fr\/federations\/prevention\/environnement?tabId=73ba1945-60c4-4fe1-a39e-8889463670ca\" target=\"_blank\" rel=\"noreferrer noopener\"><\/a>    <a href=\"https:\/\/www.pap.swiss\/fr\/documents\/fiches-sur-les-groupes-de-produits-toolbox-partie-c\">Fiches de la Toolbox achats responsables suisse.<\/a><\/li><\/ul><\/div><\/div><\/section><section class=\"wp-block-group alignfull has-orange-light-background-color has-background is-layout-constrained wp-block-group-is-layout-constrained\"><figure class=\"wp-block-image aligncenter size-full\"><img decoding=\"async\" src=\"https:\/\/eventkit.ch\/wp-content\/themes\/eventkit-wp\/assets\/images\/pattern\/download.png\" alt=\"\" class=\"wp-image-491\"\/><\/figure>\n\n<h2 class=\"wp-block-heading has-text-align-center\">T\u00e9l\u00e9charge la liste de crit\u00e8res compl\u00e8te<\/h2>\n\n<p class=\"has-text-align-center is-style-subtitle\">avec ses 58 mesures dans 9 domaines th\u00e9matiques<\/p>\n\n<div class=\"wp-block-buttons is-content-justification-center is-layout-flex wp-container-core-buttons-is-layout-253fffe0 wp-block-buttons-is-layout-flex\"><?xml encoding=\"utf-8\" ?><div class=\"wp-block-button is-style-btn-secondary is-style-btn-secondary--5\"><a class=\"wp-block-button__link wp-element-button has-core-icon\" href=\"https:\/\/eventkit.ch\/wp-content\/uploads\/2026\/03\/Zielwerte-Eventkit.pdf\" target=\"_blank\" rel=\"noreferrer noopener\" style='--core-icon: url(\"https:\/\/eventkit.ch\/wp-content\/themes\/eventkit-wp\/gutenberg-dev\/assets\/badge-icons\/file-text.svg\");'> Au format PDF<\/a><\/div>\n\n\n<?xml encoding=\"utf-8\" ?><div class=\"wp-block-button is-style-btn-primary is-style-btn-primary--6\"><a class=\"wp-block-button__link wp-element-button has-core-icon\" href=\"https:\/\/eventkit.ch\/wp-content\/uploads\/2026\/03\/Zielwerte-Eventkit.xlsx\" target=\"_blank\" rel=\"noreferrer noopener\" style='--core-icon: url(\"https:\/\/eventkit.ch\/wp-content\/themes\/eventkit-wp\/gutenberg-dev\/assets\/badge-icons\/file-text.svg\");'>Au format Excel<\/a><\/div>\n<\/div><\/section>","protected":false},"excerpt":{"rendered":"<p>La personne qui agit aujourd&#8217;hui investit pour le futur. Une organisation \u00e9quitable, transparente et ancr\u00e9e localement renforce la confiance des partenaires, cr\u00e9e des relations \u00e0 long terme et fait preuve de responsabilit\u00e9 au-del\u00e0 de la manifestation. Valeur ajout\u00e9e r\u00e9gionale Penser localement, agir localement Financement responsable L\u2019argent, c\u2019est bien plus qu\u2019une simple ligne dans un tableau [&hellip;]<\/p>\n","protected":false},"author":2,"featured_media":2027,"parent":875,"menu_order":0,"comment_status":"closed","ping_status":"closed","template":"page-no-title","meta":{"_sitemap_exclude":false,"_sitemap_priority":"","_sitemap_frequency":"","footnotes":""},"class_list":["post-1615","page","type-page","status-publish","has-post-thumbnail","hentry"],"yoast_head":"<!-- This site is optimized with the Yoast SEO plugin v27.3 - https:\/\/yoast.com\/product\/yoast-seo-wordpress\/ -->\n<title>\u00c9conomie<\/title>\n<meta name=\"description\" content=\"Agir aujourd&#039;hui, c\u2019est investir pour demain. Une organisation int\u00e8gre et locale renforce la confiance, b\u00e2tit des relations durables et reste responsable bien au-del\u00e0 de la manifestation.\" \/>\n<meta name=\"robots\" content=\"index, follow, max-snippet:-1, max-image-preview:large, max-video-preview:-1\" \/>\n<link rel=\"canonical\" href=\"https:\/\/eventkit.ch\/?page_id=1615&lang=fr\" \/>\n<meta property=\"og:locale\" content=\"de_DE\" \/>\n<meta property=\"og:type\" content=\"article\" \/>\n<meta property=\"og:title\" content=\"\u00c9conomie\" \/>\n<meta property=\"og:description\" content=\"Agir aujourd&#039;hui, c\u2019est investir pour demain. Une organisation int\u00e8gre et locale renforce la confiance, b\u00e2tit des relations durables et reste responsable bien au-del\u00e0 de la manifestation.\" \/>\n<meta property=\"og:url\" content=\"https:\/\/eventkit.ch\/?page_id=1615&amp;lang=fr\" \/>\n<meta property=\"og:site_name\" content=\"EventKit\" \/>\n<meta property=\"article:modified_time\" content=\"2026-03-25T07:44:21+00:00\" \/>\n<meta property=\"og:image\" content=\"https:\/\/eventkit.ch\/wp-content\/uploads\/2025\/12\/zurich-pride-festival-friday_54658107735_l.jpg\" \/>\n\t<meta property=\"og:image:width\" content=\"1024\" \/>\n\t<meta property=\"og:image:height\" content=\"683\" \/>\n\t<meta property=\"og:image:type\" content=\"image\/jpeg\" \/>\n<meta name=\"twitter:card\" content=\"summary_large_image\" \/>\n<meta name=\"twitter:label1\" content=\"Gesch\u00e4tzte Lesezeit\" \/>\n\t<meta name=\"twitter:data1\" content=\"8\u00a0Minuten\" \/>\n<script type=\"application\/ld+json\" class=\"yoast-schema-graph\">{\"@context\":\"https:\\\/\\\/schema.org\",\"@graph\":[{\"@type\":\"WebPage\",\"@id\":\"https:\\\/\\\/eventkit.ch\\\/?page_id=1615&lang=fr\",\"url\":\"https:\\\/\\\/eventkit.ch\\\/?page_id=1615&lang=fr\",\"name\":\"\u00c9conomie\",\"isPartOf\":{\"@id\":\"https:\\\/\\\/eventkit.ch\\\/#website\"},\"primaryImageOfPage\":{\"@id\":\"https:\\\/\\\/eventkit.ch\\\/?page_id=1615&lang=fr#primaryimage\"},\"image\":{\"@id\":\"https:\\\/\\\/eventkit.ch\\\/?page_id=1615&lang=fr#primaryimage\"},\"thumbnailUrl\":\"https:\\\/\\\/eventkit.ch\\\/wp-content\\\/uploads\\\/2025\\\/12\\\/zurich-pride-festival-friday_54658107735_l.jpg\",\"datePublished\":\"2025-12-08T16:42:05+00:00\",\"dateModified\":\"2026-03-25T07:44:21+00:00\",\"description\":\"Agir aujourd'hui, c\u2019est investir pour demain. Une organisation int\u00e8gre et locale renforce la confiance, b\u00e2tit des relations durables et reste responsable bien au-del\u00e0 de la manifestation.\",\"breadcrumb\":{\"@id\":\"https:\\\/\\\/eventkit.ch\\\/?page_id=1615&lang=fr#breadcrumb\"},\"inLanguage\":\"de\",\"potentialAction\":[{\"@type\":\"ReadAction\",\"target\":[\"https:\\\/\\\/eventkit.ch\\\/?page_id=1615&lang=fr\"]}]},{\"@type\":\"ImageObject\",\"inLanguage\":\"de\",\"@id\":\"https:\\\/\\\/eventkit.ch\\\/?page_id=1615&lang=fr#primaryimage\",\"url\":\"https:\\\/\\\/eventkit.ch\\\/wp-content\\\/uploads\\\/2025\\\/12\\\/zurich-pride-festival-friday_54658107735_l.jpg\",\"contentUrl\":\"https:\\\/\\\/eventkit.ch\\\/wp-content\\\/uploads\\\/2025\\\/12\\\/zurich-pride-festival-friday_54658107735_l.jpg\",\"width\":1024,\"height\":683},{\"@type\":\"BreadcrumbList\",\"@id\":\"https:\\\/\\\/eventkit.ch\\\/?page_id=1615&lang=fr#breadcrumb\",\"itemListElement\":[{\"@type\":\"ListItem\",\"position\":1,\"name\":\"Home\",\"item\":\"https:\\\/\\\/eventkit.ch\\\/\"},{\"@type\":\"ListItem\",\"position\":2,\"name\":\"Th\u00e8mes\",\"item\":\"https:\\\/\\\/eventkit.ch\\\/?page_id=875&lang=fr\"},{\"@type\":\"ListItem\",\"position\":3,\"name\":\"\u00c9conomie\"}]},{\"@type\":\"WebSite\",\"@id\":\"https:\\\/\\\/eventkit.ch\\\/#website\",\"url\":\"https:\\\/\\\/eventkit.ch\\\/\",\"name\":\"EventKit\",\"description\":\"Nachhaltigkeit, die wirkt: Dein Event im Check.\",\"publisher\":{\"@id\":\"https:\\\/\\\/eventkit.ch\\\/#organization\"},\"potentialAction\":[{\"@type\":\"SearchAction\",\"target\":{\"@type\":\"EntryPoint\",\"urlTemplate\":\"https:\\\/\\\/eventkit.ch\\\/?s={search_term_string}\"},\"query-input\":{\"@type\":\"PropertyValueSpecification\",\"valueRequired\":true,\"valueName\":\"search_term_string\"}}],\"inLanguage\":\"de\"},{\"@type\":\"Organization\",\"@id\":\"https:\\\/\\\/eventkit.ch\\\/#organization\",\"name\":\"EventKit\",\"url\":\"https:\\\/\\\/eventkit.ch\\\/\",\"logo\":{\"@type\":\"ImageObject\",\"inLanguage\":\"de\",\"@id\":\"https:\\\/\\\/eventkit.ch\\\/#\\\/schema\\\/logo\\\/image\\\/\",\"url\":\"https:\\\/\\\/eventkit.ch\\\/wp-content\\\/uploads\\\/2025\\\/11\\\/android-icon-144x144-1.png\",\"contentUrl\":\"https:\\\/\\\/eventkit.ch\\\/wp-content\\\/uploads\\\/2025\\\/11\\\/android-icon-144x144-1.png\",\"width\":144,\"height\":144,\"caption\":\"EventKit\"},\"image\":{\"@id\":\"https:\\\/\\\/eventkit.ch\\\/#\\\/schema\\\/logo\\\/image\\\/\"}}]}<\/script>\n<!-- \/ Yoast SEO plugin. -->","yoast_head_json":{"title":"\u00c9conomie","description":"Agir aujourd'hui, c\u2019est investir pour demain. Une organisation int\u00e8gre et locale renforce la confiance, b\u00e2tit des relations durables et reste responsable bien au-del\u00e0 de la manifestation.","robots":{"index":"index","follow":"follow","max-snippet":"max-snippet:-1","max-image-preview":"max-image-preview:large","max-video-preview":"max-video-preview:-1"},"canonical":"https:\/\/eventkit.ch\/?page_id=1615&lang=fr","og_locale":"de_DE","og_type":"article","og_title":"\u00c9conomie","og_description":"Agir aujourd'hui, c\u2019est investir pour demain. Une organisation int\u00e8gre et locale renforce la confiance, b\u00e2tit des relations durables et reste responsable bien au-del\u00e0 de la manifestation.","og_url":"https:\/\/eventkit.ch\/?page_id=1615&lang=fr","og_site_name":"EventKit","article_modified_time":"2026-03-25T07:44:21+00:00","og_image":[{"width":1024,"height":683,"url":"https:\/\/eventkit.ch\/wp-content\/uploads\/2025\/12\/zurich-pride-festival-friday_54658107735_l.jpg","type":"image\/jpeg"}],"twitter_card":"summary_large_image","twitter_misc":{"Gesch\u00e4tzte Lesezeit":"8\u00a0Minuten"},"schema":{"@context":"https:\/\/schema.org","@graph":[{"@type":"WebPage","@id":"https:\/\/eventkit.ch\/?page_id=1615&lang=fr","url":"https:\/\/eventkit.ch\/?page_id=1615&lang=fr","name":"\u00c9conomie","isPartOf":{"@id":"https:\/\/eventkit.ch\/#website"},"primaryImageOfPage":{"@id":"https:\/\/eventkit.ch\/?page_id=1615&lang=fr#primaryimage"},"image":{"@id":"https:\/\/eventkit.ch\/?page_id=1615&lang=fr#primaryimage"},"thumbnailUrl":"https:\/\/eventkit.ch\/wp-content\/uploads\/2025\/12\/zurich-pride-festival-friday_54658107735_l.jpg","datePublished":"2025-12-08T16:42:05+00:00","dateModified":"2026-03-25T07:44:21+00:00","description":"Agir aujourd'hui, c\u2019est investir pour demain. Une organisation int\u00e8gre et locale renforce la confiance, b\u00e2tit des relations durables et reste responsable bien au-del\u00e0 de la manifestation.","breadcrumb":{"@id":"https:\/\/eventkit.ch\/?page_id=1615&lang=fr#breadcrumb"},"inLanguage":"de","potentialAction":[{"@type":"ReadAction","target":["https:\/\/eventkit.ch\/?page_id=1615&lang=fr"]}]},{"@type":"ImageObject","inLanguage":"de","@id":"https:\/\/eventkit.ch\/?page_id=1615&lang=fr#primaryimage","url":"https:\/\/eventkit.ch\/wp-content\/uploads\/2025\/12\/zurich-pride-festival-friday_54658107735_l.jpg","contentUrl":"https:\/\/eventkit.ch\/wp-content\/uploads\/2025\/12\/zurich-pride-festival-friday_54658107735_l.jpg","width":1024,"height":683},{"@type":"BreadcrumbList","@id":"https:\/\/eventkit.ch\/?page_id=1615&lang=fr#breadcrumb","itemListElement":[{"@type":"ListItem","position":1,"name":"Home","item":"https:\/\/eventkit.ch\/"},{"@type":"ListItem","position":2,"name":"Th\u00e8mes","item":"https:\/\/eventkit.ch\/?page_id=875&lang=fr"},{"@type":"ListItem","position":3,"name":"\u00c9conomie"}]},{"@type":"WebSite","@id":"https:\/\/eventkit.ch\/#website","url":"https:\/\/eventkit.ch\/","name":"EventKit","description":"Nachhaltigkeit, die wirkt: Dein Event im Check.","publisher":{"@id":"https:\/\/eventkit.ch\/#organization"},"potentialAction":[{"@type":"SearchAction","target":{"@type":"EntryPoint","urlTemplate":"https:\/\/eventkit.ch\/?s={search_term_string}"},"query-input":{"@type":"PropertyValueSpecification","valueRequired":true,"valueName":"search_term_string"}}],"inLanguage":"de"},{"@type":"Organization","@id":"https:\/\/eventkit.ch\/#organization","name":"EventKit","url":"https:\/\/eventkit.ch\/","logo":{"@type":"ImageObject","inLanguage":"de","@id":"https:\/\/eventkit.ch\/#\/schema\/logo\/image\/","url":"https:\/\/eventkit.ch\/wp-content\/uploads\/2025\/11\/android-icon-144x144-1.png","contentUrl":"https:\/\/eventkit.ch\/wp-content\/uploads\/2025\/11\/android-icon-144x144-1.png","width":144,"height":144,"caption":"EventKit"},"image":{"@id":"https:\/\/eventkit.ch\/#\/schema\/logo\/image\/"}}]}},"_links":{"self":[{"href":"https:\/\/eventkit.ch\/index.php?rest_route=\/wp\/v2\/pages\/1615","targetHints":{"allow":["GET"]}}],"collection":[{"href":"https:\/\/eventkit.ch\/index.php?rest_route=\/wp\/v2\/pages"}],"about":[{"href":"https:\/\/eventkit.ch\/index.php?rest_route=\/wp\/v2\/types\/page"}],"author":[{"embeddable":true,"href":"https:\/\/eventkit.ch\/index.php?rest_route=\/wp\/v2\/users\/2"}],"replies":[{"embeddable":true,"href":"https:\/\/eventkit.ch\/index.php?rest_route=%2Fwp%2Fv2%2Fcomments&post=1615"}],"version-history":[{"count":31,"href":"https:\/\/eventkit.ch\/index.php?rest_route=\/wp\/v2\/pages\/1615\/revisions"}],"predecessor-version":[{"id":3736,"href":"https:\/\/eventkit.ch\/index.php?rest_route=\/wp\/v2\/pages\/1615\/revisions\/3736"}],"up":[{"embeddable":true,"href":"https:\/\/eventkit.ch\/index.php?rest_route=\/wp\/v2\/pages\/875"}],"wp:featuredmedia":[{"embeddable":true,"href":"https:\/\/eventkit.ch\/index.php?rest_route=\/wp\/v2\/media\/2027"}],"wp:attachment":[{"href":"https:\/\/eventkit.ch\/index.php?rest_route=%2Fwp%2Fv2%2Fmedia&parent=1615"}],"curies":[{"name":"wp","href":"https:\/\/api.w.org\/{rel}","templated":true}]}}