{"id":1605,"date":"2025-11-18T14:26:45","date_gmt":"2025-11-18T14:26:45","guid":{"rendered":"https:\/\/eventkit.ch\/?page_id=1605"},"modified":"2026-03-25T08:38:56","modified_gmt":"2026-03-25T07:38:56","slug":"impressum-2","status":"publish","type":"page","link":"https:\/\/eventkit.ch\/?page_id=1605&lang=fr","title":{"rendered":"Mentions l\u00e9gales"},"content":{"rendered":"<p class=\"has-secondary-font-family has-22-font-size\">Adresse de contact<\/p><p>Association suisse pour des manifestations durables ASMD<br>c\/o pluswert GmbH<br>St. Johanns Vorstadt 3<br>4056 B\u00e2le<br>Suisse<\/p><p>E-mail :&nbsp;<a href=\"mailto:info@eventkit.ch\" target=\"_blank\" rel=\"noreferrer noopener\">info@eventkit.ch<\/a><\/p><p>Site web : <a href=\"https:\/\/eventkit.ch\" type=\"link\" id=\"https:\/\/eventkit.ch\">www.eventkit.ch<\/a><\/p><p><strong>Personnes habilit\u00e9es \u00e0 repr\u00e9senter l&#8217;association&nbsp;:<\/strong><br>Marianne Gehring (Pr\u00e9sidente ASMD)<\/p><p><strong>Participants au projet et r\u00e9alisation<\/strong><br>Cet outil web est le projet qui succ\u00e8de \u00e0 la plateforme manifestation-verte.ch.<\/p><ul class=\"wp-block-list\"><li><strong>Gestion du projet, conception et identit\u00e9 visuelle :<\/strong>&nbsp;<a href=\"https:\/\/pluswert.ch\" type=\"link\" id=\"https:\/\/pluswert.ch\" target=\"_blank\" rel=\"noreferrer noopener\">pluswert GmbH<\/a><\/li>\n\n<li><strong>Programmation, conception et mise en \u0153uvre technique :<\/strong>&nbsp;<a href=\"https:\/\/fhlb.ch\" type=\"link\" id=\"https:\/\/fhlb.ch\" target=\"_blank\" rel=\"noreferrer noopener\">Freihandlabor Z\u00fcrich<\/a><\/li><\/ul><p><\/p><p><strong>Clause de non-responsabilit\u00e9<\/strong><br>Les auteurs ne garantissent en aucun cas l&#8217;exactitude, la pr\u00e9cision, l&#8217;actualit\u00e9, la fiabilit\u00e9 et l&#8217;exhaustivit\u00e9 des informations. Toute responsabilit\u00e9 des auteurs pour des dommages mat\u00e9riels ou immat\u00e9riels r\u00e9sultant de l&#8217;acc\u00e8s, de l&#8217;utilisation ou de la non-utilisation des informations publi\u00e9es, d&#8217;une mauvaise utilisation de la connexion ou de d\u00e9faillances techniques est exclue. Toutes les offres sont sans engagement.<\/p><p><strong>Responsabilit\u00e9 relative aux liens<\/strong><br>Les renvois et liens vers des sites web tiers ne rel\u00e8vent pas de notre responsabilit\u00e9. Nous d\u00e9clinons toute responsabilit\u00e9 pour ces sites web. L&#8217;acc\u00e8s et l&#8217;utilisation de ces sites web se font aux risques et p\u00e9rils de l&#8217;utilisateur.<\/p><p><strong>Droits d&#8217;auteur<\/strong><br>Les droits d&#8217;auteur et tous les autres droits sur les contenus, images, photos ou autres fichiers du site web appartiennent exclusivement \u00e0 l&#8217;association ASMD ou aux titulaires de droits sp\u00e9cifiquement mentionn\u00e9s. La reproduction de tout \u00e9l\u00e9ment n\u00e9cessite l&#8217;accord \u00e9crit pr\u00e9alable des titulaires des droits d&#8217;auteur.<\/p><div class=\"wp-block-buttons is-layout-flex wp-block-buttons-is-layout-flex\"><div class=\"wp-block-button\"><a class=\"wp-block-button__link has-white-color has-primary-background-color has-text-color has-background has-link-color wp-element-button\" href=\"https:\/\/www.datenschutzerklaerung.ch\/eventkit-ch-69a04b399d2ba\/\" target=\"_blank\" rel=\"noreferrer noopener\">Vers la d\u00e9claration de confidentialit\u00e9<\/a><\/div><\/div>","protected":false},"excerpt":{"rendered":"<p>Adresse de contact Association suisse pour des manifestations durables ASMDc\/o pluswert GmbHSt. Johanns Vorstadt 34056 B\u00e2leSuisse E-mail :&nbsp;info@eventkit.ch Site web : www.eventkit.ch Personnes habilit\u00e9es \u00e0 repr\u00e9senter l&#8217;association&nbsp;:Marianne Gehring (Pr\u00e9sidente ASMD) Participants au projet et r\u00e9alisationCet outil web est le projet qui succ\u00e8de \u00e0 la plateforme manifestation-verte.ch. Clause de non-responsabilit\u00e9Les auteurs ne garantissent en aucun cas [&hellip;]<\/p>\n","protected":false},"author":2,"featured_media":0,"parent":0,"menu_order":0,"comment_status":"closed","ping_status":"closed","template":"","meta":{"_sitemap_exclude":false,"_sitemap_priority":"","_sitemap_frequency":"","footnotes":""},"class_list":["post-1605","page","type-page","status-publish","hentry"],"yoast_head":"<!-- This site is optimized with the Yoast SEO plugin v27.3 - https:\/\/yoast.com\/product\/yoast-seo-wordpress\/ -->\n<title>Mentions l\u00e9gales<\/title>\n<meta name=\"description\" content=\"Mentions l\u00e9gales\" \/>\n<meta name=\"robots\" content=\"index, follow, max-snippet:-1, max-image-preview:large, max-video-preview:-1\" \/>\n<link rel=\"canonical\" href=\"https:\/\/eventkit.ch\/?page_id=1605&lang=fr\" \/>\n<meta property=\"og:locale\" content=\"de_DE\" \/>\n<meta property=\"og:type\" content=\"article\" \/>\n<meta property=\"og:title\" content=\"Mentions l\u00e9gales\" \/>\n<meta property=\"og:description\" content=\"Mentions l\u00e9gales\" \/>\n<meta property=\"og:url\" content=\"https:\/\/eventkit.ch\/?page_id=1605&amp;lang=fr\" \/>\n<meta property=\"og:site_name\" content=\"EventKit\" \/>\n<meta property=\"article:modified_time\" content=\"2026-03-25T07:38:56+00:00\" \/>\n<meta property=\"og:image\" content=\"https:\/\/eventkit.ch\/wp-content\/uploads\/2025\/11\/3FrauenSVNE_ASMD-1-scaled.jpg\" \/>\n\t<meta property=\"og:image:width\" content=\"2560\" \/>\n\t<meta property=\"og:image:height\" content=\"1710\" \/>\n\t<meta property=\"og:image:type\" content=\"image\/jpeg\" \/>\n<meta name=\"twitter:card\" content=\"summary_large_image\" \/>\n<meta name=\"twitter:label1\" content=\"Gesch\u00e4tzte Lesezeit\" \/>\n\t<meta name=\"twitter:data1\" content=\"2\u00a0Minuten\" \/>\n<script type=\"application\/ld+json\" class=\"yoast-schema-graph\">{\"@context\":\"https:\\\/\\\/schema.org\",\"@graph\":[{\"@type\":\"WebPage\",\"@id\":\"https:\\\/\\\/eventkit.ch\\\/?page_id=1605&lang=fr\",\"url\":\"https:\\\/\\\/eventkit.ch\\\/?page_id=1605&lang=fr\",\"name\":\"Mentions l\u00e9gales\",\"isPartOf\":{\"@id\":\"https:\\\/\\\/eventkit.ch\\\/#website\"},\"datePublished\":\"2025-11-18T14:26:45+00:00\",\"dateModified\":\"2026-03-25T07:38:56+00:00\",\"description\":\"Mentions l\u00e9gales\",\"breadcrumb\":{\"@id\":\"https:\\\/\\\/eventkit.ch\\\/?page_id=1605&lang=fr#breadcrumb\"},\"inLanguage\":\"de\",\"potentialAction\":[{\"@type\":\"ReadAction\",\"target\":[\"https:\\\/\\\/eventkit.ch\\\/?page_id=1605&lang=fr\"]}]},{\"@type\":\"BreadcrumbList\",\"@id\":\"https:\\\/\\\/eventkit.ch\\\/?page_id=1605&lang=fr#breadcrumb\",\"itemListElement\":[{\"@type\":\"ListItem\",\"position\":1,\"name\":\"Home\",\"item\":\"https:\\\/\\\/eventkit.ch\\\/\"},{\"@type\":\"ListItem\",\"position\":2,\"name\":\"Mentions l\u00e9gales\"}]},{\"@type\":\"WebSite\",\"@id\":\"https:\\\/\\\/eventkit.ch\\\/#website\",\"url\":\"https:\\\/\\\/eventkit.ch\\\/\",\"name\":\"EventKit\",\"description\":\"Nachhaltigkeit, die wirkt: Dein Event im Check.\",\"publisher\":{\"@id\":\"https:\\\/\\\/eventkit.ch\\\/#organization\"},\"potentialAction\":[{\"@type\":\"SearchAction\",\"target\":{\"@type\":\"EntryPoint\",\"urlTemplate\":\"https:\\\/\\\/eventkit.ch\\\/?s={search_term_string}\"},\"query-input\":{\"@type\":\"PropertyValueSpecification\",\"valueRequired\":true,\"valueName\":\"search_term_string\"}}],\"inLanguage\":\"de\"},{\"@type\":\"Organization\",\"@id\":\"https:\\\/\\\/eventkit.ch\\\/#organization\",\"name\":\"EventKit\",\"url\":\"https:\\\/\\\/eventkit.ch\\\/\",\"logo\":{\"@type\":\"ImageObject\",\"inLanguage\":\"de\",\"@id\":\"https:\\\/\\\/eventkit.ch\\\/#\\\/schema\\\/logo\\\/image\\\/\",\"url\":\"https:\\\/\\\/eventkit.ch\\\/wp-content\\\/uploads\\\/2025\\\/11\\\/android-icon-144x144-1.png\",\"contentUrl\":\"https:\\\/\\\/eventkit.ch\\\/wp-content\\\/uploads\\\/2025\\\/11\\\/android-icon-144x144-1.png\",\"width\":144,\"height\":144,\"caption\":\"EventKit\"},\"image\":{\"@id\":\"https:\\\/\\\/eventkit.ch\\\/#\\\/schema\\\/logo\\\/image\\\/\"}}]}<\/script>\n<!-- \/ Yoast SEO plugin. -->","yoast_head_json":{"title":"Mentions l\u00e9gales","description":"Mentions l\u00e9gales","robots":{"index":"index","follow":"follow","max-snippet":"max-snippet:-1","max-image-preview":"max-image-preview:large","max-video-preview":"max-video-preview:-1"},"canonical":"https:\/\/eventkit.ch\/?page_id=1605&lang=fr","og_locale":"de_DE","og_type":"article","og_title":"Mentions l\u00e9gales","og_description":"Mentions l\u00e9gales","og_url":"https:\/\/eventkit.ch\/?page_id=1605&lang=fr","og_site_name":"EventKit","article_modified_time":"2026-03-25T07:38:56+00:00","og_image":[{"width":2560,"height":1710,"url":"https:\/\/eventkit.ch\/wp-content\/uploads\/2025\/11\/3FrauenSVNE_ASMD-1-scaled.jpg","type":"image\/jpeg"}],"twitter_card":"summary_large_image","twitter_misc":{"Gesch\u00e4tzte Lesezeit":"2\u00a0Minuten"},"schema":{"@context":"https:\/\/schema.org","@graph":[{"@type":"WebPage","@id":"https:\/\/eventkit.ch\/?page_id=1605&lang=fr","url":"https:\/\/eventkit.ch\/?page_id=1605&lang=fr","name":"Mentions l\u00e9gales","isPartOf":{"@id":"https:\/\/eventkit.ch\/#website"},"datePublished":"2025-11-18T14:26:45+00:00","dateModified":"2026-03-25T07:38:56+00:00","description":"Mentions l\u00e9gales","breadcrumb":{"@id":"https:\/\/eventkit.ch\/?page_id=1605&lang=fr#breadcrumb"},"inLanguage":"de","potentialAction":[{"@type":"ReadAction","target":["https:\/\/eventkit.ch\/?page_id=1605&lang=fr"]}]},{"@type":"BreadcrumbList","@id":"https:\/\/eventkit.ch\/?page_id=1605&lang=fr#breadcrumb","itemListElement":[{"@type":"ListItem","position":1,"name":"Home","item":"https:\/\/eventkit.ch\/"},{"@type":"ListItem","position":2,"name":"Mentions l\u00e9gales"}]},{"@type":"WebSite","@id":"https:\/\/eventkit.ch\/#website","url":"https:\/\/eventkit.ch\/","name":"EventKit","description":"Nachhaltigkeit, die wirkt: Dein Event im Check.","publisher":{"@id":"https:\/\/eventkit.ch\/#organization"},"potentialAction":[{"@type":"SearchAction","target":{"@type":"EntryPoint","urlTemplate":"https:\/\/eventkit.ch\/?s={search_term_string}"},"query-input":{"@type":"PropertyValueSpecification","valueRequired":true,"valueName":"search_term_string"}}],"inLanguage":"de"},{"@type":"Organization","@id":"https:\/\/eventkit.ch\/#organization","name":"EventKit","url":"https:\/\/eventkit.ch\/","logo":{"@type":"ImageObject","inLanguage":"de","@id":"https:\/\/eventkit.ch\/#\/schema\/logo\/image\/","url":"https:\/\/eventkit.ch\/wp-content\/uploads\/2025\/11\/android-icon-144x144-1.png","contentUrl":"https:\/\/eventkit.ch\/wp-content\/uploads\/2025\/11\/android-icon-144x144-1.png","width":144,"height":144,"caption":"EventKit"},"image":{"@id":"https:\/\/eventkit.ch\/#\/schema\/logo\/image\/"}}]}},"_links":{"self":[{"href":"https:\/\/eventkit.ch\/index.php?rest_route=\/wp\/v2\/pages\/1605","targetHints":{"allow":["GET"]}}],"collection":[{"href":"https:\/\/eventkit.ch\/index.php?rest_route=\/wp\/v2\/pages"}],"about":[{"href":"https:\/\/eventkit.ch\/index.php?rest_route=\/wp\/v2\/types\/page"}],"author":[{"embeddable":true,"href":"https:\/\/eventkit.ch\/index.php?rest_route=\/wp\/v2\/users\/2"}],"replies":[{"embeddable":true,"href":"https:\/\/eventkit.ch\/index.php?rest_route=%2Fwp%2Fv2%2Fcomments&post=1605"}],"version-history":[{"count":4,"href":"https:\/\/eventkit.ch\/index.php?rest_route=\/wp\/v2\/pages\/1605\/revisions"}],"predecessor-version":[{"id":3647,"href":"https:\/\/eventkit.ch\/index.php?rest_route=\/wp\/v2\/pages\/1605\/revisions\/3647"}],"wp:attachment":[{"href":"https:\/\/eventkit.ch\/index.php?rest_route=%2Fwp%2Fv2%2Fmedia&parent=1605"}],"curies":[{"name":"wp","href":"https:\/\/api.w.org\/{rel}","templated":true}]}}