{"id":1601,"date":"2025-12-08T16:06:46","date_gmt":"2025-12-08T16:06:46","guid":{"rendered":"https:\/\/eventkit.ch\/?page_id=1601"},"modified":"2026-03-25T08:45:52","modified_gmt":"2026-03-25T07:45:52","slug":"nature-paysage","status":"publish","type":"page","link":"https:\/\/eventkit.ch\/?page_id=1601&lang=fr","title":{"rendered":"Nature &#038; paysage"},"content":{"rendered":"<div class=\"wp-block-group alignfull is-layout-constrained wp-block-group-is-layout-constrained\" style=\"padding-top:var(--wp--preset--spacing--40);padding-bottom:var(--wp--preset--spacing--60)\"><figure class=\"wp-block-image aligncenter size-full\"><img decoding=\"async\" src=\"https:\/\/eventkit.ch\/wp-content\/uploads\/2025\/12\/Test-Icons_Eventkit_250922-11.svg\" alt=\"\" class=\"wp-image-1535\"\/><\/figure>\n\n<h1 class=\"has-text-align-center wp-block-post-title\">Nature &#038; paysage<\/h1>\n\n<p class=\"has-text-align-center is-style-subtitle\">Les manifestations font partie int\u00e9grante de leur environnement. Une planification fine, qui respecte les espaces naturels, place les infrastructures de mani\u00e8re r\u00e9fl\u00e9chie et minimise les interventions, garantit que les lieux resteront des lieux de f\u00eate, de rencontre et d&#8217;exp\u00e9rience. Les manifestations durables s&#8217;int\u00e8grent harmonieusement dans leur environnement au lieu de le perturber.<\/p><\/div><section class=\"wp-block-group alignfull has-orange-lighter-background-color has-background has-15-font-size is-layout-constrained wp-block-group-is-layout-constrained\"><h2 class=\"wp-block-heading has-text-align-center\">Prot\u00e9ger la nature et les habitats<\/h2>\n\n<p class=\"has-text-align-center is-style-subtitle has-30-font-size\">Lors du choix du site et de l&#8217;am\u00e9nagement du terrain, le principe suivant s&#8217;applique :<br>intervenir le moins possible<\/p>\n\n<div class=\"wp-bootstrap-blocks-row row\">\n\t\n<div class=\"col-12 col-md-5\">\n\t\t\t\n<p class=\"has-18-font-size\">Les chemins, les zones r\u00e9serv\u00e9es aux spectateurs, les zones d&#8217;installation et de sotckage et les aires de stationnement doivent \u00e9viter les zones sensibles telles que les berges, les prairies ou les for\u00eats. Une signalisation claire, une protection des sols, des eaux et de la v\u00e9g\u00e9tation ainsi que l&#8217;utilisation de produits \u00e9cologiques permettent de pr\u00e9server l&#8217;environnement naturel.<\/p>\n\n<p><\/p>\n\n<h4 class=\"wp-block-heading has-secondary-font-family has-24-font-size\">Tu trouveras des informations d\u00e9taill\u00e9es dans ces fiches d&#8217;information :<\/h4>\n\n<p><\/p>\n\n<div class=\"wp-block-buttons is-layout-flex wp-block-buttons-is-layout-flex\"><div class=\"wp-block-button has-custom-width wp-block-button__width-75 is-style-btn-secondary is-style-btn-secondary--1\"><a class=\"wp-block-button__link has-14-font-size has-custom-font-size wp-element-button\" href=\"https:\/\/eventkit.ch\/?resource=proteger-les-eaux&amp;lang=fr\" target=\"_blank\" rel=\"noreferrer noopener\">Prot\u00e9ger les eaux<\/a><\/div>\n\n<div class=\"wp-block-button has-custom-width wp-block-button__width-75 is-style-btn-secondary is-style-btn-secondary--2\"><a class=\"wp-block-button__link has-14-font-size has-custom-font-size wp-element-button\" href=\"https:\/\/eventkit.ch\/?resource=utiliser-des-produits-de-conciergerie-ecologiques&amp;lang=fr\" target=\"_blank\" rel=\"noreferrer noopener\">Utiliser des produits de conciergerie \u00e9cologiques<\/a><\/div>\n\n<div class=\"wp-block-button has-custom-width wp-block-button__width-75 is-style-btn-secondary is-style-btn-secondary--3\"><a class=\"wp-block-button__link has-14-font-size has-custom-font-size wp-element-button\" href=\"https:\/\/eventkit.ch\/?resource=organiser-un-parking&amp;lang=fr\" target=\"_blank\" rel=\"noreferrer noopener\">Organiser un parking<\/a><\/div><\/div>\n\n<p><\/p>\n\n<h4 class=\"wp-block-heading has-secondary-font-family has-24-font-size\">Liens utiles :<\/h4>\n\n<ul class=\"wp-block-list is-style-borderd\"><li><a href=\"https:\/\/www.fr.ch\/energie-agriculture-et-environnement\/environnement\/manifestations-en-plein-air-et-impacts-environnementaux\" target=\"_blank\" rel=\"noreferrer noopener\">Aide memoire: Manifestations en plein air<\/a><\/li>\n\n<li><a href=\"https:\/\/s.geo.admin.ch\/cd252go384hr\" target=\"_blank\" rel=\"noreferrer noopener\">Carte interactive des zones prot\u00e9g\u00e9es nationales<\/a><\/li>\n\n<li><a href=\"https:\/\/www.pronatura.ch\/fr\/activites-de-loisirs\" target=\"_blank\" rel=\"noreferrer noopener\">Dans la nature &#8211; avec respect!<\/a><\/li>\n\n<li><a href=\"https:\/\/www.kvu.ch\/fr\/adresses\/nature-et-paysage\" target=\"_blank\" rel=\"noreferrer noopener\">Services cantonaux charg\u00e9s de la nature et du paysage<\/a><\/li>\n\n<li><\/li><\/ul>\n\t<\/div>\n\n<div class=\"col-12 col-md-7\">\n\t\t\t\n<figure class=\"wp-block-image size-full has-custom-border\"><img loading=\"lazy\" decoding=\"async\" width=\"8192\" height=\"5464\" src=\"https:\/\/eventkit.ch\/wp-content\/uploads\/2025\/12\/6O4A7687_2-1.jpg\" alt=\"\" class=\"wp-image-1781\" style=\"border-radius:8px\" srcset=\"https:\/\/eventkit.ch\/wp-content\/uploads\/2025\/12\/6O4A7687_2-1.jpg 8192w, https:\/\/eventkit.ch\/wp-content\/uploads\/2025\/12\/6O4A7687_2-1-300x200.jpg 300w, https:\/\/eventkit.ch\/wp-content\/uploads\/2025\/12\/6O4A7687_2-1-1024x683.jpg 1024w, https:\/\/eventkit.ch\/wp-content\/uploads\/2025\/12\/6O4A7687_2-1-768x512.jpg 768w, https:\/\/eventkit.ch\/wp-content\/uploads\/2025\/12\/6O4A7687_2-1-1536x1025.jpg 1536w\" sizes=\"auto, (max-width: 8192px) 100vw, 8192px\" \/><figcaption class=\"wp-element-caption\">\u00a9 Engadin Skimarathon<\/figcaption><\/figure>\n\n<h3 class=\"wp-block-heading has-secondary-font-family has-24-font-size\">Crit\u00e8res associ\u00e9s dans Eventkit :<\/h3>\n\n<p>6.1. Le site de la manifestation (y-c. le trac\u00e9 du parcours, les zones r\u00e9serv\u00e9es aux spectatrices et spectateurs ou d\u2019installation et de stockage) ne traversent pas de zones prot\u00e9g\u00e9es ou sensibles aux perturbations et ne polluent pas les eaux.<\/p>\n\n<p>6.4. Des mesures sont prises pour prot\u00e9ger les espaces naturels adjacents (p. ex. sols, cours d\u2019eau, rives, arbres). Si des espaces naturels devaient n\u00e9anmoins \u00eatre endommag\u00e9s, ils doivent \u00eatre restaur\u00e9s et les autorit\u00e9s comp\u00e9tentes doivent en \u00eatre inform\u00e9es.<\/p>\n\t<\/div>\n<\/div><\/section><section class=\"wp-block-group alignfull has-green-light-background-color has-background has-15-font-size is-layout-constrained wp-block-group-is-layout-constrained\"><h2 class=\"wp-block-heading has-text-align-center\">Eclairage<\/h2>\n\n<p class=\"has-text-align-center is-style-subtitle has-30-font-size\">Une lumi\u00e8re maitris\u00e9e qui change l&#8217;atmosph\u00e8re<\/p>\n\n<div class=\"wp-bootstrap-blocks-row row\">\n\t\n<div class=\"col-12 col-md-5\">\n\t\t\t\n<p class=\"has-18-font-size\">Un \u00e9clairage optimis\u00e9 et utilis\u00e9 de mani\u00e8re cibl\u00e9e cr\u00e9e non seulement une atmosph\u00e8re agr\u00e9able, mais permet \u00e9galement d&#8217;\u00e9conomiser de l&#8217;\u00e9nergie et de prot\u00e9ger les animaux nocturnes. Gr\u00e2ce \u00e0 une planification lumineuse intelligente et \u00e0 l&#8217;absence de projecteurs superflus, la vue sur le ciel \u00e9toil\u00e9 et l&#8217;\u00e9quilibre \u00e9cologique sont pr\u00e9serv\u00e9s. Si tu souhaites utiliser un laser, renseigne-toi \u00e0 temps sur les dispositions l\u00e9gales en vigueur.<\/p>\n\n<h4 class=\"wp-block-heading has-secondary-font-family has-24-font-size\">Tu trouveras des informations d\u00e9taill\u00e9es dans cette fiche d&#8217;information :<\/h4>\n\n<div class=\"wp-block-buttons is-layout-flex wp-block-buttons-is-layout-flex\"><div class=\"wp-block-button\"><a class=\"wp-block-button__link has-white-color has-primary-background-color has-text-color has-background has-link-color wp-element-button\" href=\"https:\/\/eventkit.ch\/wp-admin\/post.php?post=2603&amp;action=edit\" target=\"_blank\" rel=\"noreferrer noopener\">Limiter la consommation li\u00e9e \u00e0 l&#8217;\u00e9clairage<\/a><\/div><\/div>\n\n<h4 class=\"wp-block-heading has-secondary-font-family has-24-font-size\">Liens utiles :<\/h4>\n\n<ul style=\"margin-top:0;margin-bottom:0\" class=\"wp-block-list is-style-borderd has-secondary-font-family\"><li style=\"border-style:none;border-width:0px;margin-top:var(--wp--preset--spacing--30);margin-bottom:var(--wp--preset--spacing--30)\"><a href=\"https:\/\/www.schallundlaser.ch\/2_fr\/index.html\" target=\"_blank\" rel=\"noreferrer noopener\">Informations sur le son et le laser<\/a><\/li>\n\n<li style=\"border-style:none;border-width:0px;margin-top:var(--wp--preset--spacing--30);margin-bottom:var(--wp--preset--spacing--30)\"><\/li><\/ul>\n\t<\/div>\n\n<div class=\"col-12 col-md-7\">\n\t\t\t\n<figure class=\"wp-block-image size-full has-custom-border\"><img loading=\"lazy\" decoding=\"async\" width=\"1280\" height=\"852\" src=\"https:\/\/eventkit.ch\/wp-content\/uploads\/2025\/12\/i-ztCfHj9-X2.jpg\" alt=\"\" class=\"wp-image-1784\" style=\"border-radius:8px\" srcset=\"https:\/\/eventkit.ch\/wp-content\/uploads\/2025\/12\/i-ztCfHj9-X2.jpg 1280w, https:\/\/eventkit.ch\/wp-content\/uploads\/2025\/12\/i-ztCfHj9-X2-300x200.jpg 300w, https:\/\/eventkit.ch\/wp-content\/uploads\/2025\/12\/i-ztCfHj9-X2-1024x682.jpg 1024w, https:\/\/eventkit.ch\/wp-content\/uploads\/2025\/12\/i-ztCfHj9-X2-768x511.jpg 768w\" sizes=\"auto, (max-width: 1280px) 100vw, 1280px\" \/><figcaption class=\"wp-element-caption\">\u00a9 Pal\u00e9o Festival Nyon<\/figcaption><\/figure>\n\n<h3 class=\"wp-block-heading has-secondary-font-family has-24-font-size\">Crit\u00e8res associ\u00e9s dans Eventkit :<\/h3>\n\n<p>6.2. Les \u00e9missions lumineuses \u00e0 l\u2019ext\u00e9rieur sont r\u00e9duites au minimum.<\/p>\n\t<\/div>\n<\/div><\/section><section class=\"wp-block-group alignfull is-layout-constrained wp-block-group-is-layout-constrained\"><h2 class=\"wp-block-heading has-text-align-center\"><br>Autres sujets en lien<\/h2>\n\n<p class=\"has-text-align-center is-style-subtitle has-30-font-size\">avec la th\u00e9matique nature &amp; paysage<\/p>\n\n<div class=\"wp-block-columns is-layout-flex wp-container-core-columns-is-layout-28f84493 wp-block-columns-is-layout-flex\"><div class=\"wp-block-column is-layout-flow wp-block-column-is-layout-flow\" style=\"flex-basis:50%\"><div class=\"wp-block-group is-layout-constrained wp-block-group-is-layout-constrained\"><figure class=\"wp-block-image size-large\"><img loading=\"lazy\" decoding=\"async\" width=\"1024\" height=\"682\" src=\"https:\/\/eventkit.ch\/wp-content\/uploads\/2026\/01\/Olivia_Ruiz_ma2024_nicolas_patault_01-1024x682.jpg\" alt=\"\" class=\"wp-image-3229\" srcset=\"https:\/\/eventkit.ch\/wp-content\/uploads\/2026\/01\/Olivia_Ruiz_ma2024_nicolas_patault_01-1024x682.jpg 1024w, https:\/\/eventkit.ch\/wp-content\/uploads\/2026\/01\/Olivia_Ruiz_ma2024_nicolas_patault_01-300x200.jpg 300w, https:\/\/eventkit.ch\/wp-content\/uploads\/2026\/01\/Olivia_Ruiz_ma2024_nicolas_patault_01-768x512.jpg 768w, https:\/\/eventkit.ch\/wp-content\/uploads\/2026\/01\/Olivia_Ruiz_ma2024_nicolas_patault_01-1536x1024.jpg 1536w, https:\/\/eventkit.ch\/wp-content\/uploads\/2026\/01\/Olivia_Ruiz_ma2024_nicolas_patault_01.jpg 1772w\" sizes=\"auto, (max-width: 1024px) 100vw, 1024px\" \/><figcaption class=\"wp-element-caption\">\u00a9 Pal\u00e9o, Nicolas Patau<\/figcaption><\/figure>\n\n<h3 class=\"wp-block-heading has-28-font-size\" style=\"margin-top:10px;margin-bottom:10px\">Eviter des \u00e9missions sonores inutiles<\/h3>\n\n<p><\/p>\n\n<p class=\"has-18-font-size\">Votre manifestation a besoin d&#8217;ambiance et d&#8217;un son de qualit\u00e9. Des sc\u00e8nes et des haut-parleurs parfaitement plac\u00e9s, des volumes adapt\u00e9s, des programmes synchronis\u00e9s et une isolation acoustique garantissent la bonne humeur des invit\u00e9s, des riverains et de l&#8217;environnement. Si vous utilisez un son amplifi\u00e9 \u00e9lectroniquement, renseignez-vous sur les dispositions l\u00e9gales en vigueur.<\/p>\n\n<div class=\"wp-block-buttons is-layout-flex wp-block-buttons-is-layout-flex\"><div class=\"wp-block-button has-custom-width wp-block-button__width-50\"><a class=\"wp-block-button__link has-white-color has-secondary-background-color has-text-color has-background has-link-color wp-element-button\" href=\"https:\/\/eventkit.ch\/?resource=limiter-les-nuisances-sonores&amp;lang=fr\" target=\"_blank\" rel=\"noreferrer noopener\">Limiter les nuisances sonores<\/a><\/div><\/div>\n\n<p><\/p>\n\n<h4 class=\"wp-block-heading has-secondary-font-family has-24-font-size\">Liens utiles :<\/h4>\n\n<ul class=\"wp-block-list is-style-borderd\"><li><a href=\"https:\/\/www.bafu.admin.ch\/fr\/bruit\" target=\"_blank\" rel=\"noreferrer noopener\">OFEV : \u00c9valuation du bruit quotidien<\/a><\/li>\n\n<li><a href=\"https:\/\/www.bag.admin.ch\/fr\/son-services-cantonaux-competents-et-services-cantonaux-dannonce\" target=\"_blank\" rel=\"noreferrer noopener\">Services cantonaux comp\u00e9tents et services cantonaux d\u2019annonce<\/a><a href=\"https:\/\/www.bag.admin.ch\/fr\/son-services-cantonaux-competents-et-services-cantonaux-dannonce\" target=\"_blank\" rel=\"noreferrer noopener\"><\/a><\/li><\/ul><\/div>\n\n<p><\/p><\/div><\/div><\/section><section class=\"wp-block-group alignfull has-orange-light-background-color has-background is-layout-constrained wp-block-group-is-layout-constrained\"><figure class=\"wp-block-image aligncenter size-full\"><img decoding=\"async\" src=\"https:\/\/eventkit.ch\/wp-content\/themes\/eventkit-wp\/assets\/images\/pattern\/download.png\" alt=\"\" class=\"wp-image-491\"\/><\/figure>\n\n<h2 class=\"wp-block-heading has-text-align-center\">T\u00e9l\u00e9charge la liste de crit\u00e8res compl\u00e8te<\/h2>\n\n<p class=\"has-text-align-center is-style-subtitle\">avec ses 58 mesures dans 9 domaines th\u00e9matiques<\/p>\n\n<div class=\"wp-block-buttons is-content-justification-center is-layout-flex wp-container-core-buttons-is-layout-253fffe0 wp-block-buttons-is-layout-flex\"><?xml encoding=\"utf-8\" ?><div class=\"wp-block-button is-style-btn-secondary is-style-btn-secondary--4\"><a class=\"wp-block-button__link wp-element-button has-core-icon\" href=\"https:\/\/eventkit.ch\/wp-content\/uploads\/2026\/03\/Zielwerte-Eventkit.pdf\" target=\"_blank\" rel=\"noreferrer noopener\" style='--core-icon: url(\"https:\/\/eventkit.ch\/wp-content\/themes\/eventkit-wp\/gutenberg-dev\/assets\/badge-icons\/file-text.svg\");'> Au format PDF<\/a><\/div>\n\n\n<?xml encoding=\"utf-8\" ?><div class=\"wp-block-button is-style-btn-primary is-style-btn-primary--5\"><a class=\"wp-block-button__link wp-element-button has-core-icon\" href=\"https:\/\/eventkit.ch\/wp-content\/uploads\/2026\/03\/Zielwerte-Eventkit.xlsx\" target=\"_blank\" rel=\"noreferrer noopener\" style='--core-icon: url(\"https:\/\/eventkit.ch\/wp-content\/themes\/eventkit-wp\/gutenberg-dev\/assets\/badge-icons\/file-text.svg\");'>Au format Excel<\/a><\/div>\n<\/div><\/section>","protected":false},"excerpt":{"rendered":"<p>Les manifestations font partie int\u00e9grante de leur environnement. Une planification fine, qui respecte les espaces naturels, place les infrastructures de mani\u00e8re r\u00e9fl\u00e9chie et minimise les interventions, garantit que les lieux resteront des lieux de f\u00eate, de rencontre et d&#8217;exp\u00e9rience. Les manifestations durables s&#8217;int\u00e8grent harmonieusement dans leur environnement au lieu de le perturber. Prot\u00e9ger la nature [&hellip;]<\/p>\n","protected":false},"author":2,"featured_media":1781,"parent":875,"menu_order":0,"comment_status":"closed","ping_status":"closed","template":"page-no-title","meta":{"_sitemap_exclude":false,"_sitemap_priority":"","_sitemap_frequency":"","footnotes":""},"class_list":["post-1601","page","type-page","status-publish","has-post-thumbnail","hentry"],"yoast_head":"<!-- This site is optimized with the Yoast SEO plugin v27.3 - https:\/\/yoast.com\/product\/yoast-seo-wordpress\/ -->\n<title>Nature &amp; paysage<\/title>\n<meta name=\"description\" content=\"Les manifestations font partie int\u00e9grante de leur environnement. Une planification fine, qui respecte les espaces naturels, place les infrastructures de mani\u00e8re r\u00e9fl\u00e9chie et minimise les interventions, garantit que les lieux resteront des lieux de f\u00eate, de rencontre et d&#039;exp\u00e9rience. Les manifestations durables s&#039;int\u00e8grent harmonieusement dans leur environnement au lieu de le perturber.\" \/>\n<meta name=\"robots\" content=\"index, follow, max-snippet:-1, max-image-preview:large, max-video-preview:-1\" \/>\n<link rel=\"canonical\" href=\"https:\/\/eventkit.ch\/?page_id=1601&lang=fr\" \/>\n<meta property=\"og:locale\" content=\"de_DE\" \/>\n<meta property=\"og:type\" content=\"article\" \/>\n<meta property=\"og:title\" content=\"Nature &amp; paysage\" \/>\n<meta property=\"og:description\" content=\"Les manifestations font partie int\u00e9grante de leur environnement. Une planification fine, qui respecte les espaces naturels, place les infrastructures de mani\u00e8re r\u00e9fl\u00e9chie et minimise les interventions, garantit que les lieux resteront des lieux de f\u00eate, de rencontre et d&#039;exp\u00e9rience. Les manifestations durables s&#039;int\u00e8grent harmonieusement dans leur environnement au lieu de le perturber.\" \/>\n<meta property=\"og:url\" content=\"https:\/\/eventkit.ch\/?page_id=1601&amp;lang=fr\" \/>\n<meta property=\"og:site_name\" content=\"EventKit\" \/>\n<meta property=\"article:modified_time\" content=\"2026-03-25T07:45:52+00:00\" \/>\n<meta property=\"og:image\" content=\"https:\/\/eventkit.ch\/wp-content\/uploads\/2025\/12\/6O4A7687_2-1-1024x683.jpg\" \/>\n\t<meta property=\"og:image:width\" content=\"1024\" \/>\n\t<meta property=\"og:image:height\" content=\"683\" \/>\n\t<meta property=\"og:image:type\" content=\"image\/jpeg\" \/>\n<meta name=\"twitter:card\" content=\"summary_large_image\" \/>\n<meta name=\"twitter:label1\" content=\"Gesch\u00e4tzte Lesezeit\" \/>\n\t<meta name=\"twitter:data1\" content=\"8\u00a0Minuten\" \/>\n<script type=\"application\/ld+json\" class=\"yoast-schema-graph\">{\"@context\":\"https:\\\/\\\/schema.org\",\"@graph\":[{\"@type\":\"WebPage\",\"@id\":\"https:\\\/\\\/eventkit.ch\\\/?page_id=1601&lang=fr\",\"url\":\"https:\\\/\\\/eventkit.ch\\\/?page_id=1601&lang=fr\",\"name\":\"Nature & paysage\",\"isPartOf\":{\"@id\":\"https:\\\/\\\/eventkit.ch\\\/#website\"},\"primaryImageOfPage\":{\"@id\":\"https:\\\/\\\/eventkit.ch\\\/?page_id=1601&lang=fr#primaryimage\"},\"image\":{\"@id\":\"https:\\\/\\\/eventkit.ch\\\/?page_id=1601&lang=fr#primaryimage\"},\"thumbnailUrl\":\"https:\\\/\\\/eventkit.ch\\\/wp-content\\\/uploads\\\/2025\\\/12\\\/6O4A7687_2-1.jpg\",\"datePublished\":\"2025-12-08T16:06:46+00:00\",\"dateModified\":\"2026-03-25T07:45:52+00:00\",\"description\":\"Les manifestations font partie int\u00e9grante de leur environnement. Une planification fine, qui respecte les espaces naturels, place les infrastructures de mani\u00e8re r\u00e9fl\u00e9chie et minimise les interventions, garantit que les lieux resteront des lieux de f\u00eate, de rencontre et d'exp\u00e9rience. Les manifestations durables s'int\u00e8grent harmonieusement dans leur environnement au lieu de le perturber.\",\"breadcrumb\":{\"@id\":\"https:\\\/\\\/eventkit.ch\\\/?page_id=1601&lang=fr#breadcrumb\"},\"inLanguage\":\"de\",\"potentialAction\":[{\"@type\":\"ReadAction\",\"target\":[\"https:\\\/\\\/eventkit.ch\\\/?page_id=1601&lang=fr\"]}]},{\"@type\":\"ImageObject\",\"inLanguage\":\"de\",\"@id\":\"https:\\\/\\\/eventkit.ch\\\/?page_id=1601&lang=fr#primaryimage\",\"url\":\"https:\\\/\\\/eventkit.ch\\\/wp-content\\\/uploads\\\/2025\\\/12\\\/6O4A7687_2-1.jpg\",\"contentUrl\":\"https:\\\/\\\/eventkit.ch\\\/wp-content\\\/uploads\\\/2025\\\/12\\\/6O4A7687_2-1.jpg\",\"width\":8192,\"height\":5464},{\"@type\":\"BreadcrumbList\",\"@id\":\"https:\\\/\\\/eventkit.ch\\\/?page_id=1601&lang=fr#breadcrumb\",\"itemListElement\":[{\"@type\":\"ListItem\",\"position\":1,\"name\":\"Home\",\"item\":\"https:\\\/\\\/eventkit.ch\\\/\"},{\"@type\":\"ListItem\",\"position\":2,\"name\":\"Th\u00e8mes\",\"item\":\"https:\\\/\\\/eventkit.ch\\\/?page_id=875&lang=fr\"},{\"@type\":\"ListItem\",\"position\":3,\"name\":\"Nature &#038; paysage\"}]},{\"@type\":\"WebSite\",\"@id\":\"https:\\\/\\\/eventkit.ch\\\/#website\",\"url\":\"https:\\\/\\\/eventkit.ch\\\/\",\"name\":\"EventKit\",\"description\":\"Nachhaltigkeit, die wirkt: Dein Event im Check.\",\"publisher\":{\"@id\":\"https:\\\/\\\/eventkit.ch\\\/#organization\"},\"potentialAction\":[{\"@type\":\"SearchAction\",\"target\":{\"@type\":\"EntryPoint\",\"urlTemplate\":\"https:\\\/\\\/eventkit.ch\\\/?s={search_term_string}\"},\"query-input\":{\"@type\":\"PropertyValueSpecification\",\"valueRequired\":true,\"valueName\":\"search_term_string\"}}],\"inLanguage\":\"de\"},{\"@type\":\"Organization\",\"@id\":\"https:\\\/\\\/eventkit.ch\\\/#organization\",\"name\":\"EventKit\",\"url\":\"https:\\\/\\\/eventkit.ch\\\/\",\"logo\":{\"@type\":\"ImageObject\",\"inLanguage\":\"de\",\"@id\":\"https:\\\/\\\/eventkit.ch\\\/#\\\/schema\\\/logo\\\/image\\\/\",\"url\":\"https:\\\/\\\/eventkit.ch\\\/wp-content\\\/uploads\\\/2025\\\/11\\\/android-icon-144x144-1.png\",\"contentUrl\":\"https:\\\/\\\/eventkit.ch\\\/wp-content\\\/uploads\\\/2025\\\/11\\\/android-icon-144x144-1.png\",\"width\":144,\"height\":144,\"caption\":\"EventKit\"},\"image\":{\"@id\":\"https:\\\/\\\/eventkit.ch\\\/#\\\/schema\\\/logo\\\/image\\\/\"}}]}<\/script>\n<!-- \/ Yoast SEO plugin. -->","yoast_head_json":{"title":"Nature & paysage","description":"Les manifestations font partie int\u00e9grante de leur environnement. Une planification fine, qui respecte les espaces naturels, place les infrastructures de mani\u00e8re r\u00e9fl\u00e9chie et minimise les interventions, garantit que les lieux resteront des lieux de f\u00eate, de rencontre et d'exp\u00e9rience. Les manifestations durables s'int\u00e8grent harmonieusement dans leur environnement au lieu de le perturber.","robots":{"index":"index","follow":"follow","max-snippet":"max-snippet:-1","max-image-preview":"max-image-preview:large","max-video-preview":"max-video-preview:-1"},"canonical":"https:\/\/eventkit.ch\/?page_id=1601&lang=fr","og_locale":"de_DE","og_type":"article","og_title":"Nature & paysage","og_description":"Les manifestations font partie int\u00e9grante de leur environnement. Une planification fine, qui respecte les espaces naturels, place les infrastructures de mani\u00e8re r\u00e9fl\u00e9chie et minimise les interventions, garantit que les lieux resteront des lieux de f\u00eate, de rencontre et d'exp\u00e9rience. Les manifestations durables s'int\u00e8grent harmonieusement dans leur environnement au lieu de le perturber.","og_url":"https:\/\/eventkit.ch\/?page_id=1601&lang=fr","og_site_name":"EventKit","article_modified_time":"2026-03-25T07:45:52+00:00","og_image":[{"width":1024,"height":683,"url":"https:\/\/eventkit.ch\/wp-content\/uploads\/2025\/12\/6O4A7687_2-1-1024x683.jpg","type":"image\/jpeg"}],"twitter_card":"summary_large_image","twitter_misc":{"Gesch\u00e4tzte Lesezeit":"8\u00a0Minuten"},"schema":{"@context":"https:\/\/schema.org","@graph":[{"@type":"WebPage","@id":"https:\/\/eventkit.ch\/?page_id=1601&lang=fr","url":"https:\/\/eventkit.ch\/?page_id=1601&lang=fr","name":"Nature & paysage","isPartOf":{"@id":"https:\/\/eventkit.ch\/#website"},"primaryImageOfPage":{"@id":"https:\/\/eventkit.ch\/?page_id=1601&lang=fr#primaryimage"},"image":{"@id":"https:\/\/eventkit.ch\/?page_id=1601&lang=fr#primaryimage"},"thumbnailUrl":"https:\/\/eventkit.ch\/wp-content\/uploads\/2025\/12\/6O4A7687_2-1.jpg","datePublished":"2025-12-08T16:06:46+00:00","dateModified":"2026-03-25T07:45:52+00:00","description":"Les manifestations font partie int\u00e9grante de leur environnement. Une planification fine, qui respecte les espaces naturels, place les infrastructures de mani\u00e8re r\u00e9fl\u00e9chie et minimise les interventions, garantit que les lieux resteront des lieux de f\u00eate, de rencontre et d'exp\u00e9rience. Les manifestations durables s'int\u00e8grent harmonieusement dans leur environnement au lieu de le perturber.","breadcrumb":{"@id":"https:\/\/eventkit.ch\/?page_id=1601&lang=fr#breadcrumb"},"inLanguage":"de","potentialAction":[{"@type":"ReadAction","target":["https:\/\/eventkit.ch\/?page_id=1601&lang=fr"]}]},{"@type":"ImageObject","inLanguage":"de","@id":"https:\/\/eventkit.ch\/?page_id=1601&lang=fr#primaryimage","url":"https:\/\/eventkit.ch\/wp-content\/uploads\/2025\/12\/6O4A7687_2-1.jpg","contentUrl":"https:\/\/eventkit.ch\/wp-content\/uploads\/2025\/12\/6O4A7687_2-1.jpg","width":8192,"height":5464},{"@type":"BreadcrumbList","@id":"https:\/\/eventkit.ch\/?page_id=1601&lang=fr#breadcrumb","itemListElement":[{"@type":"ListItem","position":1,"name":"Home","item":"https:\/\/eventkit.ch\/"},{"@type":"ListItem","position":2,"name":"Th\u00e8mes","item":"https:\/\/eventkit.ch\/?page_id=875&lang=fr"},{"@type":"ListItem","position":3,"name":"Nature &#038; paysage"}]},{"@type":"WebSite","@id":"https:\/\/eventkit.ch\/#website","url":"https:\/\/eventkit.ch\/","name":"EventKit","description":"Nachhaltigkeit, die wirkt: Dein Event im Check.","publisher":{"@id":"https:\/\/eventkit.ch\/#organization"},"potentialAction":[{"@type":"SearchAction","target":{"@type":"EntryPoint","urlTemplate":"https:\/\/eventkit.ch\/?s={search_term_string}"},"query-input":{"@type":"PropertyValueSpecification","valueRequired":true,"valueName":"search_term_string"}}],"inLanguage":"de"},{"@type":"Organization","@id":"https:\/\/eventkit.ch\/#organization","name":"EventKit","url":"https:\/\/eventkit.ch\/","logo":{"@type":"ImageObject","inLanguage":"de","@id":"https:\/\/eventkit.ch\/#\/schema\/logo\/image\/","url":"https:\/\/eventkit.ch\/wp-content\/uploads\/2025\/11\/android-icon-144x144-1.png","contentUrl":"https:\/\/eventkit.ch\/wp-content\/uploads\/2025\/11\/android-icon-144x144-1.png","width":144,"height":144,"caption":"EventKit"},"image":{"@id":"https:\/\/eventkit.ch\/#\/schema\/logo\/image\/"}}]}},"_links":{"self":[{"href":"https:\/\/eventkit.ch\/index.php?rest_route=\/wp\/v2\/pages\/1601","targetHints":{"allow":["GET"]}}],"collection":[{"href":"https:\/\/eventkit.ch\/index.php?rest_route=\/wp\/v2\/pages"}],"about":[{"href":"https:\/\/eventkit.ch\/index.php?rest_route=\/wp\/v2\/types\/page"}],"author":[{"embeddable":true,"href":"https:\/\/eventkit.ch\/index.php?rest_route=\/wp\/v2\/users\/2"}],"replies":[{"embeddable":true,"href":"https:\/\/eventkit.ch\/index.php?rest_route=%2Fwp%2Fv2%2Fcomments&post=1601"}],"version-history":[{"count":30,"href":"https:\/\/eventkit.ch\/index.php?rest_route=\/wp\/v2\/pages\/1601\/revisions"}],"predecessor-version":[{"id":3346,"href":"https:\/\/eventkit.ch\/index.php?rest_route=\/wp\/v2\/pages\/1601\/revisions\/3346"}],"up":[{"embeddable":true,"href":"https:\/\/eventkit.ch\/index.php?rest_route=\/wp\/v2\/pages\/875"}],"wp:featuredmedia":[{"embeddable":true,"href":"https:\/\/eventkit.ch\/index.php?rest_route=\/wp\/v2\/media\/1781"}],"wp:attachment":[{"href":"https:\/\/eventkit.ch\/index.php?rest_route=%2Fwp%2Fv2%2Fmedia&parent=1601"}],"curies":[{"name":"wp","href":"https:\/\/api.w.org\/{rel}","templated":true}]}}