{"id":1599,"date":"2025-12-08T15:41:30","date_gmt":"2025-12-08T15:41:30","guid":{"rendered":"https:\/\/eventkit.ch\/?page_id=1599"},"modified":"2026-03-25T08:45:33","modified_gmt":"2026-03-25T07:45:33","slug":"materiel-et-dechets","status":"publish","type":"page","link":"https:\/\/eventkit.ch\/?page_id=1599&lang=fr","title":{"rendered":"Mat\u00e9riel &#038; d\u00e9chets"},"content":{"rendered":"<div class=\"wp-block-group alignfull is-layout-constrained wp-block-group-is-layout-constrained\" style=\"padding-top:var(--wp--preset--spacing--40);padding-bottom:var(--wp--preset--spacing--60)\"><figure class=\"wp-block-image aligncenter size-full\"><img decoding=\"async\" src=\"https:\/\/eventkit.ch\/wp-content\/uploads\/2025\/12\/Test-Icons_Eventkit_250922-08.svg\" alt=\"\" class=\"wp-image-1538\"\/><\/figure>\n\n<h1 class=\"has-text-align-center wp-block-post-title\">Mat\u00e9riel &#038; d\u00e9chets<\/h1>\n\n<p class=\"has-text-align-center is-style-subtitle\">Moins, c&#8217;est plus \u2013 surtout dans l&#8217;utilisation des mat\u00e9riaux ! Chaque manifestation laisse des traces, mais une bonne planification permet de les minimiser. Des fournitures r\u00e9utilisables, une logistique efficace et des concepts de recyclage clairs permettent d&#8217;\u00e9conomiser des ressources. La durabilit\u00e9 fait ainsi partie int\u00e9grante du succ\u00e8s de la manifestation : en apportant plus d\u2019effet avec moins de mat\u00e9riaux.<\/p><\/div><section class=\"wp-block-group alignfull has-orange-lighter-background-color has-background has-15-font-size is-layout-constrained wp-block-group-is-layout-constrained\"><h2 class=\"wp-block-heading has-text-align-center\">\u00c9viter les d\u00e9chets<\/h2>\n\n<p class=\"has-text-align-center is-style-subtitle has-30-font-size\">Les meilleurs d\u00e9chets sont ceux qui ne sont pas produits<\/p>\n\n<div class=\"wp-bootstrap-blocks-row row\">\n\t\n<div class=\"col-12 col-md-5\">\n\t\t\t\n<p class=\"has-18-font-size\">Il est possible de r\u00e9duire consid\u00e9rablement le co\u00fbt et l\u2019impact environnemental des mat\u00e9riaux en renon\u00e7ant aux articles jetables. Les syst\u00e8mes de consigne et de r\u00e9utilisation sont devenus une alternative convaincante et efficace. Il existe \u00e9galement un fort potentiel dans les domaines de la d\u00e9coration, du merchandising et de la signal\u00e9tique.<\/p>\n\n<p><\/p>\n\n<h4 class=\"wp-block-heading has-secondary-font-family has-24-font-size\"><br>Tu trouveras des informations d\u00e9taill\u00e9es dans ces fiches d&#8217;information :<\/h4>\n\n<p><\/p>\n\n<div class=\"wp-block-buttons is-layout-flex wp-block-buttons-is-layout-flex\"><div class=\"wp-block-button has-custom-width wp-block-button__width-75 is-style-btn-secondary is-style-btn-secondary--1\"><a class=\"wp-block-button__link has-14-font-size has-custom-font-size wp-element-button\" href=\"https:\/\/eventkit.ch\/?resource=choisir-les-articles-de-merchandising-2&amp;lang=fr\" target=\"_blank\" rel=\"noreferrer noopener\">Choisir les articles de merchandising<\/a><\/div>\n\n<div class=\"wp-block-button has-custom-width wp-block-button__width-75 is-style-btn-secondary is-style-btn-secondary--2\"><a class=\"wp-block-button__link has-14-font-size has-custom-font-size wp-element-button\" href=\"https:\/\/eventkit.ch\/?resource=identifier-les-types-de-dechets-et-leur-volume-respectif&amp;lang=fr\" target=\"_blank\" rel=\"noreferrer noopener\">Identifier les types de d\u00e9chets et leurs volumes respectifs<\/a><\/div>\n\n<div class=\"wp-block-button has-custom-width wp-block-button__width-75 is-style-btn-secondary is-style-btn-secondary--3\"><a class=\"wp-block-button__link has-14-font-size has-custom-font-size wp-element-button\" href=\"https:\/\/eventkit.ch\/?resource=limiter-les-dechets-lies-aux-boissons&amp;lang=fr\" target=\"_blank\" rel=\"noreferrer noopener\">Limiter les d\u00e9chets li\u00e9s aux boissons<\/a><\/div>\n\n<div class=\"wp-block-button has-custom-width wp-block-button__width-75 is-style-btn-secondary is-style-btn-secondary--4\"><a class=\"wp-block-button__link has-14-font-size has-custom-font-size wp-element-button\" href=\"https:\/\/eventkit.ch\/?resource=limiter-les-dechets-lies-a-lalimentation&amp;lang=fr\" target=\"_blank\" rel=\"noreferrer noopener\">Limiter les d\u00e9chets li\u00e9s \u00e0 l&#8217;alimentation<\/a><\/div>\n\n<div class=\"wp-block-button has-custom-width wp-block-button__width-75 is-style-btn-secondary is-style-btn-secondary--5\"><a class=\"wp-block-button__link has-14-font-size has-custom-font-size wp-element-button\" href=\"https:\/\/eventkit.ch\/?resource=limiter-le-gaspillage-alimentaire&amp;lang=fr\" target=\"_blank\" rel=\"noreferrer noopener\">Limiter le gaspillage alimentaire<\/a><\/div><\/div>\n\n<p><\/p>\n\n<h4 class=\"wp-block-heading has-secondary-font-family has-24-font-size\">Liens utiles :<\/h4>\n\n<ul class=\"wp-block-list is-style-borderd\"><li><a href=\"https:\/\/www.ge.ch\/document\/19846\/annexe\/file\/172362\" target=\"_blank\" rel=\"noreferrer noopener\">Gen\u00e8ve: \u00e9cobilan des gobelets r\u00e9utilisable<\/a><\/li>\n\n<li><a href=\"https:\/\/summit-foundation.org\/sensibilisation\/\" target=\"_blank\" rel=\"noreferrer noopener\">Visuels de Summit Foundation<\/a><\/li>\n\n<li><a href=\"https:\/\/www.igsu.ch\/fr\/\" target=\"_blank\" rel=\"noreferrer noopener\">Document ASMD : Aide \u00e0 la d\u00e9cision pour le choix de la vaisselle<\/a><\/li>\n\n<li><\/li><\/ul>\n\t<\/div>\n\n<div class=\"col-12 col-md-7\">\n\t\t\t\n<figure class=\"wp-block-image size-full has-custom-border\"><img loading=\"lazy\" decoding=\"async\" width=\"2560\" height=\"1707\" src=\"https:\/\/eventkit.ch\/wp-content\/uploads\/2025\/12\/P5251371-edited-scaled.jpg\" alt=\"\" class=\"wp-image-1681\" style=\"border-radius:8px\" srcset=\"https:\/\/eventkit.ch\/wp-content\/uploads\/2025\/12\/P5251371-edited-scaled.jpg 2560w, https:\/\/eventkit.ch\/wp-content\/uploads\/2025\/12\/P5251371-edited-300x200.jpg 300w, https:\/\/eventkit.ch\/wp-content\/uploads\/2025\/12\/P5251371-edited-1024x683.jpg 1024w, https:\/\/eventkit.ch\/wp-content\/uploads\/2025\/12\/P5251371-edited-768x512.jpg 768w, https:\/\/eventkit.ch\/wp-content\/uploads\/2025\/12\/P5251371-edited-1536x1024.jpg 1536w, https:\/\/eventkit.ch\/wp-content\/uploads\/2025\/12\/P5251371-edited-2048x1365.jpg 2048w\" sizes=\"auto, (max-width: 2560px) 100vw, 2560px\" \/><figcaption class=\"wp-element-caption\">\u00a9 SOLA Basel<\/figcaption><\/figure>\n\n<h3 class=\"wp-block-heading has-secondary-font-family has-24-font-size\">Crit\u00e8res associ\u00e9s dans Eventkit :<\/h3>\n\n<p>4.1. Les produits jetables \u00e0 usage unique (comme la vaisselle \u00e0 usage unique, les bouteilles en verre non r\u00e9utilisables, les briques \u00ab\u2009Tetra Pack\u2009\u00bb, les articles de d\u00e9coration, etc.) ne sont pas utilis\u00e9s.<\/p>\n\n<p>4.2. La manifestation ainsi que ses sponsors et partenaires renoncent \u00e0 la distribution d\u2019\u00e9chantillons gratuits, de give-aways et de flyers.<\/p>\n\n<p>4.3. L\u2019organisatrice ou l\u2019organisateur de la manifestation r\u00e9duit ses propres produits d\u2019impression au minimum. Les solutions num\u00e9riques sont privil\u00e9gi\u00e9es.<\/p>\n\t<\/div>\n<\/div><\/section><section class=\"wp-block-group alignfull has-green-light-background-color has-background has-15-font-size is-layout-constrained wp-block-group-is-layout-constrained\"><h2 class=\"wp-block-heading has-text-align-center\">G\u00e9rer les d\u00e9chets et promouvoir le recyclage<\/h2>\n\n<p class=\"has-text-align-center is-style-subtitle has-30-font-size\">Chaque bouteille et chaque emballage compte<\/p>\n\n<div class=\"wp-bootstrap-blocks-row row\">\n\t\n<div class=\"col-12 col-md-5\">\n\t\t\t\n<p class=\"has-18-font-size\">Gr\u00e2ce \u00e0 un concept de recyclage bien pens\u00e9, les d\u00e9chets peuvent devenir une mati\u00e8re premi\u00e8re pr\u00e9cieuse. Un nombre suffisant de poubelles et de stations de tri, en particulier dans les lieux tr\u00e8s fr\u00e9quent\u00e9s, permet de s\u00e9parer correctement les d\u00e9chets et d&#8217;\u00e9viter qu&#8217;ils ne finissent par terre. Une bonne visibilit\u00e9 et des indications claires permettent au public de s&#8217;impliquer facilement.<\/p>\n\n<p><\/p>\n\n<h4 class=\"wp-block-heading has-secondary-font-family has-24-font-size\"><br>Tu trouveras des informations d\u00e9taill\u00e9es dans ces fiches d&#8217;information :<\/h4>\n\n<div class=\"wp-block-buttons is-layout-flex wp-block-buttons-is-layout-flex\"><div class=\"wp-block-button has-custom-width wp-block-button__width-75 is-style-btn-primary is-style-btn-primary--6\"><a class=\"wp-block-button__link has-general-font-family has-14-font-size has-custom-font-size wp-element-button\" href=\"https:\/\/eventkit.ch\/?resource=organiser-la-gestion-des-dechets&amp;lang=fr\" style=\"padding-right:0;padding-left:0\" target=\"_blank\" rel=\"noreferrer noopener\">Organiser la gestion des d\u00e9chets<\/a><\/div>\n\n<div class=\"wp-block-button has-custom-width wp-block-button__width-75 is-style-btn-primary is-style-btn-primary--7\"><a class=\"wp-block-button__link has-general-font-family has-14-font-size has-custom-font-size wp-element-button\" href=\"https:\/\/eventkit.ch\/?resource=identifier-les-types-de-dechets-et-leur-volume-respectif&amp;lang=fr\" style=\"padding-right:0;padding-left:0\" target=\"_blank\" rel=\"noreferrer noopener\">Identifier les types de d\u00e9chets et leurs volumes respectifs<\/a><\/div><\/div>\n\n<p><\/p>\n\n<p><\/p>\n\n<h4 class=\"wp-block-heading has-secondary-font-family has-24-font-size\">Liens utiles :<\/h4>\n\n<ul style=\"margin-top:0;margin-bottom:0\" class=\"wp-block-list is-style-borderd has-secondary-font-family\"><li><a href=\"https:\/\/www.igsu.ch\/fr\/\" target=\"_blank\" rel=\"noreferrer noopener\">IGSU: S&#8217;engager pour un monde propre<\/a><\/li>\n\n<li><a href=\"https:\/\/summit-foundation.org\/pret-materiel\/\" target=\"_blank\" rel=\"noreferrer noopener\">Summit Foundation: Pr\u00eat de mat\u00e9riel<\/a><\/li>\n\n<li style=\"border-style:none;border-width:0px;margin-top:var(--wp--preset--spacing--30);margin-bottom:var(--wp--preset--spacing--30)\"><a href=\"https:\/\/alu-recycling.ch\/fr\/collecte-evenements\/\" target=\"_blank\" rel=\"noreferrer noopener\">Commander des conteneurs pour le PET et l&#8217;aluminium<\/a><\/li>\n\n<li style=\"border-style:none;border-width:0px;margin-top:var(--wp--preset--spacing--30);margin-bottom:var(--wp--preset--spacing--30)\"><a href=\"https:\/\/swissrecycle.ch\/fr\/entreprises\/plateforme-economie-circulaire\/pictogrammes-allegations-et-communication\" target=\"_blank\" rel=\"noreferrer noopener\">pictogrammes de recyclage<\/a><\/li>\n\n<li style=\"border-style:none;border-width:0px;margin-top:var(--wp--preset--spacing--30);margin-bottom:var(--wp--preset--spacing--30)\"><a href=\"https:\/\/www.olympics.com\/ioc\/news\/new-guide-commissioned-by-ioc-and-uefa-helps-identify-more-sustainable-solutions-for-event-branding-and-signage\" target=\"_blank\" rel=\"noreferrer noopener\">IOC: Guide for event branding and signage (anglais)<\/a><\/li><\/ul>\n\t<\/div>\n\n<div class=\"col-12 col-md-7\">\n\t\t\t\n<figure class=\"wp-block-image size-full has-custom-border\"><img loading=\"lazy\" decoding=\"async\" width=\"2448\" height=\"1632\" src=\"https:\/\/eventkit.ch\/wp-content\/uploads\/2025\/12\/Abfallbehaelter3-edited.jpg\" alt=\"\" class=\"wp-image-1678\" style=\"border-radius:8px\" srcset=\"https:\/\/eventkit.ch\/wp-content\/uploads\/2025\/12\/Abfallbehaelter3-edited.jpg 2448w, https:\/\/eventkit.ch\/wp-content\/uploads\/2025\/12\/Abfallbehaelter3-edited-300x200.jpg 300w, https:\/\/eventkit.ch\/wp-content\/uploads\/2025\/12\/Abfallbehaelter3-edited-1024x683.jpg 1024w, https:\/\/eventkit.ch\/wp-content\/uploads\/2025\/12\/Abfallbehaelter3-edited-768x512.jpg 768w, https:\/\/eventkit.ch\/wp-content\/uploads\/2025\/12\/Abfallbehaelter3-edited-1536x1024.jpg 1536w, https:\/\/eventkit.ch\/wp-content\/uploads\/2025\/12\/Abfallbehaelter3-edited-2048x1365.jpg 2048w\" sizes=\"auto, (max-width: 2448px) 100vw, 2448px\" \/><figcaption class=\"wp-element-caption\">\u00a9 SOLA Basel<\/figcaption><\/figure>\n\n<h3 class=\"wp-block-heading has-secondary-font-family has-24-font-size\">Crit\u00e8res associ\u00e9s dans Eventkit :<\/h3>\n\n<p>4.4. Le retour des emballages r\u00e9utilisables et \u00e0 usage unique recyclables est assur\u00e9 (ex. par un syst\u00e8me de d\u00e9p\u00f4t sur les bouteilles PET).<\/p>\n\n<p>4.5. Un nombre suffisant de poubelles de tri (tous les 25&nbsp;m, bien visibles) sont install\u00e9es dans la zone r\u00e9serv\u00e9e au public\u2009; elles sont vid\u00e9es de fa\u00e7on r\u00e9guli\u00e8re et permettent le tri des d\u00e9chets.<\/p>\n\t<\/div>\n<\/div><\/section><section class=\"wp-block-group alignfull is-layout-constrained wp-block-group-is-layout-constrained\"><h2 class=\"wp-block-heading has-text-align-center\"><br>Autres sujets en lien<\/h2>\n\n<p class=\"has-text-align-center is-style-subtitle\">avec la th\u00e9matique Mat\u00e9riel &amp; d\u00e9chets<\/p>\n\n<div class=\"wp-block-columns is-layout-flex wp-container-core-columns-is-layout-28f84493 wp-block-columns-is-layout-flex\"><div class=\"wp-block-column is-layout-flow wp-block-column-is-layout-flow\" style=\"flex-basis:50%\"><div class=\"wp-block-group is-layout-constrained wp-block-group-is-layout-constrained\"><figure class=\"wp-block-image size-large\"><img loading=\"lazy\" decoding=\"async\" width=\"1024\" height=\"683\" src=\"https:\/\/eventkit.ch\/wp-content\/uploads\/2026\/01\/IMG_6974-edited-1024x683.jpg\" alt=\"\" class=\"wp-image-2806\" srcset=\"https:\/\/eventkit.ch\/wp-content\/uploads\/2026\/01\/IMG_6974-edited-1024x683.jpg 1024w, https:\/\/eventkit.ch\/wp-content\/uploads\/2026\/01\/IMG_6974-edited-300x200.jpg 300w, https:\/\/eventkit.ch\/wp-content\/uploads\/2026\/01\/IMG_6974-edited-768x512.jpg 768w, https:\/\/eventkit.ch\/wp-content\/uploads\/2026\/01\/IMG_6974-edited.jpg 1102w\" sizes=\"auto, (max-width: 1024px) 100vw, 1024px\" \/><\/figure>\n\n<h3 class=\"wp-block-heading has-28-font-size\" style=\"margin-top:10px;margin-bottom:10px\">\u00c9conomiser l&#8217;eau<\/h3>\n\n<p><\/p>\n\n<p>Goutte apr\u00e8s goutte &#8211; une utilisation responsable de l&#8217;eau pr\u00e9serve les ressources et r\u00e9duit l\u2019impact de chaque \u00e9v\u00e9nement sur l\u2019environnement. Des installations sanitaires efficaces et une utilisation cibl\u00e9e dans le cadre de la restauration permettent non seulement d&#8217;\u00e9conomiser des ressources, mais aussi de r\u00e9duire les co\u00fbts li\u00e9s \u00e0 l&#8217;eau et \u00e0 l&#8217;\u00e9nergie.<\/p>\n\n<div class=\"wp-block-buttons is-layout-flex wp-block-buttons-is-layout-flex\"><div class=\"wp-block-button has-custom-width wp-block-button__width-50\"><a class=\"wp-block-button__link has-white-color has-secondary-background-color has-text-color has-background has-link-color wp-element-button\" href=\"https:\/\/eventkit.ch\/?resource=optimiser-la-gestion-de-leau&amp;lang=fr\" target=\"_blank\" rel=\"noreferrer noopener\">Optimiser la gestion de l&#8217;eau<\/a><\/div><\/div>\n\n<p><\/p>\n\n<h4 class=\"wp-block-heading has-secondary-font-family has-24-font-size\">Liens utiles :<\/h4>\n\n<ul class=\"wp-block-list is-style-borderd\"><li><a href=\"https:\/\/www.elemen-terre.org\/wp-content\/uploads\/2023\/07\/FICHE-PRATIQUE-COMMENT-REDUIRE-LA-CONSOMMATION-DEAU-SUR-UN-FESTIVAL-1.pdf\" type=\"link\" id=\"https:\/\/www.elemen-terre.org\/wp-content\/uploads\/2023\/07\/FICHE-PRATIQUE-COMMENT-REDUIRE-LA-CONSOMMATION-DEAU-SUR-UN-FESTIVAL-1.pdf\" target=\"_blank\" rel=\"noreferrer noopener\">Elemen&#8217;terre: R\u00e9duire la consommation d&#8217;eau sur une festival<\/a><\/li>\n\n<li><a href=\"https:\/\/www.energie-environnement.ch\/air-eau-alimentation-sante\/economiser-l-eau-sans-investir\" type=\"link\" id=\"https:\/\/www.bwt.com\/fr-ch\/commerce-et-industrie\/bureau-hopitaux\/fontaines-a-eau\/fontaines-a-eau-pour-evenements\/\" target=\"_blank\" rel=\"noreferrer noopener\">\u00c9conomiser l\u2019eau sans investir <\/a><\/li><\/ul><\/div>\n\n<p><\/p><\/div><\/div>\n\n<section class=\"wp-block-group alignfull has-orange-light-background-color has-background is-layout-constrained wp-block-group-is-layout-constrained\"><figure class=\"wp-block-image aligncenter size-full\"><img decoding=\"async\" src=\"https:\/\/eventkit.ch\/wp-content\/themes\/eventkit-wp\/assets\/images\/pattern\/download.png\" alt=\"\" class=\"wp-image-491\"\/><\/figure>\n\n<h2 class=\"wp-block-heading has-text-align-center\">T\u00e9l\u00e9charge la liste de crit\u00e8res compl\u00e8te<\/h2>\n\n<p class=\"has-text-align-center is-style-subtitle\">avec ses 58 mesures dans 9 domaines th\u00e9matiques<\/p>\n\n<div class=\"wp-block-buttons is-content-justification-center is-layout-flex wp-container-core-buttons-is-layout-253fffe0 wp-block-buttons-is-layout-flex\"><?xml encoding=\"utf-8\" ?><div class=\"wp-block-button is-style-btn-secondary is-style-btn-secondary--8\"><a class=\"wp-block-button__link wp-element-button has-core-icon\" href=\"https:\/\/eventkit.ch\/wp-content\/uploads\/2026\/03\/Zielwerte-Eventkit.pdf\" target=\"_blank\" rel=\"noreferrer noopener\" style='--core-icon: url(\"https:\/\/eventkit.ch\/wp-content\/themes\/eventkit-wp\/gutenberg-dev\/assets\/badge-icons\/file-text.svg\");'> Au format PDF<\/a><\/div>\n\n\n<?xml encoding=\"utf-8\" ?><div class=\"wp-block-button is-style-btn-primary is-style-btn-primary--9\"><a class=\"wp-block-button__link wp-element-button has-core-icon\" href=\"https:\/\/eventkit.ch\/wp-content\/uploads\/2026\/03\/Zielwerte-Eventkit.xlsx\" target=\"_blank\" rel=\"noreferrer noopener\" style='--core-icon: url(\"https:\/\/eventkit.ch\/wp-content\/themes\/eventkit-wp\/gutenberg-dev\/assets\/badge-icons\/file-text.svg\");'>Au format Excel<\/a><\/div>\n<\/div><\/section><\/section>","protected":false},"excerpt":{"rendered":"<p>Moins, c&#8217;est plus \u2013 surtout dans l&#8217;utilisation des mat\u00e9riaux ! Chaque manifestation laisse des traces, mais une bonne planification permet de les minimiser. Des fournitures r\u00e9utilisables, une logistique efficace et des concepts de recyclage clairs permettent d&#8217;\u00e9conomiser des ressources. La durabilit\u00e9 fait ainsi partie int\u00e9grante du succ\u00e8s de la manifestation : en apportant plus d\u2019effet [&hellip;]<\/p>\n","protected":false},"author":2,"featured_media":1681,"parent":875,"menu_order":0,"comment_status":"closed","ping_status":"closed","template":"page-no-title","meta":{"_sitemap_exclude":false,"_sitemap_priority":"","_sitemap_frequency":"","footnotes":""},"class_list":["post-1599","page","type-page","status-publish","has-post-thumbnail","hentry"],"yoast_head":"<!-- This site is optimized with the Yoast SEO plugin v27.3 - https:\/\/yoast.com\/product\/yoast-seo-wordpress\/ -->\n<title>Mat\u00e9riel &amp; d\u00e9chets<\/title>\n<meta name=\"description\" content=\"Moins, c&#039;est plus \u2013 surtout dans l&#039;utilisation des mat\u00e9riaux ! Moins, c&#039;est plus \u2013 surtout dans l&#039;utilisation des mat\u00e9riaux ! Chaque manifestation laisse des traces, mais une bonne planification permet de les minimiser.\" \/>\n<meta name=\"robots\" content=\"index, follow, max-snippet:-1, max-image-preview:large, max-video-preview:-1\" \/>\n<link rel=\"canonical\" href=\"https:\/\/eventkit.ch\/?page_id=1599&lang=fr\" \/>\n<meta property=\"og:locale\" content=\"de_DE\" \/>\n<meta property=\"og:type\" content=\"article\" \/>\n<meta property=\"og:title\" content=\"Mat\u00e9riel &amp; d\u00e9chets\" \/>\n<meta property=\"og:description\" content=\"Moins, c&#039;est plus \u2013 surtout dans l&#039;utilisation des mat\u00e9riaux ! Moins, c&#039;est plus \u2013 surtout dans l&#039;utilisation des mat\u00e9riaux ! Chaque manifestation laisse des traces, mais une bonne planification permet de les minimiser.\" \/>\n<meta property=\"og:url\" content=\"https:\/\/eventkit.ch\/?page_id=1599&amp;lang=fr\" \/>\n<meta property=\"og:site_name\" content=\"EventKit\" \/>\n<meta property=\"article:modified_time\" content=\"2026-03-25T07:45:33+00:00\" \/>\n<meta property=\"og:image\" content=\"https:\/\/eventkit.ch\/wp-content\/uploads\/2025\/12\/P5251371-edited-scaled.jpg\" \/>\n\t<meta property=\"og:image:width\" content=\"2560\" \/>\n\t<meta property=\"og:image:height\" content=\"1707\" \/>\n\t<meta property=\"og:image:type\" content=\"image\/jpeg\" \/>\n<meta name=\"twitter:card\" content=\"summary_large_image\" \/>\n<meta name=\"twitter:label1\" content=\"Gesch\u00e4tzte Lesezeit\" \/>\n\t<meta name=\"twitter:data1\" content=\"8\u00a0Minuten\" \/>\n<script type=\"application\/ld+json\" class=\"yoast-schema-graph\">{\"@context\":\"https:\\\/\\\/schema.org\",\"@graph\":[{\"@type\":\"WebPage\",\"@id\":\"https:\\\/\\\/eventkit.ch\\\/?page_id=1599&lang=fr\",\"url\":\"https:\\\/\\\/eventkit.ch\\\/?page_id=1599&lang=fr\",\"name\":\"Mat\u00e9riel & d\u00e9chets\",\"isPartOf\":{\"@id\":\"https:\\\/\\\/eventkit.ch\\\/#website\"},\"primaryImageOfPage\":{\"@id\":\"https:\\\/\\\/eventkit.ch\\\/?page_id=1599&lang=fr#primaryimage\"},\"image\":{\"@id\":\"https:\\\/\\\/eventkit.ch\\\/?page_id=1599&lang=fr#primaryimage\"},\"thumbnailUrl\":\"https:\\\/\\\/eventkit.ch\\\/wp-content\\\/uploads\\\/2025\\\/12\\\/P5251371-edited-scaled.jpg\",\"datePublished\":\"2025-12-08T15:41:30+00:00\",\"dateModified\":\"2026-03-25T07:45:33+00:00\",\"description\":\"Moins, c'est plus \u2013 surtout dans l'utilisation des mat\u00e9riaux ! Moins, c'est plus \u2013 surtout dans l'utilisation des mat\u00e9riaux ! Chaque manifestation laisse des traces, mais une bonne planification permet de les minimiser.\",\"breadcrumb\":{\"@id\":\"https:\\\/\\\/eventkit.ch\\\/?page_id=1599&lang=fr#breadcrumb\"},\"inLanguage\":\"de\",\"potentialAction\":[{\"@type\":\"ReadAction\",\"target\":[\"https:\\\/\\\/eventkit.ch\\\/?page_id=1599&lang=fr\"]}]},{\"@type\":\"ImageObject\",\"inLanguage\":\"de\",\"@id\":\"https:\\\/\\\/eventkit.ch\\\/?page_id=1599&lang=fr#primaryimage\",\"url\":\"https:\\\/\\\/eventkit.ch\\\/wp-content\\\/uploads\\\/2025\\\/12\\\/P5251371-edited-scaled.jpg\",\"contentUrl\":\"https:\\\/\\\/eventkit.ch\\\/wp-content\\\/uploads\\\/2025\\\/12\\\/P5251371-edited-scaled.jpg\",\"width\":2560,\"height\":1707,\"caption\":\"\u00a9SOLA Basel 2019\"},{\"@type\":\"BreadcrumbList\",\"@id\":\"https:\\\/\\\/eventkit.ch\\\/?page_id=1599&lang=fr#breadcrumb\",\"itemListElement\":[{\"@type\":\"ListItem\",\"position\":1,\"name\":\"Home\",\"item\":\"https:\\\/\\\/eventkit.ch\\\/\"},{\"@type\":\"ListItem\",\"position\":2,\"name\":\"Th\u00e8mes\",\"item\":\"https:\\\/\\\/eventkit.ch\\\/?page_id=875&lang=fr\"},{\"@type\":\"ListItem\",\"position\":3,\"name\":\"Mat\u00e9riel &#038; d\u00e9chets\"}]},{\"@type\":\"WebSite\",\"@id\":\"https:\\\/\\\/eventkit.ch\\\/#website\",\"url\":\"https:\\\/\\\/eventkit.ch\\\/\",\"name\":\"EventKit\",\"description\":\"Nachhaltigkeit, die wirkt: Dein Event im Check.\",\"publisher\":{\"@id\":\"https:\\\/\\\/eventkit.ch\\\/#organization\"},\"potentialAction\":[{\"@type\":\"SearchAction\",\"target\":{\"@type\":\"EntryPoint\",\"urlTemplate\":\"https:\\\/\\\/eventkit.ch\\\/?s={search_term_string}\"},\"query-input\":{\"@type\":\"PropertyValueSpecification\",\"valueRequired\":true,\"valueName\":\"search_term_string\"}}],\"inLanguage\":\"de\"},{\"@type\":\"Organization\",\"@id\":\"https:\\\/\\\/eventkit.ch\\\/#organization\",\"name\":\"EventKit\",\"url\":\"https:\\\/\\\/eventkit.ch\\\/\",\"logo\":{\"@type\":\"ImageObject\",\"inLanguage\":\"de\",\"@id\":\"https:\\\/\\\/eventkit.ch\\\/#\\\/schema\\\/logo\\\/image\\\/\",\"url\":\"https:\\\/\\\/eventkit.ch\\\/wp-content\\\/uploads\\\/2025\\\/11\\\/android-icon-144x144-1.png\",\"contentUrl\":\"https:\\\/\\\/eventkit.ch\\\/wp-content\\\/uploads\\\/2025\\\/11\\\/android-icon-144x144-1.png\",\"width\":144,\"height\":144,\"caption\":\"EventKit\"},\"image\":{\"@id\":\"https:\\\/\\\/eventkit.ch\\\/#\\\/schema\\\/logo\\\/image\\\/\"}}]}<\/script>\n<!-- \/ Yoast SEO plugin. -->","yoast_head_json":{"title":"Mat\u00e9riel & d\u00e9chets","description":"Moins, c'est plus \u2013 surtout dans l'utilisation des mat\u00e9riaux ! Moins, c'est plus \u2013 surtout dans l'utilisation des mat\u00e9riaux ! Chaque manifestation laisse des traces, mais une bonne planification permet de les minimiser.","robots":{"index":"index","follow":"follow","max-snippet":"max-snippet:-1","max-image-preview":"max-image-preview:large","max-video-preview":"max-video-preview:-1"},"canonical":"https:\/\/eventkit.ch\/?page_id=1599&lang=fr","og_locale":"de_DE","og_type":"article","og_title":"Mat\u00e9riel & d\u00e9chets","og_description":"Moins, c'est plus \u2013 surtout dans l'utilisation des mat\u00e9riaux ! Moins, c'est plus \u2013 surtout dans l'utilisation des mat\u00e9riaux ! Chaque manifestation laisse des traces, mais une bonne planification permet de les minimiser.","og_url":"https:\/\/eventkit.ch\/?page_id=1599&lang=fr","og_site_name":"EventKit","article_modified_time":"2026-03-25T07:45:33+00:00","og_image":[{"width":2560,"height":1707,"url":"https:\/\/eventkit.ch\/wp-content\/uploads\/2025\/12\/P5251371-edited-scaled.jpg","type":"image\/jpeg"}],"twitter_card":"summary_large_image","twitter_misc":{"Gesch\u00e4tzte Lesezeit":"8\u00a0Minuten"},"schema":{"@context":"https:\/\/schema.org","@graph":[{"@type":"WebPage","@id":"https:\/\/eventkit.ch\/?page_id=1599&lang=fr","url":"https:\/\/eventkit.ch\/?page_id=1599&lang=fr","name":"Mat\u00e9riel & d\u00e9chets","isPartOf":{"@id":"https:\/\/eventkit.ch\/#website"},"primaryImageOfPage":{"@id":"https:\/\/eventkit.ch\/?page_id=1599&lang=fr#primaryimage"},"image":{"@id":"https:\/\/eventkit.ch\/?page_id=1599&lang=fr#primaryimage"},"thumbnailUrl":"https:\/\/eventkit.ch\/wp-content\/uploads\/2025\/12\/P5251371-edited-scaled.jpg","datePublished":"2025-12-08T15:41:30+00:00","dateModified":"2026-03-25T07:45:33+00:00","description":"Moins, c'est plus \u2013 surtout dans l'utilisation des mat\u00e9riaux ! Moins, c'est plus \u2013 surtout dans l'utilisation des mat\u00e9riaux ! Chaque manifestation laisse des traces, mais une bonne planification permet de les minimiser.","breadcrumb":{"@id":"https:\/\/eventkit.ch\/?page_id=1599&lang=fr#breadcrumb"},"inLanguage":"de","potentialAction":[{"@type":"ReadAction","target":["https:\/\/eventkit.ch\/?page_id=1599&lang=fr"]}]},{"@type":"ImageObject","inLanguage":"de","@id":"https:\/\/eventkit.ch\/?page_id=1599&lang=fr#primaryimage","url":"https:\/\/eventkit.ch\/wp-content\/uploads\/2025\/12\/P5251371-edited-scaled.jpg","contentUrl":"https:\/\/eventkit.ch\/wp-content\/uploads\/2025\/12\/P5251371-edited-scaled.jpg","width":2560,"height":1707,"caption":"\u00a9SOLA Basel 2019"},{"@type":"BreadcrumbList","@id":"https:\/\/eventkit.ch\/?page_id=1599&lang=fr#breadcrumb","itemListElement":[{"@type":"ListItem","position":1,"name":"Home","item":"https:\/\/eventkit.ch\/"},{"@type":"ListItem","position":2,"name":"Th\u00e8mes","item":"https:\/\/eventkit.ch\/?page_id=875&lang=fr"},{"@type":"ListItem","position":3,"name":"Mat\u00e9riel &#038; d\u00e9chets"}]},{"@type":"WebSite","@id":"https:\/\/eventkit.ch\/#website","url":"https:\/\/eventkit.ch\/","name":"EventKit","description":"Nachhaltigkeit, die wirkt: Dein Event im Check.","publisher":{"@id":"https:\/\/eventkit.ch\/#organization"},"potentialAction":[{"@type":"SearchAction","target":{"@type":"EntryPoint","urlTemplate":"https:\/\/eventkit.ch\/?s={search_term_string}"},"query-input":{"@type":"PropertyValueSpecification","valueRequired":true,"valueName":"search_term_string"}}],"inLanguage":"de"},{"@type":"Organization","@id":"https:\/\/eventkit.ch\/#organization","name":"EventKit","url":"https:\/\/eventkit.ch\/","logo":{"@type":"ImageObject","inLanguage":"de","@id":"https:\/\/eventkit.ch\/#\/schema\/logo\/image\/","url":"https:\/\/eventkit.ch\/wp-content\/uploads\/2025\/11\/android-icon-144x144-1.png","contentUrl":"https:\/\/eventkit.ch\/wp-content\/uploads\/2025\/11\/android-icon-144x144-1.png","width":144,"height":144,"caption":"EventKit"},"image":{"@id":"https:\/\/eventkit.ch\/#\/schema\/logo\/image\/"}}]}},"_links":{"self":[{"href":"https:\/\/eventkit.ch\/index.php?rest_route=\/wp\/v2\/pages\/1599","targetHints":{"allow":["GET"]}}],"collection":[{"href":"https:\/\/eventkit.ch\/index.php?rest_route=\/wp\/v2\/pages"}],"about":[{"href":"https:\/\/eventkit.ch\/index.php?rest_route=\/wp\/v2\/types\/page"}],"author":[{"embeddable":true,"href":"https:\/\/eventkit.ch\/index.php?rest_route=\/wp\/v2\/users\/2"}],"replies":[{"embeddable":true,"href":"https:\/\/eventkit.ch\/index.php?rest_route=%2Fwp%2Fv2%2Fcomments&post=1599"}],"version-history":[{"count":42,"href":"https:\/\/eventkit.ch\/index.php?rest_route=\/wp\/v2\/pages\/1599\/revisions"}],"predecessor-version":[{"id":3741,"href":"https:\/\/eventkit.ch\/index.php?rest_route=\/wp\/v2\/pages\/1599\/revisions\/3741"}],"up":[{"embeddable":true,"href":"https:\/\/eventkit.ch\/index.php?rest_route=\/wp\/v2\/pages\/875"}],"wp:featuredmedia":[{"embeddable":true,"href":"https:\/\/eventkit.ch\/index.php?rest_route=\/wp\/v2\/media\/1681"}],"wp:attachment":[{"href":"https:\/\/eventkit.ch\/index.php?rest_route=%2Fwp%2Fv2%2Fmedia&parent=1599"}],"curies":[{"name":"wp","href":"https:\/\/api.w.org\/{rel}","templated":true}]}}