{"id":1597,"date":"2025-11-18T13:38:40","date_gmt":"2025-11-18T13:38:40","guid":{"rendered":"https:\/\/eventkit.ch\/?page_id=1597"},"modified":"2026-04-15T14:52:22","modified_gmt":"2026-04-15T12:52:22","slug":"organisation-communication","status":"publish","type":"page","link":"https:\/\/eventkit.ch\/?page_id=1597&lang=fr","title":{"rendered":"Organisation &#038; communication"},"content":{"rendered":"<div class=\"wp-block-group alignfull is-layout-constrained wp-block-group-is-layout-constrained\" style=\"padding-top:var(--wp--preset--spacing--40);padding-bottom:var(--wp--preset--spacing--60)\"><figure class=\"wp-block-image aligncenter size-full\"><img decoding=\"async\" src=\"https:\/\/eventkit.ch\/wp-content\/uploads\/2025\/12\/Test-Icons_Eventkit_250922-07.svg\" alt=\"\" class=\"wp-image-1539\"\/><\/figure>\n\n<h1 class=\"has-text-align-center wp-block-post-title\">Organisation &#038; communication<\/h1>\n\n<p class=\"has-text-align-center is-style-subtitle\">Tout commence par une bonne planification et des responsabilit\u00e9s clairement d\u00e9finies. Ces deux \u00e9l\u00e9ments sont la cl\u00e9 du succ\u00e8s de ta d\u00e9marche de durabilit\u00e9.<\/p><\/div><section class=\"wp-block-group alignfull has-green-light-background-color has-background has-15-font-size is-layout-constrained wp-block-group-is-layout-constrained\"><h2 class=\"wp-block-heading has-text-align-center\">\u00c9laborer un concept, d\u00e9finir les responsabilit\u00e9s<\/h2>\n\n<p class=\"has-text-align-center is-style-subtitle has-30-font-size\">Une manifestation bien pens\u00e9e et bien planifi\u00e9e : une valeur ajout\u00e9e pour toutes les parties prenantes<\/p>\n\n<div class=\"wp-bootstrap-blocks-row row\">\n\t\n<div class=\"col-12 col-md-5\">\n\t\t\t\n<p class=\"has-18-font-size\">Un engagement cr\u00e9dible en faveur de la durabilit\u00e9 n\u00e9cessite une approche syst\u00e9matique : le th\u00e8me doit \u00eatre int\u00e9gr\u00e9 d\u00e8s que possible dans la planification et les objectifs fix\u00e9s. La personne responsable de la durabilit\u00e9 fait partie int\u00e9grante du comit\u00e9 d&#8217;organisation central et doit pouvoir influencer les proc\u00e9dures, les processus et les d\u00e9cisions.<\/p>\n\n<p><\/p>\n\n<h4 class=\"wp-block-heading has-secondary-font-family has-24-font-size\">Tu trouveras des informations d\u00e9taill\u00e9es dans ces fiches d&#8217;information :<\/h4>\n\n<div class=\"wp-block-buttons is-layout-flex wp-block-buttons-is-layout-flex\"><div class=\"wp-block-button has-custom-width wp-block-button__width-75 is-style-btn-primary is-style-btn-primary--1\"><a class=\"wp-block-button__link has-general-font-family has-14-font-size has-custom-font-size wp-element-button\" href=\"https:\/\/eventkit.ch\/?resource=selectionner-les-actions&amp;lang=fr\" style=\"padding-right:0;padding-left:0\" target=\"_blank\" rel=\"noreferrer noopener\">De\u0301terminer les objectifs<\/a><\/div>\n\n<div class=\"wp-block-button has-custom-width wp-block-button__width-75 is-style-btn-primary is-style-btn-primary--2\"><a class=\"wp-block-button__link has-general-font-family has-14-font-size has-custom-font-size wp-element-button\" href=\"https:\/\/eventkit.ch\/?resource=selectionner-les-actions-2&amp;lang=fr\" style=\"padding-right:0;padding-left:0\" target=\"_blank\" rel=\"noreferrer noopener\">Selectionner les actions<\/a><\/div><\/div>\n\n<p><\/p>\n\n<p><\/p>\n\n<h4 class=\"wp-block-heading has-secondary-font-family has-24-font-size\">Liens utiles :<\/h4>\n\n<ul style=\"margin-top:0;margin-bottom:0\" class=\"wp-block-list is-style-borderd has-secondary-font-family\"><li style=\"border-style:none;border-width:0px;margin-top:var(--wp--preset--spacing--30);margin-bottom:var(--wp--preset--spacing--30)\"><a href=\"https:\/\/eventkit.ch\/wp-content\/uploads\/2026\/01\/260105-Zielwerte-EP2_fuer-Export.xlsx\" target=\"_blank\" rel=\"noreferrer noopener\">Liste des crit\u00e8res d&#8217;eventkit<\/a> (Excel)<\/li>\n\n<li><a href=\"https:\/\/www.hslu.ch\/de-ch\/wirtschaft\/ueber-uns\/institute\/itm\/themen\/sport-economics\/niv\/\" target=\"_blank\" rel=\"noreferrer noopener\">Guide de la haute \u00e9cole de Lucerne (uniquement en allemand)<\/a><\/li>\n\n<li style=\"border-style:none;border-width:0px;margin-top:var(--wp--preset--spacing--30);margin-bottom:var(--wp--preset--spacing--30)\"><a href=\"https:\/\/labor-tempelhof.org\/projektbausteine\/guidebook-veranstaltungsbranche\/\" target=\"_blank\" rel=\"noreferrer noopener\">Pour les concerts en plein air : exemple de Berlin Tempelhof (uniquement en allemand)<\/a><\/li>\n\n<li style=\"border-style:none;border-width:0px;margin-top:var(--wp--preset--spacing--30);margin-bottom:var(--wp--preset--spacing--30)\"><a href=\"https:\/\/responsible-events-network.ch\/activites\/\" target=\"_blank\" rel=\"noreferrer noopener\">Responsible Events Network<\/a> (ren\u00e9\u00b7e)<\/li>\n\n<li><a href=\"https:\/\/www.kvu.ch\/de\/adressen\" target=\"_blank\" rel=\"noreferrer noopener\">Adresses &#8211; Offices de la protection de l&#8217;environnement<\/a><\/li>\n\n<li>Pour le domaine culturel :<\/li>\n\n<li><a href=\"https:\/\/business.toolbox-agenda2030.ch\/fr\/\" target=\"_blank\" rel=\"noreferrer noopener\">ARE : Outils et conseils pour plus de durabilit\u00e9 dans la cr\u00e9ation culturelle<\/a><\/li>\n\n<li><a href=\"https:\/\/reflector.eco\/fr\/green-guide\/\" target=\"_blank\" rel=\"noreferrer noopener\">Green Guide Reflector<\/a><\/li>\n\n<li><a href=\"https:\/\/www.museums.ch\/admin\/data\/files\/media\/file_fr\/430\/vms_nachhaltigkeit_f_web.pdf?lm=1699971755\" target=\"_blank\" rel=\"noreferrer noopener\">Publication AMS \u00ab La durabilit\u00e9 \u00e9cologique dans les mus\u00e9es \u00bb<\/a><\/li>\n\n<li><a href=\"https:\/\/tatenbank.org\/\" target=\"_blank\" rel=\"noreferrer noopener\">Tatenbank &#8211; La plateforme d&#8217;actions de Vert le Futur pour une culture durable.<\/a><\/li>\n\n<li><a href=\"https:\/\/www.happymuseums.ch\/fr\/happy-museum\" target=\"_blank\" rel=\"noreferrer noopener\">Happy Museum<\/a><\/li><\/ul>\n\t<\/div>\n\n<div class=\"col-12 col-md-7\">\n\t\t\t\n<figure class=\"wp-block-image size-full has-custom-border\"><img loading=\"lazy\" decoding=\"async\" width=\"2560\" height=\"1707\" src=\"https:\/\/eventkit.ch\/wp-content\/uploads\/2026\/02\/closeup-business-woman-hand-typing-laptop-keyboard-scaled.jpg\" alt=\"\" class=\"wp-image-3350\" style=\"border-radius:8px\" srcset=\"https:\/\/eventkit.ch\/wp-content\/uploads\/2026\/02\/closeup-business-woman-hand-typing-laptop-keyboard-scaled.jpg 2560w, https:\/\/eventkit.ch\/wp-content\/uploads\/2026\/02\/closeup-business-woman-hand-typing-laptop-keyboard-300x200.jpg 300w, https:\/\/eventkit.ch\/wp-content\/uploads\/2026\/02\/closeup-business-woman-hand-typing-laptop-keyboard-1024x683.jpg 1024w, https:\/\/eventkit.ch\/wp-content\/uploads\/2026\/02\/closeup-business-woman-hand-typing-laptop-keyboard-768x512.jpg 768w, https:\/\/eventkit.ch\/wp-content\/uploads\/2026\/02\/closeup-business-woman-hand-typing-laptop-keyboard-1536x1024.jpg 1536w, https:\/\/eventkit.ch\/wp-content\/uploads\/2026\/02\/closeup-business-woman-hand-typing-laptop-keyboard-2048x1365.jpg 2048w\" sizes=\"auto, (max-width: 2560px) 100vw, 2560px\" \/><figcaption class=\"wp-element-caption\">Freepik de @jannoon028<\/figcaption><\/figure>\n\n<h3 class=\"wp-block-heading has-secondary-font-family has-24-font-size\">Crit\u00e8res associ\u00e9s dans Eventkit :<\/h3>\n\n<p>1.1. Une personne responsable du domaine de la durabilit\u00e9 a \u00e9t\u00e9 d\u00e9sign\u00e9e. Id\u00e9alement, elle est int\u00e9gr\u00e9e dans le comit\u00e9 central.<\/p>\n\n<p>1.2. Il existe un concept de durabilit\u00e9.<\/p>\n\t<\/div>\n<\/div><\/section><section class=\"wp-block-group alignfull has-orange-lighter-background-color has-background has-15-font-size is-layout-constrained wp-block-group-is-layout-constrained\"><h2 class=\"wp-block-heading has-text-align-center\">\u00c9valuer les actions et viser une am\u00e9lioration continue<\/h2>\n\n<p class=\"has-text-align-center is-style-subtitle has-30-font-size\">Prendre le temps de faire un d\u00e9briefing est essentiel pour assurer la suite<\/p>\n\n<div class=\"wp-bootstrap-blocks-row row\">\n\t\n<div class=\"col-12 col-md-5\">\n\t\t\t\n<p class=\"has-18-font-size\">Effectuer le bilan de ta manifestation est essentiel pour \u00e9valuer le succ\u00e8s des mesures mises en \u0153uvre, identifier les pistes d\u2019am\u00e9lioration et les exploiter pour les \u00e9ditions futures. Il permet \u00e9galement de finaliser les actions de communication et d\u2019assurer la transparence de la d\u00e9marche.<\/p>\n\n<p><\/p>\n\n<h4 class=\"wp-block-heading has-secondary-font-family has-24-font-size\">Tu trouveras des informations d\u00e9taill\u00e9es dans cette fiche d&#8217;information :<\/h4>\n\n<p><\/p>\n\n<div class=\"wp-block-buttons is-layout-flex wp-block-buttons-is-layout-flex\"><div class=\"wp-block-button has-custom-width wp-block-button__width-75 is-style-btn-secondary is-style-btn-secondary--3\"><a class=\"wp-block-button__link has-14-font-size has-custom-font-size wp-element-button\" href=\"https:\/\/eventkit.ch\/?resource=realiser-un-bilan-de-la-demarche&amp;lang=fr\" target=\"_blank\" rel=\"noreferrer noopener\">R\u00e9aliser un bilan de la d\u00e9marche<\/a><\/div><\/div>\n\n<p><\/p>\n\n<h4 class=\"wp-block-heading has-secondary-font-family has-24-font-size\">Liens utiles :<\/h4>\n\n<ul class=\"wp-block-list is-style-borderd\"><li><a href=\"https:\/\/www.bfs.admin.ch\/bfs\/fr\/home\/statistiques\/developpement-durable\/cercle-indicateurs.html\" target=\"_blank\" rel=\"noreferrer noopener\">Cercle Indicateurs: Indicateurs de d\u00e9veloppement durable<\/a><\/li><\/ul>\n\t<\/div>\n\n<div class=\"col-12 col-md-7\">\n\t\t\t\n<figure class=\"wp-block-image size-full has-custom-border\"><img loading=\"lazy\" decoding=\"async\" width=\"2560\" height=\"1707\" src=\"https:\/\/eventkit.ch\/wp-content\/uploads\/2025\/12\/IMG_2264-edited-scaled.jpg\" alt=\"\" class=\"wp-image-1920\" style=\"border-radius:8px\" srcset=\"https:\/\/eventkit.ch\/wp-content\/uploads\/2025\/12\/IMG_2264-edited-scaled.jpg 2560w, https:\/\/eventkit.ch\/wp-content\/uploads\/2025\/12\/IMG_2264-edited-300x200.jpg 300w, https:\/\/eventkit.ch\/wp-content\/uploads\/2025\/12\/IMG_2264-edited-1024x683.jpg 1024w, https:\/\/eventkit.ch\/wp-content\/uploads\/2025\/12\/IMG_2264-edited-768x512.jpg 768w, https:\/\/eventkit.ch\/wp-content\/uploads\/2025\/12\/IMG_2264-edited-1536x1024.jpg 1536w, https:\/\/eventkit.ch\/wp-content\/uploads\/2025\/12\/IMG_2264-edited-2048x1365.jpg 2048w\" sizes=\"auto, (max-width: 2560px) 100vw, 2560px\" \/><\/figure>\n\n<h3 class=\"wp-block-heading has-secondary-font-family has-24-font-size\">Crit\u00e8res associ\u00e9s dans Eventkit :<\/h3>\n\n<p>1.3 La mise en \u0153uvre et l&#8217;impact des mesures de durabilit\u00e9 sont \u00e9valu\u00e9s apr\u00e8s la manifestation.&nbsp;&nbsp;<\/p>\n\t<\/div>\n<\/div><\/section><section class=\"wp-block-group alignfull is-layout-constrained wp-block-group-is-layout-constrained\"><h2 class=\"wp-block-heading has-text-align-center\">Autres sujets en lien<\/h2>\n\n<p class=\"has-text-align-center is-style-subtitle\">avec la th\u00e9matique Organisation  &amp; communication<\/p>\n\n<div class=\"wp-block-columns is-layout-flex wp-container-core-columns-is-layout-28f84493 wp-block-columns-is-layout-flex\"><div class=\"wp-block-column is-layout-flow wp-block-column-is-layout-flow\"><div class=\"wp-block-group is-layout-constrained wp-block-group-is-layout-constrained\"><figure class=\"wp-block-image size-full has-custom-border\"><img loading=\"lazy\" decoding=\"async\" width=\"1102\" height=\"735\" src=\"https:\/\/eventkit.ch\/wp-content\/uploads\/2025\/12\/image.jpg\" alt=\"\" class=\"wp-image-1922\" style=\"border-radius:10px\" srcset=\"https:\/\/eventkit.ch\/wp-content\/uploads\/2025\/12\/image.jpg 1102w, https:\/\/eventkit.ch\/wp-content\/uploads\/2025\/12\/image-300x200.jpg 300w, https:\/\/eventkit.ch\/wp-content\/uploads\/2025\/12\/image-1024x683.jpg 1024w, https:\/\/eventkit.ch\/wp-content\/uploads\/2025\/12\/image-768x512.jpg 768w\" sizes=\"auto, (max-width: 1102px) 100vw, 1102px\" \/><figcaption class=\"wp-element-caption\">\u00a9 SOLA Basel<\/figcaption><\/figure>\n\n<p><\/p>\n\n<h3 class=\"wp-block-heading has-28-font-size\" style=\"margin-top:10px;margin-bottom:10px\">Informer et motiver<\/h3>\n\n<p><\/p>\n\n<p class=\"has-18-font-size\">Une communication transparente et l&#8217;implication des parties prenantes renforce l\u2019engagement en faveur de la durabilit\u00e9, am\u00e9liore la compr\u00e9hension des objectifs et des actions, et favorise la coh\u00e9rence et la pertinence de la d\u00e9marche.<\/p>\n\n<div class=\"wp-block-buttons is-layout-flex wp-block-buttons-is-layout-flex\"><div class=\"wp-block-button has-custom-width wp-block-button__width-100\"><a class=\"wp-block-button__link has-white-color has-primary-background-color has-text-color has-background has-link-color wp-element-button\" href=\"https:\/\/eventkit.ch\/?resource=communication-et-transfers-de-connaissance&amp;lang=fr\" target=\"_blank\" rel=\"noreferrer noopener\">Communication et transfert de connaissances<\/a><\/div>\n\n<div class=\"wp-block-button has-custom-width wp-block-button__width-100\"><a class=\"wp-block-button__link has-white-color has-primary-background-color has-text-color has-background has-link-color wp-element-button\" href=\"https:\/\/eventkit.ch\/?resource=communiquer-les-engagements-en-faveur-de-la-durabilite&amp;lang=fr\" target=\"_blank\" rel=\"noreferrer noopener\">Communiquer les engagements en faveur de la durabilit\u00e9<\/a><\/div>\n\n<div class=\"wp-block-button has-custom-width wp-block-button__width-100\"><a class=\"wp-block-button__link has-white-color has-primary-background-color has-text-color has-background has-link-color wp-element-button\" href=\"https:\/\/eventkit.ch\/?resource=federer-linteret-du-comite-dorganisation&amp;lang=fr\" target=\"_blank\" rel=\"noreferrer noopener\">F\u00e9d\u00e9rer l&#8217;int\u00e9r\u00eat du comit\u00e9 d&#8217;organisation<\/a><\/div>\n\n<div class=\"wp-block-button has-custom-width wp-block-button__width-100\"><a class=\"wp-block-button__link has-white-color has-primary-background-color has-text-color has-background has-link-color wp-element-button\" href=\"https:\/\/eventkit.ch\/?resource=sensibiliser-les-parties-prenantes-internes&amp;lang=fr\" target=\"_blank\" rel=\"noreferrer noopener\">Sensibiliser les parties prenantes internes<\/a><\/div>\n\n<div class=\"wp-block-button has-custom-width wp-block-button__width-100\"><a class=\"wp-block-button__link has-white-color has-primary-background-color has-text-color has-background has-link-color wp-element-button\" href=\"https:\/\/eventkit.ch\/?resource=gerer-informer-et-sensibiliser-les-benevoles&amp;lang=fr\" target=\"_blank\" rel=\"noreferrer noopener\">G\u00e9rer, informer et sensibiliser les b\u00e9n\u00e9voles<\/a><\/div>\n\n<div class=\"wp-block-button has-custom-width wp-block-button__width-100\"><a class=\"wp-block-button__link has-white-color has-primary-background-color has-text-color has-background has-link-color wp-element-button\" href=\"https:\/\/eventkit.ch\/?resource=informer-et-sensibiliser-le-public&amp;lang=fr\" target=\"_blank\" rel=\"noreferrer noopener\">Informer et sensibiliser le public<\/a><\/div>\n\n<div class=\"wp-block-button has-custom-width wp-block-button__width-100\"><a class=\"wp-block-button__link has-white-color has-primary-background-color has-text-color has-background has-link-color wp-element-button\" href=\"https:\/\/eventkit.ch\/?resource=integrer-les-sponsors-a-la-demarche-de-durabilite&amp;lang=fr\" target=\"_blank\" rel=\"noreferrer noopener\">Int\u00e9grer les sponsors \u00e0 la d\u00e9marche de durabilit\u00e9<\/a><\/div><\/div>\n\n<p><\/p>\n\n<h4 class=\"wp-block-heading has-secondary-font-family has-24-font-size\">Liens utiles :<\/h4>\n\n<ul class=\"wp-block-list is-style-borderd\"><li><a href=\"https:\/\/yeah.paleo.ch\/fr\/politique-environnementale\" target=\"_blank\" rel=\"noreferrer noopener\">Pal\u00e9o Festival Nyon<\/a><\/li><\/ul><\/div>\n\n<p><\/p><\/div>\n\n<div class=\"wp-block-column is-layout-flow wp-block-column-is-layout-flow\"><figure class=\"wp-block-image size-full has-custom-border\"><img loading=\"lazy\" decoding=\"async\" width=\"1772\" height=\"1181\" src=\"https:\/\/eventkit.ch\/wp-content\/uploads\/2026\/04\/Gletscherfoto_Christof_pluswert_reduziert.jpg\" alt=\"\" class=\"wp-image-3774\" style=\"border-radius:10px\" srcset=\"https:\/\/eventkit.ch\/wp-content\/uploads\/2026\/04\/Gletscherfoto_Christof_pluswert_reduziert.jpg 1772w, https:\/\/eventkit.ch\/wp-content\/uploads\/2026\/04\/Gletscherfoto_Christof_pluswert_reduziert-300x200.jpg 300w, https:\/\/eventkit.ch\/wp-content\/uploads\/2026\/04\/Gletscherfoto_Christof_pluswert_reduziert-1024x682.jpg 1024w, https:\/\/eventkit.ch\/wp-content\/uploads\/2026\/04\/Gletscherfoto_Christof_pluswert_reduziert-768x512.jpg 768w, https:\/\/eventkit.ch\/wp-content\/uploads\/2026\/04\/Gletscherfoto_Christof_pluswert_reduziert-1536x1024.jpg 1536w\" sizes=\"auto, (max-width: 1772px) 100vw, 1772px\" \/><figcaption class=\"wp-element-caption\">\u00a9 pluswert &#8211; Christof Dietler<\/figcaption><\/figure>\n\n<p><\/p>\n\n<h3 class=\"wp-block-heading has-28-font-size\">R\u00e9duire et mesurer les \u00e9missions de gaz \u00e0 effet de serre<\/h3>\n\n<p><\/p>\n\n<p class=\"has-18-font-size\">Le changement climatique est consid\u00e9r\u00e9 comme l&#8217;un des plus grands d\u00e9fis \u00e9cologiques. Compte tenu des effets d\u00e9j\u00e0 visibles du changement climatique sur les \u00e9v\u00e9nements sportifs et culturels, la protection du climat et l&#8217;adaptation au changement climatique vont prendre encore plus d&#8217;importance \u00e0 l&#8217;avenir. La priorit\u00e9 devrait \u00eatre donn\u00e9e \u00e0 la r\u00e9duction et \u00e0 la pr\u00e9vention des \u00e9missions de gaz \u00e0 effet de serre.<\/p>\n\n<div class=\"wp-block-buttons is-layout-flex wp-block-buttons-is-layout-flex\"><div class=\"wp-block-button has-custom-width wp-block-button__width-100\"><a class=\"wp-block-button__link has-white-color has-secondary-background-color has-text-color has-background has-link-color wp-element-button\" href=\"https:\/\/eventkit.ch\/?page_id=2635&amp;lang=fr\" target=\"_blank\" rel=\"noreferrer noopener\">\u00c9valuer l\u2019impact de ta manifestation<\/a><\/div><\/div>\n\n<p><\/p>\n\n<h4 class=\"wp-block-heading has-secondary-font-family has-24-font-size\">Liens utiles :<\/h4>\n\n<ul class=\"wp-block-list is-style-borderd\"><li><a href=\"https:\/\/www.myclimate.org\/de-ch\/\" target=\"_blank\" rel=\"noreferrer noopener\">Myclimate<\/a><\/li>\n\n<li><a href=\"https:\/\/www.firstclimate.com\/leistungen\/co2-fussabdruck-berechnen\" target=\"_blank\" rel=\"noreferrer noopener\">First Climate<\/a><\/li>\n\n<li><a href=\"https:\/\/klima-kollekte.de\/\" target=\"_blank\" rel=\"noreferrer noopener\">Atmosfair (en allemand)<\/a><\/li>\n\n<li><a href=\"https:\/\/klima-kollekte.de\/\" target=\"_blank\" rel=\"noreferrer noopener\">Klima-Kollete (en allemand)<\/a><\/li><\/ul><\/div><\/div><\/section><p><\/p><section class=\"wp-block-group alignfull has-orange-light-background-color has-background is-layout-constrained wp-block-group-is-layout-constrained\"><figure class=\"wp-block-image aligncenter size-full\"><img decoding=\"async\" src=\"https:\/\/eventkit.ch\/wp-content\/themes\/eventkit-wp\/assets\/images\/pattern\/download.png\" alt=\"\" class=\"wp-image-491\"\/><\/figure>\n\n<h2 class=\"wp-block-heading has-text-align-center\">T\u00e9l\u00e9charge la liste de crit\u00e8res compl\u00e8te<\/h2>\n\n<p class=\"has-text-align-center is-style-subtitle\">avec ses 58 mesures dans 9 domaines th\u00e9matiques<\/p>\n\n<div class=\"wp-block-buttons is-content-justification-center is-layout-flex wp-container-core-buttons-is-layout-253fffe0 wp-block-buttons-is-layout-flex\"><?xml encoding=\"utf-8\" ?><div class=\"wp-block-button is-style-btn-secondary is-style-btn-secondary--4\"><a class=\"wp-block-button__link wp-element-button has-core-icon\" href=\"https:\/\/eventkit.ch\/wp-content\/uploads\/2026\/03\/Zielwerte-Eventkit.pdf\" target=\"_blank\" rel=\"noreferrer noopener\" style='--core-icon: url(\"https:\/\/eventkit.ch\/wp-content\/themes\/eventkit-wp\/gutenberg-dev\/assets\/badge-icons\/file-text.svg\");'> Au format PDF<\/a><\/div>\n\n\n<?xml encoding=\"utf-8\" ?><div class=\"wp-block-button is-style-btn-primary is-style-btn-primary--5\"><a class=\"wp-block-button__link wp-element-button has-core-icon\" href=\"https:\/\/eventkit.ch\/wp-content\/uploads\/2026\/03\/Zielwerte-Eventkit.xlsx\" target=\"_blank\" rel=\"noreferrer noopener\" style='--core-icon: url(\"https:\/\/eventkit.ch\/wp-content\/themes\/eventkit-wp\/gutenberg-dev\/assets\/badge-icons\/file-text.svg\");'>Au format Excel<\/a><\/div>\n<\/div><\/section>","protected":false},"excerpt":{"rendered":"<p>Tout commence par une bonne planification et des responsabilit\u00e9s clairement d\u00e9finies. Ces deux \u00e9l\u00e9ments sont la cl\u00e9 du succ\u00e8s de ta d\u00e9marche de durabilit\u00e9. \u00c9laborer un concept, d\u00e9finir les responsabilit\u00e9s Une manifestation bien pens\u00e9e et bien planifi\u00e9e : une valeur ajout\u00e9e pour toutes les parties prenantes \u00c9valuer les actions et viser une am\u00e9lioration continue Prendre [&hellip;]<\/p>\n","protected":false},"author":2,"featured_media":3371,"parent":875,"menu_order":0,"comment_status":"closed","ping_status":"closed","template":"page-no-title","meta":{"_sitemap_exclude":false,"_sitemap_priority":"","_sitemap_frequency":"","footnotes":""},"class_list":["post-1597","page","type-page","status-publish","has-post-thumbnail","hentry"],"yoast_head":"<!-- This site is optimized with the Yoast SEO plugin v27.3 - https:\/\/yoast.com\/product\/yoast-seo-wordpress\/ -->\n<title>Organisation &amp; communication<\/title>\n<meta name=\"description\" content=\"Tout commence par une bonne planification et des responsabilit\u00e9s clairement d\u00e9finies. Ces deux \u00e9l\u00e9ments sont la cl\u00e9 du succ\u00e8s de ta d\u00e9marche de durabilit\u00e9.\" \/>\n<meta name=\"robots\" content=\"index, follow, max-snippet:-1, max-image-preview:large, max-video-preview:-1\" \/>\n<link rel=\"canonical\" href=\"https:\/\/eventkit.ch\/?page_id=1597&lang=fr\" \/>\n<meta property=\"og:locale\" content=\"de_DE\" \/>\n<meta property=\"og:type\" content=\"article\" \/>\n<meta property=\"og:title\" content=\"Organisation &amp; communication\" \/>\n<meta property=\"og:description\" content=\"Tout commence par une bonne planification et des responsabilit\u00e9s clairement d\u00e9finies. Ces deux \u00e9l\u00e9ments sont la cl\u00e9 du succ\u00e8s de ta d\u00e9marche de durabilit\u00e9.\" \/>\n<meta property=\"og:url\" content=\"https:\/\/eventkit.ch\/?page_id=1597&amp;lang=fr\" \/>\n<meta property=\"og:site_name\" content=\"EventKit\" \/>\n<meta property=\"article:modified_time\" content=\"2026-04-15T12:52:22+00:00\" \/>\n<meta property=\"og:image\" content=\"https:\/\/eventkit.ch\/wp-content\/uploads\/2026\/02\/closeup-business-woman-hand-typing-laptop-keyboard-8-scaled.jpg\" \/>\n\t<meta property=\"og:image:width\" content=\"2560\" \/>\n\t<meta property=\"og:image:height\" content=\"1707\" \/>\n\t<meta property=\"og:image:type\" content=\"image\/jpeg\" \/>\n<meta name=\"twitter:card\" content=\"summary_large_image\" \/>\n<meta name=\"twitter:label1\" content=\"Gesch\u00e4tzte Lesezeit\" \/>\n\t<meta name=\"twitter:data1\" content=\"5\u00a0Minuten\" \/>\n<script type=\"application\/ld+json\" class=\"yoast-schema-graph\">{\"@context\":\"https:\\\/\\\/schema.org\",\"@graph\":[{\"@type\":\"WebPage\",\"@id\":\"https:\\\/\\\/eventkit.ch\\\/?page_id=1597&lang=fr\",\"url\":\"https:\\\/\\\/eventkit.ch\\\/?page_id=1597&lang=fr\",\"name\":\"Organisation & communication\",\"isPartOf\":{\"@id\":\"https:\\\/\\\/eventkit.ch\\\/#website\"},\"primaryImageOfPage\":{\"@id\":\"https:\\\/\\\/eventkit.ch\\\/?page_id=1597&lang=fr#primaryimage\"},\"image\":{\"@id\":\"https:\\\/\\\/eventkit.ch\\\/?page_id=1597&lang=fr#primaryimage\"},\"thumbnailUrl\":\"https:\\\/\\\/eventkit.ch\\\/wp-content\\\/uploads\\\/2026\\\/02\\\/closeup-business-woman-hand-typing-laptop-keyboard-8-scaled.jpg\",\"datePublished\":\"2025-11-18T13:38:40+00:00\",\"dateModified\":\"2026-04-15T12:52:22+00:00\",\"description\":\"Tout commence par une bonne planification et des responsabilit\u00e9s clairement d\u00e9finies. Ces deux \u00e9l\u00e9ments sont la cl\u00e9 du succ\u00e8s de ta d\u00e9marche de durabilit\u00e9.\",\"breadcrumb\":{\"@id\":\"https:\\\/\\\/eventkit.ch\\\/?page_id=1597&lang=fr#breadcrumb\"},\"inLanguage\":\"de\",\"potentialAction\":[{\"@type\":\"ReadAction\",\"target\":[\"https:\\\/\\\/eventkit.ch\\\/?page_id=1597&lang=fr\"]}]},{\"@type\":\"ImageObject\",\"inLanguage\":\"de\",\"@id\":\"https:\\\/\\\/eventkit.ch\\\/?page_id=1597&lang=fr#primaryimage\",\"url\":\"https:\\\/\\\/eventkit.ch\\\/wp-content\\\/uploads\\\/2026\\\/02\\\/closeup-business-woman-hand-typing-laptop-keyboard-8-scaled.jpg\",\"contentUrl\":\"https:\\\/\\\/eventkit.ch\\\/wp-content\\\/uploads\\\/2026\\\/02\\\/closeup-business-woman-hand-typing-laptop-keyboard-8-scaled.jpg\",\"width\":2560,\"height\":1707,\"caption\":\"Freepik von @jannoon028\"},{\"@type\":\"BreadcrumbList\",\"@id\":\"https:\\\/\\\/eventkit.ch\\\/?page_id=1597&lang=fr#breadcrumb\",\"itemListElement\":[{\"@type\":\"ListItem\",\"position\":1,\"name\":\"Home\",\"item\":\"https:\\\/\\\/eventkit.ch\\\/\"},{\"@type\":\"ListItem\",\"position\":2,\"name\":\"Th\u00e8mes\",\"item\":\"https:\\\/\\\/eventkit.ch\\\/?page_id=875&lang=fr\"},{\"@type\":\"ListItem\",\"position\":3,\"name\":\"Organisation &#038; communication\"}]},{\"@type\":\"WebSite\",\"@id\":\"https:\\\/\\\/eventkit.ch\\\/#website\",\"url\":\"https:\\\/\\\/eventkit.ch\\\/\",\"name\":\"EventKit\",\"description\":\"Nachhaltigkeit, die wirkt: Dein Event im Check.\",\"publisher\":{\"@id\":\"https:\\\/\\\/eventkit.ch\\\/#organization\"},\"potentialAction\":[{\"@type\":\"SearchAction\",\"target\":{\"@type\":\"EntryPoint\",\"urlTemplate\":\"https:\\\/\\\/eventkit.ch\\\/?s={search_term_string}\"},\"query-input\":{\"@type\":\"PropertyValueSpecification\",\"valueRequired\":true,\"valueName\":\"search_term_string\"}}],\"inLanguage\":\"de\"},{\"@type\":\"Organization\",\"@id\":\"https:\\\/\\\/eventkit.ch\\\/#organization\",\"name\":\"EventKit\",\"url\":\"https:\\\/\\\/eventkit.ch\\\/\",\"logo\":{\"@type\":\"ImageObject\",\"inLanguage\":\"de\",\"@id\":\"https:\\\/\\\/eventkit.ch\\\/#\\\/schema\\\/logo\\\/image\\\/\",\"url\":\"https:\\\/\\\/eventkit.ch\\\/wp-content\\\/uploads\\\/2025\\\/11\\\/android-icon-144x144-1.png\",\"contentUrl\":\"https:\\\/\\\/eventkit.ch\\\/wp-content\\\/uploads\\\/2025\\\/11\\\/android-icon-144x144-1.png\",\"width\":144,\"height\":144,\"caption\":\"EventKit\"},\"image\":{\"@id\":\"https:\\\/\\\/eventkit.ch\\\/#\\\/schema\\\/logo\\\/image\\\/\"}}]}<\/script>\n<!-- \/ Yoast SEO plugin. -->","yoast_head_json":{"title":"Organisation & communication","description":"Tout commence par une bonne planification et des responsabilit\u00e9s clairement d\u00e9finies. Ces deux \u00e9l\u00e9ments sont la cl\u00e9 du succ\u00e8s de ta d\u00e9marche de durabilit\u00e9.","robots":{"index":"index","follow":"follow","max-snippet":"max-snippet:-1","max-image-preview":"max-image-preview:large","max-video-preview":"max-video-preview:-1"},"canonical":"https:\/\/eventkit.ch\/?page_id=1597&lang=fr","og_locale":"de_DE","og_type":"article","og_title":"Organisation & communication","og_description":"Tout commence par une bonne planification et des responsabilit\u00e9s clairement d\u00e9finies. Ces deux \u00e9l\u00e9ments sont la cl\u00e9 du succ\u00e8s de ta d\u00e9marche de durabilit\u00e9.","og_url":"https:\/\/eventkit.ch\/?page_id=1597&lang=fr","og_site_name":"EventKit","article_modified_time":"2026-04-15T12:52:22+00:00","og_image":[{"width":2560,"height":1707,"url":"https:\/\/eventkit.ch\/wp-content\/uploads\/2026\/02\/closeup-business-woman-hand-typing-laptop-keyboard-8-scaled.jpg","type":"image\/jpeg"}],"twitter_card":"summary_large_image","twitter_misc":{"Gesch\u00e4tzte Lesezeit":"5\u00a0Minuten"},"schema":{"@context":"https:\/\/schema.org","@graph":[{"@type":"WebPage","@id":"https:\/\/eventkit.ch\/?page_id=1597&lang=fr","url":"https:\/\/eventkit.ch\/?page_id=1597&lang=fr","name":"Organisation & communication","isPartOf":{"@id":"https:\/\/eventkit.ch\/#website"},"primaryImageOfPage":{"@id":"https:\/\/eventkit.ch\/?page_id=1597&lang=fr#primaryimage"},"image":{"@id":"https:\/\/eventkit.ch\/?page_id=1597&lang=fr#primaryimage"},"thumbnailUrl":"https:\/\/eventkit.ch\/wp-content\/uploads\/2026\/02\/closeup-business-woman-hand-typing-laptop-keyboard-8-scaled.jpg","datePublished":"2025-11-18T13:38:40+00:00","dateModified":"2026-04-15T12:52:22+00:00","description":"Tout commence par une bonne planification et des responsabilit\u00e9s clairement d\u00e9finies. Ces deux \u00e9l\u00e9ments sont la cl\u00e9 du succ\u00e8s de ta d\u00e9marche de durabilit\u00e9.","breadcrumb":{"@id":"https:\/\/eventkit.ch\/?page_id=1597&lang=fr#breadcrumb"},"inLanguage":"de","potentialAction":[{"@type":"ReadAction","target":["https:\/\/eventkit.ch\/?page_id=1597&lang=fr"]}]},{"@type":"ImageObject","inLanguage":"de","@id":"https:\/\/eventkit.ch\/?page_id=1597&lang=fr#primaryimage","url":"https:\/\/eventkit.ch\/wp-content\/uploads\/2026\/02\/closeup-business-woman-hand-typing-laptop-keyboard-8-scaled.jpg","contentUrl":"https:\/\/eventkit.ch\/wp-content\/uploads\/2026\/02\/closeup-business-woman-hand-typing-laptop-keyboard-8-scaled.jpg","width":2560,"height":1707,"caption":"Freepik von @jannoon028"},{"@type":"BreadcrumbList","@id":"https:\/\/eventkit.ch\/?page_id=1597&lang=fr#breadcrumb","itemListElement":[{"@type":"ListItem","position":1,"name":"Home","item":"https:\/\/eventkit.ch\/"},{"@type":"ListItem","position":2,"name":"Th\u00e8mes","item":"https:\/\/eventkit.ch\/?page_id=875&lang=fr"},{"@type":"ListItem","position":3,"name":"Organisation &#038; communication"}]},{"@type":"WebSite","@id":"https:\/\/eventkit.ch\/#website","url":"https:\/\/eventkit.ch\/","name":"EventKit","description":"Nachhaltigkeit, die wirkt: Dein Event im Check.","publisher":{"@id":"https:\/\/eventkit.ch\/#organization"},"potentialAction":[{"@type":"SearchAction","target":{"@type":"EntryPoint","urlTemplate":"https:\/\/eventkit.ch\/?s={search_term_string}"},"query-input":{"@type":"PropertyValueSpecification","valueRequired":true,"valueName":"search_term_string"}}],"inLanguage":"de"},{"@type":"Organization","@id":"https:\/\/eventkit.ch\/#organization","name":"EventKit","url":"https:\/\/eventkit.ch\/","logo":{"@type":"ImageObject","inLanguage":"de","@id":"https:\/\/eventkit.ch\/#\/schema\/logo\/image\/","url":"https:\/\/eventkit.ch\/wp-content\/uploads\/2025\/11\/android-icon-144x144-1.png","contentUrl":"https:\/\/eventkit.ch\/wp-content\/uploads\/2025\/11\/android-icon-144x144-1.png","width":144,"height":144,"caption":"EventKit"},"image":{"@id":"https:\/\/eventkit.ch\/#\/schema\/logo\/image\/"}}]}},"_links":{"self":[{"href":"https:\/\/eventkit.ch\/index.php?rest_route=\/wp\/v2\/pages\/1597","targetHints":{"allow":["GET"]}}],"collection":[{"href":"https:\/\/eventkit.ch\/index.php?rest_route=\/wp\/v2\/pages"}],"about":[{"href":"https:\/\/eventkit.ch\/index.php?rest_route=\/wp\/v2\/types\/page"}],"author":[{"embeddable":true,"href":"https:\/\/eventkit.ch\/index.php?rest_route=\/wp\/v2\/users\/2"}],"replies":[{"embeddable":true,"href":"https:\/\/eventkit.ch\/index.php?rest_route=%2Fwp%2Fv2%2Fcomments&post=1597"}],"version-history":[{"count":42,"href":"https:\/\/eventkit.ch\/index.php?rest_route=\/wp\/v2\/pages\/1597\/revisions"}],"predecessor-version":[{"id":3778,"href":"https:\/\/eventkit.ch\/index.php?rest_route=\/wp\/v2\/pages\/1597\/revisions\/3778"}],"up":[{"embeddable":true,"href":"https:\/\/eventkit.ch\/index.php?rest_route=\/wp\/v2\/pages\/875"}],"wp:featuredmedia":[{"embeddable":true,"href":"https:\/\/eventkit.ch\/index.php?rest_route=\/wp\/v2\/media\/3371"}],"wp:attachment":[{"href":"https:\/\/eventkit.ch\/index.php?rest_route=%2Fwp%2Fv2%2Fmedia&parent=1597"}],"curies":[{"name":"wp","href":"https:\/\/api.w.org\/{rel}","templated":true}]}}