{"id":1593,"date":"2025-12-08T16:22:45","date_gmt":"2025-12-08T16:22:45","guid":{"rendered":"https:\/\/eventkit.ch\/?page_id=1593"},"modified":"2026-04-13T15:35:42","modified_gmt":"2026-04-13T13:35:42","slug":"sante-prevention","status":"publish","type":"page","link":"https:\/\/eventkit.ch\/?page_id=1593&lang=fr","title":{"rendered":"Sant\u00e9 &#038; pr\u00e9vention"},"content":{"rendered":"<div class=\"wp-block-group alignfull is-layout-constrained wp-block-group-is-layout-constrained\" style=\"padding-top:var(--wp--preset--spacing--40);padding-bottom:var(--wp--preset--spacing--60)\"><figure class=\"wp-block-image aligncenter size-full\"><img decoding=\"async\" src=\"https:\/\/eventkit.ch\/wp-content\/uploads\/2025\/12\/Test-Icons_Eventkit_250922-13.svg\" alt=\"\" class=\"wp-image-1533\"\/><\/figure>\n\n<h1 class=\"has-text-align-center wp-block-post-title\">Sant\u00e9 &#038; pr\u00e9vention<\/h1>\n\n<p class=\"has-text-align-center is-style-subtitle\">La sant\u00e9, fondement de tout \u00e9quilibre. Quelques exemples de bonnes pratiques: pr\u00e9vention gr\u00e2ce \u00e0 des concepts de s\u00e9curit\u00e9 clairs, sensibilisation contre le dopage et la violence, zones sans tabac et sans alcool, promotion de l&#8217;activit\u00e9 physique, protection contre le bruit et mesures de protection solaire\/contre les fortes chaleurs\/\u00e9v\u00e9nements extr\u00eames. Gr\u00e2ce \u00e0 cela, chaque manifestation devient une exp\u00e9rience \u00e0 la fois s\u00fbre et agr\u00e9able.<\/p><\/div><section class=\"wp-block-group alignfull has-green-light-background-color has-background has-15-font-size is-layout-constrained wp-block-group-is-layout-constrained\"><h2 class=\"wp-block-heading has-text-align-center\">Concept de s\u00e9curit\u00e9<\/h2>\n\n<p class=\"has-text-align-center is-style-subtitle has-30-font-size\">La s\u00e9curit\u00e9 au premier plan<\/p>\n\n<div class=\"wp-bootstrap-blocks-row row\">\n\t\n<div class=\"col-12 col-md-5\">\n\t\t\t\n<p class=\"has-18-font-size\">Des plans d&#8217;urgence clairs, un personnel suffisant, des chemins balis\u00e9s et des contr\u00f4les r\u00e9guliers minimisent les risques d\u00e8s le d\u00e9part. Gr\u00e2ce \u00e0 des analyses des risques, des responsabilit\u00e9s clairement d\u00e9finies et une coop\u00e9ration avec les autorit\u00e9s, ta manifestation est entre de bonnes mains.<\/p>\n\n<p><\/p>\n\n<h4 class=\"wp-block-heading has-secondary-font-family has-24-font-size\">Tu trouveras des informations d\u00e9taill\u00e9es dans ces fiches d&#8217;information :<\/h4>\n\n<div class=\"wp-block-buttons is-layout-flex wp-block-buttons-is-layout-flex\"><div class=\"wp-block-button has-custom-width wp-block-button__width-75 is-style-btn-primary is-style-btn-primary--1\"><a class=\"wp-block-button__link has-general-font-family has-14-font-size has-custom-font-size wp-element-button\" href=\"https:\/\/eventkit.ch\/?resource=mettre-en-place-une-centrale-de-commande-de-controle-et-de-communication&amp;lang=fr\" style=\"padding-right:0;padding-left:0\" target=\"_blank\" rel=\"noreferrer noopener\">Mettre en place une centrale de commande<\/a><\/div>\n\n<div class=\"wp-block-button has-custom-width wp-block-button__width-75 is-style-btn-primary is-style-btn-primary--2\"><a class=\"wp-block-button__link has-general-font-family has-14-font-size has-custom-font-size wp-element-button\" href=\"https:\/\/eventkit.ch\/?resource=prevenir-et-limiter-les-risques-lies-aux-canicules&amp;lang=fr\" style=\"padding-right:0;padding-left:0\" target=\"_blank\" rel=\"noreferrer noopener\">Pr\u00e9venir et limiter les risques li\u00e9s aux canicules<\/a><\/div><\/div>\n\n<p><\/p>\n\n<p><\/p>\n\n<h4 class=\"wp-block-heading has-secondary-font-family has-24-font-size\">Liens utiles :<\/h4>\n\n<ul style=\"margin-top:0;margin-bottom:0\" class=\"wp-block-list is-style-borderd has-secondary-font-family\"><li style=\"border-style:none;border-width:0px;margin-top:var(--wp--preset--spacing--30);margin-bottom:var(--wp--preset--spacing--30)\"><a href=\"https:\/\/www.event-safety-security.ch\/fr\/modeles\/\" target=\"_blank\" rel=\"noreferrer noopener\">Mod\u00e8les et informations pour le concept de s\u00e9curit\u00e9 et de gestion des risques.  Pour les \u00e9v\u00e9nements de moindre envergure, il est possible de supprimer les chapitres non pertinents (chapitres recommand\u00e9s: organisation, description, analyse des risques et mesures) <\/a><\/li><\/ul>\n\t<\/div>\n\n<div class=\"col-12 col-md-7\">\n\t\t\t\n<figure class=\"wp-block-image size-full has-custom-border\"><img loading=\"lazy\" decoding=\"async\" width=\"640\" height=\"360\" src=\"https:\/\/eventkit.ch\/wp-content\/uploads\/2025\/12\/2c12c4.webp\" alt=\"\" class=\"wp-image-1987\" style=\"border-radius:8px\" srcset=\"https:\/\/eventkit.ch\/wp-content\/uploads\/2025\/12\/2c12c4.webp 640w, https:\/\/eventkit.ch\/wp-content\/uploads\/2025\/12\/2c12c4-300x169.webp 300w\" sizes=\"auto, (max-width: 640px) 100vw, 640px\" \/><\/figure>\n\n<h3 class=\"wp-block-heading has-secondary-font-family has-24-font-size\">Crit\u00e8res associ\u00e9s dans Eventkit :<\/h3>\n\n<p>7.1. Un concept\/plan de s\u00e9curit\u00e9 est r\u00e9alis\u00e9 et les soins m\u00e9dicaux de base sont assur\u00e9s. <\/p>\n\n<p>7.2. Des dispositions ad\u00e9quates sont prises pour assurer le bien-\u00eatre et la protection des personnes et des infrastructures en cas d\u2019\u00e9v\u00e9nements m\u00e9t\u00e9orologiques extr\u00eames (chaleur, temp\u00eate, orage, etc.).<\/p>\n\t<\/div>\n<\/div><\/section><section class=\"wp-block-group alignfull has-orange-lighter-background-color has-background has-15-font-size is-layout-constrained wp-block-group-is-layout-constrained\"><h2 class=\"wp-block-heading has-text-align-center\">Sensibilisation &amp; pr\u00e9vention<\/h2>\n\n<p class=\"has-text-align-center is-style-subtitle has-30-font-size\">Du respect pour tous et toutes<\/p>\n\n<div class=\"wp-bootstrap-blocks-row row\">\n\t\n<div class=\"col-12 col-md-5\">\n\t\t\t\n<p class=\"has-18-font-size\">En mettant en place un code de bonne conduite contre la discrimination, la violence et la toxicomanie, en proposant des formations, une communication claire et des interlocuteurs neutres, tu promeut un environnement s\u00fbr. Tu cr\u00e9es ainsi une manifestation qui favorise les rencontres plut\u00f4t que les conflits.<\/p>\n\n<p><\/p>\n\n<h4 class=\"wp-block-heading has-secondary-font-family has-24-font-size\">Tu trouveras des informations d\u00e9taill\u00e9es dans ces fiches d&#8217;information :<\/h4>\n\n<p><\/p>\n\n<div class=\"wp-block-buttons is-layout-flex wp-block-buttons-is-layout-flex\"><div class=\"wp-block-button has-custom-width wp-block-button__width-75 is-style-btn-secondary is-style-btn-secondary--3\"><a class=\"wp-block-button__link has-14-font-size has-custom-font-size wp-element-button\" href=\"https:\/\/eventkit.ch\/?resource=prevenir-les-risques-lies-a-la-sexualite-et-les-abus-sexuels&amp;lang=fr\" target=\"_blank\" rel=\"noreferrer noopener\">Pre\u0301venir les risques lie\u0301s a\u0300 la sexualite\u0301 et les abus sexuels<\/a><\/div>\n\n<div class=\"wp-block-button has-custom-width wp-block-button__width-75 is-style-btn-secondary is-style-btn-secondary--4\"><a class=\"wp-block-button__link has-14-font-size has-custom-font-size wp-element-button\" href=\"https:\/\/eventkit.ch\/?resource=choisir-les-articles-de-merchandising&amp;lang=fr\" target=\"_blank\" rel=\"noreferrer noopener\">Limiter les risques li\u00e9s aux drogues<\/a><\/div>\n\n<div class=\"wp-block-button has-custom-width wp-block-button__width-75 is-style-btn-secondary is-style-btn-secondary--5\"><a class=\"wp-block-button__link has-14-font-size has-custom-font-size wp-element-button\" href=\"https:\/\/eventkit.ch\/?resource=objectif-zero-sexisme&amp;lang=fr\" target=\"_blank\" rel=\"noreferrer noopener\">Objectif z\u00e9ro sexisme<\/a><\/div><\/div>\n\n<p><\/p>\n\n<h4 class=\"wp-block-heading has-secondary-font-family has-24-font-size\">Liens utiles :<\/h4>\n\n<ul class=\"wp-block-list is-style-borderd\"><li><a href=\"https:\/\/www.humanrights.ch\/fr\/pfi\/droits-humains\/discrimination\/dossier-non-discrimination\/droit-suisse\/\" target=\"_blank\" rel=\"noreferrer noopener\">Interdiction de la discrimination<\/a><\/li><\/ul>\n\t<\/div>\n\n<div class=\"col-12 col-md-7\">\n\t\t\t\n<figure class=\"wp-block-image size-full has-custom-border\"><img loading=\"lazy\" decoding=\"async\" width=\"1102\" height=\"735\" src=\"https:\/\/eventkit.ch\/wp-content\/uploads\/2025\/12\/Zurich-Pride-Festival-Friday-Teams-and-Staff-2025-Photo-by-Sebastian-Hubold-9.jpg\" alt=\"\" class=\"wp-image-2016\" style=\"border-radius:8px\" srcset=\"https:\/\/eventkit.ch\/wp-content\/uploads\/2025\/12\/Zurich-Pride-Festival-Friday-Teams-and-Staff-2025-Photo-by-Sebastian-Hubold-9.jpg 1102w, https:\/\/eventkit.ch\/wp-content\/uploads\/2025\/12\/Zurich-Pride-Festival-Friday-Teams-and-Staff-2025-Photo-by-Sebastian-Hubold-9-300x200.jpg 300w, https:\/\/eventkit.ch\/wp-content\/uploads\/2025\/12\/Zurich-Pride-Festival-Friday-Teams-and-Staff-2025-Photo-by-Sebastian-Hubold-9-1024x683.jpg 1024w, https:\/\/eventkit.ch\/wp-content\/uploads\/2025\/12\/Zurich-Pride-Festival-Friday-Teams-and-Staff-2025-Photo-by-Sebastian-Hubold-9-768x512.jpg 768w\" sizes=\"auto, (max-width: 1102px) 100vw, 1102px\" \/><figcaption class=\"wp-element-caption\">\u00a9 Awarenesstem von taktvoll am ESC Basel 2025<\/figcaption><\/figure>\n\n<h3 class=\"wp-block-heading has-secondary-font-family has-24-font-size\">Crit\u00e8res associ\u00e9s dans Eventkit :<\/h3>\n\n<p>7.4. Une offre attrayante de boissons non alcoolis\u00e9es, vendues \u00e0 un prix inf\u00e9rieur \u00e0 celui de la boisson alcoolis\u00e9e la moins ch\u00e8re et de m\u00eame contenance (si existante), est propos\u00e9e.<\/p>\n\n<p>7.5. Des mesures de gestion des risques (par exemple au moyen d\u2019un concept de pr\u00e9vention) pour pr\u00e9venir les accidents de la route, la discrimination, la violence, la toxicomanie et le dopage sont prises.<\/p>\n\t<\/div>\n<\/div><\/section><section class=\"wp-block-group alignfull is-layout-constrained wp-block-group-is-layout-constrained\"><section class=\"wp-block-group alignfull is-layout-constrained wp-block-group-is-layout-constrained\"><h2 class=\"wp-block-heading has-text-align-center\">Autres sujets en lien<\/h2>\n\n<p class=\"has-text-align-center is-style-subtitle\">avec la th\u00e9matique sant\u00e9 &amp; pr\u00e9vention<\/p>\n\n<div class=\"wp-block-columns is-layout-flex wp-container-core-columns-is-layout-28f84493 wp-block-columns-is-layout-flex\"><div class=\"wp-block-column is-layout-flow wp-block-column-is-layout-flow\"><div class=\"wp-block-group is-layout-constrained wp-block-group-is-layout-constrained\"><figure class=\"wp-block-image size-full has-custom-border\"><img loading=\"lazy\" decoding=\"async\" width=\"750\" height=\"500\" src=\"https:\/\/eventkit.ch\/wp-content\/uploads\/2025\/12\/Tabak_Titelbild-edited.jpg\" alt=\"\" class=\"wp-image-1982\" style=\"border-radius:10px\" srcset=\"https:\/\/eventkit.ch\/wp-content\/uploads\/2025\/12\/Tabak_Titelbild-edited.jpg 750w, https:\/\/eventkit.ch\/wp-content\/uploads\/2025\/12\/Tabak_Titelbild-edited-300x200.jpg 300w\" sizes=\"auto, (max-width: 750px) 100vw, 750px\" \/><figcaption class=\"wp-element-caption\">\u00a9 swiss olympic cool &amp; clean<\/figcaption><\/figure>\n\n<p><\/p>\n\n<h3 class=\"wp-block-heading has-28-font-size\" style=\"margin-top:10px;margin-bottom:10px\">Tabac<\/h3>\n\n<p><\/p>\n\n<p>En renon\u00e7ant au sponsoring et \u00e0 la publicit\u00e9 pour le tabac et en d\u00e9limitant clairement les zones fumeurs, tu prot\u00e8ges la sant\u00e9 et l&#8217;environnement. Gr\u00e2ce \u00e0 une communication appropri\u00e9e, ta manifestation deviendra un mod\u00e8le en mati\u00e8re d&#8217;espaces sans tabac.<\/p>\n\n<div class=\"wp-block-buttons is-layout-flex wp-block-buttons-is-layout-flex\"><div class=\"wp-block-button has-custom-width wp-block-button__width-100\"><a class=\"wp-block-button__link has-white-color has-primary-background-color has-text-color has-background has-link-color wp-element-button\" href=\"https:\/\/eventkit.ch\/?resource=renoncer-au-sponsoring-de-lindustrie-du-tabac&amp;lang=fr\" target=\"_blank\" rel=\"noreferrer noopener\">Renoncer au sponsoring du tabac<\/a><\/div>\n\n<div class=\"wp-block-button has-custom-width wp-block-button__width-100\"><a class=\"wp-block-button__link has-white-color has-primary-background-color has-text-color has-background has-link-color wp-element-button\" href=\"https:\/\/eventkit.ch\/?resource=garantir-des-espaces-sans-fumee&amp;lang=fr\" target=\"_blank\" rel=\"noreferrer noopener\">Garantir des espaces sans fum\u00e9e<\/a><\/div><\/div>\n\n<p><\/p>\n\n<h4 class=\"wp-block-heading has-secondary-font-family has-24-font-size\">Liens utiles :<\/h4>\n\n<ul class=\"wp-block-list is-style-borderd\"><li><a href=\"https:\/\/eventkit.ch\/wp-content\/uploads\/2025\/12\/SO_concept_de_protection_de_la_jeunesse_en_mati_re_d_alcool_et_de_tabac.pdf\" target=\"_blank\" rel=\"noreferrer noopener\">Swiss Olympic : concept de protection&nbsp;de la jeunesse en mati\u00e8re d&#8217;alcool et de tabac<\/a><\/li>\n\n<li><a href=\"https:\/\/www.coolandclean.ch\/fr\/\" target=\"_blank\" rel=\"noreferrer noopener\">Programme de pr\u00e9vention&nbsp;dans le domaine du sport (cool and clean)<\/a><\/li><\/ul><\/div>\n\n<hr class=\"wp-block-separator has-text-color has-white-60-color has-alpha-channel-opacity has-white-60-background-color has-background\" style=\"margin-top:var(--wp--preset--spacing--40);margin-bottom:var(--wp--preset--spacing--40)\"\/>\n\n<div class=\"wp-block-group is-layout-constrained wp-block-group-is-layout-constrained\"><figure class=\"wp-block-image size-large has-custom-border\"><img loading=\"lazy\" decoding=\"async\" width=\"1024\" height=\"683\" src=\"https:\/\/eventkit.ch\/wp-content\/uploads\/2025\/12\/MTkxOTR8MnwwfGNvbnRhaW58NTAlIDUwJXxhdXRvIDIxNTkgLyAxNDQw_009-1178x785-1-1024x683.webp\" alt=\"\" class=\"wp-image-1979\" style=\"border-top-left-radius:8px;border-top-right-radius:8px;border-bottom-left-radius:8px;border-bottom-right-radius:8px\" srcset=\"https:\/\/eventkit.ch\/wp-content\/uploads\/2025\/12\/MTkxOTR8MnwwfGNvbnRhaW58NTAlIDUwJXxhdXRvIDIxNTkgLyAxNDQw_009-1178x785-1-1024x683.webp 1024w, https:\/\/eventkit.ch\/wp-content\/uploads\/2025\/12\/MTkxOTR8MnwwfGNvbnRhaW58NTAlIDUwJXxhdXRvIDIxNTkgLyAxNDQw_009-1178x785-1-300x200.webp 300w, https:\/\/eventkit.ch\/wp-content\/uploads\/2025\/12\/MTkxOTR8MnwwfGNvbnRhaW58NTAlIDUwJXxhdXRvIDIxNTkgLyAxNDQw_009-1178x785-1-768x512.webp 768w, https:\/\/eventkit.ch\/wp-content\/uploads\/2025\/12\/MTkxOTR8MnwwfGNvbnRhaW58NTAlIDUwJXxhdXRvIDIxNTkgLyAxNDQw_009-1178x785-1.webp 1300w\" sizes=\"auto, (max-width: 1024px) 100vw, 1024px\" \/><figcaption class=\"wp-element-caption\">\u00a9 gs\u00fcnder Basel<\/figcaption><\/figure>\n\n<p class=\"has-secondary-font-family has-28-font-size\">Promotion et protection de la sant\u00e9<\/p>\n\n<p><\/p>\n\n<p>Pr\u00e9vois des mesures de protection contre le bruit et les effet du soleil\/des fortes chaleurs, int\u00e8gre des activit\u00e9s physiques et cr\u00e9e des espaces de pause, de d\u00e9tente et \u00e0 l&#8217;ombre : cela fera de ta manifestation un v\u00e9ritable booster pour le corps et l&#8217;esprit.<\/p>\n\n<div class=\"wp-block-buttons is-layout-flex wp-block-buttons-is-layout-flex\"><div class=\"wp-block-button has-custom-width wp-block-button__width-100\"><a class=\"wp-block-button__link has-white-color has-primary-background-color has-text-color has-background has-link-color wp-element-button\" href=\"https:\/\/eventkit.ch\/?resource=promouvoir-lactivite-physique&amp;lang=fr\" target=\"_blank\" rel=\"noreferrer noopener\">Promouvoir l\u2019activit\u00e9 physique<\/a><\/div>\n\n<div class=\"wp-block-button has-custom-width wp-block-button__width-100\"><a class=\"wp-block-button__link has-white-color has-primary-background-color has-text-color has-background has-link-color wp-element-button\">Proposer une offre de nourriture et de boissons saines<\/a><\/div><\/div>\n\n<p><\/p>\n\n<h4 class=\"wp-block-heading has-secondary-font-family has-24-font-size\">Liens utiles :<\/h4>\n\n<ul class=\"wp-block-list is-style-borderd\"><li><a href=\"https:\/\/www.sportintegrity.ch\/fr\" type=\"link\" id=\"https:\/\/www.sportintegrity.ch\/fr\" target=\"_blank\" rel=\"noreferrer noopener\">Promotion Sant\u00e9 Suisse<\/a><\/li>\n\n<li><\/li><\/ul><\/div><\/div>\n\n<div class=\"wp-block-column is-layout-flow wp-block-column-is-layout-flow\"><figure class=\"wp-block-image size-full has-custom-border\"><img loading=\"lazy\" decoding=\"async\" width=\"1566\" height=\"1044\" src=\"https:\/\/eventkit.ch\/wp-content\/uploads\/2025\/12\/csm_alkohol__7b7309210f.jpg\" alt=\"\" class=\"wp-image-1986\" style=\"border-radius:10px\" srcset=\"https:\/\/eventkit.ch\/wp-content\/uploads\/2025\/12\/csm_alkohol__7b7309210f.jpg 1566w, https:\/\/eventkit.ch\/wp-content\/uploads\/2025\/12\/csm_alkohol__7b7309210f-300x200.jpg 300w, https:\/\/eventkit.ch\/wp-content\/uploads\/2025\/12\/csm_alkohol__7b7309210f-1024x683.jpg 1024w, https:\/\/eventkit.ch\/wp-content\/uploads\/2025\/12\/csm_alkohol__7b7309210f-768x512.jpg 768w, https:\/\/eventkit.ch\/wp-content\/uploads\/2025\/12\/csm_alkohol__7b7309210f-1536x1024.jpg 1536w\" sizes=\"auto, (max-width: 1566px) 100vw, 1566px\" \/><figcaption class=\"wp-element-caption\">\u00a9 DCStudio &#8211; Blaues Kreuz<\/figcaption><\/figure>\n\n<p><\/p>\n\n<h3 class=\"wp-block-heading has-28-font-size\">Alcool<\/h3>\n\n<p><\/p>\n\n<p>Des alternatives sans alcool et de l&#8217;eau potable gratuite, un personnel form\u00e9 et un bon concept de pr\u00e9vention permettent d&#8217;\u00e9viter la surconsommation. Respecte les dispositions l\u00e9gales, notamment celles relatives \u00e0 la protection des mineurs. Tu garantiras ainsi une consommation responsable et un plaisir sans risque.<\/p>\n\n<div class=\"wp-block-buttons is-layout-flex wp-block-buttons-is-layout-flex\"><\/div>\n\n<p><\/p>\n\n<h4 class=\"wp-block-heading has-secondary-font-family has-24-font-size\">Liens utiles :<\/h4>\n\n<ul class=\"wp-block-list is-style-borderd\"><li><a href=\"https:\/\/www.age-check.ch\/fr\" target=\"_blank\" rel=\"noreferrer noopener\">Cours en ligne sur la protection des mineurs contre l&#8217;alcool et les produits de la nicotine<\/a><\/li>\n\n<li><a href=\"https:\/\/www.addictionsuisse.ch\/\" target=\"_blank\" rel=\"noreferrer noopener\">Informations sur le th\u00e8me de la d\u00e9pendance<\/a><\/li><\/ul>\n\n<hr class=\"wp-block-separator has-text-color has-white-60-color has-alpha-channel-opacity has-white-60-background-color has-background\" style=\"margin-top:var(--wp--preset--spacing--55);margin-bottom:var(--wp--preset--spacing--55)\"\/>\n\n<div class=\"wp-block-group is-layout-constrained wp-block-group-is-layout-constrained\"><figure class=\"wp-block-image size-full has-custom-border\"><img loading=\"lazy\" decoding=\"async\" width=\"680\" height=\"453\" src=\"https:\/\/eventkit.ch\/wp-content\/uploads\/2025\/12\/csm_05_dopingrisiko_supplemente_57916509d2.jpg\" alt=\"\" class=\"wp-image-1997\" style=\"border-radius:10px\" srcset=\"https:\/\/eventkit.ch\/wp-content\/uploads\/2025\/12\/csm_05_dopingrisiko_supplemente_57916509d2.jpg 680w, https:\/\/eventkit.ch\/wp-content\/uploads\/2025\/12\/csm_05_dopingrisiko_supplemente_57916509d2-300x200.jpg 300w\" sizes=\"auto, (max-width: 680px) 100vw, 680px\" \/><figcaption class=\"wp-element-caption\">\u00a9Swiss Sport Integrity<\/figcaption><\/figure>\n\n<h3 class=\"wp-block-heading has-28-font-size\" style=\"margin-top:10px;margin-bottom:10px\">Dopage<\/h3>\n\n<p><\/p>\n\n<p>Un refus cat\u00e9gorique des substances dopantes et des drogues ill\u00e9gales prot\u00e8ge la sant\u00e9, l&#8217;int\u00e9grit\u00e9 et la r\u00e9putation de ta manifestation. Gr\u00e2ce \u00e0 la sensibilisation, \u00e0 un code de conduite clair, \u00e0 des contr\u00f4les et \u00e0 une bonne communication, ton \u00e9v\u00e9nement deviendra un mod\u00e8le.<\/p>\n\n<div class=\"wp-block-buttons is-layout-flex wp-block-buttons-is-layout-flex\"><div class=\"wp-block-button has-custom-width wp-block-button__width-100\"><a class=\"wp-block-button__link has-white-color has-primary-background-color has-text-color has-background has-link-color wp-element-button\" href=\"https:\/\/eventkit.ch\/?resource=lutter-contre-le-dopage&amp;lang=fr\" target=\"_blank\" rel=\"noreferrer noopener\">Lutter contre le dopage<\/a><\/div><\/div>\n\n<p><\/p>\n\n<h4 class=\"wp-block-heading has-secondary-font-family has-24-font-size\">Liens utiles :<\/h4>\n\n<ul class=\"wp-block-list is-style-borderd\"><li><a href=\"https:\/\/www.sportintegrity.ch\/fr\" target=\"_blank\" rel=\"noreferrer noopener\">Informations sur la lutte contre le dopage<\/a><\/li>\n\n<li><a href=\"https:\/\/www.saferparty.ch\/\" target=\"_blank\" rel=\"noreferrer noopener\">Contr\u00f4le mobile de stup\u00e9fiants<\/a> (anglais)<\/li><\/ul>\n\n<div class=\"wp-block-columns is-layout-flex wp-container-core-columns-is-layout-28f84493 wp-block-columns-is-layout-flex\"><div class=\"wp-block-column is-layout-flow wp-block-column-is-layout-flow\"><\/div><\/div><\/div><\/div><\/div><\/section><\/section><section class=\"wp-block-group alignfull has-orange-light-background-color has-background is-layout-constrained wp-block-group-is-layout-constrained\"><figure class=\"wp-block-image aligncenter size-full\"><img decoding=\"async\" src=\"https:\/\/eventkit.ch\/wp-content\/themes\/eventkit-wp\/assets\/images\/pattern\/download.png\" alt=\"\" class=\"wp-image-491\"\/><\/figure>\n\n<h2 class=\"wp-block-heading has-text-align-center\">T\u00e9l\u00e9charge la liste de crit\u00e8res compl\u00e8te<\/h2>\n\n<p class=\"has-text-align-center is-style-subtitle\">avec ses 58 mesures dans 9 domaines th\u00e9matiques<\/p>\n\n<div class=\"wp-block-buttons is-content-justification-center is-layout-flex wp-container-core-buttons-is-layout-253fffe0 wp-block-buttons-is-layout-flex\"><?xml encoding=\"utf-8\" ?><div class=\"wp-block-button is-style-btn-secondary is-style-btn-secondary--6\"><a class=\"wp-block-button__link wp-element-button has-core-icon\" href=\"https:\/\/eventkit.ch\/wp-content\/uploads\/2026\/03\/Zielwerte-Eventkit.pdf\" target=\"_blank\" rel=\"noreferrer noopener\" style='--core-icon: url(\"https:\/\/eventkit.ch\/wp-content\/themes\/eventkit-wp\/gutenberg-dev\/assets\/badge-icons\/file-text.svg\");'> Au format PDF<\/a><\/div>\n\n\n<?xml encoding=\"utf-8\" ?><div class=\"wp-block-button is-style-btn-primary is-style-btn-primary--7\"><a class=\"wp-block-button__link wp-element-button has-core-icon\" href=\"https:\/\/eventkit.ch\/wp-content\/uploads\/2026\/03\/Zielwerte-Eventkit.xlsx\" target=\"_blank\" rel=\"noreferrer noopener\" style='--core-icon: url(\"https:\/\/eventkit.ch\/wp-content\/themes\/eventkit-wp\/gutenberg-dev\/assets\/badge-icons\/file-text.svg\");'>Au format Excel<\/a><\/div>\n<\/div><\/section>","protected":false},"excerpt":{"rendered":"<p>La sant\u00e9, fondement de tout \u00e9quilibre. Quelques exemples de bonnes pratiques: pr\u00e9vention gr\u00e2ce \u00e0 des concepts de s\u00e9curit\u00e9 clairs, sensibilisation contre le dopage et la violence, zones sans tabac et sans alcool, promotion de l&#8217;activit\u00e9 physique, protection contre le bruit et mesures de protection solaire\/contre les fortes chaleurs\/\u00e9v\u00e9nements extr\u00eames. Gr\u00e2ce \u00e0 cela, chaque manifestation devient [&hellip;]<\/p>\n","protected":false},"author":2,"featured_media":2016,"parent":875,"menu_order":0,"comment_status":"closed","ping_status":"closed","template":"page-no-title","meta":{"_sitemap_exclude":false,"_sitemap_priority":"","_sitemap_frequency":"","footnotes":""},"class_list":["post-1593","page","type-page","status-publish","has-post-thumbnail","hentry"],"yoast_head":"<!-- This site is optimized with the Yoast SEO plugin v27.3 - https:\/\/yoast.com\/product\/yoast-seo-wordpress\/ -->\n<title>Sant\u00e9 &amp; pr\u00e9vention<\/title>\n<meta name=\"description\" content=\"a sant\u00e9, fondement de tout \u00e9quilibre. Quelques exemples de bonnes pratiques: pr\u00e9vention gr\u00e2ce \u00e0 des concepts de s\u00e9curit\u00e9 clairs, sensibilisation contre le dopage et la violence, zones sans tabac et sans alcool, promotion de l&#039;activit\u00e9 physique, protection contre le bruit et mesures de protection solaire\/contre les fortes chaleurs\/\u00e9v\u00e9nements extr\u00eames. Gr\u00e2ce \u00e0 cela, chaque manifestation devient une exp\u00e9rience \u00e0 la fois s\u00fbre et agr\u00e9able.\" \/>\n<meta name=\"robots\" content=\"index, follow, max-snippet:-1, max-image-preview:large, max-video-preview:-1\" \/>\n<link rel=\"canonical\" href=\"https:\/\/eventkit.ch\/?page_id=1593&lang=fr\" \/>\n<meta property=\"og:locale\" content=\"de_DE\" \/>\n<meta property=\"og:type\" content=\"article\" \/>\n<meta property=\"og:title\" content=\"Sant\u00e9 &amp; pr\u00e9vention\" \/>\n<meta property=\"og:description\" content=\"a sant\u00e9, fondement de tout \u00e9quilibre. Quelques exemples de bonnes pratiques: pr\u00e9vention gr\u00e2ce \u00e0 des concepts de s\u00e9curit\u00e9 clairs, sensibilisation contre le dopage et la violence, zones sans tabac et sans alcool, promotion de l&#039;activit\u00e9 physique, protection contre le bruit et mesures de protection solaire\/contre les fortes chaleurs\/\u00e9v\u00e9nements extr\u00eames. Gr\u00e2ce \u00e0 cela, chaque manifestation devient une exp\u00e9rience \u00e0 la fois s\u00fbre et agr\u00e9able.\" \/>\n<meta property=\"og:url\" content=\"https:\/\/eventkit.ch\/?page_id=1593&amp;lang=fr\" \/>\n<meta property=\"og:site_name\" content=\"EventKit\" \/>\n<meta property=\"article:modified_time\" content=\"2026-04-13T13:35:42+00:00\" \/>\n<meta property=\"og:image\" content=\"https:\/\/eventkit.ch\/wp-content\/uploads\/2025\/12\/Zurich-Pride-Festival-Friday-Teams-and-Staff-2025-Photo-by-Sebastian-Hubold-9.jpg\" \/>\n\t<meta property=\"og:image:width\" content=\"1102\" \/>\n\t<meta property=\"og:image:height\" content=\"735\" \/>\n\t<meta property=\"og:image:type\" content=\"image\/jpeg\" \/>\n<meta name=\"twitter:card\" content=\"summary_large_image\" \/>\n<meta name=\"twitter:label1\" content=\"Gesch\u00e4tzte Lesezeit\" \/>\n\t<meta name=\"twitter:data1\" content=\"11\u00a0Minuten\" \/>\n<script type=\"application\/ld+json\" class=\"yoast-schema-graph\">{\"@context\":\"https:\\\/\\\/schema.org\",\"@graph\":[{\"@type\":\"WebPage\",\"@id\":\"https:\\\/\\\/eventkit.ch\\\/?page_id=1593&lang=fr\",\"url\":\"https:\\\/\\\/eventkit.ch\\\/?page_id=1593&lang=fr\",\"name\":\"Sant\u00e9 & pr\u00e9vention\",\"isPartOf\":{\"@id\":\"https:\\\/\\\/eventkit.ch\\\/#website\"},\"primaryImageOfPage\":{\"@id\":\"https:\\\/\\\/eventkit.ch\\\/?page_id=1593&lang=fr#primaryimage\"},\"image\":{\"@id\":\"https:\\\/\\\/eventkit.ch\\\/?page_id=1593&lang=fr#primaryimage\"},\"thumbnailUrl\":\"https:\\\/\\\/eventkit.ch\\\/wp-content\\\/uploads\\\/2025\\\/12\\\/Zurich-Pride-Festival-Friday-Teams-and-Staff-2025-Photo-by-Sebastian-Hubold-9.jpg\",\"datePublished\":\"2025-12-08T16:22:45+00:00\",\"dateModified\":\"2026-04-13T13:35:42+00:00\",\"description\":\"a sant\u00e9, fondement de tout \u00e9quilibre. Quelques exemples de bonnes pratiques: pr\u00e9vention gr\u00e2ce \u00e0 des concepts de s\u00e9curit\u00e9 clairs, sensibilisation contre le dopage et la violence, zones sans tabac et sans alcool, promotion de l'activit\u00e9 physique, protection contre le bruit et mesures de protection solaire\\\/contre les fortes chaleurs\\\/\u00e9v\u00e9nements extr\u00eames. Gr\u00e2ce \u00e0 cela, chaque manifestation devient une exp\u00e9rience \u00e0 la fois s\u00fbre et agr\u00e9able.\",\"breadcrumb\":{\"@id\":\"https:\\\/\\\/eventkit.ch\\\/?page_id=1593&lang=fr#breadcrumb\"},\"inLanguage\":\"de\",\"potentialAction\":[{\"@type\":\"ReadAction\",\"target\":[\"https:\\\/\\\/eventkit.ch\\\/?page_id=1593&lang=fr\"]}]},{\"@type\":\"ImageObject\",\"inLanguage\":\"de\",\"@id\":\"https:\\\/\\\/eventkit.ch\\\/?page_id=1593&lang=fr#primaryimage\",\"url\":\"https:\\\/\\\/eventkit.ch\\\/wp-content\\\/uploads\\\/2025\\\/12\\\/Zurich-Pride-Festival-Friday-Teams-and-Staff-2025-Photo-by-Sebastian-Hubold-9.jpg\",\"contentUrl\":\"https:\\\/\\\/eventkit.ch\\\/wp-content\\\/uploads\\\/2025\\\/12\\\/Zurich-Pride-Festival-Friday-Teams-and-Staff-2025-Photo-by-Sebastian-Hubold-9.jpg\",\"width\":1102,\"height\":735},{\"@type\":\"BreadcrumbList\",\"@id\":\"https:\\\/\\\/eventkit.ch\\\/?page_id=1593&lang=fr#breadcrumb\",\"itemListElement\":[{\"@type\":\"ListItem\",\"position\":1,\"name\":\"Home\",\"item\":\"https:\\\/\\\/eventkit.ch\\\/\"},{\"@type\":\"ListItem\",\"position\":2,\"name\":\"Th\u00e8mes\",\"item\":\"https:\\\/\\\/eventkit.ch\\\/?page_id=875&lang=fr\"},{\"@type\":\"ListItem\",\"position\":3,\"name\":\"Sant\u00e9 &#038; pr\u00e9vention\"}]},{\"@type\":\"WebSite\",\"@id\":\"https:\\\/\\\/eventkit.ch\\\/#website\",\"url\":\"https:\\\/\\\/eventkit.ch\\\/\",\"name\":\"EventKit\",\"description\":\"Nachhaltigkeit, die wirkt: Dein Event im Check.\",\"publisher\":{\"@id\":\"https:\\\/\\\/eventkit.ch\\\/#organization\"},\"potentialAction\":[{\"@type\":\"SearchAction\",\"target\":{\"@type\":\"EntryPoint\",\"urlTemplate\":\"https:\\\/\\\/eventkit.ch\\\/?s={search_term_string}\"},\"query-input\":{\"@type\":\"PropertyValueSpecification\",\"valueRequired\":true,\"valueName\":\"search_term_string\"}}],\"inLanguage\":\"de\"},{\"@type\":\"Organization\",\"@id\":\"https:\\\/\\\/eventkit.ch\\\/#organization\",\"name\":\"EventKit\",\"url\":\"https:\\\/\\\/eventkit.ch\\\/\",\"logo\":{\"@type\":\"ImageObject\",\"inLanguage\":\"de\",\"@id\":\"https:\\\/\\\/eventkit.ch\\\/#\\\/schema\\\/logo\\\/image\\\/\",\"url\":\"https:\\\/\\\/eventkit.ch\\\/wp-content\\\/uploads\\\/2025\\\/11\\\/android-icon-144x144-1.png\",\"contentUrl\":\"https:\\\/\\\/eventkit.ch\\\/wp-content\\\/uploads\\\/2025\\\/11\\\/android-icon-144x144-1.png\",\"width\":144,\"height\":144,\"caption\":\"EventKit\"},\"image\":{\"@id\":\"https:\\\/\\\/eventkit.ch\\\/#\\\/schema\\\/logo\\\/image\\\/\"}}]}<\/script>\n<!-- \/ Yoast SEO plugin. -->","yoast_head_json":{"title":"Sant\u00e9 & pr\u00e9vention","description":"a sant\u00e9, fondement de tout \u00e9quilibre. Quelques exemples de bonnes pratiques: pr\u00e9vention gr\u00e2ce \u00e0 des concepts de s\u00e9curit\u00e9 clairs, sensibilisation contre le dopage et la violence, zones sans tabac et sans alcool, promotion de l'activit\u00e9 physique, protection contre le bruit et mesures de protection solaire\/contre les fortes chaleurs\/\u00e9v\u00e9nements extr\u00eames. Gr\u00e2ce \u00e0 cela, chaque manifestation devient une exp\u00e9rience \u00e0 la fois s\u00fbre et agr\u00e9able.","robots":{"index":"index","follow":"follow","max-snippet":"max-snippet:-1","max-image-preview":"max-image-preview:large","max-video-preview":"max-video-preview:-1"},"canonical":"https:\/\/eventkit.ch\/?page_id=1593&lang=fr","og_locale":"de_DE","og_type":"article","og_title":"Sant\u00e9 & pr\u00e9vention","og_description":"a sant\u00e9, fondement de tout \u00e9quilibre. Quelques exemples de bonnes pratiques: pr\u00e9vention gr\u00e2ce \u00e0 des concepts de s\u00e9curit\u00e9 clairs, sensibilisation contre le dopage et la violence, zones sans tabac et sans alcool, promotion de l'activit\u00e9 physique, protection contre le bruit et mesures de protection solaire\/contre les fortes chaleurs\/\u00e9v\u00e9nements extr\u00eames. Gr\u00e2ce \u00e0 cela, chaque manifestation devient une exp\u00e9rience \u00e0 la fois s\u00fbre et agr\u00e9able.","og_url":"https:\/\/eventkit.ch\/?page_id=1593&lang=fr","og_site_name":"EventKit","article_modified_time":"2026-04-13T13:35:42+00:00","og_image":[{"width":1102,"height":735,"url":"https:\/\/eventkit.ch\/wp-content\/uploads\/2025\/12\/Zurich-Pride-Festival-Friday-Teams-and-Staff-2025-Photo-by-Sebastian-Hubold-9.jpg","type":"image\/jpeg"}],"twitter_card":"summary_large_image","twitter_misc":{"Gesch\u00e4tzte Lesezeit":"11\u00a0Minuten"},"schema":{"@context":"https:\/\/schema.org","@graph":[{"@type":"WebPage","@id":"https:\/\/eventkit.ch\/?page_id=1593&lang=fr","url":"https:\/\/eventkit.ch\/?page_id=1593&lang=fr","name":"Sant\u00e9 & pr\u00e9vention","isPartOf":{"@id":"https:\/\/eventkit.ch\/#website"},"primaryImageOfPage":{"@id":"https:\/\/eventkit.ch\/?page_id=1593&lang=fr#primaryimage"},"image":{"@id":"https:\/\/eventkit.ch\/?page_id=1593&lang=fr#primaryimage"},"thumbnailUrl":"https:\/\/eventkit.ch\/wp-content\/uploads\/2025\/12\/Zurich-Pride-Festival-Friday-Teams-and-Staff-2025-Photo-by-Sebastian-Hubold-9.jpg","datePublished":"2025-12-08T16:22:45+00:00","dateModified":"2026-04-13T13:35:42+00:00","description":"a sant\u00e9, fondement de tout \u00e9quilibre. Quelques exemples de bonnes pratiques: pr\u00e9vention gr\u00e2ce \u00e0 des concepts de s\u00e9curit\u00e9 clairs, sensibilisation contre le dopage et la violence, zones sans tabac et sans alcool, promotion de l'activit\u00e9 physique, protection contre le bruit et mesures de protection solaire\/contre les fortes chaleurs\/\u00e9v\u00e9nements extr\u00eames. Gr\u00e2ce \u00e0 cela, chaque manifestation devient une exp\u00e9rience \u00e0 la fois s\u00fbre et agr\u00e9able.","breadcrumb":{"@id":"https:\/\/eventkit.ch\/?page_id=1593&lang=fr#breadcrumb"},"inLanguage":"de","potentialAction":[{"@type":"ReadAction","target":["https:\/\/eventkit.ch\/?page_id=1593&lang=fr"]}]},{"@type":"ImageObject","inLanguage":"de","@id":"https:\/\/eventkit.ch\/?page_id=1593&lang=fr#primaryimage","url":"https:\/\/eventkit.ch\/wp-content\/uploads\/2025\/12\/Zurich-Pride-Festival-Friday-Teams-and-Staff-2025-Photo-by-Sebastian-Hubold-9.jpg","contentUrl":"https:\/\/eventkit.ch\/wp-content\/uploads\/2025\/12\/Zurich-Pride-Festival-Friday-Teams-and-Staff-2025-Photo-by-Sebastian-Hubold-9.jpg","width":1102,"height":735},{"@type":"BreadcrumbList","@id":"https:\/\/eventkit.ch\/?page_id=1593&lang=fr#breadcrumb","itemListElement":[{"@type":"ListItem","position":1,"name":"Home","item":"https:\/\/eventkit.ch\/"},{"@type":"ListItem","position":2,"name":"Th\u00e8mes","item":"https:\/\/eventkit.ch\/?page_id=875&lang=fr"},{"@type":"ListItem","position":3,"name":"Sant\u00e9 &#038; pr\u00e9vention"}]},{"@type":"WebSite","@id":"https:\/\/eventkit.ch\/#website","url":"https:\/\/eventkit.ch\/","name":"EventKit","description":"Nachhaltigkeit, die wirkt: Dein Event im Check.","publisher":{"@id":"https:\/\/eventkit.ch\/#organization"},"potentialAction":[{"@type":"SearchAction","target":{"@type":"EntryPoint","urlTemplate":"https:\/\/eventkit.ch\/?s={search_term_string}"},"query-input":{"@type":"PropertyValueSpecification","valueRequired":true,"valueName":"search_term_string"}}],"inLanguage":"de"},{"@type":"Organization","@id":"https:\/\/eventkit.ch\/#organization","name":"EventKit","url":"https:\/\/eventkit.ch\/","logo":{"@type":"ImageObject","inLanguage":"de","@id":"https:\/\/eventkit.ch\/#\/schema\/logo\/image\/","url":"https:\/\/eventkit.ch\/wp-content\/uploads\/2025\/11\/android-icon-144x144-1.png","contentUrl":"https:\/\/eventkit.ch\/wp-content\/uploads\/2025\/11\/android-icon-144x144-1.png","width":144,"height":144,"caption":"EventKit"},"image":{"@id":"https:\/\/eventkit.ch\/#\/schema\/logo\/image\/"}}]}},"_links":{"self":[{"href":"https:\/\/eventkit.ch\/index.php?rest_route=\/wp\/v2\/pages\/1593","targetHints":{"allow":["GET"]}}],"collection":[{"href":"https:\/\/eventkit.ch\/index.php?rest_route=\/wp\/v2\/pages"}],"about":[{"href":"https:\/\/eventkit.ch\/index.php?rest_route=\/wp\/v2\/types\/page"}],"author":[{"embeddable":true,"href":"https:\/\/eventkit.ch\/index.php?rest_route=\/wp\/v2\/users\/2"}],"replies":[{"embeddable":true,"href":"https:\/\/eventkit.ch\/index.php?rest_route=%2Fwp%2Fv2%2Fcomments&post=1593"}],"version-history":[{"count":38,"href":"https:\/\/eventkit.ch\/index.php?rest_route=\/wp\/v2\/pages\/1593\/revisions"}],"predecessor-version":[{"id":3766,"href":"https:\/\/eventkit.ch\/index.php?rest_route=\/wp\/v2\/pages\/1593\/revisions\/3766"}],"up":[{"embeddable":true,"href":"https:\/\/eventkit.ch\/index.php?rest_route=\/wp\/v2\/pages\/875"}],"wp:featuredmedia":[{"embeddable":true,"href":"https:\/\/eventkit.ch\/index.php?rest_route=\/wp\/v2\/media\/2016"}],"wp:attachment":[{"href":"https:\/\/eventkit.ch\/index.php?rest_route=%2Fwp%2Fv2%2Fmedia&parent=1593"}],"curies":[{"name":"wp","href":"https:\/\/api.w.org\/{rel}","templated":true}]}}