{"id":1590,"date":"2025-11-18T13:42:18","date_gmt":"2025-11-18T12:42:18","guid":{"rendered":"https:\/\/eventkit.ch\/?page_id=1590"},"modified":"2026-04-02T13:32:32","modified_gmt":"2026-04-02T11:32:32","slug":"energie-infrastructures","status":"publish","type":"page","link":"https:\/\/eventkit.ch\/?page_id=1590&lang=fr","title":{"rendered":"\u00c9nergie &#038; infrastructures"},"content":{"rendered":"<div class=\"wp-block-group alignfull is-layout-constrained wp-block-group-is-layout-constrained\" style=\"padding-top:var(--wp--preset--spacing--40);padding-bottom:var(--wp--preset--spacing--60)\"><figure class=\"wp-block-image aligncenter size-full\"><img decoding=\"async\" src=\"https:\/\/eventkit.ch\/wp-content\/uploads\/2025\/12\/Test-Icons_Eventkit_250922-10.svg\" alt=\"\" class=\"wp-image-1536\"\/><\/figure>\n\n<h1 class=\"has-text-align-center wp-block-post-title\">\u00c9nergie &#038; infrastructures<\/h1>\n\n<p class=\"has-text-align-center is-style-subtitle\">La consommation \u00e9nerg\u00e9tique des manifestations et les \u00e9missions de CO<sub>2<\/sub> qui sont li\u00e9es ont un impact important sur l\u2019environnement. Si ta manifestation mise sur les \u00e9nergies renouvelables, qu&#8217;elle utilise les infrastructures existantes et \u00e9conomise l&#8217;\u00e9lectricit\u00e9 gr\u00e2ce \u00e0 des appareils \u00e0 faible consommation \u00e9nerg\u00e9tique, un grand pas en avant est d\u00e9j\u00e0 r\u00e9alis\u00e9.<\/p><\/div><section class=\"wp-block-group alignfull has-green-light-background-color has-background has-15-font-size is-layout-constrained wp-block-group-is-layout-constrained\"><h2 class=\"wp-block-heading has-text-align-center\">\u00c9nergie renouvelable<\/h2>\n\n<p class=\"has-text-align-center is-style-subtitle has-30-font-size\">Un cycle r\u00e9g\u00e9n\u00e9ratif est la seule approche \u00e9nerg\u00e9tiquement coh\u00e9rente<\/p>\n\n<div class=\"wp-bootstrap-blocks-row row\">\n\t\n<div class=\"col-12 col-md-5\">\n\t\t\t\n<p class=\"has-18-font-size\">L\u2019achat d\u2019\u00e9lectricit\u00e9 produite \u00e0 partir de sources d\u2019\u00e9nergie renouvelables contribue \u00e0 r\u00e9duire l\u2019empreinte environnementale de la manifestation tout en soutenant le d\u00e9veloppement des fili\u00e8res durables. Cette d\u00e9marche permet \u00e9galement de valoriser l\u2019engagement environnemental de la manifestation aupr\u00e8s du public et des partenaires.<\/p>\n\n<p><\/p>\n\n<h4 class=\"wp-block-heading has-secondary-font-family has-24-font-size\">Tu trouveras des informations d\u00e9taill\u00e9es dans cette fiche d&#8217;information :<\/h4>\n\n<div class=\"wp-block-buttons is-layout-flex wp-block-buttons-is-layout-flex\"><div class=\"wp-block-button has-custom-width wp-block-button__width-75 is-style-btn-primary is-style-btn-primary--1\"><a class=\"wp-block-button__link has-general-font-family has-14-font-size has-custom-font-size wp-element-button\" href=\"https:\/\/eventkit.ch\/?resource=acheter-de-lelectricite-issue-denergies-renouvelables&amp;lang=fr\" style=\"padding-right:0;padding-left:0\" target=\"_blank\" rel=\"noreferrer noopener\">Acheter de \u00e9lectricit\u00e9 issue d\u2019\u00e9nergies <br>renouvelables<\/a><\/div><\/div>\n\n<p><\/p>\n\n<h4 class=\"wp-block-heading has-secondary-font-family has-24-font-size\">Liens utiles :<\/h4>\n\n<ul style=\"margin-top:0;margin-bottom:0\" class=\"wp-block-list is-style-borderd has-secondary-font-family\"><li style=\"border-style:none;border-width:0px;margin-top:var(--wp--preset--spacing--30);margin-bottom:var(--wp--preset--spacing--30)\"><a href=\"https:\/\/www.naturemade.ch\/fr\/?no-redirect\" target=\"_blank\" rel=\"noreferrer noopener\">Label de qualit\u00e9 naturemade<\/a><\/li>\n\n<li><\/li><\/ul>\n\t<\/div>\n\n<div class=\"col-12 col-md-7\">\n\t\t\t\n<figure class=\"wp-block-image size-full has-custom-border\"><img loading=\"lazy\" decoding=\"async\" width=\"2560\" height=\"1707\" src=\"https:\/\/eventkit.ch\/wp-content\/uploads\/2025\/12\/3171c24f-5b0a-41b8-8e9b-a463e5bb63fa-scaled.jpg\" alt=\"\" class=\"wp-image-1738\" style=\"border-radius:8px\" srcset=\"https:\/\/eventkit.ch\/wp-content\/uploads\/2025\/12\/3171c24f-5b0a-41b8-8e9b-a463e5bb63fa-scaled.jpg 2560w, https:\/\/eventkit.ch\/wp-content\/uploads\/2025\/12\/3171c24f-5b0a-41b8-8e9b-a463e5bb63fa-300x200.jpg 300w, https:\/\/eventkit.ch\/wp-content\/uploads\/2025\/12\/3171c24f-5b0a-41b8-8e9b-a463e5bb63fa-1024x683.jpg 1024w, https:\/\/eventkit.ch\/wp-content\/uploads\/2025\/12\/3171c24f-5b0a-41b8-8e9b-a463e5bb63fa-768x512.jpg 768w, https:\/\/eventkit.ch\/wp-content\/uploads\/2025\/12\/3171c24f-5b0a-41b8-8e9b-a463e5bb63fa-1536x1024.jpg 1536w, https:\/\/eventkit.ch\/wp-content\/uploads\/2025\/12\/3171c24f-5b0a-41b8-8e9b-a463e5bb63fa-2048x1365.jpg 2048w\" sizes=\"auto, (max-width: 2560px) 100vw, 2560px\" \/><figcaption class=\"wp-element-caption\">\u00a9 Solarkino<\/figcaption><\/figure>\n\n<h3 class=\"wp-block-heading has-secondary-font-family has-24-font-size\">Crit\u00e8res associ\u00e9s dans Eventkit :<\/h3>\n\n<p>5.1. Les sites de la manifestation sont raccord\u00e9s au r\u00e9seau \u00e9lectrique et utilisent exclusivement de l\u2019\u00e9lectricit\u00e9 verte certifi\u00e9e.<\/p>\n\n<p>5.3. Les syst\u00e8mes d\u2019alimentation en \u00e9nergie mobiles sont \u00e0 \u00e9viter. Dans le cas o\u00f9 ils seraient indispensables, le recours aux sources d\u2019\u00e9nergies durables (\u00e9nergies renouvelables ou carburants synth\u00e9tiques) est requis et les carburants fossiles sont proscrits.<\/p>\n\t<\/div>\n<\/div><\/section><section class=\"wp-block-group alignfull has-orange-lighter-background-color has-background has-15-font-size is-layout-constrained wp-block-group-is-layout-constrained\"><h2 class=\"wp-block-heading has-text-align-center\">S\u00e9lection et conception des infrastructures<\/h2>\n\n<p class=\"has-text-align-center is-style-subtitle\">Le choix du lieu est d\u00e9terminant pour diminuer l&#8217;impact<\/p>\n\n<div class=\"wp-bootstrap-blocks-row row\">\n\t\n<div class=\"col-12 col-md-5\">\n\t\t\t\n<p class=\"has-18-font-size\">Un lieu bien choisi facilite non seulement l\u2019organisation, mais permet aussi de r\u00e9duire consid\u00e9rablement l\u2019empreinte \u00e9cologique \u2013 en limitant les besoins en \u00e9nergie et en eau, les d\u00e9placements motoris\u00e9s et les nuisances pour l\u2019environnement et les personnes riveraines. L&#8217;id\u00e9al est d&#8217;utiliser des \u00e9quipements et installations d\u00e9j\u00e0 existants.<\/p>\n\n<p><\/p>\n\n<h4 class=\"wp-block-heading has-secondary-font-family has-24-font-size\">Tu trouveras des informations d\u00e9taill\u00e9es dans ces fiches d&#8217;information :<\/h4>\n\n<p><\/p>\n\n<div class=\"wp-block-buttons is-layout-flex wp-block-buttons-is-layout-flex\"><div class=\"wp-block-button has-custom-width wp-block-button__width-75 is-style-btn-secondary is-style-btn-secondary--2\"><a class=\"wp-block-button__link has-14-font-size has-custom-font-size wp-element-button\" href=\"https:\/\/eventkit.ch\/?resource=amenagement-du-site-et-des-infrastructures&amp;lang=fr\" target=\"_blank\" rel=\"noreferrer noopener\">Am\u00e9nagement du site et des infrastructures<\/a><\/div>\n\n<div class=\"wp-block-button has-custom-width wp-block-button__width-75 is-style-btn-secondary is-style-btn-secondary--3\"><a class=\"wp-block-button__link has-14-font-size has-custom-font-size wp-element-button\" href=\"https:\/\/eventkit.ch\/?resource=choisir-le-site&amp;lang=fr\" target=\"_blank\" rel=\"noreferrer noopener\">Choisir le site<\/a><\/div><\/div>\n\n<p><\/p>\n\n<h4 class=\"wp-block-heading has-secondary-font-family has-24-font-size\">Liens utiles :<\/h4>\n\n<ul class=\"wp-block-list is-style-borderd\"><li><a href=\"https:\/\/www.fr.ch\/sites\/default\/files\/contens\/sol\/_www\/files\/pdf1\/manifestations_aide_memoire_fr.pdf?v=1570009248\" target=\"_blank\" rel=\"noreferrer noopener\">Aide m\u00e9moire: Manifestations en plein air<\/a><\/li><\/ul>\n\t<\/div>\n\n<div class=\"col-12 col-md-7\">\n\t\t\t\n<figure class=\"wp-block-image size-full has-custom-border\"><img loading=\"lazy\" decoding=\"async\" width=\"2048\" height=\"1365\" src=\"https:\/\/eventkit.ch\/wp-content\/uploads\/2025\/12\/Jazz-sur-la-Plage-08-09-aout-2024-@anatholie-29-_DSC2208.jpg\" alt=\"\" class=\"wp-image-1773\" style=\"border-radius:8px\" srcset=\"https:\/\/eventkit.ch\/wp-content\/uploads\/2025\/12\/Jazz-sur-la-Plage-08-09-aout-2024-@anatholie-29-_DSC2208.jpg 2048w, https:\/\/eventkit.ch\/wp-content\/uploads\/2025\/12\/Jazz-sur-la-Plage-08-09-aout-2024-@anatholie-29-_DSC2208-300x200.jpg 300w, https:\/\/eventkit.ch\/wp-content\/uploads\/2025\/12\/Jazz-sur-la-Plage-08-09-aout-2024-@anatholie-29-_DSC2208-1024x683.jpg 1024w, https:\/\/eventkit.ch\/wp-content\/uploads\/2025\/12\/Jazz-sur-la-Plage-08-09-aout-2024-@anatholie-29-_DSC2208-768x512.jpg 768w, https:\/\/eventkit.ch\/wp-content\/uploads\/2025\/12\/Jazz-sur-la-Plage-08-09-aout-2024-@anatholie-29-_DSC2208-1536x1024.jpg 1536w\" sizes=\"auto, (max-width: 2048px) 100vw, 2048px\" \/><\/figure>\n\n<h3 class=\"wp-block-heading has-secondary-font-family has-24-font-size\">Crit\u00e8res associ\u00e9s dans Eventkit :<\/h3>\n\n<p>5.2.  Des b\u00e2timents, des places de stationnement, des routes, des parcours, des pistes ou toute autre infrastructure existante sont utilis\u00e9s. Si cela n\u2019est pas possible, on a recours \u00e0 des infrastructures temporaires et d\u00e9montables qui peuvent \u00eatre r\u00e9utilis\u00e9es (p. ex., partage, location).<\/p>\n\t<\/div>\n<\/div><\/section><section class=\"wp-block-group alignfull is-layout-constrained wp-block-group-is-layout-constrained\"><h2 class=\"wp-block-heading has-text-align-center\">Autres sujets en lien<\/h2>\n\n<p class=\"has-text-align-center is-style-subtitle has-30-font-size\">avec la th\u00e9matique \u00e9nergie &amp; infrastructures<\/p>\n\n<div class=\"wp-block-columns is-layout-flex wp-container-core-columns-is-layout-28f84493 wp-block-columns-is-layout-flex\"><div class=\"wp-block-column is-layout-flow wp-block-column-is-layout-flow\"><div class=\"wp-block-group is-layout-constrained wp-block-group-is-layout-constrained\"><figure class=\"wp-block-image size-full has-custom-border\"><img loading=\"lazy\" decoding=\"async\" width=\"2560\" height=\"1707\" src=\"https:\/\/eventkit.ch\/wp-content\/uploads\/2025\/12\/Chnopf_uf-BS_034-scaled.webp\" alt=\"\" class=\"wp-image-1775\" style=\"border-radius:10px\" srcset=\"https:\/\/eventkit.ch\/wp-content\/uploads\/2025\/12\/Chnopf_uf-BS_034-scaled.webp 2560w, https:\/\/eventkit.ch\/wp-content\/uploads\/2025\/12\/Chnopf_uf-BS_034-300x200.webp 300w, https:\/\/eventkit.ch\/wp-content\/uploads\/2025\/12\/Chnopf_uf-BS_034-1024x683.webp 1024w, https:\/\/eventkit.ch\/wp-content\/uploads\/2025\/12\/Chnopf_uf-BS_034-768x512.webp 768w, https:\/\/eventkit.ch\/wp-content\/uploads\/2025\/12\/Chnopf_uf-BS_034-1536x1024.webp 1536w, https:\/\/eventkit.ch\/wp-content\/uploads\/2025\/12\/Chnopf_uf-BS_034-2048x1365.webp 2048w\" sizes=\"auto, (max-width: 2560px) 100vw, 2560px\" \/><figcaption class=\"wp-element-caption\">Bin nicht sicher ob das Foto passt<\/figcaption><\/figure>\n\n<p><\/p>\n\n<h3 class=\"wp-block-heading has-28-font-size\" style=\"margin-top:10px;margin-bottom:10px\">R\u00e9duire la consommation d&#8217;\u00e9nergie<\/h3>\n\n<p><\/p>\n\n<p>En r\u00e9duisant d\u00e8s le d\u00e9part les ressources naturelles, tu peux te concentrer sur d&#8217;autres mesures. De quelle mani\u00e8re ton \u00e9v\u00e9nement peut-il \u00e9conomiser de l&#8217;\u00e9nergie ?<\/p>\n\n<div class=\"wp-block-buttons is-layout-flex wp-block-buttons-is-layout-flex\"><div class=\"wp-block-button has-custom-width wp-block-button__width-100\"><a class=\"wp-block-button__link has-white-color has-primary-background-color has-text-color has-background has-link-color wp-element-button\" href=\"https:\/\/eventkit.ch\/?resource=limiter-la-consommation-des-appareils-electriques&amp;lang=fr\" target=\"_blank\" rel=\"noreferrer noopener\">Limiter la consommation des appareils electriques<\/a><\/div>\n\n<div class=\"wp-block-button has-custom-width wp-block-button__width-100\"><a class=\"wp-block-button__link has-white-color has-primary-background-color has-text-color has-background has-link-color wp-element-button\" href=\"https:\/\/eventkit.ch\/?resource=limiter-la-consommation-liee-a-leclairage&amp;lang=fr\" target=\"_blank\" rel=\"noreferrer noopener\">Limiter la consommation li\u00e9e \u00e0 l&#8217;\u00e9clairage<\/a><\/div>\n\n<div class=\"wp-block-button has-custom-width wp-block-button__width-100\"><a class=\"wp-block-button__link has-white-color has-primary-background-color has-text-color has-background has-link-color wp-element-button\" href=\"https:\/\/eventkit.ch\/?resource=optimiser-lutilisation-du-chauffage&amp;lang=fr\" target=\"_blank\" rel=\"noreferrer noopener\">Optimiser l&#8217;utilisation du chauffage<\/a><\/div>\n\n<div class=\"wp-block-button has-custom-width wp-block-button__width-100\"><a class=\"wp-block-button__link has-white-color has-primary-background-color has-text-color has-background has-link-color wp-element-button\" href=\"https:\/\/eventkit.ch\/?resource=optimiser-la-climatisation&amp;lang=fr\" target=\"_blank\" rel=\"noreferrer noopener\">Optimiser la climatisation<\/a><\/div><\/div>\n\n<p><\/p>\n\n<h4 class=\"wp-block-heading has-secondary-font-family has-24-font-size\">Liens utiles :<\/h4>\n\n<ul class=\"wp-block-list is-style-borderd\"><li><a href=\"https:\/\/www.bfe.admin.ch\/bfe\/fr\/home\/efficacite\/etiquettes-energie-et-exigences-efficacite.html\" target=\"_blank\" rel=\"noreferrer noopener\">\u00c9tiquettes-\u00e9nergie et exigences d&#8217;efficacit\u00e9<\/a><\/li><\/ul><\/div>\n\n<p><\/p><\/div>\n\n<div class=\"wp-block-column is-layout-flow wp-block-column-is-layout-flow\"><figure class=\"wp-block-image size-full has-custom-border\"><img loading=\"lazy\" decoding=\"async\" width=\"1000\" height=\"667\" src=\"https:\/\/eventkit.ch\/wp-content\/uploads\/2025\/12\/42_pisslove.png\" alt=\"\" class=\"wp-image-1740\" style=\"border-radius:10px\" srcset=\"https:\/\/eventkit.ch\/wp-content\/uploads\/2025\/12\/42_pisslove.png 1000w, https:\/\/eventkit.ch\/wp-content\/uploads\/2025\/12\/42_pisslove-300x200.png 300w, https:\/\/eventkit.ch\/wp-content\/uploads\/2025\/12\/42_pisslove-768x512.png 768w\" sizes=\"auto, (max-width: 1000px) 100vw, 1000px\" \/><\/figure>\n\n<p><\/p>\n\n<h3 class=\"wp-block-heading has-28-font-size\">Solutions pour des WC respectueux de l&#8217;environnement<\/h3>\n\n<p><\/p>\n\n<p>Nos d\u00e9chets organiques corporels sont des ressources naturelles. Il existe d\u00e9sormais de nombreuses initiatives qui font preuve de cr\u00e9ativit\u00e9 pour les valoriser.<\/p>\n\n<div class=\"wp-block-buttons is-layout-flex wp-block-buttons-is-layout-flex\"><div class=\"wp-block-button has-custom-width wp-block-button__width-100\"><a class=\"wp-block-button__link has-white-color has-secondary-background-color has-text-color has-background has-link-color wp-element-button\" href=\"https:\/\/eventkit.ch\/?resource=installer-des-sanitaires&amp;lang=fr\" target=\"_blank\" rel=\"noreferrer noopener\">Installer des sanitaires<\/a><\/div><\/div>\n\n<p><\/p>\n\n<h3 class=\"wp-block-heading has-secondary-font-family has-24-font-size\">Liens utiles :<\/h3>\n\n<ul class=\"wp-block-list is-style-borderd\"><li><a href=\"https:\/\/va-loo.ch\/fr\/\" target=\"_blank\" rel=\"noreferrer noopener\">Association Valoo : valorisation des mati\u00e8res issues des toilettes s\u00e8ches<\/a><\/li>\n\n<li><a href=\"https:\/\/iihfstorage.blob.core.windows.net\/iihf-media\/iihfmvc\/media\/downloads\/sustainability\/iihf_manual_social-environment.pdf\">Toilettes s\u00e8ches pour le traitement des biod\u00e9chets :<\/a><\/li>\n\n<li><a href=\"https:\/\/biocapi.ch\/\" target=\"_blank\" rel=\"noreferrer noopener\">Biocapi<\/a><\/li>\n\n<li><a href=\"https:\/\/www.1metre3.ch\/1m3\/\" target=\"_blank\" rel=\"noreferrer noopener\">Coop\u00e9rative 1m3<\/a><\/li>\n\n<li><a href=\"https:\/\/pissandlove.ch\/\" target=\"_blank\" rel=\"noreferrer noopener\">piss &amp; love<\/a><\/li>\n\n<li><a href=\"https:\/\/www.kompotoi.ch\/fr\/\" target=\"_blank\" rel=\"noreferrer noopener\">Kompotoi<\/a><\/li><\/ul><\/div><\/div><\/section><p><\/p><section class=\"wp-block-group alignfull has-orange-light-background-color has-background is-layout-constrained wp-block-group-is-layout-constrained\"><figure class=\"wp-block-image aligncenter size-full\"><img decoding=\"async\" src=\"https:\/\/eventkit.ch\/wp-content\/themes\/eventkit-wp\/assets\/images\/pattern\/download.png\" alt=\"\" class=\"wp-image-491\"\/><\/figure>\n\n<h2 class=\"wp-block-heading has-text-align-center\">T\u00e9l\u00e9charge la liste de crit\u00e8res compl\u00e8te<\/h2>\n\n<p class=\"has-text-align-center is-style-subtitle\">avec ses 58 mesures dans 9 domaines th\u00e9matiques<\/p>\n\n<div class=\"wp-block-buttons is-content-justification-center is-layout-flex wp-container-core-buttons-is-layout-253fffe0 wp-block-buttons-is-layout-flex\"><?xml encoding=\"utf-8\" ?><div class=\"wp-block-button is-style-btn-secondary is-style-btn-secondary--4\"><a class=\"wp-block-button__link wp-element-button has-core-icon\" href=\"https:\/\/eventkit.ch\/wp-content\/uploads\/2026\/03\/Zielwerte-Eventkit.pdf\" target=\"_blank\" rel=\"noreferrer noopener\" style='--core-icon: url(\"https:\/\/eventkit.ch\/wp-content\/themes\/eventkit-wp\/gutenberg-dev\/assets\/badge-icons\/file-text.svg\");'> Au format PDF<\/a><\/div>\n\n\n<?xml encoding=\"utf-8\" ?><div class=\"wp-block-button is-style-btn-primary is-style-btn-primary--5\"><a class=\"wp-block-button__link wp-element-button has-core-icon\" href=\"https:\/\/eventkit.ch\/wp-content\/uploads\/2026\/03\/Zielwerte-Eventkit.xlsx\" target=\"_blank\" rel=\"noreferrer noopener\" style='--core-icon: url(\"https:\/\/eventkit.ch\/wp-content\/themes\/eventkit-wp\/gutenberg-dev\/assets\/badge-icons\/file-text.svg\");'>Au format Excel<\/a><\/div>\n<\/div><\/section>","protected":false},"excerpt":{"rendered":"<p>La consommation \u00e9nerg\u00e9tique des manifestations et les \u00e9missions de CO2 qui sont li\u00e9es ont un impact important sur l\u2019environnement. Si ta manifestation mise sur les \u00e9nergies renouvelables, qu&#8217;elle utilise les infrastructures existantes et \u00e9conomise l&#8217;\u00e9lectricit\u00e9 gr\u00e2ce \u00e0 des appareils \u00e0 faible consommation \u00e9nerg\u00e9tique, un grand pas en avant est d\u00e9j\u00e0 r\u00e9alis\u00e9. \u00c9nergie renouvelable Un cycle [&hellip;]<\/p>\n","protected":false},"author":2,"featured_media":2759,"parent":875,"menu_order":0,"comment_status":"closed","ping_status":"closed","template":"page-no-title","meta":{"_sitemap_exclude":false,"_sitemap_priority":"","_sitemap_frequency":"","footnotes":""},"class_list":["post-1590","page","type-page","status-publish","has-post-thumbnail","hentry"],"yoast_head":"<!-- This site is optimized with the Yoast SEO plugin v27.3 - https:\/\/yoast.com\/product\/yoast-seo-wordpress\/ -->\n<title>\u00c9nergie &amp; infrastructures<\/title>\n<meta name=\"description\" content=\"La consommation \u00e9nerg\u00e9tique des manifestations et les \u00e9missions de CO2 qui sont li\u00e9es ont un impact important sur l\u2019environnement.\" \/>\n<meta name=\"robots\" content=\"index, follow, max-snippet:-1, max-image-preview:large, max-video-preview:-1\" \/>\n<link rel=\"canonical\" href=\"https:\/\/eventkit.ch\/?page_id=1590&lang=fr\" \/>\n<meta property=\"og:locale\" content=\"de_DE\" \/>\n<meta property=\"og:type\" content=\"article\" \/>\n<meta property=\"og:title\" content=\"\u00c9nergie &amp; infrastructures\" \/>\n<meta property=\"og:description\" content=\"La consommation \u00e9nerg\u00e9tique des manifestations et les \u00e9missions de CO2 qui sont li\u00e9es ont un impact important sur l\u2019environnement.\" \/>\n<meta property=\"og:url\" content=\"https:\/\/eventkit.ch\/?page_id=1590&amp;lang=fr\" \/>\n<meta property=\"og:site_name\" content=\"EventKit\" \/>\n<meta property=\"article:modified_time\" content=\"2026-04-02T11:32:32+00:00\" \/>\n<meta property=\"og:image\" content=\"https:\/\/eventkit.ch\/wp-content\/uploads\/2026\/01\/3171c24f-5b0a-41b8-8e9b-a463e5bb63fa-scaled.jpg\" \/>\n\t<meta property=\"og:image:width\" content=\"2560\" \/>\n\t<meta property=\"og:image:height\" content=\"1707\" \/>\n\t<meta property=\"og:image:type\" content=\"image\/jpeg\" \/>\n<meta name=\"twitter:card\" content=\"summary_large_image\" \/>\n<meta name=\"twitter:label1\" content=\"Gesch\u00e4tzte Lesezeit\" \/>\n\t<meta name=\"twitter:data1\" content=\"8\u00a0Minuten\" \/>\n<script type=\"application\/ld+json\" class=\"yoast-schema-graph\">{\"@context\":\"https:\\\/\\\/schema.org\",\"@graph\":[{\"@type\":\"WebPage\",\"@id\":\"https:\\\/\\\/eventkit.ch\\\/?page_id=1590&lang=fr\",\"url\":\"https:\\\/\\\/eventkit.ch\\\/?page_id=1590&lang=fr\",\"name\":\"\u00c9nergie & infrastructures\",\"isPartOf\":{\"@id\":\"https:\\\/\\\/eventkit.ch\\\/#website\"},\"primaryImageOfPage\":{\"@id\":\"https:\\\/\\\/eventkit.ch\\\/?page_id=1590&lang=fr#primaryimage\"},\"image\":{\"@id\":\"https:\\\/\\\/eventkit.ch\\\/?page_id=1590&lang=fr#primaryimage\"},\"thumbnailUrl\":\"https:\\\/\\\/eventkit.ch\\\/wp-content\\\/uploads\\\/2026\\\/01\\\/3171c24f-5b0a-41b8-8e9b-a463e5bb63fa-scaled.jpg\",\"datePublished\":\"2025-11-18T12:42:18+00:00\",\"dateModified\":\"2026-04-02T11:32:32+00:00\",\"description\":\"La consommation \u00e9nerg\u00e9tique des manifestations et les \u00e9missions de CO2 qui sont li\u00e9es ont un impact important sur l\u2019environnement.\",\"breadcrumb\":{\"@id\":\"https:\\\/\\\/eventkit.ch\\\/?page_id=1590&lang=fr#breadcrumb\"},\"inLanguage\":\"de\",\"potentialAction\":[{\"@type\":\"ReadAction\",\"target\":[\"https:\\\/\\\/eventkit.ch\\\/?page_id=1590&lang=fr\"]}]},{\"@type\":\"ImageObject\",\"inLanguage\":\"de\",\"@id\":\"https:\\\/\\\/eventkit.ch\\\/?page_id=1590&lang=fr#primaryimage\",\"url\":\"https:\\\/\\\/eventkit.ch\\\/wp-content\\\/uploads\\\/2026\\\/01\\\/3171c24f-5b0a-41b8-8e9b-a463e5bb63fa-scaled.jpg\",\"contentUrl\":\"https:\\\/\\\/eventkit.ch\\\/wp-content\\\/uploads\\\/2026\\\/01\\\/3171c24f-5b0a-41b8-8e9b-a463e5bb63fa-scaled.jpg\",\"width\":2560,\"height\":1707},{\"@type\":\"BreadcrumbList\",\"@id\":\"https:\\\/\\\/eventkit.ch\\\/?page_id=1590&lang=fr#breadcrumb\",\"itemListElement\":[{\"@type\":\"ListItem\",\"position\":1,\"name\":\"Home\",\"item\":\"https:\\\/\\\/eventkit.ch\\\/\"},{\"@type\":\"ListItem\",\"position\":2,\"name\":\"Th\u00e8mes\",\"item\":\"https:\\\/\\\/eventkit.ch\\\/?page_id=875&lang=fr\"},{\"@type\":\"ListItem\",\"position\":3,\"name\":\"\u00c9nergie &#038; infrastructures\"}]},{\"@type\":\"WebSite\",\"@id\":\"https:\\\/\\\/eventkit.ch\\\/#website\",\"url\":\"https:\\\/\\\/eventkit.ch\\\/\",\"name\":\"EventKit\",\"description\":\"Nachhaltigkeit, die wirkt: Dein Event im Check.\",\"publisher\":{\"@id\":\"https:\\\/\\\/eventkit.ch\\\/#organization\"},\"potentialAction\":[{\"@type\":\"SearchAction\",\"target\":{\"@type\":\"EntryPoint\",\"urlTemplate\":\"https:\\\/\\\/eventkit.ch\\\/?s={search_term_string}\"},\"query-input\":{\"@type\":\"PropertyValueSpecification\",\"valueRequired\":true,\"valueName\":\"search_term_string\"}}],\"inLanguage\":\"de\"},{\"@type\":\"Organization\",\"@id\":\"https:\\\/\\\/eventkit.ch\\\/#organization\",\"name\":\"EventKit\",\"url\":\"https:\\\/\\\/eventkit.ch\\\/\",\"logo\":{\"@type\":\"ImageObject\",\"inLanguage\":\"de\",\"@id\":\"https:\\\/\\\/eventkit.ch\\\/#\\\/schema\\\/logo\\\/image\\\/\",\"url\":\"https:\\\/\\\/eventkit.ch\\\/wp-content\\\/uploads\\\/2025\\\/11\\\/android-icon-144x144-1.png\",\"contentUrl\":\"https:\\\/\\\/eventkit.ch\\\/wp-content\\\/uploads\\\/2025\\\/11\\\/android-icon-144x144-1.png\",\"width\":144,\"height\":144,\"caption\":\"EventKit\"},\"image\":{\"@id\":\"https:\\\/\\\/eventkit.ch\\\/#\\\/schema\\\/logo\\\/image\\\/\"}}]}<\/script>\n<!-- \/ Yoast SEO plugin. -->","yoast_head_json":{"title":"\u00c9nergie & infrastructures","description":"La consommation \u00e9nerg\u00e9tique des manifestations et les \u00e9missions de CO2 qui sont li\u00e9es ont un impact important sur l\u2019environnement.","robots":{"index":"index","follow":"follow","max-snippet":"max-snippet:-1","max-image-preview":"max-image-preview:large","max-video-preview":"max-video-preview:-1"},"canonical":"https:\/\/eventkit.ch\/?page_id=1590&lang=fr","og_locale":"de_DE","og_type":"article","og_title":"\u00c9nergie & infrastructures","og_description":"La consommation \u00e9nerg\u00e9tique des manifestations et les \u00e9missions de CO2 qui sont li\u00e9es ont un impact important sur l\u2019environnement.","og_url":"https:\/\/eventkit.ch\/?page_id=1590&lang=fr","og_site_name":"EventKit","article_modified_time":"2026-04-02T11:32:32+00:00","og_image":[{"width":2560,"height":1707,"url":"https:\/\/eventkit.ch\/wp-content\/uploads\/2026\/01\/3171c24f-5b0a-41b8-8e9b-a463e5bb63fa-scaled.jpg","type":"image\/jpeg"}],"twitter_card":"summary_large_image","twitter_misc":{"Gesch\u00e4tzte Lesezeit":"8\u00a0Minuten"},"schema":{"@context":"https:\/\/schema.org","@graph":[{"@type":"WebPage","@id":"https:\/\/eventkit.ch\/?page_id=1590&lang=fr","url":"https:\/\/eventkit.ch\/?page_id=1590&lang=fr","name":"\u00c9nergie & infrastructures","isPartOf":{"@id":"https:\/\/eventkit.ch\/#website"},"primaryImageOfPage":{"@id":"https:\/\/eventkit.ch\/?page_id=1590&lang=fr#primaryimage"},"image":{"@id":"https:\/\/eventkit.ch\/?page_id=1590&lang=fr#primaryimage"},"thumbnailUrl":"https:\/\/eventkit.ch\/wp-content\/uploads\/2026\/01\/3171c24f-5b0a-41b8-8e9b-a463e5bb63fa-scaled.jpg","datePublished":"2025-11-18T12:42:18+00:00","dateModified":"2026-04-02T11:32:32+00:00","description":"La consommation \u00e9nerg\u00e9tique des manifestations et les \u00e9missions de CO2 qui sont li\u00e9es ont un impact important sur l\u2019environnement.","breadcrumb":{"@id":"https:\/\/eventkit.ch\/?page_id=1590&lang=fr#breadcrumb"},"inLanguage":"de","potentialAction":[{"@type":"ReadAction","target":["https:\/\/eventkit.ch\/?page_id=1590&lang=fr"]}]},{"@type":"ImageObject","inLanguage":"de","@id":"https:\/\/eventkit.ch\/?page_id=1590&lang=fr#primaryimage","url":"https:\/\/eventkit.ch\/wp-content\/uploads\/2026\/01\/3171c24f-5b0a-41b8-8e9b-a463e5bb63fa-scaled.jpg","contentUrl":"https:\/\/eventkit.ch\/wp-content\/uploads\/2026\/01\/3171c24f-5b0a-41b8-8e9b-a463e5bb63fa-scaled.jpg","width":2560,"height":1707},{"@type":"BreadcrumbList","@id":"https:\/\/eventkit.ch\/?page_id=1590&lang=fr#breadcrumb","itemListElement":[{"@type":"ListItem","position":1,"name":"Home","item":"https:\/\/eventkit.ch\/"},{"@type":"ListItem","position":2,"name":"Th\u00e8mes","item":"https:\/\/eventkit.ch\/?page_id=875&lang=fr"},{"@type":"ListItem","position":3,"name":"\u00c9nergie &#038; infrastructures"}]},{"@type":"WebSite","@id":"https:\/\/eventkit.ch\/#website","url":"https:\/\/eventkit.ch\/","name":"EventKit","description":"Nachhaltigkeit, die wirkt: Dein Event im Check.","publisher":{"@id":"https:\/\/eventkit.ch\/#organization"},"potentialAction":[{"@type":"SearchAction","target":{"@type":"EntryPoint","urlTemplate":"https:\/\/eventkit.ch\/?s={search_term_string}"},"query-input":{"@type":"PropertyValueSpecification","valueRequired":true,"valueName":"search_term_string"}}],"inLanguage":"de"},{"@type":"Organization","@id":"https:\/\/eventkit.ch\/#organization","name":"EventKit","url":"https:\/\/eventkit.ch\/","logo":{"@type":"ImageObject","inLanguage":"de","@id":"https:\/\/eventkit.ch\/#\/schema\/logo\/image\/","url":"https:\/\/eventkit.ch\/wp-content\/uploads\/2025\/11\/android-icon-144x144-1.png","contentUrl":"https:\/\/eventkit.ch\/wp-content\/uploads\/2025\/11\/android-icon-144x144-1.png","width":144,"height":144,"caption":"EventKit"},"image":{"@id":"https:\/\/eventkit.ch\/#\/schema\/logo\/image\/"}}]}},"_links":{"self":[{"href":"https:\/\/eventkit.ch\/index.php?rest_route=\/wp\/v2\/pages\/1590","targetHints":{"allow":["GET"]}}],"collection":[{"href":"https:\/\/eventkit.ch\/index.php?rest_route=\/wp\/v2\/pages"}],"about":[{"href":"https:\/\/eventkit.ch\/index.php?rest_route=\/wp\/v2\/types\/page"}],"author":[{"embeddable":true,"href":"https:\/\/eventkit.ch\/index.php?rest_route=\/wp\/v2\/users\/2"}],"replies":[{"embeddable":true,"href":"https:\/\/eventkit.ch\/index.php?rest_route=%2Fwp%2Fv2%2Fcomments&post=1590"}],"version-history":[{"count":27,"href":"https:\/\/eventkit.ch\/index.php?rest_route=\/wp\/v2\/pages\/1590\/revisions"}],"predecessor-version":[{"id":3737,"href":"https:\/\/eventkit.ch\/index.php?rest_route=\/wp\/v2\/pages\/1590\/revisions\/3737"}],"up":[{"embeddable":true,"href":"https:\/\/eventkit.ch\/index.php?rest_route=\/wp\/v2\/pages\/875"}],"wp:featuredmedia":[{"embeddable":true,"href":"https:\/\/eventkit.ch\/index.php?rest_route=\/wp\/v2\/media\/2759"}],"wp:attachment":[{"href":"https:\/\/eventkit.ch\/index.php?rest_route=%2Fwp%2Fv2%2Fmedia&parent=1590"}],"curies":[{"name":"wp","href":"https:\/\/api.w.org\/{rel}","templated":true}]}}