{"id":1588,"date":"2025-12-08T16:14:34","date_gmt":"2025-12-08T16:14:34","guid":{"rendered":"https:\/\/eventkit.ch\/?page_id=1588"},"modified":"2026-03-25T08:45:03","modified_gmt":"2026-03-25T07:45:03","slug":"inclusion-accessibilite","status":"publish","type":"page","link":"https:\/\/eventkit.ch\/?page_id=1588&lang=fr","title":{"rendered":"Inclusion &amp; Accessibilit\u00e9"},"content":{"rendered":"<div class=\"wp-block-group alignfull is-layout-constrained wp-block-group-is-layout-constrained\" style=\"padding-top:var(--wp--preset--spacing--40);padding-bottom:var(--wp--preset--spacing--60)\"><figure class=\"wp-block-image aligncenter size-full\"><img decoding=\"async\" src=\"https:\/\/eventkit.ch\/wp-content\/uploads\/2025\/12\/Test-Icons_Eventkit_250922-14.svg\" alt=\"\" class=\"wp-image-1532\"\/><\/figure>\n\n<h1 class=\"has-text-align-center wp-block-post-title\">Inclusion &amp; Accessibilit\u00e9<\/h1>\n\n<p class=\"has-text-align-center is-style-subtitle\">Des \u00e9v\u00e9nements pour tous et toutes, sans exclusion. L&#8217;inclusion favorise les rencontres, le fair-play renforce la coh\u00e9sion sociale. De l&#8217;accessibilit\u00e9 \u00e0 une participation \u00e9galitaire, en passant par l&#8217;information du voisinage : ton \u00e9v\u00e9nement devient ainsi un lieu o\u00f9 r\u00e8gne la diversit\u00e9 et o\u00f9 les chances sont r\u00e9parties \u00e9quitablement.<\/p><\/div><section class=\"wp-block-group alignfull has-orange-lighter-background-color has-background has-15-font-size is-layout-constrained wp-block-group-is-layout-constrained\"><h2 class=\"wp-block-heading has-text-align-center\">Accessibilit\u00e9<\/h2>\n\n<p class=\"has-text-align-center is-style-subtitle has-30-font-size\">Supprimer les barri\u00e8res &#8211; Ouvrir les portes<\/p>\n\n<div class=\"wp-bootstrap-blocks-row row\">\n\t\n<div class=\"col-12 col-md-5\">\n\t\t\t\n<p class=\"has-18-font-size\">Gr\u00e2ce \u00e0 des rampes, des installations sanitaires adapt\u00e9es aux personnes handicap\u00e9es, des signaux acoustiques et des chemins accessibles en fauteuil roulant, tu facilites l&#8217;acc\u00e8s aux personnes \u00e0 mobilit\u00e9 r\u00e9duite.<\/p>\n\n<p><\/p>\n\n<h4 class=\"wp-block-heading has-secondary-font-family has-24-font-size\">Tu trouveras des informations d\u00e9taill\u00e9es dans ces fiches d&#8217;information :<\/h4>\n\n<p><\/p>\n\n<div class=\"wp-block-buttons is-layout-flex wp-block-buttons-is-layout-flex\"><div class=\"wp-block-button has-custom-width wp-block-button__width-75 is-style-btn-secondary is-style-btn-secondary--1\"><a class=\"wp-block-button__link has-14-font-size has-custom-font-size wp-element-button\" href=\"https:\/\/eventkit.ch\/?resource=garantir-une-accessibilite-universelle&amp;lang=fr\" target=\"_blank\" rel=\"noreferrer noopener\">Garantir une accessibilit\u00e9 universelle<\/a><\/div>\n\n<div class=\"wp-block-button has-custom-width wp-block-button__width-75 is-style-btn-secondary is-style-btn-secondary--2\"><a class=\"wp-block-button__link has-14-font-size has-custom-font-size wp-element-button\" href=\"https:\/\/eventkit.ch\/?resource=faciliter-lacces-aux-personnes-a-mobilite-reduite&amp;lang=fr\" target=\"_blank\" rel=\"noreferrer noopener\">Faciliter l\u2019acc\u00e8s aux personnes \u00e0 mobilit\u00e9 r\u00e9duite<\/a><\/div><\/div>\n\n<p><\/p>\n\n<h4 class=\"wp-block-heading has-secondary-font-family has-24-font-size\">Liens utiles :<\/h4>\n\n<ul class=\"wp-block-list is-style-borderd\"><li><a href=\"https:\/\/www.proinfirmis.ch\/fileadmin\/bilder\/4_Ueber_uns\/Downloads\/pdf_Download-Seite\/PI_Manifestations_pour_toutes_et_tous.pdf\" target=\"_blank\" rel=\"noreferrer noopener\">Pro Infimis: Guide pour l\u2019organisation de manifestations accessibles<\/a><\/li>\n\n<li><a href=\"https:\/\/www.stv-fst.ch\/fr\/durabilite\/centre-de-competences\/initiative-okgo\" target=\"_blank\" rel=\"noreferrer noopener\">Initiative OK:GO: informations sur l&#8217;accessibilit\u00e9<\/a><\/li>\n\n<li><a href=\"https:\/\/www.designforall.ch\/fr\/homepage\" target=\"_blank\" rel=\"noreferrer noopener\">Centre de Comp\u00e9tences Design for All<\/a><\/li>\n\n<li><a href=\"https:\/\/static1.squarespace.com\/static\/58adc1601b10e34e35105626\/t\/5db85ccfdf957c23ea8202bb\/1572363500527\/Kulturwegweiser+Inklusion+Performing+Arts.pdf\"><\/a><a href=\"https:\/\/on-the-move.org\/resources\/library\/pour-une-sortie-culturelle-accessible-guide-de-linclusion-dans-les-arts-de-la\" target=\"_blank\" rel=\"noreferrer noopener\">Guide des manifestations inclusives dans le domaine des arts de la sc\u00e8ne <\/a><\/li><\/ul>\n\t<\/div>\n\n<div class=\"col-12 col-md-7\">\n\t\t\t\n<figure class=\"wp-block-image size-full has-custom-border\"><img loading=\"lazy\" decoding=\"async\" width=\"1754\" height=\"1240\" src=\"https:\/\/eventkit.ch\/wp-content\/uploads\/2025\/12\/blog_4_Hosted-Area-by-Axpo-PluSport_quer.jpg\" alt=\"\" class=\"wp-image-1825\" style=\"border-radius:8px\" srcset=\"https:\/\/eventkit.ch\/wp-content\/uploads\/2025\/12\/blog_4_Hosted-Area-by-Axpo-PluSport_quer.jpg 1754w, https:\/\/eventkit.ch\/wp-content\/uploads\/2025\/12\/blog_4_Hosted-Area-by-Axpo-PluSport_quer-300x212.jpg 300w, https:\/\/eventkit.ch\/wp-content\/uploads\/2025\/12\/blog_4_Hosted-Area-by-Axpo-PluSport_quer-1024x724.jpg 1024w, https:\/\/eventkit.ch\/wp-content\/uploads\/2025\/12\/blog_4_Hosted-Area-by-Axpo-PluSport_quer-768x543.jpg 768w, https:\/\/eventkit.ch\/wp-content\/uploads\/2025\/12\/blog_4_Hosted-Area-by-Axpo-PluSport_quer-1536x1086.jpg 1536w\" sizes=\"auto, (max-width: 1754px) 100vw, 1754px\" \/><figcaption class=\"wp-element-caption\">\u00a9 UCI Z\u00fcrich 2024<\/figcaption><\/figure>\n\n<h3 class=\"wp-block-heading has-secondary-font-family has-24-font-size\">Crit\u00e8res associ\u00e9s dans Eventkit :<\/h3>\n\n<p>8.1. Les organisateurs se penchent sur la question de l&#8217;accessibilit\u00e9. Les personnes en situation de handicap trouvent des informations sur l&#8217;accessibilit\u00e9 avant l&#8217;\u00e9v\u00e9nement afin de pouvoir s&#8217;informer sur les possibilit\u00e9s de participation (par exemple, site web accessible, renseignements t\u00e9l\u00e9phoniques, mention sur les supports de communication).<\/p>\n\n<p>8.4. Des places int\u00e9gr\u00e9es (non isol\u00e9es) sont mises \u00e0 la disposition des personnes en situation de handicap sur le lieu de la manifestation.<\/p>\n\t<\/div>\n<\/div><\/section><section class=\"wp-block-group alignfull has-green-light-background-color has-background has-15-font-size is-layout-constrained wp-block-group-is-layout-constrained\"><h2 class=\"wp-block-heading has-text-align-center\">Promouvoir la coh\u00e9sion sociale<\/h2>\n\n<p class=\"has-text-align-center is-style-subtitle has-30-font-size\">Les \u00e9v\u00e9nements cr\u00e9ent des liens, ind\u00e9pendamment de la langue, de la culture ou du revenu<\/p>\n\n<div class=\"wp-bootstrap-blocks-row row\">\n\t\n<div class=\"col-12 col-md-5\">\n\t\t\t\n<p class=\"has-18-font-size\">Gr\u00e2ce \u00e0 des billets \u00e0 prix r\u00e9duit, des offres gratuites pour les personnes dans le besoin et des moyens de communication multilingues, tu garantis une participation \u00e9galitaire pour tous et toutes et renforces la coh\u00e9sion sociale.<\/p>\n\n<p><\/p>\n\n<h4 class=\"wp-block-heading has-secondary-font-family has-24-font-size\">Tu trouveras des informations d\u00e9taill\u00e9es dans cette fiche d&#8217;information :<\/h4>\n\n<div class=\"wp-block-buttons is-layout-flex wp-block-buttons-is-layout-flex\"><div class=\"wp-block-button has-custom-width wp-block-button__width-75 is-style-btn-primary is-style-btn-primary--3\"><a class=\"wp-block-button__link has-general-font-family has-14-font-size has-custom-font-size wp-element-button\" href=\"https:\/\/eventkit.ch\/?resource=favoriser-une-participation-diversifiee&amp;lang=fr\" style=\"padding-right:0;padding-left:0\" target=\"_blank\" rel=\"noreferrer noopener\">Favoriser une participation diversifi\u00e9e<\/a><\/div><\/div>\n\n<p><\/p>\n\n<p><\/p>\n\n<h4 class=\"wp-block-heading has-secondary-font-family has-24-font-size\">Liens utiles :<\/h4>\n\n<ul style=\"margin-top:0;margin-bottom:0\" class=\"wp-block-list is-style-borderd has-secondary-font-family\"><li style=\"border-style:none;border-width:0px;margin-top:var(--wp--preset--spacing--30);margin-bottom:var(--wp--preset--spacing--30)\"><a href=\"https:\/\/www.swissolympic.ch\/fr\/federations\/valeurs-ethique\/charte-ethique\" target=\"_blank\" rel=\"noreferrer noopener\">Swiss Olympic: Charte d\u2019\u00e9thique<\/a><\/li>\n\n<li style=\"border-style:none;border-width:0px;margin-top:var(--wp--preset--spacing--30);margin-bottom:var(--wp--preset--spacing--30)\"><a href=\"https:\/\/www.spiritofsport.ch\/fr\/\" target=\"_blank\" rel=\"noreferrer noopener\">Swiss Olympic: Outils de mise en \u0153uvre de la charte \u00e9thique<\/a><\/li><\/ul>\n\t<\/div>\n\n<div class=\"col-12 col-md-7\">\n\t\t\t\n<figure class=\"wp-block-image size-full is-resized has-custom-border\"><img loading=\"lazy\" decoding=\"async\" width=\"640\" height=\"427\" src=\"https:\/\/eventkit.ch\/wp-content\/uploads\/2025\/12\/Nachfragen_coolandclean_Clap_Commitment-edited.jpg\" alt=\"\" class=\"wp-image-1835\" style=\"border-radius:8px;width:691px;height:auto\" srcset=\"https:\/\/eventkit.ch\/wp-content\/uploads\/2025\/12\/Nachfragen_coolandclean_Clap_Commitment-edited.jpg 640w, https:\/\/eventkit.ch\/wp-content\/uploads\/2025\/12\/Nachfragen_coolandclean_Clap_Commitment-edited-300x200.jpg 300w\" sizes=\"auto, (max-width: 640px) 100vw, 640px\" \/><figcaption class=\"wp-element-caption\">\u00a9 swiss olympics cool &amp; clean Kampagne<\/figcaption><\/figure>\n\n<h3 class=\"wp-block-heading has-secondary-font-family has-24-font-size\">Crit\u00e8res associ\u00e9s dans Eventkit :<\/h3>\n\n<p>8.2. La manifestation assure l\u2019\u00e9galit\u00e9 (p. ex. langage neutre en ce qui concerne le genre, autonomisation, pr\u00e9sence de femmes dans les organes de d\u00e9cision ou la programmation, \u00e9galit\u00e9 salariale).<\/p>\n\n<p>8.3. Les familles, les enfants, les jeunes et autres groupes (personnes \u00e9tudiantes, apprenties, b\u00e9n\u00e9ficiaires de l\u2019aide sociale) b\u00e9n\u00e9ficient d\u2019entr\u00e9es \u00e0 prix r\u00e9duit ou de l\u2019entr\u00e9e gratuite.<\/p>\n\t<\/div>\n<\/div><\/section><section class=\"wp-block-group alignfull is-layout-constrained wp-block-group-is-layout-constrained\"><h2 class=\"wp-block-heading has-text-align-center\">Autres sujets en lien<\/h2>\n\n<p class=\"has-text-align-center is-style-subtitle\">avec la th\u00e9matique inklusion &amp; accessibilit\u00e9<\/p>\n\n<div class=\"wp-block-columns is-layout-flex wp-container-core-columns-is-layout-28f84493 wp-block-columns-is-layout-flex\"><div class=\"wp-block-column is-layout-flow wp-block-column-is-layout-flow\"><div class=\"wp-block-group is-layout-constrained wp-block-group-is-layout-constrained\"><figure class=\"wp-block-image size-full has-custom-border\"><img loading=\"lazy\" decoding=\"async\" width=\"1024\" height=\"683\" src=\"https:\/\/eventkit.ch\/wp-content\/uploads\/2025\/12\/7h9a1131_54608440535_l.jpg\" alt=\"\" class=\"wp-image-1832\" style=\"border-radius:10px\" srcset=\"https:\/\/eventkit.ch\/wp-content\/uploads\/2025\/12\/7h9a1131_54608440535_l.jpg 1024w, https:\/\/eventkit.ch\/wp-content\/uploads\/2025\/12\/7h9a1131_54608440535_l-300x200.jpg 300w, https:\/\/eventkit.ch\/wp-content\/uploads\/2025\/12\/7h9a1131_54608440535_l-768x512.jpg 768w\" sizes=\"auto, (max-width: 1024px) 100vw, 1024px\" \/><figcaption class=\"wp-element-caption\">\u00a9 Z\u00fcrich Pride 2025<\/figcaption><\/figure>\n\n<p><\/p>\n\n<h3 class=\"wp-block-heading has-28-font-size\" style=\"margin-top:10px;margin-bottom:10px\">\u00c9galit\u00e9 des chances<\/h3>\n\n<p><\/p>\n\n<p>Une r\u00e9partition \u00e9quitable des r\u00f4les entre les sexes, un langage inclusif et des programmes sans st\u00e9r\u00e9otypes favorisent l&#8217;\u00e9galit\u00e9 des chances. Gr\u00e2ce \u00e0 des \u00e9quipes sensibilis\u00e9es et \u00e0 une repr\u00e9sentation \u00e9quitable, ta manifestation devient un mod\u00e8le d&#8217;\u00e9galit\u00e9.<\/p>\n\n<div class=\"wp-block-buttons is-layout-flex wp-block-buttons-is-layout-flex\"><div class=\"wp-block-button has-custom-width wp-block-button__width-100\"><a class=\"wp-block-button__link has-white-color has-secondary-background-color has-text-color has-background has-link-color wp-element-button\" href=\"https:\/\/eventkit.ch\/?resource=objectif-zero-sexisme&amp;lang=fr\" target=\"_blank\" rel=\"noreferrer noopener\">Objectif z\u00e9ro sexisme<\/a><\/div><\/div>\n\n<p><\/p>\n\n<h4 class=\"wp-block-heading has-secondary-font-family has-24-font-size\">Liens utiles :<\/h4><\/div>\n\n<ul style=\"margin-top:0;margin-bottom:0\" class=\"wp-block-list is-style-borderd has-secondary-font-family\"><li style=\"border-style:none;border-width:0px;margin-top:var(--wp--preset--spacing--30);margin-bottom:var(--wp--preset--spacing--30)\"><a href=\"https:\/\/www.equality.ch\/f\/Home.htm\" type=\"link\" id=\"https:\/\/www.equality.ch\/f\/Home.htm\" target=\"_blank\" rel=\"noreferrer noopener\">La Conf\u00e9rence suisse des d\u00e9l\u00e9gu\u00e9\u00b7e\u00b7s \u00e0 l&#8217;\u00e9galit\u00e9<\/a><\/li>\n\n<li style=\"border-style:none;border-width:0px;margin-top:var(--wp--preset--spacing--30);margin-bottom:var(--wp--preset--spacing--30)\"><a href=\"https:\/\/www.equality.ch\/f\/Home.htm\" type=\"link\" id=\"https:\/\/www.equality.ch\/f\/Home.htm\" target=\"_blank\" rel=\"noreferrer noopener\">Diversity Roadmap<\/a><\/li><\/ul>\n\n<p><\/p><\/div>\n\n<div class=\"wp-block-column is-layout-flow wp-block-column-is-layout-flow\"><div class=\"wp-block-group is-layout-constrained wp-block-group-is-layout-constrained\"><figure class=\"wp-block-image size-full has-custom-border\"><img loading=\"lazy\" decoding=\"async\" width=\"690\" height=\"460\" src=\"https:\/\/eventkit.ch\/wp-content\/uploads\/2025\/12\/Nachfragen-swissvolley-2022-09-18_094049_00_Piste_Adrian-Knecht-2022-2560x1024-1-edited.jpg\" alt=\"\" class=\"wp-image-1838\" style=\"border-radius:10px\" srcset=\"https:\/\/eventkit.ch\/wp-content\/uploads\/2025\/12\/Nachfragen-swissvolley-2022-09-18_094049_00_Piste_Adrian-Knecht-2022-2560x1024-1-edited.jpg 690w, https:\/\/eventkit.ch\/wp-content\/uploads\/2025\/12\/Nachfragen-swissvolley-2022-09-18_094049_00_Piste_Adrian-Knecht-2022-2560x1024-1-edited-300x200.jpg 300w\" sizes=\"auto, (max-width: 690px) 100vw, 690px\" \/><figcaption class=\"wp-element-caption\">\u00a9 Swiss Volley Talentf\u00f6rderung<\/figcaption><\/figure>\n\n<p><\/p>\n\n<h3 class=\"wp-block-heading has-28-font-size\" style=\"margin-top:10px;margin-bottom:10px\">Promotion des jeunes talents<\/h3>\n\n<p><\/p>\n\n<p>Gr\u00e2ce \u00e0 des ateliers, du mentorat et des plateformes ouvertes pour les jeunes talents, tu encourages le potentiel et l&#8217;engagement futur. Les manifestations deviennent ainsi des tremplins pour les carri\u00e8res, o\u00f9 se d\u00e9veloppent des passions pour le sport, la culture ou l&#8217;organisation.<\/p>\n\n<div class=\"wp-block-buttons is-layout-flex wp-block-buttons-is-layout-flex\"><\/div>\n\n<h4 class=\"wp-block-heading has-secondary-font-family has-24-font-size\">Liens utiles :<\/h4><\/div>\n\n<ul style=\"margin-top:0;margin-bottom:0\" class=\"wp-block-list is-style-borderd has-secondary-font-family\"><li style=\"border-style:none;border-width:0px;margin-top:var(--wp--preset--spacing--30);margin-bottom:var(--wp--preset--spacing--30)\"><a href=\"https:\/\/www.swissolympic.ch\/fr\/federations\/promotion-soutien\/concepts-de-promotion\" target=\"_blank\" rel=\"noreferrer noopener\">Promotion de la rel\u00e8ve<\/a><\/li><\/ul><\/div>\n\n<div class=\"wp-block-column is-layout-flow wp-block-column-is-layout-flow\"><figure class=\"wp-block-image size-full has-custom-border\"><img loading=\"lazy\" decoding=\"async\" width=\"2560\" height=\"1706\" src=\"https:\/\/eventkit.ch\/wp-content\/uploads\/2025\/12\/Zurich-Pride-Festival-Friday-2025-Photo-by-Sebastian-Hubold-28-scaled.jpeg\" alt=\"\" class=\"wp-image-2013\" style=\"border-radius:10px\" srcset=\"https:\/\/eventkit.ch\/wp-content\/uploads\/2025\/12\/Zurich-Pride-Festival-Friday-2025-Photo-by-Sebastian-Hubold-28-scaled.jpeg 2560w, https:\/\/eventkit.ch\/wp-content\/uploads\/2025\/12\/Zurich-Pride-Festival-Friday-2025-Photo-by-Sebastian-Hubold-28-300x200.jpeg 300w, https:\/\/eventkit.ch\/wp-content\/uploads\/2025\/12\/Zurich-Pride-Festival-Friday-2025-Photo-by-Sebastian-Hubold-28-1024x682.jpeg 1024w, https:\/\/eventkit.ch\/wp-content\/uploads\/2025\/12\/Zurich-Pride-Festival-Friday-2025-Photo-by-Sebastian-Hubold-28-768x512.jpeg 768w, https:\/\/eventkit.ch\/wp-content\/uploads\/2025\/12\/Zurich-Pride-Festival-Friday-2025-Photo-by-Sebastian-Hubold-28-1536x1024.jpeg 1536w, https:\/\/eventkit.ch\/wp-content\/uploads\/2025\/12\/Zurich-Pride-Festival-Friday-2025-Photo-by-Sebastian-Hubold-28-2048x1365.jpeg 2048w\" sizes=\"auto, (max-width: 2560px) 100vw, 2560px\" \/><figcaption class=\"wp-element-caption\">\u00a9 Z\u00fcrich Pride<\/figcaption><\/figure>\n\n<p><\/p>\n\n<h3 class=\"wp-block-heading has-28-font-size\">Informer le voisinage<\/h3>\n\n<p><\/p>\n\n<p>Des informations claires aux riverains, des mesures de pr\u00e9caution en mati\u00e8re de bruit et de circulation ainsi que des invitations \u00e0 participer cr\u00e9ent une atmosph\u00e8re harmonieuse. Tes voisins deviendront ainsi des alli\u00e9s.<\/p>\n\n<p><\/p><\/div><\/div><\/section><section class=\"wp-block-group alignfull has-orange-light-background-color has-background is-layout-constrained wp-block-group-is-layout-constrained\"><figure class=\"wp-block-image aligncenter size-full\"><img decoding=\"async\" src=\"https:\/\/eventkit.ch\/wp-content\/themes\/eventkit-wp\/assets\/images\/pattern\/download.png\" alt=\"\" class=\"wp-image-491\"\/><\/figure>\n\n<h2 class=\"wp-block-heading has-text-align-center\">T\u00e9l\u00e9charge la liste de crit\u00e8res compl\u00e8te<\/h2>\n\n<p class=\"has-text-align-center is-style-subtitle\">avec ses 58 mesures dans 9 domaines th\u00e9matiques<\/p>\n\n<div class=\"wp-block-buttons is-content-justification-center is-layout-flex wp-container-core-buttons-is-layout-253fffe0 wp-block-buttons-is-layout-flex\"><?xml encoding=\"utf-8\" ?><div class=\"wp-block-button is-style-btn-secondary is-style-btn-secondary--4\"><a class=\"wp-block-button__link wp-element-button has-core-icon\" href=\"https:\/\/eventkit.ch\/wp-content\/uploads\/2026\/03\/Zielwerte-Eventkit.pdf\" target=\"_blank\" rel=\"noreferrer noopener\" style='--core-icon: url(\"https:\/\/eventkit.ch\/wp-content\/themes\/eventkit-wp\/gutenberg-dev\/assets\/badge-icons\/file-text.svg\");'> Au format PDF<\/a><\/div>\n\n\n<?xml encoding=\"utf-8\" ?><div class=\"wp-block-button is-style-btn-primary is-style-btn-primary--5\"><a class=\"wp-block-button__link wp-element-button has-core-icon\" href=\"https:\/\/eventkit.ch\/wp-content\/uploads\/2026\/03\/Zielwerte-Eventkit.xlsx\" target=\"_blank\" rel=\"noreferrer noopener\" style='--core-icon: url(\"https:\/\/eventkit.ch\/wp-content\/themes\/eventkit-wp\/gutenberg-dev\/assets\/badge-icons\/file-text.svg\");'>Au format Excel<\/a><\/div>\n<\/div><\/section>","protected":false},"excerpt":{"rendered":"<p>Des \u00e9v\u00e9nements pour tous et toutes, sans exclusion. L&#8217;inclusion favorise les rencontres, le fair-play renforce la coh\u00e9sion sociale. De l&#8217;accessibilit\u00e9 \u00e0 une participation \u00e9galitaire, en passant par l&#8217;information du voisinage : ton \u00e9v\u00e9nement devient ainsi un lieu o\u00f9 r\u00e8gne la diversit\u00e9 et o\u00f9 les chances sont r\u00e9parties \u00e9quitablement. Accessibilit\u00e9 Supprimer les barri\u00e8res &#8211; Ouvrir les [&hellip;]<\/p>\n","protected":false},"author":2,"featured_media":1825,"parent":875,"menu_order":0,"comment_status":"closed","ping_status":"closed","template":"page-no-title","meta":{"_sitemap_exclude":false,"_sitemap_priority":"","_sitemap_frequency":"","footnotes":""},"class_list":["post-1588","page","type-page","status-publish","has-post-thumbnail","hentry"],"yoast_head":"<!-- This site is optimized with the Yoast SEO plugin v27.3 - https:\/\/yoast.com\/product\/yoast-seo-wordpress\/ -->\n<title>Inclusion &amp; Accessibilit\u00e9<\/title>\n<meta name=\"description\" content=\"Des \u00e9v\u00e9nements pour tous et toutes, sans exclusion. L&#039;inclusion favorise les rencontres, le fair-play renforce la coh\u00e9sion sociale.\" \/>\n<meta name=\"robots\" content=\"index, follow, max-snippet:-1, max-image-preview:large, max-video-preview:-1\" \/>\n<link rel=\"canonical\" href=\"https:\/\/eventkit.ch\/?page_id=1588&lang=fr\" \/>\n<meta property=\"og:locale\" content=\"de_DE\" \/>\n<meta property=\"og:type\" content=\"article\" \/>\n<meta property=\"og:title\" content=\"Inclusion &amp; Accessibilit\u00e9\" \/>\n<meta property=\"og:description\" content=\"Des \u00e9v\u00e9nements pour tous et toutes, sans exclusion. L&#039;inclusion favorise les rencontres, le fair-play renforce la coh\u00e9sion sociale.\" \/>\n<meta property=\"og:url\" content=\"https:\/\/eventkit.ch\/?page_id=1588&amp;lang=fr\" \/>\n<meta property=\"og:site_name\" content=\"EventKit\" \/>\n<meta property=\"article:modified_time\" content=\"2026-03-25T07:45:03+00:00\" \/>\n<meta property=\"og:image\" content=\"https:\/\/eventkit.ch\/wp-content\/uploads\/2025\/12\/blog_4_Hosted-Area-by-Axpo-PluSport_quer.jpg\" \/>\n\t<meta property=\"og:image:width\" content=\"1754\" \/>\n\t<meta property=\"og:image:height\" content=\"1240\" \/>\n\t<meta property=\"og:image:type\" content=\"image\/jpeg\" \/>\n<meta name=\"twitter:card\" content=\"summary_large_image\" \/>\n<meta name=\"twitter:label1\" content=\"Gesch\u00e4tzte Lesezeit\" \/>\n\t<meta name=\"twitter:data1\" content=\"9\u00a0Minuten\" \/>\n<script type=\"application\/ld+json\" class=\"yoast-schema-graph\">{\"@context\":\"https:\\\/\\\/schema.org\",\"@graph\":[{\"@type\":\"WebPage\",\"@id\":\"https:\\\/\\\/eventkit.ch\\\/?page_id=1588&lang=fr\",\"url\":\"https:\\\/\\\/eventkit.ch\\\/?page_id=1588&lang=fr\",\"name\":\"Inclusion & Accessibilit\u00e9\",\"isPartOf\":{\"@id\":\"https:\\\/\\\/eventkit.ch\\\/#website\"},\"primaryImageOfPage\":{\"@id\":\"https:\\\/\\\/eventkit.ch\\\/?page_id=1588&lang=fr#primaryimage\"},\"image\":{\"@id\":\"https:\\\/\\\/eventkit.ch\\\/?page_id=1588&lang=fr#primaryimage\"},\"thumbnailUrl\":\"https:\\\/\\\/eventkit.ch\\\/wp-content\\\/uploads\\\/2025\\\/12\\\/blog_4_Hosted-Area-by-Axpo-PluSport_quer.jpg\",\"datePublished\":\"2025-12-08T16:14:34+00:00\",\"dateModified\":\"2026-03-25T07:45:03+00:00\",\"description\":\"Des \u00e9v\u00e9nements pour tous et toutes, sans exclusion. L'inclusion favorise les rencontres, le fair-play renforce la coh\u00e9sion sociale.\",\"breadcrumb\":{\"@id\":\"https:\\\/\\\/eventkit.ch\\\/?page_id=1588&lang=fr#breadcrumb\"},\"inLanguage\":\"de\",\"potentialAction\":[{\"@type\":\"ReadAction\",\"target\":[\"https:\\\/\\\/eventkit.ch\\\/?page_id=1588&lang=fr\"]}]},{\"@type\":\"ImageObject\",\"inLanguage\":\"de\",\"@id\":\"https:\\\/\\\/eventkit.ch\\\/?page_id=1588&lang=fr#primaryimage\",\"url\":\"https:\\\/\\\/eventkit.ch\\\/wp-content\\\/uploads\\\/2025\\\/12\\\/blog_4_Hosted-Area-by-Axpo-PluSport_quer.jpg\",\"contentUrl\":\"https:\\\/\\\/eventkit.ch\\\/wp-content\\\/uploads\\\/2025\\\/12\\\/blog_4_Hosted-Area-by-Axpo-PluSport_quer.jpg\",\"width\":1754,\"height\":1240},{\"@type\":\"BreadcrumbList\",\"@id\":\"https:\\\/\\\/eventkit.ch\\\/?page_id=1588&lang=fr#breadcrumb\",\"itemListElement\":[{\"@type\":\"ListItem\",\"position\":1,\"name\":\"Home\",\"item\":\"https:\\\/\\\/eventkit.ch\\\/\"},{\"@type\":\"ListItem\",\"position\":2,\"name\":\"Th\u00e8mes\",\"item\":\"https:\\\/\\\/eventkit.ch\\\/?page_id=875&lang=fr\"},{\"@type\":\"ListItem\",\"position\":3,\"name\":\"Inclusion &amp; Accessibilit\u00e9\"}]},{\"@type\":\"WebSite\",\"@id\":\"https:\\\/\\\/eventkit.ch\\\/#website\",\"url\":\"https:\\\/\\\/eventkit.ch\\\/\",\"name\":\"EventKit\",\"description\":\"Nachhaltigkeit, die wirkt: Dein Event im Check.\",\"publisher\":{\"@id\":\"https:\\\/\\\/eventkit.ch\\\/#organization\"},\"potentialAction\":[{\"@type\":\"SearchAction\",\"target\":{\"@type\":\"EntryPoint\",\"urlTemplate\":\"https:\\\/\\\/eventkit.ch\\\/?s={search_term_string}\"},\"query-input\":{\"@type\":\"PropertyValueSpecification\",\"valueRequired\":true,\"valueName\":\"search_term_string\"}}],\"inLanguage\":\"de\"},{\"@type\":\"Organization\",\"@id\":\"https:\\\/\\\/eventkit.ch\\\/#organization\",\"name\":\"EventKit\",\"url\":\"https:\\\/\\\/eventkit.ch\\\/\",\"logo\":{\"@type\":\"ImageObject\",\"inLanguage\":\"de\",\"@id\":\"https:\\\/\\\/eventkit.ch\\\/#\\\/schema\\\/logo\\\/image\\\/\",\"url\":\"https:\\\/\\\/eventkit.ch\\\/wp-content\\\/uploads\\\/2025\\\/11\\\/android-icon-144x144-1.png\",\"contentUrl\":\"https:\\\/\\\/eventkit.ch\\\/wp-content\\\/uploads\\\/2025\\\/11\\\/android-icon-144x144-1.png\",\"width\":144,\"height\":144,\"caption\":\"EventKit\"},\"image\":{\"@id\":\"https:\\\/\\\/eventkit.ch\\\/#\\\/schema\\\/logo\\\/image\\\/\"}}]}<\/script>\n<!-- \/ Yoast SEO plugin. -->","yoast_head_json":{"title":"Inclusion & Accessibilit\u00e9","description":"Des \u00e9v\u00e9nements pour tous et toutes, sans exclusion. L'inclusion favorise les rencontres, le fair-play renforce la coh\u00e9sion sociale.","robots":{"index":"index","follow":"follow","max-snippet":"max-snippet:-1","max-image-preview":"max-image-preview:large","max-video-preview":"max-video-preview:-1"},"canonical":"https:\/\/eventkit.ch\/?page_id=1588&lang=fr","og_locale":"de_DE","og_type":"article","og_title":"Inclusion & Accessibilit\u00e9","og_description":"Des \u00e9v\u00e9nements pour tous et toutes, sans exclusion. L'inclusion favorise les rencontres, le fair-play renforce la coh\u00e9sion sociale.","og_url":"https:\/\/eventkit.ch\/?page_id=1588&lang=fr","og_site_name":"EventKit","article_modified_time":"2026-03-25T07:45:03+00:00","og_image":[{"width":1754,"height":1240,"url":"https:\/\/eventkit.ch\/wp-content\/uploads\/2025\/12\/blog_4_Hosted-Area-by-Axpo-PluSport_quer.jpg","type":"image\/jpeg"}],"twitter_card":"summary_large_image","twitter_misc":{"Gesch\u00e4tzte Lesezeit":"9\u00a0Minuten"},"schema":{"@context":"https:\/\/schema.org","@graph":[{"@type":"WebPage","@id":"https:\/\/eventkit.ch\/?page_id=1588&lang=fr","url":"https:\/\/eventkit.ch\/?page_id=1588&lang=fr","name":"Inclusion & Accessibilit\u00e9","isPartOf":{"@id":"https:\/\/eventkit.ch\/#website"},"primaryImageOfPage":{"@id":"https:\/\/eventkit.ch\/?page_id=1588&lang=fr#primaryimage"},"image":{"@id":"https:\/\/eventkit.ch\/?page_id=1588&lang=fr#primaryimage"},"thumbnailUrl":"https:\/\/eventkit.ch\/wp-content\/uploads\/2025\/12\/blog_4_Hosted-Area-by-Axpo-PluSport_quer.jpg","datePublished":"2025-12-08T16:14:34+00:00","dateModified":"2026-03-25T07:45:03+00:00","description":"Des \u00e9v\u00e9nements pour tous et toutes, sans exclusion. L'inclusion favorise les rencontres, le fair-play renforce la coh\u00e9sion sociale.","breadcrumb":{"@id":"https:\/\/eventkit.ch\/?page_id=1588&lang=fr#breadcrumb"},"inLanguage":"de","potentialAction":[{"@type":"ReadAction","target":["https:\/\/eventkit.ch\/?page_id=1588&lang=fr"]}]},{"@type":"ImageObject","inLanguage":"de","@id":"https:\/\/eventkit.ch\/?page_id=1588&lang=fr#primaryimage","url":"https:\/\/eventkit.ch\/wp-content\/uploads\/2025\/12\/blog_4_Hosted-Area-by-Axpo-PluSport_quer.jpg","contentUrl":"https:\/\/eventkit.ch\/wp-content\/uploads\/2025\/12\/blog_4_Hosted-Area-by-Axpo-PluSport_quer.jpg","width":1754,"height":1240},{"@type":"BreadcrumbList","@id":"https:\/\/eventkit.ch\/?page_id=1588&lang=fr#breadcrumb","itemListElement":[{"@type":"ListItem","position":1,"name":"Home","item":"https:\/\/eventkit.ch\/"},{"@type":"ListItem","position":2,"name":"Th\u00e8mes","item":"https:\/\/eventkit.ch\/?page_id=875&lang=fr"},{"@type":"ListItem","position":3,"name":"Inclusion &amp; Accessibilit\u00e9"}]},{"@type":"WebSite","@id":"https:\/\/eventkit.ch\/#website","url":"https:\/\/eventkit.ch\/","name":"EventKit","description":"Nachhaltigkeit, die wirkt: Dein Event im Check.","publisher":{"@id":"https:\/\/eventkit.ch\/#organization"},"potentialAction":[{"@type":"SearchAction","target":{"@type":"EntryPoint","urlTemplate":"https:\/\/eventkit.ch\/?s={search_term_string}"},"query-input":{"@type":"PropertyValueSpecification","valueRequired":true,"valueName":"search_term_string"}}],"inLanguage":"de"},{"@type":"Organization","@id":"https:\/\/eventkit.ch\/#organization","name":"EventKit","url":"https:\/\/eventkit.ch\/","logo":{"@type":"ImageObject","inLanguage":"de","@id":"https:\/\/eventkit.ch\/#\/schema\/logo\/image\/","url":"https:\/\/eventkit.ch\/wp-content\/uploads\/2025\/11\/android-icon-144x144-1.png","contentUrl":"https:\/\/eventkit.ch\/wp-content\/uploads\/2025\/11\/android-icon-144x144-1.png","width":144,"height":144,"caption":"EventKit"},"image":{"@id":"https:\/\/eventkit.ch\/#\/schema\/logo\/image\/"}}]}},"_links":{"self":[{"href":"https:\/\/eventkit.ch\/index.php?rest_route=\/wp\/v2\/pages\/1588","targetHints":{"allow":["GET"]}}],"collection":[{"href":"https:\/\/eventkit.ch\/index.php?rest_route=\/wp\/v2\/pages"}],"about":[{"href":"https:\/\/eventkit.ch\/index.php?rest_route=\/wp\/v2\/types\/page"}],"author":[{"embeddable":true,"href":"https:\/\/eventkit.ch\/index.php?rest_route=\/wp\/v2\/users\/2"}],"replies":[{"embeddable":true,"href":"https:\/\/eventkit.ch\/index.php?rest_route=%2Fwp%2Fv2%2Fcomments&post=1588"}],"version-history":[{"count":29,"href":"https:\/\/eventkit.ch\/index.php?rest_route=\/wp\/v2\/pages\/1588\/revisions"}],"predecessor-version":[{"id":3702,"href":"https:\/\/eventkit.ch\/index.php?rest_route=\/wp\/v2\/pages\/1588\/revisions\/3702"}],"up":[{"embeddable":true,"href":"https:\/\/eventkit.ch\/index.php?rest_route=\/wp\/v2\/pages\/875"}],"wp:featuredmedia":[{"embeddable":true,"href":"https:\/\/eventkit.ch\/index.php?rest_route=\/wp\/v2\/media\/1825"}],"wp:attachment":[{"href":"https:\/\/eventkit.ch\/index.php?rest_route=%2Fwp%2Fv2%2Fmedia&parent=1588"}],"curies":[{"name":"wp","href":"https:\/\/api.w.org\/{rel}","templated":true}]}}