{"id":1577,"date":"2025-12-08T16:42:05","date_gmt":"2025-12-08T16:42:05","guid":{"rendered":"https:\/\/eventkit.ch\/?page_id=1577"},"modified":"2026-03-24T10:45:12","modified_gmt":"2026-03-24T09:45:12","slug":"wirtschaft","status":"publish","type":"page","link":"https:\/\/eventkit.ch\/?page_id=1577","title":{"rendered":"Wirtschaft"},"content":{"rendered":"<div class=\"wp-block-group alignfull is-layout-constrained wp-block-group-is-layout-constrained\" style=\"padding-top:var(--wp--preset--spacing--40);padding-bottom:var(--wp--preset--spacing--60)\"><figure class=\"wp-block-image aligncenter size-full\"><img decoding=\"async\" src=\"https:\/\/eventkit.ch\/wp-content\/uploads\/2025\/12\/Test-Icons_Eventkit_250922-15.svg\" alt=\"\" class=\"wp-image-1531\"\/><\/figure>\n\n<h1 class=\"has-text-align-center wp-block-post-title\">Wirtschaft<\/h1>\n\n<p class=\"has-text-align-center is-style-subtitle\">Wer umsichtig denkt und handelt, investiert in Zukunftsf\u00e4higkeit. Eine faire, transparente und lokal verankerte Organisation st\u00e4rkt das Vertrauen der Partner, schafft langfristige Beziehungen und zeigt Verantwortung \u00fcber den Event hinaus. Eine faire, transparente und lokal verankerte Organisation st\u00e4rkt das Vertrauen der Partner, schafft langfristige Beziehungen und zeigt Verantwortung \u00fcber den Event hinaus.<\/p><\/div><section class=\"wp-block-group alignfull has-green-light-background-color has-background has-15-font-size is-layout-constrained wp-block-group-is-layout-constrained\"><h2 class=\"wp-block-heading has-text-align-center\">Regionale Wertsch\u00f6pfung<\/h2>\n\n<p class=\"has-text-align-center is-style-subtitle has-30-font-size\">Nah denken, lokal handeln<\/p>\n\n<div class=\"wp-bootstrap-blocks-row row\">\n\t\n<div class=\"col-12 col-md-5\">\n\t\t\t\n<p class=\"has-18-font-size\">Wenn Auftr\u00e4ge an regionale Betriebe gehen, profitieren Umwelt, Wirtschaft und Gemeinschaft gleicherma\u00dfen. Mit kurzen Wegen, fairen Vertr\u00e4gen und starken Partnerschaften schaffst du Mehrwert, der in der Region bleibt \u2013 und weit \u00fcber dein Event hinaus wirkt.<\/p>\n\n<p><\/p>\n\n<h4 class=\"wp-block-heading has-secondary-font-family has-24-font-size\">In diesem Merkblatt findest du vertiefende Informationen:<\/h4>\n\n<div class=\"wp-block-buttons is-layout-flex wp-block-buttons-is-layout-flex\"><div class=\"wp-block-button has-custom-width wp-block-button__width-75 is-style-btn-primary is-style-btn-primary--1\"><a class=\"wp-block-button__link has-general-font-family has-14-font-size has-custom-font-size wp-element-button\" href=\"https:\/\/eventkit.ch\/?resource=wahl-der-unterkuenfte\" style=\"padding-right:0;padding-left:0\" target=\"_blank\" rel=\"noreferrer noopener\">Wahl der Unterk\u00fcnfte<\/a><\/div><\/div>\n\n<p><\/p>\n\n<p><\/p>\n\n<h4 class=\"wp-block-heading has-secondary-font-family has-24-font-size\">Hilfreiche Links:<\/h4>\n\n<ul style=\"margin-top:0;margin-bottom:0\" class=\"wp-block-list is-style-borderd has-secondary-font-family\"><li style=\"border-style:none;border-width:0px;margin-top:var(--wp--preset--spacing--30);margin-bottom:var(--wp--preset--spacing--30)\"><a href=\"https:\/\/www.stv-fst.ch\/nachhaltigkeit\/kompetenzzentrum\/swisstainable\" target=\"_blank\" rel=\"noreferrer noopener\">Orientierungshilfe bei der Suche nach nachaltigen Angeboten<\/a><\/li><\/ul>\n\t<\/div>\n\n<div class=\"col-12 col-md-7\">\n\t\t\t\n<figure class=\"wp-block-image size-full has-custom-border\"><img loading=\"lazy\" decoding=\"async\" width=\"1024\" height=\"683\" src=\"https:\/\/eventkit.ch\/wp-content\/uploads\/2025\/12\/zurich-pride-festival-friday_54658107735_l.jpg\" alt=\"\" class=\"wp-image-2027\" style=\"border-radius:8px\" srcset=\"https:\/\/eventkit.ch\/wp-content\/uploads\/2025\/12\/zurich-pride-festival-friday_54658107735_l.jpg 1024w, https:\/\/eventkit.ch\/wp-content\/uploads\/2025\/12\/zurich-pride-festival-friday_54658107735_l-300x200.jpg 300w, https:\/\/eventkit.ch\/wp-content\/uploads\/2025\/12\/zurich-pride-festival-friday_54658107735_l-768x512.jpg 768w\" sizes=\"auto, (max-width: 1024px) 100vw, 1024px\" \/><figcaption class=\"wp-element-caption\"> \u00a9 Z\u00fcrich Pride<\/figcaption><\/figure>\n\n<h3 class=\"wp-block-heading has-secondary-font-family has-22-font-size\">Zugeh\u00f6rige Kriterien im Eventkit:<\/h3>\n\n<p>9.1. Um die regionale Wirtschaft zu f\u00f6rdern, werden Anbieter aus der Region bevorzugt.<\/p>\n\n<p>9.6. Es werden Massnahmen ergriffen, um Besuchende am Event zu einem l\u00e4ngeren Aufenthalt oder zu weiteren Aktivit\u00e4ten in der Region zu bewegen (z.B. in Koordination mit lokalen\/regionalen Tourismusorganisationen).<\/p>\n\t<\/div>\n<\/div><\/section><section class=\"wp-block-group alignfull has-orange-lighter-background-color has-background has-15-font-size is-layout-constrained wp-block-group-is-layout-constrained\"><h2 class=\"wp-block-heading has-text-align-center\">Verantwortungsvolle Finanzierung<\/h2>\n\n<p class=\"has-text-align-center is-style-subtitle has-30-font-size\">Geld kann mehr als Zahlen bewegen.<\/p>\n\n<div class=\"wp-bootstrap-blocks-row row\">\n\t\n<div class=\"col-12 col-md-5\">\n\t\t\t\n<p class=\"has-18-font-size\">Eine bewusste Wahl von Sponsoren und F\u00f6rderstellen nach sozialen und \u00f6kologischen Kriterien st\u00e4rkt die Glaubw\u00fcrdigkeit eines Events. Klare Richtlinien, transparente Mittelverwendung und der Verzicht auf fragw\u00fcrdige Geldquellen machen Finanzierung zu einem Teil der Nachhaltigkeitsstrategie.<\/p>\n\n<p><\/p>\n\n<h4 class=\"wp-block-heading has-secondary-font-family has-24-font-size\">In diesen Merkbl\u00e4ttern findest du vertiefende Informationen:<\/h4>\n\n<p><\/p>\n\n<div class=\"wp-block-buttons is-layout-flex wp-block-buttons-is-layout-flex\"><div class=\"wp-block-button has-custom-width wp-block-button__width-75 is-style-btn-secondary is-style-btn-secondary--2\"><a class=\"wp-block-button__link has-14-font-size has-custom-font-size wp-element-button\" href=\"https:\/\/eventkit.ch\/?resource=einbindung-der-sponsorinnen-in-den-nachhaltigkeitsgedanken\" target=\"_blank\" rel=\"noreferrer noopener\">Einbindung der Sponsoren<\/a><\/div>\n\n<div class=\"wp-block-button has-custom-width wp-block-button__width-75 is-style-btn-secondary is-style-btn-secondary--3\"><a class=\"wp-block-button__link has-14-font-size has-custom-font-size wp-element-button\" href=\"https:\/\/eventkit.ch\/?resource=festlegung-von-umwelt-und-sozialkriterien-bei-der-beschaffung\" target=\"_blank\" rel=\"noreferrer noopener\">Festlegung von Umwelt- und Sozialkriterien bei der Beschaffung<\/a><\/div>\n\n<div class=\"wp-block-button has-custom-width wp-block-button__width-75 is-style-btn-secondary is-style-btn-secondary--4\"><a class=\"wp-block-button__link has-14-font-size has-custom-font-size wp-element-button\" href=\"https:\/\/eventkit.ch\/?resource=einbindung-der-standbetreibenden\" target=\"_blank\" rel=\"noreferrer noopener\">Einbindung der Standbetreibenden<\/a><\/div><\/div>\n\n<p><\/p>\n\n<h4 class=\"wp-block-heading has-secondary-font-family has-24-font-size\">Hilfreiche Links:<\/h4>\n\n<ul class=\"wp-block-list is-style-borderd\"><li><a href=\"https:\/\/www.swissolympic.ch\/verbaende\/praevention\/raum-umwelt.html?tabId=73ba1945-60c4-4fe1-a39e-8889463670ca\" target=\"_blank\" rel=\"noreferrer noopener\">Swiss Olympic: Richtlinien Beschaffung (Bekleidung, Brandes Products, Papierprodukte und IT)<\/a><\/li><\/ul>\n\t<\/div>\n\n<div class=\"col-12 col-md-7\">\n\t\t\t\n<figure class=\"wp-block-image size-full has-custom-border\"><img loading=\"lazy\" decoding=\"async\" width=\"2560\" height=\"1707\" src=\"https:\/\/eventkit.ch\/wp-content\/uploads\/2025\/12\/Rawkingphoto.ch__DSC4015-scaled.jpg\" alt=\"\" class=\"wp-image-2030\" style=\"border-radius:8px\" srcset=\"https:\/\/eventkit.ch\/wp-content\/uploads\/2025\/12\/Rawkingphoto.ch__DSC4015-scaled.jpg 2560w, https:\/\/eventkit.ch\/wp-content\/uploads\/2025\/12\/Rawkingphoto.ch__DSC4015-300x200.jpg 300w, https:\/\/eventkit.ch\/wp-content\/uploads\/2025\/12\/Rawkingphoto.ch__DSC4015-1024x683.jpg 1024w, https:\/\/eventkit.ch\/wp-content\/uploads\/2025\/12\/Rawkingphoto.ch__DSC4015-768x512.jpg 768w, https:\/\/eventkit.ch\/wp-content\/uploads\/2025\/12\/Rawkingphoto.ch__DSC4015-1536x1024.jpg 1536w, https:\/\/eventkit.ch\/wp-content\/uploads\/2025\/12\/Rawkingphoto.ch__DSC4015-2048x1365.jpg 2048w\" sizes=\"auto, (max-width: 2560px) 100vw, 2560px\" \/><figcaption class=\"wp-element-caption\">\u00a9 Slow up Murten<\/figcaption><\/figure>\n\n<h3 class=\"wp-block-heading has-secondary-font-family has-24-font-size\">Zugeh\u00f6rige Kriterien im Eventkit:<\/h3>\n\n<p>9.3. Zur Identifikation der Gefahren und der m\u00f6glichen Auswirkungen eines finanziellen Schadens wird eine Risikoanalyse durchgef\u00fchrt (z.B. Evaluation Risikofaktoren eines potenziell geringen Ticketverkaufs). <\/p>\n\t<\/div>\n<\/div><\/section><section class=\"wp-block-group alignfull is-layout-constrained wp-block-group-is-layout-constrained\"><h2 class=\"wp-block-heading has-text-align-center\">Weitere Themen<\/h2>\n\n<p class=\"has-text-align-center is-style-subtitle\">zum Bereich Wirtschaft<\/p>\n\n<div class=\"wp-block-columns is-layout-flex wp-container-core-columns-is-layout-28f84493 wp-block-columns-is-layout-flex\"><div class=\"wp-block-column is-layout-flow wp-block-column-is-layout-flow\"><div class=\"wp-block-group is-layout-constrained wp-block-group-is-layout-constrained\"><figure class=\"wp-block-image size-full has-custom-border\"><img loading=\"lazy\" decoding=\"async\" width=\"2560\" height=\"1707\" src=\"https:\/\/eventkit.ch\/wp-content\/uploads\/2025\/12\/IMG_2857jazz_sur_plage-scaled.jpg\" alt=\"\" class=\"wp-image-2029\" style=\"border-radius:10px\" srcset=\"https:\/\/eventkit.ch\/wp-content\/uploads\/2025\/12\/IMG_2857jazz_sur_plage-scaled.jpg 2560w, https:\/\/eventkit.ch\/wp-content\/uploads\/2025\/12\/IMG_2857jazz_sur_plage-300x200.jpg 300w, https:\/\/eventkit.ch\/wp-content\/uploads\/2025\/12\/IMG_2857jazz_sur_plage-1024x683.jpg 1024w, https:\/\/eventkit.ch\/wp-content\/uploads\/2025\/12\/IMG_2857jazz_sur_plage-768x512.jpg 768w, https:\/\/eventkit.ch\/wp-content\/uploads\/2025\/12\/IMG_2857jazz_sur_plage-1536x1024.jpg 1536w, https:\/\/eventkit.ch\/wp-content\/uploads\/2025\/12\/IMG_2857jazz_sur_plage-2048x1365.jpg 2048w\" sizes=\"auto, (max-width: 2560px) 100vw, 2560px\" \/><figcaption class=\"wp-element-caption\">\u00a9 jazz sur plage<\/figcaption><\/figure>\n\n<p><\/p>\n\n<h3 class=\"wp-block-heading has-28-font-size\" style=\"margin-top:10px;margin-bottom:10px\">Faire Bedingungen f\u00fcr Freiwillige und Angestellte<\/h3>\n\n<p><\/p>\n\n<p>Ein wertsch\u00e4tzender Umgang, klare Kommunikation und passende Eins\u00e4tze sorgen daf\u00fcr, dass freiwillige Helfende mit Freude dabei sind. Gute Betreuung, Verpflegung und eine faire Entsch\u00e4digung (finanziell oder materiell) machen ihr Engagement zu einem echten Gewinn \u2013 f\u00fcr alle Beteiligten. <\/p>\n\n<p>Faire L\u00f6hne, sichere Arbeitspl\u00e4tze und respektvolle Behandlung schafft Vertrauen und Motivation \u2013 ob in Aufbau, Catering oder Organisation. Wer Wert auf gerechte Strukturen legt, zeigt soziale Verantwortung und macht nachhaltiges Wirtschaften erlebbar.<\/p>\n\n<div class=\"wp-block-buttons is-layout-flex wp-block-buttons-is-layout-flex\"><div class=\"wp-block-button has-custom-width wp-block-button__width-100\"><a class=\"wp-block-button__link has-white-color has-primary-background-color has-text-color has-background has-link-color wp-element-button\" href=\"https:\/\/eventkit.ch\/?resource=koordination-information-und-sensibilisierung-von-freiwilligen-helferinnen-und-helfern\" target=\"_blank\" rel=\"noreferrer noopener\">Freiwillige betreuen informieren und sensibilisieren<\/a><\/div><\/div>\n\n<p><\/p>\n\n<h4 class=\"wp-block-heading has-secondary-font-family has-24-font-size\">Hilfreiche Links:<\/h4>\n\n<ul class=\"wp-block-list is-style-borderd\"><li><a href=\"https:\/\/benevol.ch\/merkblaetter-und-stadards\" target=\"_blank\" rel=\"noreferrer noopener\">Benevol: Plattform f\u00fcr Freiwilligenarbeit<\/a><\/li>\n\n<li><a href=\"https:\/\/www.swissvolunteers.ch\/de\/fuer-volunteers-4.html\" target=\"_blank\" rel=\"noreferrer noopener\">Benevol: Dossier Freiwillig engagiert (Einsatzbest\u00e4tigung)<\/a><\/li>\n\n<li><a href=\"https:\/\/www.swissvolunteers.ch\/de\/fuer-volunteers-4.html\" target=\"_blank\" rel=\"noreferrer noopener\">Swissvolunteers: Plattform Events und Volunteers<\/a><\/li><\/ul><\/div>\n\n<p><\/p><\/div>\n\n<div class=\"wp-block-column is-layout-flow wp-block-column-is-layout-flow\"><figure class=\"wp-block-image size-full has-custom-border\"><img loading=\"lazy\" decoding=\"async\" width=\"591\" height=\"394\" src=\"https:\/\/eventkit.ch\/wp-content\/uploads\/2026\/01\/Jazz-sur-la-Plage-08-09-aout-2024-@anatholie-31-_DSC2999_kleiner.jpg\" alt=\"\" class=\"wp-image-2828\" style=\"border-radius:10px\" srcset=\"https:\/\/eventkit.ch\/wp-content\/uploads\/2026\/01\/Jazz-sur-la-Plage-08-09-aout-2024-@anatholie-31-_DSC2999_kleiner.jpg 591w, https:\/\/eventkit.ch\/wp-content\/uploads\/2026\/01\/Jazz-sur-la-Plage-08-09-aout-2024-@anatholie-31-_DSC2999_kleiner-300x200.jpg 300w\" sizes=\"auto, (max-width: 591px) 100vw, 591px\" \/><figcaption class=\"wp-element-caption\">\u00a9 jazz sur plage<\/figcaption><\/figure>\n\n<p><\/p>\n\n<h3 class=\"wp-block-heading has-28-font-size\">Nachhaltige Beschaffung<\/h3>\n\n<p><\/p>\n\n<p>Jede Veranstaltung ist mit Kaufentscheidungen verbunden \u2013 sei es Material, Elektronik, Kleidung, Lebensmittel, o.\u00e4. Ein verantwortungsbewusster Ansatz besteht darin, zun\u00e4chst den Bedarf und die Alternativen (Miete, Teilen) zu pr\u00fcfen und dann die Kaufkriterien festzulegen, wie z. B. eine Produktion, die \u00f6kologische und soziale Kriterien erf\u00fcllt, eine faire Lieferkette, das Potenzial zur Wiederverwendung oder zum Recycling.<\/p>\n\n<div class=\"wp-block-buttons is-layout-flex wp-block-buttons-is-layout-flex\"><div class=\"wp-block-button has-custom-width wp-block-button__width-100\"><a class=\"wp-block-button__link has-white-color has-secondary-background-color has-text-color has-background has-link-color wp-element-button\" href=\"https:\/\/eventkit.ch\/?resource=festlegung-von-umwelt-und-sozialkriterien-bei-der-beschaffung\" target=\"_blank\" rel=\"noreferrer noopener\">Festlegung von Umwelt- und Sozialkriterien Beschaffung<\/a><\/div><\/div>\n\n<p><\/p>\n\n<h4 class=\"wp-block-heading has-secondary-font-family has-24-font-size\">Hilfreiche Links:<\/h4>\n\n<ul class=\"wp-block-list is-style-borderd\"><li><a href=\"https:\/\/www.pap.swiss\/de\/documents\/produktgruppen-merkblaetter-toolbox-teil-c\" target=\"_blank\" rel=\"noreferrer noopener\">Toolbox nachhaltige Beschaffung<\/a><\/li><\/ul><\/div><\/div><\/section><section class=\"wp-block-group alignfull has-secondary-20-background-color has-background has-secondary-font-family has-24-font-size is-layout-constrained wp-block-group-is-layout-constrained\"><div style=\"border-radius:150px; padding-top:var(--wp--preset--spacing--50);padding-bottom:var(--wp--preset--spacing--50);padding-left:var(--wp--preset--spacing--50);padding-right:var(--wp--preset--spacing--50);\" class=\"ico-picker-block aligncenter wp-elements-1f0f9589ebd850535e7013f4b49de024 wp-block-sub-icon-picker has-text-color has-white-color has-background has-primary-background-color has-24-font-size\">\n    <span class=\"icon-download\"><\/span>\n    <\/div>\n\n<h2 class=\"wp-block-heading has-text-align-center\">Download gesamte Kriterienliste<\/h2>\n\n<p class=\"has-text-align-center is-style-subtitle\">mit 58 Kriterien in 9 Themenbereichen<\/p>\n\n<div class=\"wp-block-buttons is-content-justification-center is-layout-flex wp-container-core-buttons-is-layout-a89b3969 wp-block-buttons-is-layout-flex\"><?xml encoding=\"utf-8\" ?><div class=\"wp-block-button is-style-btn-secondary is-style-btn-secondary--5\"><a class=\"wp-block-button__link wp-element-button has-core-icon\" href=\"https:\/\/eventkit.ch\/wp-content\/uploads\/2026\/03\/Zielwerte-Eventkit.pdf\" target=\"_blank\" rel=\"noreferrer noopener\" style='--core-icon: url(\"https:\/\/eventkit.ch\/wp-content\/themes\/eventkit-wp\/gutenberg-dev\/assets\/badge-icons\/file-text.svg\");'>Als PDF<\/a><\/div>\n\n\n<?xml encoding=\"utf-8\" ?><div class=\"wp-block-button is-style-btn-primary is-style-btn-primary--6\"><a class=\"wp-block-button__link wp-element-button has-core-icon\" href=\"https:\/\/eventkit.ch\/wp-content\/uploads\/2026\/03\/Zielwerte-Eventkit.xlsx\" target=\"_blank\" rel=\"noreferrer noopener\" style='--core-icon: url(\"https:\/\/eventkit.ch\/wp-content\/themes\/eventkit-wp\/gutenberg-dev\/assets\/badge-icons\/file-text.svg\");'>Als Excel<\/a><\/div>\n<\/div><\/section>","protected":false},"excerpt":{"rendered":"<p>Wer umsichtig denkt und handelt, investiert in Zukunftsf\u00e4higkeit. Eine faire, transparente und lokal verankerte Organisation st\u00e4rkt das Vertrauen der Partner, schafft langfristige Beziehungen und zeigt Verantwortung \u00fcber den Event hinaus. Eine faire, transparente und lokal verankerte Organisation st\u00e4rkt das Vertrauen der Partner, schafft langfristige Beziehungen und zeigt Verantwortung \u00fcber den Event hinaus. Regionale Wertsch\u00f6pfung Nah [&hellip;]<\/p>\n","protected":false},"author":3,"featured_media":2027,"parent":684,"menu_order":0,"comment_status":"closed","ping_status":"closed","template":"page-no-title","meta":{"_sitemap_exclude":false,"_sitemap_priority":"","_sitemap_frequency":"","footnotes":""},"class_list":["post-1577","page","type-page","status-publish","has-post-thumbnail","hentry"],"yoast_head":"<!-- This site is optimized with the Yoast SEO plugin v27.3 - https:\/\/yoast.com\/product\/yoast-seo-wordpress\/ -->\n<title>Wirtschaft - EventKit<\/title>\n<meta name=\"robots\" content=\"index, follow, max-snippet:-1, max-image-preview:large, max-video-preview:-1\" \/>\n<link rel=\"canonical\" href=\"https:\/\/eventkit.ch\/?page_id=1577\" \/>\n<meta property=\"og:locale\" content=\"de_DE\" \/>\n<meta property=\"og:type\" content=\"article\" \/>\n<meta property=\"og:title\" content=\"Wirtschaft - EventKit\" \/>\n<meta property=\"og:description\" content=\"Wer umsichtig denkt und handelt, investiert in Zukunftsf\u00e4higkeit. Eine faire, transparente und lokal verankerte Organisation st\u00e4rkt das Vertrauen der Partner, schafft langfristige Beziehungen und zeigt Verantwortung \u00fcber den Event hinaus. Eine faire, transparente und lokal verankerte Organisation st\u00e4rkt das Vertrauen der Partner, schafft langfristige Beziehungen und zeigt Verantwortung \u00fcber den Event hinaus. Regionale Wertsch\u00f6pfung Nah [&hellip;]\" \/>\n<meta property=\"og:url\" content=\"https:\/\/eventkit.ch\/?page_id=1577\" \/>\n<meta property=\"og:site_name\" content=\"EventKit\" \/>\n<meta property=\"article:modified_time\" content=\"2026-03-24T09:45:12+00:00\" \/>\n<meta property=\"og:image\" content=\"https:\/\/eventkit.ch\/wp-content\/uploads\/2025\/12\/zurich-pride-festival-friday_54658107735_l.jpg\" \/>\n\t<meta property=\"og:image:width\" content=\"1024\" \/>\n\t<meta property=\"og:image:height\" content=\"683\" \/>\n\t<meta property=\"og:image:type\" content=\"image\/jpeg\" \/>\n<meta name=\"twitter:card\" content=\"summary_large_image\" \/>\n<meta name=\"twitter:label1\" content=\"Gesch\u00e4tzte Lesezeit\" \/>\n\t<meta name=\"twitter:data1\" content=\"21\u00a0Minuten\" \/>\n<script type=\"application\/ld+json\" class=\"yoast-schema-graph\">{\"@context\":\"https:\\\/\\\/schema.org\",\"@graph\":[{\"@type\":\"WebPage\",\"@id\":\"https:\\\/\\\/eventkit.ch\\\/?page_id=1577\",\"url\":\"https:\\\/\\\/eventkit.ch\\\/?page_id=1577\",\"name\":\"Wirtschaft - EventKit\",\"isPartOf\":{\"@id\":\"https:\\\/\\\/eventkit.ch\\\/#website\"},\"primaryImageOfPage\":{\"@id\":\"https:\\\/\\\/eventkit.ch\\\/?page_id=1577#primaryimage\"},\"image\":{\"@id\":\"https:\\\/\\\/eventkit.ch\\\/?page_id=1577#primaryimage\"},\"thumbnailUrl\":\"https:\\\/\\\/eventkit.ch\\\/wp-content\\\/uploads\\\/2025\\\/12\\\/zurich-pride-festival-friday_54658107735_l.jpg\",\"datePublished\":\"2025-12-08T16:42:05+00:00\",\"dateModified\":\"2026-03-24T09:45:12+00:00\",\"breadcrumb\":{\"@id\":\"https:\\\/\\\/eventkit.ch\\\/?page_id=1577#breadcrumb\"},\"inLanguage\":\"de\",\"potentialAction\":[{\"@type\":\"ReadAction\",\"target\":[\"https:\\\/\\\/eventkit.ch\\\/?page_id=1577\"]}]},{\"@type\":\"ImageObject\",\"inLanguage\":\"de\",\"@id\":\"https:\\\/\\\/eventkit.ch\\\/?page_id=1577#primaryimage\",\"url\":\"https:\\\/\\\/eventkit.ch\\\/wp-content\\\/uploads\\\/2025\\\/12\\\/zurich-pride-festival-friday_54658107735_l.jpg\",\"contentUrl\":\"https:\\\/\\\/eventkit.ch\\\/wp-content\\\/uploads\\\/2025\\\/12\\\/zurich-pride-festival-friday_54658107735_l.jpg\",\"width\":1024,\"height\":683},{\"@type\":\"BreadcrumbList\",\"@id\":\"https:\\\/\\\/eventkit.ch\\\/?page_id=1577#breadcrumb\",\"itemListElement\":[{\"@type\":\"ListItem\",\"position\":1,\"name\":\"Home\",\"item\":\"https:\\\/\\\/eventkit.ch\\\/\"},{\"@type\":\"ListItem\",\"position\":2,\"name\":\"Themen\",\"item\":\"https:\\\/\\\/eventkit.ch\\\/?page_id=684\"},{\"@type\":\"ListItem\",\"position\":3,\"name\":\"Wirtschaft\"}]},{\"@type\":\"WebSite\",\"@id\":\"https:\\\/\\\/eventkit.ch\\\/#website\",\"url\":\"https:\\\/\\\/eventkit.ch\\\/\",\"name\":\"EventKit\",\"description\":\"Nachhaltigkeit, die wirkt: Dein Event im Check.\",\"publisher\":{\"@id\":\"https:\\\/\\\/eventkit.ch\\\/#organization\"},\"potentialAction\":[{\"@type\":\"SearchAction\",\"target\":{\"@type\":\"EntryPoint\",\"urlTemplate\":\"https:\\\/\\\/eventkit.ch\\\/?s={search_term_string}\"},\"query-input\":{\"@type\":\"PropertyValueSpecification\",\"valueRequired\":true,\"valueName\":\"search_term_string\"}}],\"inLanguage\":\"de\"},{\"@type\":\"Organization\",\"@id\":\"https:\\\/\\\/eventkit.ch\\\/#organization\",\"name\":\"EventKit\",\"url\":\"https:\\\/\\\/eventkit.ch\\\/\",\"logo\":{\"@type\":\"ImageObject\",\"inLanguage\":\"de\",\"@id\":\"https:\\\/\\\/eventkit.ch\\\/#\\\/schema\\\/logo\\\/image\\\/\",\"url\":\"https:\\\/\\\/eventkit.ch\\\/wp-content\\\/uploads\\\/2025\\\/11\\\/android-icon-144x144-1.png\",\"contentUrl\":\"https:\\\/\\\/eventkit.ch\\\/wp-content\\\/uploads\\\/2025\\\/11\\\/android-icon-144x144-1.png\",\"width\":144,\"height\":144,\"caption\":\"EventKit\"},\"image\":{\"@id\":\"https:\\\/\\\/eventkit.ch\\\/#\\\/schema\\\/logo\\\/image\\\/\"}}]}<\/script>\n<!-- \/ Yoast SEO plugin. -->","yoast_head_json":{"title":"Wirtschaft - EventKit","robots":{"index":"index","follow":"follow","max-snippet":"max-snippet:-1","max-image-preview":"max-image-preview:large","max-video-preview":"max-video-preview:-1"},"canonical":"https:\/\/eventkit.ch\/?page_id=1577","og_locale":"de_DE","og_type":"article","og_title":"Wirtschaft - EventKit","og_description":"Wer umsichtig denkt und handelt, investiert in Zukunftsf\u00e4higkeit. Eine faire, transparente und lokal verankerte Organisation st\u00e4rkt das Vertrauen der Partner, schafft langfristige Beziehungen und zeigt Verantwortung \u00fcber den Event hinaus. Eine faire, transparente und lokal verankerte Organisation st\u00e4rkt das Vertrauen der Partner, schafft langfristige Beziehungen und zeigt Verantwortung \u00fcber den Event hinaus. Regionale Wertsch\u00f6pfung Nah [&hellip;]","og_url":"https:\/\/eventkit.ch\/?page_id=1577","og_site_name":"EventKit","article_modified_time":"2026-03-24T09:45:12+00:00","og_image":[{"width":1024,"height":683,"url":"https:\/\/eventkit.ch\/wp-content\/uploads\/2025\/12\/zurich-pride-festival-friday_54658107735_l.jpg","type":"image\/jpeg"}],"twitter_card":"summary_large_image","twitter_misc":{"Gesch\u00e4tzte Lesezeit":"21\u00a0Minuten"},"schema":{"@context":"https:\/\/schema.org","@graph":[{"@type":"WebPage","@id":"https:\/\/eventkit.ch\/?page_id=1577","url":"https:\/\/eventkit.ch\/?page_id=1577","name":"Wirtschaft - EventKit","isPartOf":{"@id":"https:\/\/eventkit.ch\/#website"},"primaryImageOfPage":{"@id":"https:\/\/eventkit.ch\/?page_id=1577#primaryimage"},"image":{"@id":"https:\/\/eventkit.ch\/?page_id=1577#primaryimage"},"thumbnailUrl":"https:\/\/eventkit.ch\/wp-content\/uploads\/2025\/12\/zurich-pride-festival-friday_54658107735_l.jpg","datePublished":"2025-12-08T16:42:05+00:00","dateModified":"2026-03-24T09:45:12+00:00","breadcrumb":{"@id":"https:\/\/eventkit.ch\/?page_id=1577#breadcrumb"},"inLanguage":"de","potentialAction":[{"@type":"ReadAction","target":["https:\/\/eventkit.ch\/?page_id=1577"]}]},{"@type":"ImageObject","inLanguage":"de","@id":"https:\/\/eventkit.ch\/?page_id=1577#primaryimage","url":"https:\/\/eventkit.ch\/wp-content\/uploads\/2025\/12\/zurich-pride-festival-friday_54658107735_l.jpg","contentUrl":"https:\/\/eventkit.ch\/wp-content\/uploads\/2025\/12\/zurich-pride-festival-friday_54658107735_l.jpg","width":1024,"height":683},{"@type":"BreadcrumbList","@id":"https:\/\/eventkit.ch\/?page_id=1577#breadcrumb","itemListElement":[{"@type":"ListItem","position":1,"name":"Home","item":"https:\/\/eventkit.ch\/"},{"@type":"ListItem","position":2,"name":"Themen","item":"https:\/\/eventkit.ch\/?page_id=684"},{"@type":"ListItem","position":3,"name":"Wirtschaft"}]},{"@type":"WebSite","@id":"https:\/\/eventkit.ch\/#website","url":"https:\/\/eventkit.ch\/","name":"EventKit","description":"Nachhaltigkeit, die wirkt: Dein Event im Check.","publisher":{"@id":"https:\/\/eventkit.ch\/#organization"},"potentialAction":[{"@type":"SearchAction","target":{"@type":"EntryPoint","urlTemplate":"https:\/\/eventkit.ch\/?s={search_term_string}"},"query-input":{"@type":"PropertyValueSpecification","valueRequired":true,"valueName":"search_term_string"}}],"inLanguage":"de"},{"@type":"Organization","@id":"https:\/\/eventkit.ch\/#organization","name":"EventKit","url":"https:\/\/eventkit.ch\/","logo":{"@type":"ImageObject","inLanguage":"de","@id":"https:\/\/eventkit.ch\/#\/schema\/logo\/image\/","url":"https:\/\/eventkit.ch\/wp-content\/uploads\/2025\/11\/android-icon-144x144-1.png","contentUrl":"https:\/\/eventkit.ch\/wp-content\/uploads\/2025\/11\/android-icon-144x144-1.png","width":144,"height":144,"caption":"EventKit"},"image":{"@id":"https:\/\/eventkit.ch\/#\/schema\/logo\/image\/"}}]}},"_links":{"self":[{"href":"https:\/\/eventkit.ch\/index.php?rest_route=\/wp\/v2\/pages\/1577","targetHints":{"allow":["GET"]}}],"collection":[{"href":"https:\/\/eventkit.ch\/index.php?rest_route=\/wp\/v2\/pages"}],"about":[{"href":"https:\/\/eventkit.ch\/index.php?rest_route=\/wp\/v2\/types\/page"}],"author":[{"embeddable":true,"href":"https:\/\/eventkit.ch\/index.php?rest_route=\/wp\/v2\/users\/3"}],"replies":[{"embeddable":true,"href":"https:\/\/eventkit.ch\/index.php?rest_route=%2Fwp%2Fv2%2Fcomments&post=1577"}],"version-history":[{"count":24,"href":"https:\/\/eventkit.ch\/index.php?rest_route=\/wp\/v2\/pages\/1577\/revisions"}],"predecessor-version":[{"id":3734,"href":"https:\/\/eventkit.ch\/index.php?rest_route=\/wp\/v2\/pages\/1577\/revisions\/3734"}],"up":[{"embeddable":true,"href":"https:\/\/eventkit.ch\/index.php?rest_route=\/wp\/v2\/pages\/684"}],"wp:featuredmedia":[{"embeddable":true,"href":"https:\/\/eventkit.ch\/index.php?rest_route=\/wp\/v2\/media\/2027"}],"wp:attachment":[{"href":"https:\/\/eventkit.ch\/index.php?rest_route=%2Fwp%2Fv2%2Fmedia&parent=1577"}],"curies":[{"name":"wp","href":"https:\/\/api.w.org\/{rel}","templated":true}]}}