{"id":1574,"date":"2025-12-08T16:22:45","date_gmt":"2025-12-08T16:22:45","guid":{"rendered":"https:\/\/eventkit.ch\/?page_id=1574"},"modified":"2026-04-13T15:35:20","modified_gmt":"2026-04-13T13:35:20","slug":"gesundheit-praevention","status":"publish","type":"page","link":"https:\/\/eventkit.ch\/?page_id=1574","title":{"rendered":"Gesundheit &#038; Pr\u00e4vention"},"content":{"rendered":"<div class=\"wp-block-group alignfull is-layout-constrained wp-block-group-is-layout-constrained\" style=\"padding-top:var(--wp--preset--spacing--40);padding-bottom:var(--wp--preset--spacing--60)\"><figure class=\"wp-block-image aligncenter size-full\"><img decoding=\"async\" src=\"https:\/\/eventkit.ch\/wp-content\/uploads\/2025\/12\/Test-Icons_Eventkit_250922-13.svg\" alt=\"\" class=\"wp-image-1533\"\/><\/figure>\n\n<h1 class=\"has-text-align-center wp-block-post-title\">Gesundheit &#038; Pr\u00e4vention<\/h1>\n\n<p class=\"has-text-align-center is-style-subtitle\">Gesundheit ist nicht alles, aber ohne Gesundheit ist alles nichts. Pr\u00e4vention durch klare Sicherheitskonzepte, Awareness gegen Doping und Gewalt, rauch- und alkoholfreie Zonen sowie F\u00f6rderung von Bewegung und Schutz vor L\u00e4rm\/Licht. So wird jeder Anlass zu einem sicheren und gleichzeitig begeisternden Erlebnis.<\/p><\/div><section class=\"wp-block-group alignfull has-green-light-background-color has-background has-15-font-size is-layout-constrained wp-block-group-is-layout-constrained\"><h2 class=\"wp-block-heading has-text-align-center\">Sicherheitskonzept<\/h2>\n\n<p class=\"has-text-align-center is-style-subtitle has-30-font-size\">Sicherheit geht vor \u2013 immer<\/p>\n\n<div class=\"wp-bootstrap-blocks-row row\">\n\t\n<div class=\"col-12 col-md-5\">\n\t\t\t\n<p class=\"has-18-font-size\">Klare Notfallpl\u00e4ne, ausreichend Personal, gekennzeichnete Wege und regelm\u00e4ssige Checks minimieren Risiken von Anfang an. Mit Risikoanalysen, klaren Verantwortlichkeiten und durch Kooperation mit Beh\u00f6rden bist du mit deinem Event auf der sicheren Seite.<\/p>\n\n<p><\/p>\n\n<h4 class=\"wp-block-heading has-secondary-font-family has-24-font-size\">In diesen Merkbl\u00e4ttern findest du vertiefende Informationen:<\/h4>\n\n<div class=\"wp-block-buttons is-layout-flex wp-block-buttons-is-layout-flex\"><div class=\"wp-block-button has-custom-width wp-block-button__width-75 is-style-btn-primary is-style-btn-primary--1\"><a class=\"wp-block-button__link has-general-font-family has-14-font-size has-custom-font-size wp-element-button\" href=\"https:\/\/eventkit.ch\/?resource=einrichtung-einer-kommando-kontroll-und-kommunikationszentrale\" style=\"padding-right:0;padding-left:0\" target=\"_blank\" rel=\"noreferrer noopener\">Einrichtung einer Kommando- Kontroll- und Kommunikationszentrale<\/a><\/div>\n\n<div class=\"wp-block-button has-custom-width wp-block-button__width-75 is-style-btn-primary is-style-btn-primary--2\"><a class=\"wp-block-button__link has-general-font-family has-14-font-size has-custom-font-size wp-element-button\" href=\"https:\/\/eventkit.ch\/?resource=vorsorge-und-schutz-bei-hitzewellen\" style=\"padding-right:0;padding-left:0\" target=\"_blank\" rel=\"noreferrer noopener\">Vorsorge und Schutz bei Hitzewellen<\/a><\/div><\/div>\n\n<p><\/p>\n\n<p><\/p>\n\n<h4 class=\"wp-block-heading has-secondary-font-family has-24-font-size\">Hilfreiche Links:<\/h4>\n\n<ul style=\"margin-top:0;margin-bottom:0\" class=\"wp-block-list is-style-borderd has-secondary-font-family\"><li style=\"border-style:none;border-width:0px;margin-top:var(--wp--preset--spacing--30);margin-bottom:var(--wp--preset--spacing--30)\"><a href=\"https:\/\/www.event-safety-security.ch\/mustervorlagen\/\" target=\"_blank\" rel=\"noreferrer noopener\">Mustervorlagen und Informationen f\u00fcr Sicherheits- und Risikokonzept<\/a> (Empfehlung f\u00fcr kleinere Events: ganze Mustervorlage herunterladen und nicht relevante Kapitel l\u00f6schen &#8211; Organisation, Beschrieb, Risikoanalyse und Massnahmen werden dringend empfohlen.)<\/li>\n\n<li style=\"border-style:none;border-width:0px;margin-top:var(--wp--preset--spacing--30);margin-bottom:var(--wp--preset--spacing--30)\"><a href=\"https:\/\/www.cheminfo.ch\/de\/kennzeichnung\/anwendende\/gefahrensymbole\" target=\"_blank\" rel=\"noreferrer noopener\">Gefahrensymbole erkennen<\/a><\/li><\/ul>\n\t<\/div>\n\n<div class=\"col-12 col-md-7\">\n\t\t\t\n<figure class=\"wp-block-image size-full has-custom-border\"><img loading=\"lazy\" decoding=\"async\" width=\"640\" height=\"360\" src=\"https:\/\/eventkit.ch\/wp-content\/uploads\/2025\/12\/2c12c4.webp\" alt=\"\" class=\"wp-image-1987\" style=\"border-radius:8px\" srcset=\"https:\/\/eventkit.ch\/wp-content\/uploads\/2025\/12\/2c12c4.webp 640w, https:\/\/eventkit.ch\/wp-content\/uploads\/2025\/12\/2c12c4-300x169.webp 300w\" sizes=\"auto, (max-width: 640px) 100vw, 640px\" \/><\/figure>\n\n<h3 class=\"wp-block-heading has-secondary-font-family has-22-font-size\">Zugeh\u00f6rige Kriterien im Eventkit:<\/h3>\n\n<p>7.1. Es besteht ein Sicherheitskonzept\/-beschrieb und die medizinische Grundversorgung ist gesichert.<\/p>\n\n<p>7.2. F\u00fcr den Fall von Extremwetterereignissen (Hitze, Sturm, Gewitter, etc.) sind angemesse Vorkehrungen getroffen, um den Schutz von Menschen und Infrastrukturen zu gew\u00e4hrleisten.<\/p>\n\t<\/div>\n<\/div><\/section><section class=\"wp-block-group alignfull has-orange-lighter-background-color has-background has-15-font-size is-layout-constrained wp-block-group-is-layout-constrained\"><h2 class=\"wp-block-heading has-text-align-center\">Awareness &amp; Pr\u00e4vention<\/h2>\n\n<p class=\"has-text-align-center is-style-subtitle has-30-font-size\">Respekt schafft Raum f\u00fcr alle<\/p>\n\n<div class=\"wp-bootstrap-blocks-row row\">\n\t\n<div class=\"col-12 col-md-5\">\n\t\t\t\n<p class=\"has-18-font-size\">Mit einem Verhaltenskodex gegen Diskriminierung, Gewalt und Sucht \u2013 mit Schulungen, sichtbarer Kommunikation und neutralen Ansprechpersonen \u2013 f\u00f6rderst Du eine sichere Umgebung. So entsteht ein Event, der Begegnung erm\u00f6glicht und Konflikte vermeidet.<\/p>\n\n<p><\/p>\n\n<h4 class=\"wp-block-heading has-secondary-font-family has-24-font-size\">In diesen Merkbl\u00e4ttern findest du vertiefende Informationen:<\/h4>\n\n<p><\/p>\n\n<div class=\"wp-block-buttons is-layout-flex wp-block-buttons-is-layout-flex\"><div class=\"wp-block-button has-custom-width wp-block-button__width-75 is-style-btn-secondary is-style-btn-secondary--3\"><a class=\"wp-block-button__link has-14-font-size has-custom-font-size wp-element-button\" href=\"https:\/\/eventkit.ch\/?resource=minimierung-der-risiken-im-zusammenhang-mit-sexualitaet-und-sexuellem-missbrauch\" target=\"_blank\" rel=\"noreferrer noopener\">Minimierung Risiken im Zusammenhang mit Sexualit\u00e4t und sexuellem Missbrauch<\/a><\/div>\n\n<div class=\"wp-block-button has-custom-width wp-block-button__width-75 is-style-btn-secondary is-style-btn-secondary--4\"><a class=\"wp-block-button__link has-14-font-size has-custom-font-size wp-element-button\" href=\"https:\/\/eventkit.ch\/?resource=auswahl-von-merchandising-artikeln\" target=\"_blank\" rel=\"noreferrer noopener\">Begrenzung von Risiken im Zusammenhang mit Drogen<\/a><\/div>\n\n<div class=\"wp-block-button has-custom-width wp-block-button__width-75 is-style-btn-secondary is-style-btn-secondary--5\"><a class=\"wp-block-button__link has-14-font-size has-custom-font-size wp-element-button\" href=\"https:\/\/eventkit.ch\/?resource=ziel-null-sexismus\" target=\"_blank\" rel=\"noreferrer noopener\">Ziel Null Sexismus<\/a><\/div><\/div>\n\n<p><\/p>\n\n<h4 class=\"wp-block-heading has-secondary-font-family has-24-font-size\">Hilfreiche Links:<\/h4>\n\n<ul class=\"wp-block-list is-style-borderd\"><li><a href=\"https:\/\/www.humanrights.ch\/de\/ipf\/menschenrechte\/diskriminierung\/diskriminierungsverbot-dossier\/rechtslage-in-der-schweiz\/\" target=\"_blank\" rel=\"noreferrer noopener\">Diskriminierungsverbot in der Schweiz<\/a><\/li>\n\n<li><a href=\"https:\/\/awareness-akademie.de\/awa-ressourcen\/\" target=\"_blank\" rel=\"noreferrer noopener\">Awareness-Akademie<\/a><\/li>\n\n<li><a href=\"https:\/\/www.standup-international.com\/de-ch\" target=\"_blank\" rel=\"noreferrer noopener\">Stand Up: Gegen Bel\u00e4stigung in der \u00d6ffentlichkeit<\/a><\/li>\n\n<li><a href=\"https:\/\/mirsindvoda.ch\/hinweise-melden\/\" target=\"_blank\" rel=\"noreferrer noopener\">Diskriminierungs- oder Rassismusvorf\u00e4lle melden<\/a><\/li>\n\n<li><a href=\"https:\/\/www.fachstelle-mobbing.ch\/\" target=\"_blank\" rel=\"noreferrer noopener\">Beratung, Weiterbildungen und Infos zu Mobbing &amp; Bel\u00e4stigung<\/a><\/li><\/ul>\n\t<\/div>\n\n<div class=\"col-12 col-md-7\">\n\t\t\t\n<figure class=\"wp-block-image size-full has-custom-border\"><img loading=\"lazy\" decoding=\"async\" width=\"1102\" height=\"735\" src=\"https:\/\/eventkit.ch\/wp-content\/uploads\/2025\/12\/Zurich-Pride-Festival-Friday-Teams-and-Staff-2025-Photo-by-Sebastian-Hubold-9.jpg\" alt=\"\" class=\"wp-image-2016\" style=\"border-radius:8px\" srcset=\"https:\/\/eventkit.ch\/wp-content\/uploads\/2025\/12\/Zurich-Pride-Festival-Friday-Teams-and-Staff-2025-Photo-by-Sebastian-Hubold-9.jpg 1102w, https:\/\/eventkit.ch\/wp-content\/uploads\/2025\/12\/Zurich-Pride-Festival-Friday-Teams-and-Staff-2025-Photo-by-Sebastian-Hubold-9-300x200.jpg 300w, https:\/\/eventkit.ch\/wp-content\/uploads\/2025\/12\/Zurich-Pride-Festival-Friday-Teams-and-Staff-2025-Photo-by-Sebastian-Hubold-9-1024x683.jpg 1024w, https:\/\/eventkit.ch\/wp-content\/uploads\/2025\/12\/Zurich-Pride-Festival-Friday-Teams-and-Staff-2025-Photo-by-Sebastian-Hubold-9-768x512.jpg 768w\" sizes=\"auto, (max-width: 1102px) 100vw, 1102px\" \/><figcaption class=\"wp-element-caption\">\u00a9 Awareness Team an der Z\u00fcrich Pride<\/figcaption><\/figure>\n\n<h3 class=\"wp-block-heading has-secondary-font-family has-24-font-size\">Zugeh\u00f6rige Kriterien im Eventkit:<\/h3>\n\n<p>7.4. Es besteht ein attraktives Angebot an nicht-alkoholischen Getr\u00e4nken, welche g\u00fcnstiger verkauft werden als das (allf\u00e4llige) g\u00fcnstigste alkoholische Getr\u00e4nk gleicher Menge.<\/p>\n\n<p>7.5. Es bestehen Massnahmen des Risikomanagements (z.B. mittels Awarness- und Verhaltenskodex) zur Pr\u00e4vention von Diskriminierung, Gewalt, Sucht und Doping.<\/p>\n\t<\/div>\n<\/div><\/section><section class=\"wp-block-group alignfull is-layout-constrained wp-block-group-is-layout-constrained\"><h2 class=\"wp-block-heading has-text-align-center\">Weitere Themen<\/h2>\n\n<p class=\"has-text-align-center is-style-subtitle\">zum Bereich Gesundheit &amp; Pr\u00e4vention<\/p>\n\n<div class=\"wp-block-columns is-layout-flex wp-container-core-columns-is-layout-28f84493 wp-block-columns-is-layout-flex\"><div class=\"wp-block-column is-layout-flow wp-block-column-is-layout-flow\"><div class=\"wp-block-group is-layout-constrained wp-block-group-is-layout-constrained\"><figure class=\"wp-block-image size-full has-custom-border\"><img loading=\"lazy\" decoding=\"async\" width=\"750\" height=\"500\" src=\"https:\/\/eventkit.ch\/wp-content\/uploads\/2025\/12\/Tabak_Titelbild-edited.jpg\" alt=\"\" class=\"wp-image-1982\" style=\"border-radius:10px\" srcset=\"https:\/\/eventkit.ch\/wp-content\/uploads\/2025\/12\/Tabak_Titelbild-edited.jpg 750w, https:\/\/eventkit.ch\/wp-content\/uploads\/2025\/12\/Tabak_Titelbild-edited-300x200.jpg 300w\" sizes=\"auto, (max-width: 750px) 100vw, 750px\" \/><figcaption class=\"wp-element-caption\">\u00a9 swiss olympic cool &amp; clean<\/figcaption><\/figure>\n\n<p><\/p>\n\n<h3 class=\"wp-block-heading has-28-font-size\" style=\"margin-top:10px;margin-bottom:10px\">Tabak<\/h3>\n\n<p><\/p>\n\n<p>Rauchfrei atmen, frei geniessen. Mit dem Verzicht auf Tabak-Sponsoring und Werbung und der klaren Abgrenzung von Rauchzonen sch\u00fctzt Du Gesundheit und Umwelt. Mit entsprechender Kommunikation wird dein Event zu einem Vorbild f\u00fcr tabakfreie R\u00e4ume.<\/p>\n\n<div class=\"wp-block-buttons is-layout-flex wp-block-buttons-is-layout-flex\"><div class=\"wp-block-button has-custom-width wp-block-button__width-100\"><a class=\"wp-block-button__link has-white-color has-primary-background-color has-text-color has-background has-link-color wp-element-button\" href=\"https:\/\/eventkit.ch\/?resource=verzicht-auf-sponsoring-durch-die-tabakindustrie\" target=\"_blank\" rel=\"noreferrer noopener\">Verzicht auf Sponsoring durch die Tabakindustrie<\/a><\/div>\n\n<div class=\"wp-block-button has-custom-width wp-block-button__width-100\"><a class=\"wp-block-button__link has-white-color has-primary-background-color has-text-color has-background has-link-color wp-element-button\" href=\"https:\/\/eventkit.ch\/?resource=gewaehrleistung-rauchfreier-bereiche\" target=\"_blank\" rel=\"noreferrer noopener\">Gew\u00e4hrleistung rauchfreier Bereiche<\/a><\/div><\/div>\n\n<h4 class=\"wp-block-heading has-secondary-font-family has-24-font-size\">Hilfreiche Links:<\/h4>\n\n<ul class=\"wp-block-list is-style-borderd\"><li><a href=\"https:\/\/eventkit.ch\/wp-content\/uploads\/2025\/12\/SO_jugendschutzkonzept_alkohol_und_tabak.pdf\">Swiss Olympic: Jugendschutzkonzept Alkohol und Tabak<\/a><\/li>\n\n<li><a href=\"https:\/\/www.suchtschweiz.ch\/\" target=\"_blank\" rel=\"noreferrer noopener\">Infos zur Suchtthematik<\/a><\/li>\n\n<li><a href=\"https:\/\/www.coolandclean.ch\/de\/\" target=\"_blank\" rel=\"noreferrer noopener\">Suchtmittelpr\u00e4vention im Sport<\/a> (cool and clean)<\/li><\/ul>\n\n<hr class=\"wp-block-separator has-text-color has-white-60-color has-alpha-channel-opacity has-white-60-background-color has-background\" style=\"margin-top:var(--wp--preset--spacing--50);margin-bottom:var(--wp--preset--spacing--50)\"\/><\/div>\n\n<div class=\"wp-block-group is-layout-constrained wp-block-group-is-layout-constrained\"><figure class=\"wp-block-image size-large has-custom-border\"><img loading=\"lazy\" decoding=\"async\" width=\"1024\" height=\"683\" src=\"https:\/\/eventkit.ch\/wp-content\/uploads\/2025\/12\/MTkxOTR8MnwwfGNvbnRhaW58NTAlIDUwJXxhdXRvIDIxNTkgLyAxNDQw_009-1178x785-1-1024x683.webp\" alt=\"\" class=\"wp-image-1979\" style=\"border-top-left-radius:8px;border-top-right-radius:8px;border-bottom-left-radius:8px;border-bottom-right-radius:8px\" srcset=\"https:\/\/eventkit.ch\/wp-content\/uploads\/2025\/12\/MTkxOTR8MnwwfGNvbnRhaW58NTAlIDUwJXxhdXRvIDIxNTkgLyAxNDQw_009-1178x785-1-1024x683.webp 1024w, https:\/\/eventkit.ch\/wp-content\/uploads\/2025\/12\/MTkxOTR8MnwwfGNvbnRhaW58NTAlIDUwJXxhdXRvIDIxNTkgLyAxNDQw_009-1178x785-1-300x200.webp 300w, https:\/\/eventkit.ch\/wp-content\/uploads\/2025\/12\/MTkxOTR8MnwwfGNvbnRhaW58NTAlIDUwJXxhdXRvIDIxNTkgLyAxNDQw_009-1178x785-1-768x512.webp 768w, https:\/\/eventkit.ch\/wp-content\/uploads\/2025\/12\/MTkxOTR8MnwwfGNvbnRhaW58NTAlIDUwJXxhdXRvIDIxNTkgLyAxNDQw_009-1178x785-1.webp 1300w\" sizes=\"auto, (max-width: 1024px) 100vw, 1024px\" \/><figcaption class=\"wp-element-caption\">\u00a9 gs\u00fcnder Basel<\/figcaption><\/figure>\n\n<p class=\"has-secondary-font-family has-28-font-size\">Gesundheitsf\u00f6rderung &amp; -schutz<\/p>\n\n<p><\/p>\n\n<p>Gesundheit sch\u00fctzen, Wohlbefinden f\u00f6rdern. Plane L\u00e4rm- und Sonnenschutzmassnahmen, integriere Bewegungsangebote und schaffe Pausen-, Schatten- und Erholungsr\u00e4ume \u2013 das st\u00e4rkt die Teilnehmenden und macht dein Event zu einem Booster f\u00fcr K\u00f6rper und Geist.<\/p>\n\n<div class=\"wp-block-buttons is-layout-flex wp-block-buttons-is-layout-flex\"><div class=\"wp-block-button has-custom-width wp-block-button__width-100\"><a class=\"wp-block-button__link has-white-color has-primary-background-color has-text-color has-background has-link-color wp-element-button\" href=\"https:\/\/eventkit.ch\/?resource=foerderung-von-koerperlicher-aktivitaet\" target=\"_blank\" rel=\"noreferrer noopener\">F\u00f6rderung von k\u00f6rperlicher Aktivit\u00e4t<\/a><\/div>\n\n<div class=\"wp-block-button has-custom-width wp-block-button__width-100\"><a class=\"wp-block-button__link has-white-color has-primary-background-color has-text-color has-background has-link-color wp-element-button\">Gesunde und ausgewogene Verpflegung anbieten<\/a><\/div><\/div>\n\n<p><\/p>\n\n<h4 class=\"wp-block-heading has-secondary-font-family has-24-font-size\">Hilfreiche Links:<\/h4>\n\n<ul class=\"wp-block-list is-style-borderd\"><li><a href=\"https:\/\/gesundheitsfoerderung.ch\/\" target=\"_blank\" rel=\"noreferrer noopener\">Gesundheitsf\u00f6rderung Schweiz<\/a><\/li><\/ul>\n\n<div class=\"wp-block-columns is-layout-flex wp-container-core-columns-is-layout-28f84493 wp-block-columns-is-layout-flex\"><div class=\"wp-block-column is-layout-flow wp-block-column-is-layout-flow\"><\/div><\/div><\/div><\/div>\n\n<div class=\"wp-block-column is-layout-flow wp-block-column-is-layout-flow\"><figure class=\"wp-block-image size-full has-custom-border\"><img loading=\"lazy\" decoding=\"async\" width=\"1566\" height=\"1044\" src=\"https:\/\/eventkit.ch\/wp-content\/uploads\/2025\/12\/csm_alkohol__7b7309210f.jpg\" alt=\"\" class=\"wp-image-1986\" style=\"border-radius:10px\" srcset=\"https:\/\/eventkit.ch\/wp-content\/uploads\/2025\/12\/csm_alkohol__7b7309210f.jpg 1566w, https:\/\/eventkit.ch\/wp-content\/uploads\/2025\/12\/csm_alkohol__7b7309210f-300x200.jpg 300w, https:\/\/eventkit.ch\/wp-content\/uploads\/2025\/12\/csm_alkohol__7b7309210f-1024x683.jpg 1024w, https:\/\/eventkit.ch\/wp-content\/uploads\/2025\/12\/csm_alkohol__7b7309210f-768x512.jpg 768w, https:\/\/eventkit.ch\/wp-content\/uploads\/2025\/12\/csm_alkohol__7b7309210f-1536x1024.jpg 1536w\" sizes=\"auto, (max-width: 1566px) 100vw, 1566px\" \/><figcaption class=\"wp-element-caption\">\u00a9 DCStudio &#8211; Blaues Kreuz<\/figcaption><\/figure>\n\n<p><\/p>\n\n<h3 class=\"wp-block-heading has-28-font-size\">Alkohol<\/h3>\n\n<p><\/p>\n\n<p>Genuss mit Mass, nicht ohne Grenzen. Alkoholfreie Alternativen und kostenloses Trinkwasser, geschultes Personal und ein gutes Pr\u00e4ventionskonzept verhindern \u00dcberkonsum. Achte auf die gesetzlichen Vorschriften vor allem zum Jugendschutz. So sorgst Du f\u00fcr verantwortungsvollen Umgang und f\u00fcr Genuss ohne Risiko.<\/p>\n\n<div class=\"wp-block-buttons is-layout-flex wp-block-buttons-is-layout-flex\"><\/div>\n\n<p><\/p>\n\n<h4 class=\"wp-block-heading has-secondary-font-family has-24-font-size\">Hilfreiche Links:<\/h4>\n\n<ul class=\"wp-block-list is-style-borderd\"><li><a href=\"https:\/\/www.age-check.ch\/de\" target=\"_blank\" rel=\"noreferrer noopener\">Online-Kurs Jugendschutz Alkohol und Tabak-\/Nikotinprodukte<\/a><\/li>\n\n<li><a href=\"https:\/\/suchtpraevention-zh.ch\/infomaterial\/\" target=\"_blank\" rel=\"noreferrer noopener\">Suchtpr\u00e4vention Z\u00fcrich<\/a><\/li>\n\n<li><a href=\"https:\/\/blaueskreuz.ch\/angebote\/blue-cocktail-bar\" target=\"_blank\" rel=\"noreferrer noopener\">Blue Cocktail Bar (Alkoholfreie Bar)<\/a><\/li>\n\n<li><a href=\"https:\/\/blaueskreuz.ch\/be-my-angel\" target=\"_blank\" rel=\"noreferrer noopener\">Be my Angel tonight (Pr\u00e4ventionsangebot von Blaues Kreuz)<\/a><\/li>\n\n<li><a href=\"https:\/\/shop.addictionsuisse.ch\/de\/48-veranstaltungen-gastronomie\" target=\"_blank\" rel=\"noreferrer noopener\">Infoplakate und -materialen von Sucht Schweiz<\/a><\/li><\/ul>\n\n<hr class=\"wp-block-separator has-text-color has-white-60-color has-alpha-channel-opacity has-white-60-background-color has-background\" style=\"margin-top:var(--wp--preset--spacing--55);margin-bottom:var(--wp--preset--spacing--55)\"\/>\n\n<div class=\"wp-block-group is-layout-constrained wp-block-group-is-layout-constrained\"><figure class=\"wp-block-image size-full has-custom-border\"><img loading=\"lazy\" decoding=\"async\" width=\"680\" height=\"453\" src=\"https:\/\/eventkit.ch\/wp-content\/uploads\/2025\/12\/csm_05_dopingrisiko_supplemente_57916509d2.jpg\" alt=\"\" class=\"wp-image-1997\" style=\"border-radius:10px\" srcset=\"https:\/\/eventkit.ch\/wp-content\/uploads\/2025\/12\/csm_05_dopingrisiko_supplemente_57916509d2.jpg 680w, https:\/\/eventkit.ch\/wp-content\/uploads\/2025\/12\/csm_05_dopingrisiko_supplemente_57916509d2-300x200.jpg 300w\" sizes=\"auto, (max-width: 680px) 100vw, 680px\" \/><figcaption class=\"wp-element-caption\">\u00a9Swiss Sport Integrity<\/figcaption><\/figure>\n\n<h3 class=\"wp-block-heading has-28-font-size\" style=\"margin-top:10px;margin-bottom:10px\">Doping<\/h3>\n\n<p><\/p>\n\n<p>Fair gewinnt. Ein konsequentes Nein zu leistungssteigernden Substanzen und illegalen Drogen sch\u00fctzt Gesundheit, Integrit\u00e4t und Ruf. Mit Sensibilisierung, klarem Verhaltenskodex, Kontrollen und guter Kommunikation wird Deine Veranstaltung zum Vorbild.<\/p>\n\n<div class=\"wp-block-buttons is-layout-flex wp-block-buttons-is-layout-flex\"><div class=\"wp-block-button has-custom-width wp-block-button__width-100\"><a class=\"wp-block-button__link has-white-color has-primary-background-color has-text-color has-background has-link-color wp-element-button\" href=\"https:\/\/eventkit.ch\/?resource=kampf-gegen-doping\" target=\"_blank\" rel=\"noreferrer noopener\">Kampf gegen Doping<\/a><\/div><\/div>\n\n<p><\/p>\n\n<h4 class=\"wp-block-heading has-secondary-font-family has-24-font-size\">Hilfreiche Links:<\/h4>\n\n<ul class=\"wp-block-list is-style-borderd\"><li><a href=\"https:\/\/www.sportintegrity.ch\/\" target=\"_blank\" rel=\"noreferrer noopener\">Informationen zur Dopingbek\u00e4mpfung<\/a><\/li>\n\n<li><a href=\"https:\/\/www.saferparty.ch\/\" target=\"_blank\" rel=\"noreferrer noopener\">Mobiler Drogencheck<\/a><\/li><\/ul>\n\n<div class=\"wp-block-columns is-layout-flex wp-container-core-columns-is-layout-28f84493 wp-block-columns-is-layout-flex\"><div class=\"wp-block-column is-layout-flow wp-block-column-is-layout-flow\"><\/div><\/div><\/div><\/div><\/div>\n\n<div class=\"wp-block-columns is-layout-flex wp-container-core-columns-is-layout-28f84493 wp-block-columns-is-layout-flex\"><div class=\"wp-block-column is-layout-flow wp-block-column-is-layout-flow\"><div class=\"wp-block-columns is-layout-flex wp-container-core-columns-is-layout-28f84493 wp-block-columns-is-layout-flex\"><div class=\"wp-block-column is-layout-flow wp-block-column-is-layout-flow\"><\/div><\/div><\/div>\n\n<div class=\"wp-block-column is-layout-flow wp-block-column-is-layout-flow\"><\/div><\/div><\/section><section class=\"wp-block-group alignfull has-secondary-20-background-color has-background has-secondary-font-family has-24-font-size is-layout-constrained wp-block-group-is-layout-constrained\"><div style=\"border-radius:150px; padding-top:var(--wp--preset--spacing--50);padding-bottom:var(--wp--preset--spacing--50);padding-left:var(--wp--preset--spacing--50);padding-right:var(--wp--preset--spacing--50);\" class=\"ico-picker-block aligncenter wp-elements-1f0f9589ebd850535e7013f4b49de024 wp-block-sub-icon-picker has-text-color has-white-color has-background has-primary-background-color has-24-font-size\">\n    <span class=\"icon-download\"><\/span>\n    <\/div>\n\n<h2 class=\"wp-block-heading has-text-align-center\">Download gesamte Kriterienliste<\/h2>\n\n<p class=\"has-text-align-center is-style-subtitle\">mit 58 Kriterien in 9 Themenbereichen<\/p>\n\n<div class=\"wp-block-buttons is-content-justification-center is-layout-flex wp-container-core-buttons-is-layout-a89b3969 wp-block-buttons-is-layout-flex\"><?xml encoding=\"utf-8\" ?><div class=\"wp-block-button is-style-btn-secondary is-style-btn-secondary--6\"><a class=\"wp-block-button__link wp-element-button has-core-icon\" href=\"https:\/\/eventkit.ch\/wp-content\/uploads\/2026\/03\/Zielwerte-Eventkit.pdf\" target=\"_blank\" rel=\"noreferrer noopener\" style='--core-icon: url(\"https:\/\/eventkit.ch\/wp-content\/themes\/eventkit-wp\/gutenberg-dev\/assets\/badge-icons\/file-text.svg\");'>Als PDF<\/a><\/div>\n\n\n<?xml encoding=\"utf-8\" ?><div class=\"wp-block-button is-style-btn-primary is-style-btn-primary--7\"><a class=\"wp-block-button__link wp-element-button has-core-icon\" href=\"https:\/\/eventkit.ch\/wp-content\/uploads\/2026\/03\/Zielwerte-Eventkit.xlsx\" target=\"_blank\" rel=\"noreferrer noopener\" style='--core-icon: url(\"https:\/\/eventkit.ch\/wp-content\/themes\/eventkit-wp\/gutenberg-dev\/assets\/badge-icons\/file-text.svg\");'>Als Excel<\/a><\/div>\n<\/div><\/section>","protected":false},"excerpt":{"rendered":"<p>Gesundheit ist nicht alles, aber ohne Gesundheit ist alles nichts. Pr\u00e4vention durch klare Sicherheitskonzepte, Awareness gegen Doping und Gewalt, rauch- und alkoholfreie Zonen sowie F\u00f6rderung von Bewegung und Schutz vor L\u00e4rm\/Licht. So wird jeder Anlass zu einem sicheren und gleichzeitig begeisternden Erlebnis. Sicherheitskonzept Sicherheit geht vor \u2013 immer Awareness &amp; Pr\u00e4vention Respekt schafft Raum f\u00fcr [&hellip;]<\/p>\n","protected":false},"author":3,"featured_media":2016,"parent":684,"menu_order":0,"comment_status":"closed","ping_status":"closed","template":"page-no-title","meta":{"_sitemap_exclude":false,"_sitemap_priority":"","_sitemap_frequency":"","footnotes":""},"class_list":["post-1574","page","type-page","status-publish","has-post-thumbnail","hentry"],"yoast_head":"<!-- This site is optimized with the Yoast SEO plugin v27.3 - https:\/\/yoast.com\/product\/yoast-seo-wordpress\/ -->\n<title>Gesundheit &amp; Pr\u00e4vention - EventKit<\/title>\n<meta name=\"robots\" content=\"index, follow, max-snippet:-1, max-image-preview:large, max-video-preview:-1\" \/>\n<link rel=\"canonical\" href=\"https:\/\/eventkit.ch\/?page_id=1574\" \/>\n<meta property=\"og:locale\" content=\"de_DE\" \/>\n<meta property=\"og:type\" content=\"article\" \/>\n<meta property=\"og:title\" content=\"Gesundheit &amp; Pr\u00e4vention - EventKit\" \/>\n<meta property=\"og:description\" content=\"Gesundheit ist nicht alles, aber ohne Gesundheit ist alles nichts. Pr\u00e4vention durch klare Sicherheitskonzepte, Awareness gegen Doping und Gewalt, rauch- und alkoholfreie Zonen sowie F\u00f6rderung von Bewegung und Schutz vor L\u00e4rm\/Licht. So wird jeder Anlass zu einem sicheren und gleichzeitig begeisternden Erlebnis. Sicherheitskonzept Sicherheit geht vor \u2013 immer Awareness &amp; Pr\u00e4vention Respekt schafft Raum f\u00fcr [&hellip;]\" \/>\n<meta property=\"og:url\" content=\"https:\/\/eventkit.ch\/?page_id=1574\" \/>\n<meta property=\"og:site_name\" content=\"EventKit\" \/>\n<meta property=\"article:modified_time\" content=\"2026-04-13T13:35:20+00:00\" \/>\n<meta property=\"og:image\" content=\"https:\/\/eventkit.ch\/wp-content\/uploads\/2025\/12\/Zurich-Pride-Festival-Friday-Teams-and-Staff-2025-Photo-by-Sebastian-Hubold-9.jpg\" \/>\n\t<meta property=\"og:image:width\" content=\"1102\" \/>\n\t<meta property=\"og:image:height\" content=\"735\" \/>\n\t<meta property=\"og:image:type\" content=\"image\/jpeg\" \/>\n<meta name=\"twitter:card\" content=\"summary_large_image\" \/>\n<meta name=\"twitter:label1\" content=\"Gesch\u00e4tzte Lesezeit\" \/>\n\t<meta name=\"twitter:data1\" content=\"39\u00a0Minuten\" \/>\n<script type=\"application\/ld+json\" class=\"yoast-schema-graph\">{\"@context\":\"https:\\\/\\\/schema.org\",\"@graph\":[{\"@type\":\"WebPage\",\"@id\":\"https:\\\/\\\/eventkit.ch\\\/?page_id=1574\",\"url\":\"https:\\\/\\\/eventkit.ch\\\/?page_id=1574\",\"name\":\"Gesundheit & Pr\u00e4vention - EventKit\",\"isPartOf\":{\"@id\":\"https:\\\/\\\/eventkit.ch\\\/#website\"},\"primaryImageOfPage\":{\"@id\":\"https:\\\/\\\/eventkit.ch\\\/?page_id=1574#primaryimage\"},\"image\":{\"@id\":\"https:\\\/\\\/eventkit.ch\\\/?page_id=1574#primaryimage\"},\"thumbnailUrl\":\"https:\\\/\\\/eventkit.ch\\\/wp-content\\\/uploads\\\/2025\\\/12\\\/Zurich-Pride-Festival-Friday-Teams-and-Staff-2025-Photo-by-Sebastian-Hubold-9.jpg\",\"datePublished\":\"2025-12-08T16:22:45+00:00\",\"dateModified\":\"2026-04-13T13:35:20+00:00\",\"breadcrumb\":{\"@id\":\"https:\\\/\\\/eventkit.ch\\\/?page_id=1574#breadcrumb\"},\"inLanguage\":\"de\",\"potentialAction\":[{\"@type\":\"ReadAction\",\"target\":[\"https:\\\/\\\/eventkit.ch\\\/?page_id=1574\"]}]},{\"@type\":\"ImageObject\",\"inLanguage\":\"de\",\"@id\":\"https:\\\/\\\/eventkit.ch\\\/?page_id=1574#primaryimage\",\"url\":\"https:\\\/\\\/eventkit.ch\\\/wp-content\\\/uploads\\\/2025\\\/12\\\/Zurich-Pride-Festival-Friday-Teams-and-Staff-2025-Photo-by-Sebastian-Hubold-9.jpg\",\"contentUrl\":\"https:\\\/\\\/eventkit.ch\\\/wp-content\\\/uploads\\\/2025\\\/12\\\/Zurich-Pride-Festival-Friday-Teams-and-Staff-2025-Photo-by-Sebastian-Hubold-9.jpg\",\"width\":1102,\"height\":735},{\"@type\":\"BreadcrumbList\",\"@id\":\"https:\\\/\\\/eventkit.ch\\\/?page_id=1574#breadcrumb\",\"itemListElement\":[{\"@type\":\"ListItem\",\"position\":1,\"name\":\"Home\",\"item\":\"https:\\\/\\\/eventkit.ch\\\/\"},{\"@type\":\"ListItem\",\"position\":2,\"name\":\"Themen\",\"item\":\"https:\\\/\\\/eventkit.ch\\\/?page_id=684\"},{\"@type\":\"ListItem\",\"position\":3,\"name\":\"Gesundheit &#038; Pr\u00e4vention\"}]},{\"@type\":\"WebSite\",\"@id\":\"https:\\\/\\\/eventkit.ch\\\/#website\",\"url\":\"https:\\\/\\\/eventkit.ch\\\/\",\"name\":\"EventKit\",\"description\":\"Nachhaltigkeit, die wirkt: Dein Event im Check.\",\"publisher\":{\"@id\":\"https:\\\/\\\/eventkit.ch\\\/#organization\"},\"potentialAction\":[{\"@type\":\"SearchAction\",\"target\":{\"@type\":\"EntryPoint\",\"urlTemplate\":\"https:\\\/\\\/eventkit.ch\\\/?s={search_term_string}\"},\"query-input\":{\"@type\":\"PropertyValueSpecification\",\"valueRequired\":true,\"valueName\":\"search_term_string\"}}],\"inLanguage\":\"de\"},{\"@type\":\"Organization\",\"@id\":\"https:\\\/\\\/eventkit.ch\\\/#organization\",\"name\":\"EventKit\",\"url\":\"https:\\\/\\\/eventkit.ch\\\/\",\"logo\":{\"@type\":\"ImageObject\",\"inLanguage\":\"de\",\"@id\":\"https:\\\/\\\/eventkit.ch\\\/#\\\/schema\\\/logo\\\/image\\\/\",\"url\":\"https:\\\/\\\/eventkit.ch\\\/wp-content\\\/uploads\\\/2025\\\/11\\\/android-icon-144x144-1.png\",\"contentUrl\":\"https:\\\/\\\/eventkit.ch\\\/wp-content\\\/uploads\\\/2025\\\/11\\\/android-icon-144x144-1.png\",\"width\":144,\"height\":144,\"caption\":\"EventKit\"},\"image\":{\"@id\":\"https:\\\/\\\/eventkit.ch\\\/#\\\/schema\\\/logo\\\/image\\\/\"}}]}<\/script>\n<!-- \/ Yoast SEO plugin. -->","yoast_head_json":{"title":"Gesundheit & Pr\u00e4vention - EventKit","robots":{"index":"index","follow":"follow","max-snippet":"max-snippet:-1","max-image-preview":"max-image-preview:large","max-video-preview":"max-video-preview:-1"},"canonical":"https:\/\/eventkit.ch\/?page_id=1574","og_locale":"de_DE","og_type":"article","og_title":"Gesundheit & Pr\u00e4vention - EventKit","og_description":"Gesundheit ist nicht alles, aber ohne Gesundheit ist alles nichts. Pr\u00e4vention durch klare Sicherheitskonzepte, Awareness gegen Doping und Gewalt, rauch- und alkoholfreie Zonen sowie F\u00f6rderung von Bewegung und Schutz vor L\u00e4rm\/Licht. So wird jeder Anlass zu einem sicheren und gleichzeitig begeisternden Erlebnis. Sicherheitskonzept Sicherheit geht vor \u2013 immer Awareness &amp; Pr\u00e4vention Respekt schafft Raum f\u00fcr [&hellip;]","og_url":"https:\/\/eventkit.ch\/?page_id=1574","og_site_name":"EventKit","article_modified_time":"2026-04-13T13:35:20+00:00","og_image":[{"width":1102,"height":735,"url":"https:\/\/eventkit.ch\/wp-content\/uploads\/2025\/12\/Zurich-Pride-Festival-Friday-Teams-and-Staff-2025-Photo-by-Sebastian-Hubold-9.jpg","type":"image\/jpeg"}],"twitter_card":"summary_large_image","twitter_misc":{"Gesch\u00e4tzte Lesezeit":"39\u00a0Minuten"},"schema":{"@context":"https:\/\/schema.org","@graph":[{"@type":"WebPage","@id":"https:\/\/eventkit.ch\/?page_id=1574","url":"https:\/\/eventkit.ch\/?page_id=1574","name":"Gesundheit & Pr\u00e4vention - EventKit","isPartOf":{"@id":"https:\/\/eventkit.ch\/#website"},"primaryImageOfPage":{"@id":"https:\/\/eventkit.ch\/?page_id=1574#primaryimage"},"image":{"@id":"https:\/\/eventkit.ch\/?page_id=1574#primaryimage"},"thumbnailUrl":"https:\/\/eventkit.ch\/wp-content\/uploads\/2025\/12\/Zurich-Pride-Festival-Friday-Teams-and-Staff-2025-Photo-by-Sebastian-Hubold-9.jpg","datePublished":"2025-12-08T16:22:45+00:00","dateModified":"2026-04-13T13:35:20+00:00","breadcrumb":{"@id":"https:\/\/eventkit.ch\/?page_id=1574#breadcrumb"},"inLanguage":"de","potentialAction":[{"@type":"ReadAction","target":["https:\/\/eventkit.ch\/?page_id=1574"]}]},{"@type":"ImageObject","inLanguage":"de","@id":"https:\/\/eventkit.ch\/?page_id=1574#primaryimage","url":"https:\/\/eventkit.ch\/wp-content\/uploads\/2025\/12\/Zurich-Pride-Festival-Friday-Teams-and-Staff-2025-Photo-by-Sebastian-Hubold-9.jpg","contentUrl":"https:\/\/eventkit.ch\/wp-content\/uploads\/2025\/12\/Zurich-Pride-Festival-Friday-Teams-and-Staff-2025-Photo-by-Sebastian-Hubold-9.jpg","width":1102,"height":735},{"@type":"BreadcrumbList","@id":"https:\/\/eventkit.ch\/?page_id=1574#breadcrumb","itemListElement":[{"@type":"ListItem","position":1,"name":"Home","item":"https:\/\/eventkit.ch\/"},{"@type":"ListItem","position":2,"name":"Themen","item":"https:\/\/eventkit.ch\/?page_id=684"},{"@type":"ListItem","position":3,"name":"Gesundheit &#038; Pr\u00e4vention"}]},{"@type":"WebSite","@id":"https:\/\/eventkit.ch\/#website","url":"https:\/\/eventkit.ch\/","name":"EventKit","description":"Nachhaltigkeit, die wirkt: Dein Event im Check.","publisher":{"@id":"https:\/\/eventkit.ch\/#organization"},"potentialAction":[{"@type":"SearchAction","target":{"@type":"EntryPoint","urlTemplate":"https:\/\/eventkit.ch\/?s={search_term_string}"},"query-input":{"@type":"PropertyValueSpecification","valueRequired":true,"valueName":"search_term_string"}}],"inLanguage":"de"},{"@type":"Organization","@id":"https:\/\/eventkit.ch\/#organization","name":"EventKit","url":"https:\/\/eventkit.ch\/","logo":{"@type":"ImageObject","inLanguage":"de","@id":"https:\/\/eventkit.ch\/#\/schema\/logo\/image\/","url":"https:\/\/eventkit.ch\/wp-content\/uploads\/2025\/11\/android-icon-144x144-1.png","contentUrl":"https:\/\/eventkit.ch\/wp-content\/uploads\/2025\/11\/android-icon-144x144-1.png","width":144,"height":144,"caption":"EventKit"},"image":{"@id":"https:\/\/eventkit.ch\/#\/schema\/logo\/image\/"}}]}},"_links":{"self":[{"href":"https:\/\/eventkit.ch\/index.php?rest_route=\/wp\/v2\/pages\/1574","targetHints":{"allow":["GET"]}}],"collection":[{"href":"https:\/\/eventkit.ch\/index.php?rest_route=\/wp\/v2\/pages"}],"about":[{"href":"https:\/\/eventkit.ch\/index.php?rest_route=\/wp\/v2\/types\/page"}],"author":[{"embeddable":true,"href":"https:\/\/eventkit.ch\/index.php?rest_route=\/wp\/v2\/users\/3"}],"replies":[{"embeddable":true,"href":"https:\/\/eventkit.ch\/index.php?rest_route=%2Fwp%2Fv2%2Fcomments&post=1574"}],"version-history":[{"count":37,"href":"https:\/\/eventkit.ch\/index.php?rest_route=\/wp\/v2\/pages\/1574\/revisions"}],"predecessor-version":[{"id":3765,"href":"https:\/\/eventkit.ch\/index.php?rest_route=\/wp\/v2\/pages\/1574\/revisions\/3765"}],"up":[{"embeddable":true,"href":"https:\/\/eventkit.ch\/index.php?rest_route=\/wp\/v2\/pages\/684"}],"wp:featuredmedia":[{"embeddable":true,"href":"https:\/\/eventkit.ch\/index.php?rest_route=\/wp\/v2\/media\/2016"}],"wp:attachment":[{"href":"https:\/\/eventkit.ch\/index.php?rest_route=%2Fwp%2Fv2%2Fmedia&parent=1574"}],"curies":[{"name":"wp","href":"https:\/\/api.w.org\/{rel}","templated":true}]}}