{"id":1571,"date":"2025-12-08T16:14:34","date_gmt":"2025-12-08T16:14:34","guid":{"rendered":"https:\/\/eventkit.ch\/?page_id=1571"},"modified":"2026-04-15T11:52:18","modified_gmt":"2026-04-15T09:52:18","slug":"barrierefreiheit-sozialer-zusammenhalt","status":"publish","type":"page","link":"https:\/\/eventkit.ch\/?page_id=1571","title":{"rendered":"Inklusion &#038; Chancengleichheit"},"content":{"rendered":"<div class=\"wp-block-group alignfull is-layout-constrained wp-block-group-is-layout-constrained\" style=\"padding-top:var(--wp--preset--spacing--40);padding-bottom:var(--wp--preset--spacing--60)\"><figure class=\"wp-block-image aligncenter size-full\"><img decoding=\"async\" src=\"https:\/\/eventkit.ch\/wp-content\/uploads\/2025\/12\/Test-Icons_Eventkit_250922-14.svg\" alt=\"\" class=\"wp-image-1532\"\/><\/figure>\n\n<h1 class=\"has-text-align-center wp-block-post-title\">Inklusion &#038; Chancengleichheit<\/h1>\n\n<p class=\"has-text-align-center is-style-subtitle\">Events f\u00fcr alle \u2013 ohne Ausgrenzung. Inklusion schafft echte Begegnung, Fairplay st\u00e4rkt Gemeinschaft. Von barrierefreiem Zugang \u00fcber soziale und gleichberechtigte Teilhabe bis hin zu guter Nachbarschaft: So wird Dein Anlass zu einem Ort, an dem Vielfalt lebt und Chancen fair verteilt sind.<\/p><\/div><section class=\"wp-block-group alignfull has-orange-lighter-background-color has-background has-15-font-size is-layout-constrained wp-block-group-is-layout-constrained\"><h2 class=\"wp-block-heading has-text-align-center\">Barrierefreiheit und allgemeine Zug\u00e4nglichkeit<\/h2>\n\n<p class=\"has-text-align-center is-style-subtitle has-30-font-size\">Barrieren abbauen &#8211; T\u00fcren \u00f6ffnen<\/p>\n\n<div class=\"wp-bootstrap-blocks-row row\">\n\t\n<div class=\"col-12 col-md-5\">\n\t\t\t\n<p class=\"has-18-font-size\">Mit Rampen, behindertengerechten Sanit\u00e4ranlagen, akustischen Signalen und rollstuhlgerechten Wege schaffst Du Zugang f\u00fcr k\u00f6rperlich eingeschr\u00e4nkte Personen.<\/p>\n\n<p><\/p>\n\n<h4 class=\"wp-block-heading has-secondary-font-family has-24-font-size\">In diesen Merkbl\u00e4ttern findest du vertiefende Informationen:<\/h4>\n\n<p><\/p>\n\n<div class=\"wp-block-buttons is-layout-flex wp-block-buttons-is-layout-flex\"><div class=\"wp-block-button has-custom-width wp-block-button__width-75 is-style-btn-secondary is-style-btn-secondary--1\"><a class=\"wp-block-button__link has-14-font-size has-custom-font-size wp-element-button\" href=\"https:\/\/eventkit.ch\/?resource=gewaehrleistung-von-allgemeiner-zugaenglichkeit\" target=\"_blank\" rel=\"noreferrer noopener\">Gew\u00e4hrleistung allgemeine Zug\u00e4nglichkeit<\/a><\/div>\n\n<div class=\"wp-block-button has-custom-width wp-block-button__width-75 is-style-btn-secondary is-style-btn-secondary--2\"><a class=\"wp-block-button__link has-14-font-size has-custom-font-size wp-element-button\" href=\"https:\/\/eventkit.ch\/?resource=erleichterung-des-zugangs-fuer-menschen-mit-eingeschraenkter-mobilitaet\" target=\"_blank\" rel=\"noreferrer noopener\">Erleichterung Zugang Menschen eingeschr\u00e4nkte Mobilit\u00e4t<\/a><\/div><\/div>\n\n<p><\/p>\n\n<h4 class=\"wp-block-heading has-secondary-font-family has-24-font-size\">Hilfreiche Links:<\/h4>\n\n<ul class=\"wp-block-list is-style-borderd\"><li><a href=\"https:\/\/www.proinfirmis.ch\/fileadmin\/bilder\/4_Ueber_uns\/Downloads\/pdf_Download-Seite\/PI_Veranstaltung_fuer_alle.pdf\" target=\"_blank\" rel=\"noreferrer noopener\">Pro Infirmis: Leitfaden hindernisfreie Events<\/a><\/li>\n\n<li><a href=\"https:\/\/www.stv-fst.ch\/nachhaltigkeit\/kompetenzzentrum\/okgo-initiative\" target=\"_blank\" rel=\"noreferrer noopener\">OK:GO Initiative: Besucherinfos im Vorfeld<\/a><\/li>\n\n<li><a href=\"https:\/\/www.cerebral.ch\/de\/hilfsangebote\/institutionen\/infrastrukturen-fuer-veranstalter\" target=\"_blank\" rel=\"noreferrer noopener\">Cerebral: Infrastruktur f\u00fcr Veranstalter<\/a><\/li>\n\n<li><a href=\"https:\/\/www.kulturinklusiv.ch\/fachstelle.html\" target=\"_blank\" rel=\"noreferrer noopener\">Fachstelle Kultur Inklusiv<\/a><\/li>\n\n<li><a href=\"https:\/\/www.designforall.ch\/de\/homepage\" target=\"_blank\" rel=\"noreferrer noopener\">Kompetenzzentrum Design for all<\/a><\/li>\n\n<li><a href=\"https:\/\/static1.squarespace.com\/static\/58adc1601b10e34e35105626\/t\/5db85ccfdf957c23ea8202bb\/1572363500527\/Kulturwegweiser+Inklusion+Performing+Arts.pdf\" target=\"_blank\" rel=\"noreferrer noopener\">Inklusive Veranstaltungen der Performing Arts<\/a><\/li><\/ul>\n\t<\/div>\n\n<div class=\"col-12 col-md-7\">\n\t\t\t\n<figure class=\"wp-block-image size-full has-custom-border\"><img loading=\"lazy\" decoding=\"async\" width=\"1754\" height=\"1240\" src=\"https:\/\/eventkit.ch\/wp-content\/uploads\/2025\/12\/blog_4_Hosted-Area-by-Axpo-PluSport_quer.jpg\" alt=\"\" class=\"wp-image-1825\" style=\"border-radius:8px\" srcset=\"https:\/\/eventkit.ch\/wp-content\/uploads\/2025\/12\/blog_4_Hosted-Area-by-Axpo-PluSport_quer.jpg 1754w, https:\/\/eventkit.ch\/wp-content\/uploads\/2025\/12\/blog_4_Hosted-Area-by-Axpo-PluSport_quer-300x212.jpg 300w, https:\/\/eventkit.ch\/wp-content\/uploads\/2025\/12\/blog_4_Hosted-Area-by-Axpo-PluSport_quer-1024x724.jpg 1024w, https:\/\/eventkit.ch\/wp-content\/uploads\/2025\/12\/blog_4_Hosted-Area-by-Axpo-PluSport_quer-768x543.jpg 768w, https:\/\/eventkit.ch\/wp-content\/uploads\/2025\/12\/blog_4_Hosted-Area-by-Axpo-PluSport_quer-1536x1086.jpg 1536w\" sizes=\"auto, (max-width: 1754px) 100vw, 1754px\" \/><figcaption class=\"wp-element-caption\">\u00a9 UCI Z\u00fcrich 2024<\/figcaption><\/figure>\n\n<h3 class=\"wp-block-heading has-secondary-font-family has-24-font-size\">Zugeh\u00f6rige Kriterien im Eventkit:<\/h3>\n\n<p>8.1. Die Veranstaltenden setzen sich mit dem Thema Barrierefreiheit auseinander. Beeintr\u00e4chtigte finden Informationen \u00fcber die Barrierefreiheit im Vorfeld der Veranstaltung, um sich \u00fcber die Teilnahmem\u00f6glichkeiten informieren zu k\u00f6nnen (z.B. Barrierefreie Webseite, Telefonauskunft, Infoflyer\/Plakate).<\/p>\n\n<p>8.4. Am Veranstaltungsort werden inkludierte (nicht isolierte) Pl\u00e4tze f\u00fcr Menschen mit Behinderungen zur Verf\u00fcgung gestellt.<\/p>\n\t<\/div>\n<\/div><\/section><section class=\"wp-block-group alignfull has-green-light-background-color has-background has-15-font-size is-layout-constrained wp-block-group-is-layout-constrained\"><h2 class=\"wp-block-heading has-text-align-center\">Sozialen Zusammenhalt f\u00f6rdern<\/h2>\n\n<p class=\"has-text-align-center is-style-subtitle has-30-font-size\">Events verbinden \u2013 unabh\u00e4ngig von Geldbeutel, Sprache oder Kultur<\/p>\n\n<div class=\"wp-bootstrap-blocks-row row\">\n\t\n<div class=\"col-12 col-md-5\">\n\t\t\t\n<p class=\"has-18-font-size\">Mit erm\u00e4ssigten Tickets, Gratisangeboten f\u00fcr Bed\u00fcrftige und mehrsprachigen Kommunikationsmitteln sorgst Du f\u00fcr eine gleichberechtigte Teilhabe aller und st\u00e4rkst den sozialen Zusammenhalt.<\/p>\n\n<p><\/p>\n\n<h4 class=\"wp-block-heading has-secondary-font-family has-24-font-size\">In diesem Merkblatt findest du vertiefende Informationen:<\/h4>\n\n<div class=\"wp-block-buttons is-layout-flex wp-block-buttons-is-layout-flex\"><div class=\"wp-block-button has-custom-width wp-block-button__width-75 is-style-btn-primary is-style-btn-primary--3\"><a class=\"wp-block-button__link has-general-font-family has-14-font-size has-custom-font-size wp-element-button\" href=\"https:\/\/eventkit.ch\/?resource=foerderung-einer-diversifizierten-teilnahme\" style=\"padding-right:0;padding-left:0\" target=\"_blank\" rel=\"noreferrer noopener\">F\u00f6rderung einer diversifizierten Teilnahme<\/a><\/div><\/div>\n\n<p><\/p>\n\n<p><\/p>\n\n<h4 class=\"wp-block-heading has-secondary-font-family has-24-font-size\">Hilfreiche Links:<\/h4>\n\n<ul style=\"margin-top:0;margin-bottom:0\" class=\"wp-block-list is-style-borderd has-secondary-font-family\"><li style=\"border-style:none;border-width:0px;margin-top:var(--wp--preset--spacing--30);margin-bottom:var(--wp--preset--spacing--30)\"><a href=\"https:\/\/www.swissolympic.ch\/verbaende\/werte-ethik\/ethik-charta\" target=\"_blank\" rel=\"noreferrer noopener\">Swiss Olympic Ethik-Charta<\/a><\/li>\n\n<li style=\"border-style:none;border-width:0px;margin-top:var(--wp--preset--spacing--30);margin-bottom:var(--wp--preset--spacing--30)\"><a href=\"https:\/\/www.spiritofsport.ch\/\" target=\"_blank\" rel=\"noreferrer noopener\">Swiss Olympic Hilfe Umsetzung Ethik-Charta<\/a><\/li><\/ul>\n\t<\/div>\n\n<div class=\"col-12 col-md-7\">\n\t\t\t\n<figure class=\"wp-block-image size-full is-resized has-custom-border\"><img loading=\"lazy\" decoding=\"async\" width=\"640\" height=\"427\" src=\"https:\/\/eventkit.ch\/wp-content\/uploads\/2025\/12\/Nachfragen_coolandclean_Clap_Commitment-edited.jpg\" alt=\"\" class=\"wp-image-1835\" style=\"border-radius:8px;width:691px;height:auto\" srcset=\"https:\/\/eventkit.ch\/wp-content\/uploads\/2025\/12\/Nachfragen_coolandclean_Clap_Commitment-edited.jpg 640w, https:\/\/eventkit.ch\/wp-content\/uploads\/2025\/12\/Nachfragen_coolandclean_Clap_Commitment-edited-300x200.jpg 300w\" sizes=\"auto, (max-width: 640px) 100vw, 640px\" \/><figcaption class=\"wp-element-caption\">\u00a9 swiss olympics cool &amp; clean Kampagne<\/figcaption><\/figure>\n\n<h3 class=\"wp-block-heading has-secondary-font-family has-22-font-size\">Zugeh\u00f6rige Kriterien im Eventkit:<\/h3>\n\n<p>8.2. Die Veranstaltung sichert Gleichstellung (z.B. geschlechterneutrale Sprache, Empowerment, Frauen* in Entscheidungsgremien, Lohngleichheit).<\/p>\n\n<p>8.3. Familien, bzw. Kinder, Jugendliche und andere Gruppen (z.B. Studierende, Auszubildende, Sozialhilfeempf\u00e4nger*innen) profitieren von verg\u00fcnstigten Eintritten oder der Eintritt ist kostenlos. <\/p>\n\t<\/div>\n<\/div><\/section><section class=\"wp-block-group alignfull is-layout-constrained wp-block-group-is-layout-constrained\"><h2 class=\"wp-block-heading has-text-align-center\">Weitere Themen<\/h2>\n\n<p class=\"has-text-align-center is-style-subtitle\">zum Bereich Inklusion &amp; Chancengleichheit<\/p>\n\n<div class=\"wp-block-columns is-layout-flex wp-container-core-columns-is-layout-28f84493 wp-block-columns-is-layout-flex\"><div class=\"wp-block-column is-layout-flow wp-block-column-is-layout-flow\"><div class=\"wp-block-group is-layout-constrained wp-block-group-is-layout-constrained\"><figure class=\"wp-block-image size-full has-custom-border\"><img loading=\"lazy\" decoding=\"async\" width=\"1024\" height=\"683\" src=\"https:\/\/eventkit.ch\/wp-content\/uploads\/2025\/12\/7h9a1131_54608440535_l.jpg\" alt=\"\" class=\"wp-image-1832\" style=\"border-radius:10px\" srcset=\"https:\/\/eventkit.ch\/wp-content\/uploads\/2025\/12\/7h9a1131_54608440535_l.jpg 1024w, https:\/\/eventkit.ch\/wp-content\/uploads\/2025\/12\/7h9a1131_54608440535_l-300x200.jpg 300w, https:\/\/eventkit.ch\/wp-content\/uploads\/2025\/12\/7h9a1131_54608440535_l-768x512.jpg 768w\" sizes=\"auto, (max-width: 1024px) 100vw, 1024px\" \/><figcaption class=\"wp-element-caption\">\u00a9 Z\u00fcrich Pride 2025<\/figcaption><\/figure>\n\n<p><\/p>\n\n<h3 class=\"wp-block-heading has-28-font-size\" style=\"margin-top:10px;margin-bottom:10px\">Gleichstellung<\/h3>\n\n<p><\/p>\n\n<p>Vielfalt ist St\u00e4rke. Geschlechtergerechte Rollenverteilung, inklusive Sprache und Programme ohne Stereotypen schaffen Chancengleichheit. Mit sensibilisierten Teams und fairer Repr\u00e4sentation machst du dein Event zu einem Vorbild f\u00fcr echte Gleichstellung.<\/p>\n\n<div class=\"wp-block-buttons is-layout-flex wp-block-buttons-is-layout-flex\"><div class=\"wp-block-button has-custom-width wp-block-button__width-100\"><a class=\"wp-block-button__link has-white-color has-secondary-background-color has-text-color has-background has-link-color wp-element-button\" href=\"https:\/\/eventkit.ch\/?resource=ziel-null-sexismus\" target=\"_blank\" rel=\"noreferrer noopener\">Ziel Null Sexismus<\/a><\/div><\/div>\n\n<p><\/p>\n\n<h4 class=\"wp-block-heading has-secondary-font-family has-24-font-size\">Hilfreiche Links:<\/h4>\n\n<ul class=\"wp-block-list is-style-borderd\"><li><a href=\"https:\/\/www.equality.ch\/d\/Home.html\" target=\"_blank\" rel=\"noreferrer noopener\">Konferenz der Gleichstellungsbeauftragten<\/a><\/li>\n\n<li><a href=\"https:\/\/diversityroadmap.org\/topics\/kommunikation\/\"><a href=\"https:\/\/diversityroadmap.org\/topics\/kommunikation\/\" target=\"_blank\" rel=\"noreferrer noopener\">Diversity Roadmap<\/a><\/a><\/li><\/ul><\/div>\n\n<p><\/p><\/div>\n\n<div class=\"wp-block-column is-layout-flow wp-block-column-is-layout-flow\"><div class=\"wp-block-group is-layout-constrained wp-block-group-is-layout-constrained\"><figure class=\"wp-block-image size-full has-custom-border\"><img loading=\"lazy\" decoding=\"async\" width=\"690\" height=\"460\" src=\"https:\/\/eventkit.ch\/wp-content\/uploads\/2025\/12\/Nachfragen-swissvolley-2022-09-18_094049_00_Piste_Adrian-Knecht-2022-2560x1024-1-edited.jpg\" alt=\"\" class=\"wp-image-1838\" style=\"border-radius:10px\" srcset=\"https:\/\/eventkit.ch\/wp-content\/uploads\/2025\/12\/Nachfragen-swissvolley-2022-09-18_094049_00_Piste_Adrian-Knecht-2022-2560x1024-1-edited.jpg 690w, https:\/\/eventkit.ch\/wp-content\/uploads\/2025\/12\/Nachfragen-swissvolley-2022-09-18_094049_00_Piste_Adrian-Knecht-2022-2560x1024-1-edited-300x200.jpg 300w\" sizes=\"auto, (max-width: 690px) 100vw, 690px\" \/><figcaption class=\"wp-element-caption\">\u00a9 Swiss Volley Talentf\u00f6rderung Foto: Adrian Knecht<\/figcaption><\/figure>\n\n<p><\/p>\n\n<h3 class=\"wp-block-heading has-28-font-size\" style=\"margin-top:10px;margin-bottom:10px\">Nachwuchs- und Talentf\u00f6rderung<\/h3>\n\n<p><\/p>\n\n<p>Die Zukunft feiert mit. Mit Workshops, Mentoring und offenen Plattformen f\u00fcr junge Talente f\u00f6rderst Du Potenziale und zuk\u00fcnftiges Engagement. So entstehen aus Events Sprungbretter f\u00fcr Karrieren und nachhaltige Leidenschaft in Sport, Kultur oder Organisation.<\/p>\n\n<div class=\"wp-block-buttons is-layout-flex wp-block-buttons-is-layout-flex\"><\/div>\n\n<p><\/p>\n\n<h4 class=\"wp-block-heading has-secondary-font-family has-24-font-size\">Hilfreiche Links:<\/h4>\n\n<ul class=\"wp-block-list is-style-borderd\"><li><a href=\"https:\/\/www.swissolympic.ch\/verbaende\/foerderung-unterstuetzung\" type=\"link\" id=\"https:\/\/www.swissolympic.ch\/verbaende\/foerderung-unterstuetzung\" target=\"_blank\" rel=\"noreferrer noopener\">Swiss Olpmpic: Nachwuchsf\u00f6rderung<\/a><\/li><\/ul><\/div><\/div>\n\n<div class=\"wp-block-column is-layout-flow wp-block-column-is-layout-flow\"><figure class=\"wp-block-image size-full has-custom-border\"><img loading=\"lazy\" decoding=\"async\" width=\"2560\" height=\"1706\" src=\"https:\/\/eventkit.ch\/wp-content\/uploads\/2025\/12\/Zurich-Pride-Festival-Friday-2025-Photo-by-Sebastian-Hubold-28-scaled.jpeg\" alt=\"\" class=\"wp-image-2013\" style=\"border-radius:10px\" srcset=\"https:\/\/eventkit.ch\/wp-content\/uploads\/2025\/12\/Zurich-Pride-Festival-Friday-2025-Photo-by-Sebastian-Hubold-28-scaled.jpeg 2560w, https:\/\/eventkit.ch\/wp-content\/uploads\/2025\/12\/Zurich-Pride-Festival-Friday-2025-Photo-by-Sebastian-Hubold-28-300x200.jpeg 300w, https:\/\/eventkit.ch\/wp-content\/uploads\/2025\/12\/Zurich-Pride-Festival-Friday-2025-Photo-by-Sebastian-Hubold-28-1024x682.jpeg 1024w, https:\/\/eventkit.ch\/wp-content\/uploads\/2025\/12\/Zurich-Pride-Festival-Friday-2025-Photo-by-Sebastian-Hubold-28-768x512.jpeg 768w, https:\/\/eventkit.ch\/wp-content\/uploads\/2025\/12\/Zurich-Pride-Festival-Friday-2025-Photo-by-Sebastian-Hubold-28-1536x1024.jpeg 1536w, https:\/\/eventkit.ch\/wp-content\/uploads\/2025\/12\/Zurich-Pride-Festival-Friday-2025-Photo-by-Sebastian-Hubold-28-2048x1365.jpeg 2048w\" sizes=\"auto, (max-width: 2560px) 100vw, 2560px\" \/><\/figure>\n\n<p><\/p>\n\n<h3 class=\"wp-block-heading has-28-font-size\">(Gute) Nachbarschaft<\/h3>\n\n<p><\/p>\n\n<p>Events bereichern \u2013 und st\u00f6ren nicht. Klare Info an Anwohnende, R\u00fccksichtsmassnahmen bei L\u00e4rm und Verkehr sowie Einladungen zur Mitwirkung schaffen Harmonie. So machst Du aus Nachbarn Verb\u00fcndete.<\/p>\n\n<p><\/p>\n\n<h4 class=\"wp-block-heading has-secondary-font-family has-24-font-size\">Hilfreiche Links:<\/h4>\n\n<ul class=\"wp-block-list is-style-borderd\"><li><a href=\"https:\/\/iihfstorage.blob.core.windows.net\/iihf-media\/iihfmvc\/media\/downloads\/sustainability\/iihf_manual_social-environment.pdf\">Link<\/a><\/li><\/ul><\/div><\/div><\/section><section class=\"wp-block-group alignfull has-secondary-20-background-color has-background has-secondary-font-family has-24-font-size is-layout-constrained wp-block-group-is-layout-constrained\"><div style=\"border-radius:150px; padding-top:var(--wp--preset--spacing--50);padding-bottom:var(--wp--preset--spacing--50);padding-left:var(--wp--preset--spacing--50);padding-right:var(--wp--preset--spacing--50);\" class=\"ico-picker-block aligncenter wp-elements-1f0f9589ebd850535e7013f4b49de024 wp-block-sub-icon-picker has-text-color has-white-color has-background has-primary-background-color has-24-font-size\">\n    <span class=\"icon-download\"><\/span>\n    <\/div>\n\n<h2 class=\"wp-block-heading has-text-align-center\">Download gesamte Kriterienliste<\/h2>\n\n<p class=\"has-text-align-center is-style-subtitle\">mit 58 Kriterien in 9 Themenbereichen<\/p>\n\n<div class=\"wp-block-buttons is-content-justification-center is-layout-flex wp-container-core-buttons-is-layout-a89b3969 wp-block-buttons-is-layout-flex\"><?xml encoding=\"utf-8\" ?><div class=\"wp-block-button is-style-btn-secondary is-style-btn-secondary--4\"><a class=\"wp-block-button__link wp-element-button has-core-icon\" href=\"https:\/\/eventkit.ch\/wp-content\/uploads\/2026\/03\/Zielwerte-Eventkit.pdf\" target=\"_blank\" rel=\"noreferrer noopener\" style='--core-icon: url(\"https:\/\/eventkit.ch\/wp-content\/themes\/eventkit-wp\/gutenberg-dev\/assets\/badge-icons\/file-text.svg\");'>Als PDF<\/a><\/div>\n\n\n<?xml encoding=\"utf-8\" ?><div class=\"wp-block-button is-style-btn-primary is-style-btn-primary--5\"><a class=\"wp-block-button__link wp-element-button has-core-icon\" href=\"https:\/\/eventkit.ch\/wp-content\/uploads\/2026\/03\/Zielwerte-Eventkit.xlsx\" target=\"_blank\" rel=\"noreferrer noopener\" style='--core-icon: url(\"https:\/\/eventkit.ch\/wp-content\/themes\/eventkit-wp\/gutenberg-dev\/assets\/badge-icons\/file-text.svg\");'>Als Excel<\/a><\/div>\n<\/div><\/section>","protected":false},"excerpt":{"rendered":"<p>Events f\u00fcr alle \u2013 ohne Ausgrenzung. Inklusion schafft echte Begegnung, Fairplay st\u00e4rkt Gemeinschaft. Von barrierefreiem Zugang \u00fcber soziale und gleichberechtigte Teilhabe bis hin zu guter Nachbarschaft: So wird Dein Anlass zu einem Ort, an dem Vielfalt lebt und Chancen fair verteilt sind. Barrierefreiheit und allgemeine Zug\u00e4nglichkeit Barrieren abbauen &#8211; T\u00fcren \u00f6ffnen Sozialen Zusammenhalt f\u00f6rdern Events [&hellip;]<\/p>\n","protected":false},"author":3,"featured_media":1825,"parent":684,"menu_order":0,"comment_status":"closed","ping_status":"closed","template":"page-no-title","meta":{"_sitemap_exclude":false,"_sitemap_priority":"","_sitemap_frequency":"","footnotes":""},"class_list":["post-1571","page","type-page","status-publish","has-post-thumbnail","hentry"],"yoast_head":"<!-- This site is optimized with the Yoast SEO plugin v27.3 - https:\/\/yoast.com\/product\/yoast-seo-wordpress\/ -->\n<title>Inklusion &amp; Chancengleichheit - EventKit<\/title>\n<meta name=\"robots\" content=\"index, follow, max-snippet:-1, max-image-preview:large, max-video-preview:-1\" \/>\n<link rel=\"canonical\" href=\"https:\/\/eventkit.ch\/?page_id=1571\" \/>\n<meta property=\"og:locale\" content=\"de_DE\" \/>\n<meta property=\"og:type\" content=\"article\" \/>\n<meta property=\"og:title\" content=\"Inklusion &amp; Chancengleichheit - EventKit\" \/>\n<meta property=\"og:description\" content=\"Events f\u00fcr alle \u2013 ohne Ausgrenzung. Inklusion schafft echte Begegnung, Fairplay st\u00e4rkt Gemeinschaft. Von barrierefreiem Zugang \u00fcber soziale und gleichberechtigte Teilhabe bis hin zu guter Nachbarschaft: So wird Dein Anlass zu einem Ort, an dem Vielfalt lebt und Chancen fair verteilt sind. Barrierefreiheit und allgemeine Zug\u00e4nglichkeit Barrieren abbauen &#8211; T\u00fcren \u00f6ffnen Sozialen Zusammenhalt f\u00f6rdern Events [&hellip;]\" \/>\n<meta property=\"og:url\" content=\"https:\/\/eventkit.ch\/?page_id=1571\" \/>\n<meta property=\"og:site_name\" content=\"EventKit\" \/>\n<meta property=\"article:modified_time\" content=\"2026-04-15T09:52:18+00:00\" \/>\n<meta property=\"og:image\" content=\"https:\/\/eventkit.ch\/wp-content\/uploads\/2025\/12\/blog_4_Hosted-Area-by-Axpo-PluSport_quer.jpg\" \/>\n\t<meta property=\"og:image:width\" content=\"1754\" \/>\n\t<meta property=\"og:image:height\" content=\"1240\" \/>\n\t<meta property=\"og:image:type\" content=\"image\/jpeg\" \/>\n<meta name=\"twitter:card\" content=\"summary_large_image\" \/>\n<meta name=\"twitter:label1\" content=\"Gesch\u00e4tzte Lesezeit\" \/>\n\t<meta name=\"twitter:data1\" content=\"24\u00a0Minuten\" \/>\n<script type=\"application\/ld+json\" class=\"yoast-schema-graph\">{\"@context\":\"https:\\\/\\\/schema.org\",\"@graph\":[{\"@type\":\"WebPage\",\"@id\":\"https:\\\/\\\/eventkit.ch\\\/?page_id=1571\",\"url\":\"https:\\\/\\\/eventkit.ch\\\/?page_id=1571\",\"name\":\"Inklusion & Chancengleichheit - EventKit\",\"isPartOf\":{\"@id\":\"https:\\\/\\\/eventkit.ch\\\/#website\"},\"primaryImageOfPage\":{\"@id\":\"https:\\\/\\\/eventkit.ch\\\/?page_id=1571#primaryimage\"},\"image\":{\"@id\":\"https:\\\/\\\/eventkit.ch\\\/?page_id=1571#primaryimage\"},\"thumbnailUrl\":\"https:\\\/\\\/eventkit.ch\\\/wp-content\\\/uploads\\\/2025\\\/12\\\/blog_4_Hosted-Area-by-Axpo-PluSport_quer.jpg\",\"datePublished\":\"2025-12-08T16:14:34+00:00\",\"dateModified\":\"2026-04-15T09:52:18+00:00\",\"breadcrumb\":{\"@id\":\"https:\\\/\\\/eventkit.ch\\\/?page_id=1571#breadcrumb\"},\"inLanguage\":\"de\",\"potentialAction\":[{\"@type\":\"ReadAction\",\"target\":[\"https:\\\/\\\/eventkit.ch\\\/?page_id=1571\"]}]},{\"@type\":\"ImageObject\",\"inLanguage\":\"de\",\"@id\":\"https:\\\/\\\/eventkit.ch\\\/?page_id=1571#primaryimage\",\"url\":\"https:\\\/\\\/eventkit.ch\\\/wp-content\\\/uploads\\\/2025\\\/12\\\/blog_4_Hosted-Area-by-Axpo-PluSport_quer.jpg\",\"contentUrl\":\"https:\\\/\\\/eventkit.ch\\\/wp-content\\\/uploads\\\/2025\\\/12\\\/blog_4_Hosted-Area-by-Axpo-PluSport_quer.jpg\",\"width\":1754,\"height\":1240},{\"@type\":\"BreadcrumbList\",\"@id\":\"https:\\\/\\\/eventkit.ch\\\/?page_id=1571#breadcrumb\",\"itemListElement\":[{\"@type\":\"ListItem\",\"position\":1,\"name\":\"Home\",\"item\":\"https:\\\/\\\/eventkit.ch\\\/\"},{\"@type\":\"ListItem\",\"position\":2,\"name\":\"Themen\",\"item\":\"https:\\\/\\\/eventkit.ch\\\/?page_id=684\"},{\"@type\":\"ListItem\",\"position\":3,\"name\":\"Inklusion &#038; Chancengleichheit\"}]},{\"@type\":\"WebSite\",\"@id\":\"https:\\\/\\\/eventkit.ch\\\/#website\",\"url\":\"https:\\\/\\\/eventkit.ch\\\/\",\"name\":\"EventKit\",\"description\":\"Nachhaltigkeit, die wirkt: Dein Event im Check.\",\"publisher\":{\"@id\":\"https:\\\/\\\/eventkit.ch\\\/#organization\"},\"potentialAction\":[{\"@type\":\"SearchAction\",\"target\":{\"@type\":\"EntryPoint\",\"urlTemplate\":\"https:\\\/\\\/eventkit.ch\\\/?s={search_term_string}\"},\"query-input\":{\"@type\":\"PropertyValueSpecification\",\"valueRequired\":true,\"valueName\":\"search_term_string\"}}],\"inLanguage\":\"de\"},{\"@type\":\"Organization\",\"@id\":\"https:\\\/\\\/eventkit.ch\\\/#organization\",\"name\":\"EventKit\",\"url\":\"https:\\\/\\\/eventkit.ch\\\/\",\"logo\":{\"@type\":\"ImageObject\",\"inLanguage\":\"de\",\"@id\":\"https:\\\/\\\/eventkit.ch\\\/#\\\/schema\\\/logo\\\/image\\\/\",\"url\":\"https:\\\/\\\/eventkit.ch\\\/wp-content\\\/uploads\\\/2025\\\/11\\\/android-icon-144x144-1.png\",\"contentUrl\":\"https:\\\/\\\/eventkit.ch\\\/wp-content\\\/uploads\\\/2025\\\/11\\\/android-icon-144x144-1.png\",\"width\":144,\"height\":144,\"caption\":\"EventKit\"},\"image\":{\"@id\":\"https:\\\/\\\/eventkit.ch\\\/#\\\/schema\\\/logo\\\/image\\\/\"}}]}<\/script>\n<!-- \/ Yoast SEO plugin. -->","yoast_head_json":{"title":"Inklusion & Chancengleichheit - EventKit","robots":{"index":"index","follow":"follow","max-snippet":"max-snippet:-1","max-image-preview":"max-image-preview:large","max-video-preview":"max-video-preview:-1"},"canonical":"https:\/\/eventkit.ch\/?page_id=1571","og_locale":"de_DE","og_type":"article","og_title":"Inklusion & Chancengleichheit - EventKit","og_description":"Events f\u00fcr alle \u2013 ohne Ausgrenzung. Inklusion schafft echte Begegnung, Fairplay st\u00e4rkt Gemeinschaft. Von barrierefreiem Zugang \u00fcber soziale und gleichberechtigte Teilhabe bis hin zu guter Nachbarschaft: So wird Dein Anlass zu einem Ort, an dem Vielfalt lebt und Chancen fair verteilt sind. Barrierefreiheit und allgemeine Zug\u00e4nglichkeit Barrieren abbauen &#8211; T\u00fcren \u00f6ffnen Sozialen Zusammenhalt f\u00f6rdern Events [&hellip;]","og_url":"https:\/\/eventkit.ch\/?page_id=1571","og_site_name":"EventKit","article_modified_time":"2026-04-15T09:52:18+00:00","og_image":[{"width":1754,"height":1240,"url":"https:\/\/eventkit.ch\/wp-content\/uploads\/2025\/12\/blog_4_Hosted-Area-by-Axpo-PluSport_quer.jpg","type":"image\/jpeg"}],"twitter_card":"summary_large_image","twitter_misc":{"Gesch\u00e4tzte Lesezeit":"24\u00a0Minuten"},"schema":{"@context":"https:\/\/schema.org","@graph":[{"@type":"WebPage","@id":"https:\/\/eventkit.ch\/?page_id=1571","url":"https:\/\/eventkit.ch\/?page_id=1571","name":"Inklusion & Chancengleichheit - EventKit","isPartOf":{"@id":"https:\/\/eventkit.ch\/#website"},"primaryImageOfPage":{"@id":"https:\/\/eventkit.ch\/?page_id=1571#primaryimage"},"image":{"@id":"https:\/\/eventkit.ch\/?page_id=1571#primaryimage"},"thumbnailUrl":"https:\/\/eventkit.ch\/wp-content\/uploads\/2025\/12\/blog_4_Hosted-Area-by-Axpo-PluSport_quer.jpg","datePublished":"2025-12-08T16:14:34+00:00","dateModified":"2026-04-15T09:52:18+00:00","breadcrumb":{"@id":"https:\/\/eventkit.ch\/?page_id=1571#breadcrumb"},"inLanguage":"de","potentialAction":[{"@type":"ReadAction","target":["https:\/\/eventkit.ch\/?page_id=1571"]}]},{"@type":"ImageObject","inLanguage":"de","@id":"https:\/\/eventkit.ch\/?page_id=1571#primaryimage","url":"https:\/\/eventkit.ch\/wp-content\/uploads\/2025\/12\/blog_4_Hosted-Area-by-Axpo-PluSport_quer.jpg","contentUrl":"https:\/\/eventkit.ch\/wp-content\/uploads\/2025\/12\/blog_4_Hosted-Area-by-Axpo-PluSport_quer.jpg","width":1754,"height":1240},{"@type":"BreadcrumbList","@id":"https:\/\/eventkit.ch\/?page_id=1571#breadcrumb","itemListElement":[{"@type":"ListItem","position":1,"name":"Home","item":"https:\/\/eventkit.ch\/"},{"@type":"ListItem","position":2,"name":"Themen","item":"https:\/\/eventkit.ch\/?page_id=684"},{"@type":"ListItem","position":3,"name":"Inklusion &#038; Chancengleichheit"}]},{"@type":"WebSite","@id":"https:\/\/eventkit.ch\/#website","url":"https:\/\/eventkit.ch\/","name":"EventKit","description":"Nachhaltigkeit, die wirkt: Dein Event im Check.","publisher":{"@id":"https:\/\/eventkit.ch\/#organization"},"potentialAction":[{"@type":"SearchAction","target":{"@type":"EntryPoint","urlTemplate":"https:\/\/eventkit.ch\/?s={search_term_string}"},"query-input":{"@type":"PropertyValueSpecification","valueRequired":true,"valueName":"search_term_string"}}],"inLanguage":"de"},{"@type":"Organization","@id":"https:\/\/eventkit.ch\/#organization","name":"EventKit","url":"https:\/\/eventkit.ch\/","logo":{"@type":"ImageObject","inLanguage":"de","@id":"https:\/\/eventkit.ch\/#\/schema\/logo\/image\/","url":"https:\/\/eventkit.ch\/wp-content\/uploads\/2025\/11\/android-icon-144x144-1.png","contentUrl":"https:\/\/eventkit.ch\/wp-content\/uploads\/2025\/11\/android-icon-144x144-1.png","width":144,"height":144,"caption":"EventKit"},"image":{"@id":"https:\/\/eventkit.ch\/#\/schema\/logo\/image\/"}}]}},"_links":{"self":[{"href":"https:\/\/eventkit.ch\/index.php?rest_route=\/wp\/v2\/pages\/1571","targetHints":{"allow":["GET"]}}],"collection":[{"href":"https:\/\/eventkit.ch\/index.php?rest_route=\/wp\/v2\/pages"}],"about":[{"href":"https:\/\/eventkit.ch\/index.php?rest_route=\/wp\/v2\/types\/page"}],"author":[{"embeddable":true,"href":"https:\/\/eventkit.ch\/index.php?rest_route=\/wp\/v2\/users\/3"}],"replies":[{"embeddable":true,"href":"https:\/\/eventkit.ch\/index.php?rest_route=%2Fwp%2Fv2%2Fcomments&post=1571"}],"version-history":[{"count":30,"href":"https:\/\/eventkit.ch\/index.php?rest_route=\/wp\/v2\/pages\/1571\/revisions"}],"predecessor-version":[{"id":3771,"href":"https:\/\/eventkit.ch\/index.php?rest_route=\/wp\/v2\/pages\/1571\/revisions\/3771"}],"up":[{"embeddable":true,"href":"https:\/\/eventkit.ch\/index.php?rest_route=\/wp\/v2\/pages\/684"}],"wp:featuredmedia":[{"embeddable":true,"href":"https:\/\/eventkit.ch\/index.php?rest_route=\/wp\/v2\/media\/1825"}],"wp:attachment":[{"href":"https:\/\/eventkit.ch\/index.php?rest_route=%2Fwp%2Fv2%2Fmedia&parent=1571"}],"curies":[{"name":"wp","href":"https:\/\/api.w.org\/{rel}","templated":true}]}}