{"id":1568,"date":"2025-12-08T16:06:46","date_gmt":"2025-12-08T16:06:46","guid":{"rendered":"https:\/\/eventkit.ch\/?page_id=1568"},"modified":"2026-01-28T11:43:29","modified_gmt":"2026-01-28T10:43:29","slug":"natur-landschaft","status":"publish","type":"page","link":"https:\/\/eventkit.ch\/?page_id=1568","title":{"rendered":"Natur &#038; Landschaft"},"content":{"rendered":"<div class=\"wp-block-group alignfull is-layout-constrained wp-block-group-is-layout-constrained\" style=\"padding-top:var(--wp--preset--spacing--40);padding-bottom:var(--wp--preset--spacing--60)\"><figure class=\"wp-block-image aligncenter size-full\"><img decoding=\"async\" src=\"https:\/\/eventkit.ch\/wp-content\/uploads\/2025\/12\/Test-Icons_Eventkit_250922-11.svg\" alt=\"\" class=\"wp-image-1535\"\/><\/figure>\n\n<h1 class=\"has-text-align-center wp-block-post-title\">Natur &#038; Landschaft<\/h1>\n\n<p class=\"has-text-align-center is-style-subtitle\">Veranstaltungen sind stets Teil ihrer Umgebung. Eine umsichtige Planung, die Naturfl\u00e4chen respektiert, Infrastruktur gezielt platziert und Eingriffe minimiert, sorgt daf\u00fcr, dass Orte auch morgen noch Orte zum Feiern, Begegnen und Erleben bleiben. Nachhaltige Events f\u00fcgen sich harmonisch in ihre Umgebung ein, statt sie zu belasten.<\/p><\/div><section class=\"wp-block-group alignfull has-orange-lighter-background-color has-background has-15-font-size is-layout-constrained wp-block-group-is-layout-constrained\"><h2 class=\"wp-block-heading has-text-align-center\">Lebensr\u00e4ume sch\u00fctzen<\/h2>\n\n<p class=\"has-text-align-center is-style-subtitle has-30-font-size\">Bei der Standortwahl und Fl\u00e4chenplanung gilt: so wenig Eingriff wie m\u00f6glich<\/p>\n\n<div class=\"wp-bootstrap-blocks-row row\">\n\t\n<div class=\"col-12 col-md-5\">\n\t\t\t\n<p class=\"has-18-font-size\">Wegf\u00fchrungen, Zuschauerbereiche, Aufstellungs- und Lagerfl\u00e4chen sowie Parkpl\u00e4tze sollten sensible Bereiche wie Ufer, Wiesen oder W\u00e4lder meiden. Eine klare Beschilderung, der Schutz von B\u00f6den, Gew\u00e4ssern und Vegetation sowie die Verwendung umweltfreundlicher Produkte tragen zum Schutz der nat\u00fcrlichen Umwelt bei.<\/p>\n\n<p><\/p>\n\n<h4 class=\"wp-block-heading has-secondary-font-family has-24-font-size\">In diesen Merkbl\u00e4ttern findest du vertiefende Informationen:<\/h4>\n\n<p><\/p>\n\n<div class=\"wp-block-buttons is-layout-flex wp-block-buttons-is-layout-flex\"><div class=\"wp-block-button has-custom-width wp-block-button__width-75 is-style-btn-secondary is-style-btn-secondary--1\"><a class=\"wp-block-button__link has-14-font-size has-custom-font-size wp-element-button\" href=\"https:\/\/eventkit.ch\/?resource=gewaesserschutz\" target=\"_blank\" rel=\"noreferrer noopener\">Wasserschutz<\/a><\/div>\n\n<div class=\"wp-block-button has-custom-width wp-block-button__width-75 is-style-btn-secondary is-style-btn-secondary--2\"><a class=\"wp-block-button__link has-14-font-size has-custom-font-size wp-element-button\" href=\"https:\/\/eventkit.ch\/?resource=verwendung-von-oekologischen-reinigungsprodukten\" target=\"_blank\" rel=\"noreferrer noopener\">Verwendung von \u00f6kologischen Reinigungsprodukten<\/a><\/div>\n\n<div class=\"wp-block-button has-custom-width wp-block-button__width-75 is-style-btn-secondary is-style-btn-secondary--3\"><a class=\"wp-block-button__link has-14-font-size has-custom-font-size wp-element-button\" href=\"https:\/\/eventkit.ch\/?resource=organisation-der-parkflaechen\" target=\"_blank\" rel=\"noreferrer noopener\">Organisation der Parkfl\u00e4chen<\/a><\/div>\n\n<div class=\"wp-block-button has-custom-width wp-block-button__width-75 is-style-btn-secondary is-style-btn-secondary--4\"><a class=\"wp-block-button__link has-14-font-size has-custom-font-size wp-element-button\">Optimierung des Wasserverbrauchs?<\/a><\/div><\/div>\n\n<p><\/p>\n\n<h4 class=\"wp-block-heading has-secondary-font-family has-24-font-size\">Hilfreiche Links:<\/h4>\n\n<ul class=\"wp-block-list is-style-borderd\"><li><a href=\"https:\/\/umwelt.tg.ch\/abfall-und-boden\/boden\/veranstaltungen-auf-der-gruenen-wiese.html\/12476\" target=\"_blank\" rel=\"noreferrer noopener\">Merkblatt: Freizeitveranstaltungen auf der gr\u00fcnen Wiese<\/a><\/li>\n\n<li><a href=\"https:\/\/umwelt.tg.ch\/abfall-und-boden\/boden\/veranstaltungen-auf-der-gruenen-wiese.html\/12476\" target=\"_blank\" rel=\"noreferrer noopener\">Interaktive Karte mit nationalen Schutzgebieten<\/a><\/li>\n\n<li><a href=\"https:\/\/www.pronatura.ch\/de\/freizeitaktivitaeten\" target=\"_blank\" rel=\"noreferrer noopener\">Raus in dei Natur &#8211; mit Respekt!<\/a><\/li>\n\n<li><a href=\"https:\/\/www.kvu.ch\/de\/adressen\/natur-und-landschaft\" target=\"_blank\" rel=\"noreferrer noopener\">Kantonale Fachstellen Natur und Landschaft<\/a><\/li><\/ul>\n\t<\/div>\n\n<div class=\"col-12 col-md-7\">\n\t\t\t\n<figure class=\"wp-block-image size-full has-custom-border\"><img loading=\"lazy\" decoding=\"async\" width=\"8192\" height=\"5464\" src=\"https:\/\/eventkit.ch\/wp-content\/uploads\/2025\/12\/6O4A7687_2-1.jpg\" alt=\"\" class=\"wp-image-1781\" style=\"border-radius:8px\" srcset=\"https:\/\/eventkit.ch\/wp-content\/uploads\/2025\/12\/6O4A7687_2-1.jpg 8192w, https:\/\/eventkit.ch\/wp-content\/uploads\/2025\/12\/6O4A7687_2-1-300x200.jpg 300w, https:\/\/eventkit.ch\/wp-content\/uploads\/2025\/12\/6O4A7687_2-1-1024x683.jpg 1024w, https:\/\/eventkit.ch\/wp-content\/uploads\/2025\/12\/6O4A7687_2-1-768x512.jpg 768w, https:\/\/eventkit.ch\/wp-content\/uploads\/2025\/12\/6O4A7687_2-1-1536x1025.jpg 1536w\" sizes=\"auto, (max-width: 8192px) 100vw, 8192px\" \/><figcaption class=\"wp-element-caption\">\u00a9 Engadin Skimarathon<\/figcaption><\/figure>\n\n<h3 class=\"wp-block-heading has-secondary-font-family has-24-font-size\">Zugeh\u00f6rige Massnahmen in Eventkit:<\/h3>\n\n<div class=\"wp-block-sub-accordion accordion\" id=\"accordion-9303eaeb-dbaa-42f4-b284-17915632804d\"><div class=\"wp-block-sub-accordion-item accordion-item\" id=\"85eda922-0cac-4b84-9bf9-30e567901535\" style=\"line-height:1.5\"><h2 class=\"accordion-header m-0\" id=\"heading-85eda922-0cac-4b84-9bf9-30e567901535\"><button class=\"accordion-button collapsed\" type=\"button\" data-bs-target=\"#collapse-85eda922-0cac-4b84-9bf9-30e567901535\" data-bs-toggle=\"collapse\" aria-controls=\"collapse-85eda922-0cac-4b84-9bf9-30e567901535\" aria-expanded=\"false\">6.1. Das Veranstaltungsgel\u00e4nde und, wenn zutreffend, Streckenf\u00fchrung, Zuschauerbereiche, Installations- und Lagerpl\u00e4tzen f\u00fchren nicht durch gesch\u00fctzte und <\/button><\/h2><div class=\"accordion-collapse collapse\" id=\"collapse-85eda922-0cac-4b84-9bf9-30e567901535\" aria-labelledby=\"heading-85eda922-0cac-4b84-9bf9-30e567901535\" data-bs-parent=\"#accordion-9303eaeb-dbaa-42f4-b284-17915632804d\"><div class=\"card-body\"><p>st\u00f6rempfindliche Gebiete und es werden keine Gew\u00e4sser verunreinigt. Zuschauerbereiche, Installations- und Lagerpl\u00e4tzen f\u00fchren nicht durch gesch\u00fctzte und st\u00f6rempfindliche Gebiete und es werden keine Gew\u00e4sser verunreinigt.<\/p>\n\n<p><\/p><\/div><\/div><\/div>\n\n<div class=\"wp-block-sub-accordion-item accordion-item\" id=\"85eda922-0cac-4b84-9bf9-30e567901535\" style=\"line-height:1.5\"><h2 class=\"accordion-header m-0\" id=\"heading-85eda922-0cac-4b84-9bf9-30e567901535\"><button class=\"accordion-button collapsed\" type=\"button\" data-bs-target=\"#collapse-85eda922-0cac-4b84-9bf9-30e567901535\" data-bs-toggle=\"collapse\" aria-controls=\"collapse-85eda922-0cac-4b84-9bf9-30e567901535\" aria-expanded=\"false\">6.4. Es werden Massnahmen zum Schutz von (angrenzenden) Naturr\u00e4umen <\/button><\/h2><div class=\"accordion-collapse collapse\" id=\"collapse-85eda922-0cac-4b84-9bf9-30e567901535\" aria-labelledby=\"heading-85eda922-0cac-4b84-9bf9-30e567901535\" data-bs-parent=\"#accordion-9303eaeb-dbaa-42f4-b284-17915632804d\"><div class=\"card-body\"><p>ergriffen (z.B. Boden, Gew\u00e4sser, Ufer, B\u00e4ume). Sollte es dennoch zu Sch\u00e4den an Naturr\u00e4ume kommen, m\u00fcssen diese behoben werden und die zust\u00e4ndigen Beh\u00f6rden informiert werden.<\/p>\n\n<p><\/p><\/div><\/div><\/div><\/div>\n\t<\/div>\n<\/div><\/section><section class=\"wp-block-group alignfull has-green-light-background-color has-background has-15-font-size is-layout-constrained wp-block-group-is-layout-constrained\"><h2 class=\"wp-block-heading has-text-align-center\">Licht &amp; L\u00e4rm<\/h2>\n\n<p class=\"has-text-align-center is-style-subtitle has-30-font-size\">Weniger Blendung, mehr Atmosph\u00e4re<\/p>\n\n<div class=\"wp-bootstrap-blocks-row row\">\n\t\n<div class=\"col-12 col-md-5\">\n\t\t\t\n<p class=\"has-18-font-size\">Gezielt eingesetzte, optimierte Beleuchtung schafft nicht nur eine gute Atmosph\u00e4re, sondern spart auch Energie und sch\u00fctzt nachtaktive Tiere. Durch sensible Lichtplanung und den Verzicht auf unn\u00f6tige Strahler bleibt der Blick in den Sternenhimmel \u2013 und das \u00f6kologische Gleichgewicht \u2013 erhalten. M\u00f6chtest du Laser einsetzen, informiere dich rechtzeitig \u00fcber die gesetzlichen Vorschriften.<\/p>\n\n<h4 class=\"wp-block-heading has-secondary-font-family has-24-font-size\">In diesem Merkblatt findest du vertiefende Informationen:<\/h4>\n\n<div class=\"wp-block-buttons is-layout-flex wp-block-buttons-is-layout-flex\"><div class=\"wp-block-button\"><a class=\"wp-block-button__link has-white-color has-primary-background-color has-text-color has-background has-link-color wp-element-button\" href=\"https:\/\/eventkit.ch\/?resource=energieeinsparung-bei-der-beleuchtung\" target=\"_blank\" rel=\"noreferrer noopener\">Energiesparen bei der Beleuchtung<\/a><\/div><\/div>\n\n<p><\/p>\n\n<p><\/p>\n\n<h4 class=\"wp-block-heading has-secondary-font-family has-24-font-size\">Hilfreiche Links:<\/h4>\n\n<ul style=\"margin-top:0;margin-bottom:0\" class=\"wp-block-list is-style-borderd has-secondary-font-family\"><li style=\"border-style:none;border-width:0px;margin-top:var(--wp--preset--spacing--30);margin-bottom:var(--wp--preset--spacing--30)\"><a href=\"https:\/\/www.schallundlaser.ch\/1_de\/\" target=\"_blank\" rel=\"noreferrer noopener\">Informationen zu Schall und Laser<\/a><\/li>\n\n<li style=\"border-style:none;border-width:0px;margin-top:var(--wp--preset--spacing--30);margin-bottom:var(--wp--preset--spacing--30)\"><\/li><\/ul>\n\t<\/div>\n\n<div class=\"col-12 col-md-7\">\n\t\t\t\n<figure class=\"wp-block-image size-full has-custom-border\"><img loading=\"lazy\" decoding=\"async\" width=\"1280\" height=\"852\" src=\"https:\/\/eventkit.ch\/wp-content\/uploads\/2025\/12\/i-ztCfHj9-X2.jpg\" alt=\"\" class=\"wp-image-1784\" style=\"border-radius:8px\" srcset=\"https:\/\/eventkit.ch\/wp-content\/uploads\/2025\/12\/i-ztCfHj9-X2.jpg 1280w, https:\/\/eventkit.ch\/wp-content\/uploads\/2025\/12\/i-ztCfHj9-X2-300x200.jpg 300w, https:\/\/eventkit.ch\/wp-content\/uploads\/2025\/12\/i-ztCfHj9-X2-1024x682.jpg 1024w, https:\/\/eventkit.ch\/wp-content\/uploads\/2025\/12\/i-ztCfHj9-X2-768x511.jpg 768w\" sizes=\"auto, (max-width: 1280px) 100vw, 1280px\" \/><figcaption class=\"wp-element-caption\">\u00a9 Pal\u00e9o Festival Nyon<\/figcaption><\/figure>\n\n<h3 class=\"wp-block-heading has-secondary-font-family has-22-font-size\">Zugeh\u00f6rige Massnahme in Eventkit:<\/h3>\n\n<p>6.2. Lichtemissionen im Freien werden auf ein Minimum beschr\u00e4nkt.<\/p>\n\t<\/div>\n<\/div><\/section><section class=\"wp-block-group alignfull is-layout-constrained wp-block-group-is-layout-constrained\"><h2 class=\"wp-block-heading has-text-align-center\">Weitere Themen<\/h2>\n\n<p class=\"has-text-align-center is-style-subtitle\">zum Bereich Natur &amp;Landschaft<\/p>\n\n<div class=\"wp-block-columns is-layout-flex wp-container-core-columns-is-layout-28f84493 wp-block-columns-is-layout-flex\"><div class=\"wp-block-column is-layout-flow wp-block-column-is-layout-flow\" style=\"flex-basis:50%\"><div class=\"wp-block-group is-layout-constrained wp-block-group-is-layout-constrained\"><figure class=\"wp-block-image size-large\"><img loading=\"lazy\" decoding=\"async\" width=\"1024\" height=\"682\" src=\"https:\/\/eventkit.ch\/wp-content\/uploads\/2026\/01\/Olivia_Ruiz_ma2024_nicolas_patault_01-1024x682.jpg\" alt=\"\" class=\"wp-image-3229\" srcset=\"https:\/\/eventkit.ch\/wp-content\/uploads\/2026\/01\/Olivia_Ruiz_ma2024_nicolas_patault_01-1024x682.jpg 1024w, https:\/\/eventkit.ch\/wp-content\/uploads\/2026\/01\/Olivia_Ruiz_ma2024_nicolas_patault_01-300x200.jpg 300w, https:\/\/eventkit.ch\/wp-content\/uploads\/2026\/01\/Olivia_Ruiz_ma2024_nicolas_patault_01-768x512.jpg 768w, https:\/\/eventkit.ch\/wp-content\/uploads\/2026\/01\/Olivia_Ruiz_ma2024_nicolas_patault_01-1536x1024.jpg 1536w, https:\/\/eventkit.ch\/wp-content\/uploads\/2026\/01\/Olivia_Ruiz_ma2024_nicolas_patault_01.jpg 1772w\" sizes=\"auto, (max-width: 1024px) 100vw, 1024px\" \/><figcaption class=\"wp-element-caption\">\u00a9 Pal\u00e9o, Nicolas Patau<\/figcaption><\/figure>\n\n<h3 class=\"wp-block-heading has-28-font-size\" style=\"margin-top:10px;margin-bottom:10px\">Unn\u00f6tige L\u00e4rmemissionen vermeiden<\/h3>\n\n<p><\/p>\n\n<p class=\"has-18-font-size\">Dein Event braucht Stimmung und guten Sound. Perfekt platzierte B\u00fchnen und Lautsprecher, angepasste Lautst\u00e4rken, zeitlich abgestimmte Programme und technischer Schallschutz sorgen f\u00fcr gute Laune, bei f\u00fcr G\u00e4sten, Anwohnenden und Umwelt zugleich. Setzt du elektronisch verst\u00e4rkten Schall ein, infomiere dich \u00fcber die gesetzlichen Vorschriften.<\/p>\n\n<div class=\"wp-block-buttons is-layout-flex wp-block-buttons-is-layout-flex\"><div class=\"wp-block-button has-custom-width wp-block-button__width-50\"><a class=\"wp-block-button__link has-white-color has-secondary-background-color has-text-color has-background has-link-color wp-element-button\" href=\"https:\/\/eventkit.ch\/?resource=reduzierung-der-laermbelastung\" target=\"_blank\" rel=\"noreferrer noopener\">Reduzierung der L\u00e4rmbelastung<\/a><\/div><\/div>\n\n<p><\/p>\n\n<h4 class=\"wp-block-heading has-secondary-font-family has-24-font-size\">Hilfreiche Links:<\/h4>\n\n<ul class=\"wp-block-list is-style-borderd\"><li><a href=\"BAFU: Beurteilung von Alltagsl\u00e4rm\" target=\"_blank\" rel=\"noreferrer noopener\">BAFU: Beurteilung von Alltagsl\u00e4rm<\/a><\/li>\n\n<li style=\"border-style:none;border-width:0px;margin-top:var(--wp--preset--spacing--30);margin-bottom:var(--wp--preset--spacing--30)\"><a href=\"https:\/\/www.bag.admin.ch\/de\/schall-kantonale-fach-und-meldestellen\" target=\"_blank\" rel=\"noreferrer noopener\">Kantonale Fach- und Meldestellen f\u00fcr Veranstaltungen mit einem Schallpegel \u00fcber 93dB(A)<\/a><\/li><\/ul><\/div>\n\n<p><\/p><\/div><\/div><\/section><section class=\"wp-block-group alignfull has-secondary-20-background-color has-background has-secondary-font-family has-24-font-size is-layout-constrained wp-block-group-is-layout-constrained\"><div style=\"border-radius:150px; padding-top:var(--wp--preset--spacing--50);padding-bottom:var(--wp--preset--spacing--50);padding-left:var(--wp--preset--spacing--50);padding-right:var(--wp--preset--spacing--50);\" class=\"ico-picker-block aligncenter wp-elements-1f0f9589ebd850535e7013f4b49de024 wp-block-sub-icon-picker has-text-color has-white-color has-background has-primary-background-color has-24-font-size\">\n    <span class=\"icon-download\"><\/span>\n    <\/div>\n\n<h2 class=\"wp-block-heading has-text-align-center\">Download gesamte Kriterienliste<\/h2>\n\n<p class=\"has-text-align-center is-style-subtitle\">mit 58 Kriterien in 9 Themenbereichen<\/p>\n\n<div class=\"wp-block-buttons is-content-justification-center is-layout-flex wp-container-core-buttons-is-layout-a89b3969 wp-block-buttons-is-layout-flex\"><?xml encoding=\"utf-8\" ?><div class=\"wp-block-button is-style-btn-secondary is-style-btn-secondary--5\"><a class=\"wp-block-button__link wp-element-button has-core-icon\" href=\"https:\/\/eventkit.ch\/wp-content\/uploads\/2026\/03\/Zielwerte-Eventkit.pdf\" target=\"_blank\" rel=\"noreferrer noopener\" style='--core-icon: url(\"https:\/\/eventkit.ch\/wp-content\/themes\/eventkit-wp\/gutenberg-dev\/assets\/badge-icons\/file-text.svg\");'>Als PDF<\/a><\/div>\n\n\n<?xml encoding=\"utf-8\" ?><div class=\"wp-block-button is-style-btn-primary is-style-btn-primary--6\"><a class=\"wp-block-button__link wp-element-button has-core-icon\" href=\"https:\/\/eventkit.ch\/wp-content\/uploads\/2026\/03\/Zielwerte-Eventkit.xlsx\" target=\"_blank\" rel=\"noreferrer noopener\" style='--core-icon: url(\"https:\/\/eventkit.ch\/wp-content\/themes\/eventkit-wp\/gutenberg-dev\/assets\/badge-icons\/file-text.svg\");'>Als Excel<\/a><\/div>\n<\/div><\/section>","protected":false},"excerpt":{"rendered":"<p>Veranstaltungen sind stets Teil ihrer Umgebung. Eine umsichtige Planung, die Naturfl\u00e4chen respektiert, Infrastruktur gezielt platziert und Eingriffe minimiert, sorgt daf\u00fcr, dass Orte auch morgen noch Orte zum Feiern, Begegnen und Erleben bleiben. Nachhaltige Events f\u00fcgen sich harmonisch in ihre Umgebung ein, statt sie zu belasten. Lebensr\u00e4ume sch\u00fctzen Bei der Standortwahl und Fl\u00e4chenplanung gilt: so wenig [&hellip;]<\/p>\n","protected":false},"author":3,"featured_media":1781,"parent":684,"menu_order":0,"comment_status":"closed","ping_status":"closed","template":"page-no-title","meta":{"_sitemap_exclude":false,"_sitemap_priority":"","_sitemap_frequency":"","footnotes":""},"class_list":["post-1568","page","type-page","status-publish","has-post-thumbnail","hentry"],"yoast_head":"<!-- This site is optimized with the Yoast SEO plugin v27.3 - https:\/\/yoast.com\/product\/yoast-seo-wordpress\/ -->\n<title>Natur &amp; Landschaft - EventKit<\/title>\n<meta name=\"robots\" content=\"index, follow, max-snippet:-1, max-image-preview:large, max-video-preview:-1\" \/>\n<link rel=\"canonical\" href=\"https:\/\/eventkit.ch\/?page_id=1568\" \/>\n<meta property=\"og:locale\" content=\"de_DE\" \/>\n<meta property=\"og:type\" content=\"article\" \/>\n<meta property=\"og:title\" content=\"Natur &amp; Landschaft - EventKit\" \/>\n<meta property=\"og:description\" content=\"Veranstaltungen sind stets Teil ihrer Umgebung. Eine umsichtige Planung, die Naturfl\u00e4chen respektiert, Infrastruktur gezielt platziert und Eingriffe minimiert, sorgt daf\u00fcr, dass Orte auch morgen noch Orte zum Feiern, Begegnen und Erleben bleiben. Nachhaltige Events f\u00fcgen sich harmonisch in ihre Umgebung ein, statt sie zu belasten. Lebensr\u00e4ume sch\u00fctzen Bei der Standortwahl und Fl\u00e4chenplanung gilt: so wenig [&hellip;]\" \/>\n<meta property=\"og:url\" content=\"https:\/\/eventkit.ch\/?page_id=1568\" \/>\n<meta property=\"og:site_name\" content=\"EventKit\" \/>\n<meta property=\"article:modified_time\" content=\"2026-01-28T10:43:29+00:00\" \/>\n<meta property=\"og:image\" content=\"https:\/\/eventkit.ch\/wp-content\/uploads\/2025\/12\/6O4A7687_2-1-1024x683.jpg\" \/>\n\t<meta property=\"og:image:width\" content=\"1024\" \/>\n\t<meta property=\"og:image:height\" content=\"683\" \/>\n\t<meta property=\"og:image:type\" content=\"image\/jpeg\" \/>\n<meta name=\"twitter:card\" content=\"summary_large_image\" \/>\n<meta name=\"twitter:label1\" content=\"Gesch\u00e4tzte Lesezeit\" \/>\n\t<meta name=\"twitter:data1\" content=\"18\u00a0Minuten\" \/>\n<script type=\"application\/ld+json\" class=\"yoast-schema-graph\">{\"@context\":\"https:\\\/\\\/schema.org\",\"@graph\":[{\"@type\":\"WebPage\",\"@id\":\"https:\\\/\\\/eventkit.ch\\\/?page_id=1568\",\"url\":\"https:\\\/\\\/eventkit.ch\\\/?page_id=1568\",\"name\":\"Natur & Landschaft - EventKit\",\"isPartOf\":{\"@id\":\"https:\\\/\\\/eventkit.ch\\\/#website\"},\"primaryImageOfPage\":{\"@id\":\"https:\\\/\\\/eventkit.ch\\\/?page_id=1568#primaryimage\"},\"image\":{\"@id\":\"https:\\\/\\\/eventkit.ch\\\/?page_id=1568#primaryimage\"},\"thumbnailUrl\":\"https:\\\/\\\/eventkit.ch\\\/wp-content\\\/uploads\\\/2025\\\/12\\\/6O4A7687_2-1.jpg\",\"datePublished\":\"2025-12-08T16:06:46+00:00\",\"dateModified\":\"2026-01-28T10:43:29+00:00\",\"breadcrumb\":{\"@id\":\"https:\\\/\\\/eventkit.ch\\\/?page_id=1568#breadcrumb\"},\"inLanguage\":\"de\",\"potentialAction\":[{\"@type\":\"ReadAction\",\"target\":[\"https:\\\/\\\/eventkit.ch\\\/?page_id=1568\"]}]},{\"@type\":\"ImageObject\",\"inLanguage\":\"de\",\"@id\":\"https:\\\/\\\/eventkit.ch\\\/?page_id=1568#primaryimage\",\"url\":\"https:\\\/\\\/eventkit.ch\\\/wp-content\\\/uploads\\\/2025\\\/12\\\/6O4A7687_2-1.jpg\",\"contentUrl\":\"https:\\\/\\\/eventkit.ch\\\/wp-content\\\/uploads\\\/2025\\\/12\\\/6O4A7687_2-1.jpg\",\"width\":8192,\"height\":5464},{\"@type\":\"BreadcrumbList\",\"@id\":\"https:\\\/\\\/eventkit.ch\\\/?page_id=1568#breadcrumb\",\"itemListElement\":[{\"@type\":\"ListItem\",\"position\":1,\"name\":\"Home\",\"item\":\"https:\\\/\\\/eventkit.ch\\\/\"},{\"@type\":\"ListItem\",\"position\":2,\"name\":\"Themen\",\"item\":\"https:\\\/\\\/eventkit.ch\\\/?page_id=684\"},{\"@type\":\"ListItem\",\"position\":3,\"name\":\"Natur &#038; Landschaft\"}]},{\"@type\":\"WebSite\",\"@id\":\"https:\\\/\\\/eventkit.ch\\\/#website\",\"url\":\"https:\\\/\\\/eventkit.ch\\\/\",\"name\":\"EventKit\",\"description\":\"Nachhaltigkeit, die wirkt: Dein Event im Check.\",\"publisher\":{\"@id\":\"https:\\\/\\\/eventkit.ch\\\/#organization\"},\"potentialAction\":[{\"@type\":\"SearchAction\",\"target\":{\"@type\":\"EntryPoint\",\"urlTemplate\":\"https:\\\/\\\/eventkit.ch\\\/?s={search_term_string}\"},\"query-input\":{\"@type\":\"PropertyValueSpecification\",\"valueRequired\":true,\"valueName\":\"search_term_string\"}}],\"inLanguage\":\"de\"},{\"@type\":\"Organization\",\"@id\":\"https:\\\/\\\/eventkit.ch\\\/#organization\",\"name\":\"EventKit\",\"url\":\"https:\\\/\\\/eventkit.ch\\\/\",\"logo\":{\"@type\":\"ImageObject\",\"inLanguage\":\"de\",\"@id\":\"https:\\\/\\\/eventkit.ch\\\/#\\\/schema\\\/logo\\\/image\\\/\",\"url\":\"https:\\\/\\\/eventkit.ch\\\/wp-content\\\/uploads\\\/2025\\\/11\\\/android-icon-144x144-1.png\",\"contentUrl\":\"https:\\\/\\\/eventkit.ch\\\/wp-content\\\/uploads\\\/2025\\\/11\\\/android-icon-144x144-1.png\",\"width\":144,\"height\":144,\"caption\":\"EventKit\"},\"image\":{\"@id\":\"https:\\\/\\\/eventkit.ch\\\/#\\\/schema\\\/logo\\\/image\\\/\"}}]}<\/script>\n<!-- \/ Yoast SEO plugin. -->","yoast_head_json":{"title":"Natur & Landschaft - EventKit","robots":{"index":"index","follow":"follow","max-snippet":"max-snippet:-1","max-image-preview":"max-image-preview:large","max-video-preview":"max-video-preview:-1"},"canonical":"https:\/\/eventkit.ch\/?page_id=1568","og_locale":"de_DE","og_type":"article","og_title":"Natur & Landschaft - EventKit","og_description":"Veranstaltungen sind stets Teil ihrer Umgebung. Eine umsichtige Planung, die Naturfl\u00e4chen respektiert, Infrastruktur gezielt platziert und Eingriffe minimiert, sorgt daf\u00fcr, dass Orte auch morgen noch Orte zum Feiern, Begegnen und Erleben bleiben. Nachhaltige Events f\u00fcgen sich harmonisch in ihre Umgebung ein, statt sie zu belasten. Lebensr\u00e4ume sch\u00fctzen Bei der Standortwahl und Fl\u00e4chenplanung gilt: so wenig [&hellip;]","og_url":"https:\/\/eventkit.ch\/?page_id=1568","og_site_name":"EventKit","article_modified_time":"2026-01-28T10:43:29+00:00","og_image":[{"width":1024,"height":683,"url":"https:\/\/eventkit.ch\/wp-content\/uploads\/2025\/12\/6O4A7687_2-1-1024x683.jpg","type":"image\/jpeg"}],"twitter_card":"summary_large_image","twitter_misc":{"Gesch\u00e4tzte Lesezeit":"18\u00a0Minuten"},"schema":{"@context":"https:\/\/schema.org","@graph":[{"@type":"WebPage","@id":"https:\/\/eventkit.ch\/?page_id=1568","url":"https:\/\/eventkit.ch\/?page_id=1568","name":"Natur & Landschaft - EventKit","isPartOf":{"@id":"https:\/\/eventkit.ch\/#website"},"primaryImageOfPage":{"@id":"https:\/\/eventkit.ch\/?page_id=1568#primaryimage"},"image":{"@id":"https:\/\/eventkit.ch\/?page_id=1568#primaryimage"},"thumbnailUrl":"https:\/\/eventkit.ch\/wp-content\/uploads\/2025\/12\/6O4A7687_2-1.jpg","datePublished":"2025-12-08T16:06:46+00:00","dateModified":"2026-01-28T10:43:29+00:00","breadcrumb":{"@id":"https:\/\/eventkit.ch\/?page_id=1568#breadcrumb"},"inLanguage":"de","potentialAction":[{"@type":"ReadAction","target":["https:\/\/eventkit.ch\/?page_id=1568"]}]},{"@type":"ImageObject","inLanguage":"de","@id":"https:\/\/eventkit.ch\/?page_id=1568#primaryimage","url":"https:\/\/eventkit.ch\/wp-content\/uploads\/2025\/12\/6O4A7687_2-1.jpg","contentUrl":"https:\/\/eventkit.ch\/wp-content\/uploads\/2025\/12\/6O4A7687_2-1.jpg","width":8192,"height":5464},{"@type":"BreadcrumbList","@id":"https:\/\/eventkit.ch\/?page_id=1568#breadcrumb","itemListElement":[{"@type":"ListItem","position":1,"name":"Home","item":"https:\/\/eventkit.ch\/"},{"@type":"ListItem","position":2,"name":"Themen","item":"https:\/\/eventkit.ch\/?page_id=684"},{"@type":"ListItem","position":3,"name":"Natur &#038; Landschaft"}]},{"@type":"WebSite","@id":"https:\/\/eventkit.ch\/#website","url":"https:\/\/eventkit.ch\/","name":"EventKit","description":"Nachhaltigkeit, die wirkt: Dein Event im Check.","publisher":{"@id":"https:\/\/eventkit.ch\/#organization"},"potentialAction":[{"@type":"SearchAction","target":{"@type":"EntryPoint","urlTemplate":"https:\/\/eventkit.ch\/?s={search_term_string}"},"query-input":{"@type":"PropertyValueSpecification","valueRequired":true,"valueName":"search_term_string"}}],"inLanguage":"de"},{"@type":"Organization","@id":"https:\/\/eventkit.ch\/#organization","name":"EventKit","url":"https:\/\/eventkit.ch\/","logo":{"@type":"ImageObject","inLanguage":"de","@id":"https:\/\/eventkit.ch\/#\/schema\/logo\/image\/","url":"https:\/\/eventkit.ch\/wp-content\/uploads\/2025\/11\/android-icon-144x144-1.png","contentUrl":"https:\/\/eventkit.ch\/wp-content\/uploads\/2025\/11\/android-icon-144x144-1.png","width":144,"height":144,"caption":"EventKit"},"image":{"@id":"https:\/\/eventkit.ch\/#\/schema\/logo\/image\/"}}]}},"_links":{"self":[{"href":"https:\/\/eventkit.ch\/index.php?rest_route=\/wp\/v2\/pages\/1568","targetHints":{"allow":["GET"]}}],"collection":[{"href":"https:\/\/eventkit.ch\/index.php?rest_route=\/wp\/v2\/pages"}],"about":[{"href":"https:\/\/eventkit.ch\/index.php?rest_route=\/wp\/v2\/types\/page"}],"author":[{"embeddable":true,"href":"https:\/\/eventkit.ch\/index.php?rest_route=\/wp\/v2\/users\/3"}],"replies":[{"embeddable":true,"href":"https:\/\/eventkit.ch\/index.php?rest_route=%2Fwp%2Fv2%2Fcomments&post=1568"}],"version-history":[{"count":29,"href":"https:\/\/eventkit.ch\/index.php?rest_route=\/wp\/v2\/pages\/1568\/revisions"}],"predecessor-version":[{"id":3313,"href":"https:\/\/eventkit.ch\/index.php?rest_route=\/wp\/v2\/pages\/1568\/revisions\/3313"}],"up":[{"embeddable":true,"href":"https:\/\/eventkit.ch\/index.php?rest_route=\/wp\/v2\/pages\/684"}],"wp:featuredmedia":[{"embeddable":true,"href":"https:\/\/eventkit.ch\/index.php?rest_route=\/wp\/v2\/media\/1781"}],"wp:attachment":[{"href":"https:\/\/eventkit.ch\/index.php?rest_route=%2Fwp%2Fv2%2Fmedia&parent=1568"}],"curies":[{"name":"wp","href":"https:\/\/api.w.org\/{rel}","templated":true}]}}