{"id":1565,"date":"2025-12-08T15:41:30","date_gmt":"2025-12-08T15:41:30","guid":{"rendered":"https:\/\/eventkit.ch\/?page_id=1565"},"modified":"2026-03-03T11:20:34","modified_gmt":"2026-03-03T10:20:34","slug":"material-abfall","status":"publish","type":"page","link":"https:\/\/eventkit.ch\/?page_id=1565","title":{"rendered":"Material &#038; Abfall"},"content":{"rendered":"<div class=\"wp-block-group alignfull is-layout-constrained wp-block-group-is-layout-constrained\" style=\"padding-top:var(--wp--preset--spacing--40);padding-bottom:var(--wp--preset--spacing--60)\"><figure class=\"wp-block-image aligncenter size-full\"><img decoding=\"async\" src=\"https:\/\/eventkit.ch\/wp-content\/uploads\/2025\/12\/Test-Icons_Eventkit_250922-08.svg\" alt=\"\" class=\"wp-image-1538\"\/><\/figure>\n\n<h1 class=\"has-text-align-center wp-block-post-title\">Material &#038; Abfall<\/h1>\n\n<p class=\"has-text-align-center is-style-subtitle\">Weniger ist mehr \u2013 besonders beim Materialeinsatz! Jede Veranstaltung hinterl\u00e4sst Spuren, doch mit cleverer Planung lassen sich diese minimieren. Wiederverwendbare Produkte, effiziente Logistik und klare Recyclingkonzepte sparen Ressourcen\u202f\u2013\u202fund zeigen, dass Nachhaltigkeit kein Zusatz, sondern Teil des Erfolgs ist. So entsteht aus weniger Material mehr Wirkung.<\/p><\/div><section class=\"wp-block-group alignfull has-orange-lighter-background-color has-background has-15-font-size is-layout-constrained wp-block-group-is-layout-constrained\"><h2 class=\"wp-block-heading has-text-align-center\">Abf\u00e4lle vermeiden<\/h2>\n\n<p class=\"has-text-align-center is-style-subtitle has-30-font-size\">Der beste Abfall ist der, der gar nicht erst entsteht<\/p>\n\n<div class=\"wp-bootstrap-blocks-row row\">\n\t\n<div class=\"col-12 col-md-5\">\n\t\t\t\n<p class=\"has-18-font-size\">Mit Pfand- und Mehrwegsystemen und dem Verzicht auf Wegwerf-Artikel l\u00e4sst sich bei jedem Anlass viel vermeiden \u2013 an Material, Kosten und Umweltbelastung. Grosses Potential besteht hier auch im Bereich Dekoration, Branding und Signalisation.<\/p>\n\n<p><\/p>\n\n<h4 class=\"wp-block-heading has-secondary-font-family has-24-font-size\">In diesen Merkbl\u00e4ttern findest du vertiefende Informationen:<\/h4>\n\n<p><\/p>\n\n<div class=\"wp-block-buttons is-layout-flex wp-block-buttons-is-layout-flex\"><div class=\"wp-block-button has-custom-width wp-block-button__width-75 is-style-btn-secondary is-style-btn-secondary--1\"><a class=\"wp-block-button__link has-14-font-size has-custom-font-size wp-element-button\" href=\"https:\/\/eventkit.ch\/?resource=auswahl-von-merchandising-artikeln-2\" target=\"_blank\" rel=\"noreferrer noopener\">Auswahl von Merchandising-Artikeln<\/a><\/div>\n\n<div class=\"wp-block-button has-custom-width wp-block-button__width-75 is-style-btn-secondary is-style-btn-secondary--2\"><a class=\"wp-block-button__link has-14-font-size has-custom-font-size wp-element-button\" href=\"https:\/\/eventkit.ch\/?resource=abfallarten-und-ihr-jeweiliges-volumen-identifizieren\" target=\"_blank\" rel=\"noreferrer noopener\">Abfallarten und ihr jeweiliges Volumen identifizieren<\/a><\/div>\n\n<div class=\"wp-block-button has-custom-width wp-block-button__width-75 is-style-btn-secondary is-style-btn-secondary--3\"><a class=\"wp-block-button__link has-14-font-size has-custom-font-size wp-element-button\" href=\"https:\/\/eventkit.ch\/?resource=begrenzung-von-getraenkeabfaellen\" target=\"_blank\" rel=\"noreferrer noopener\">Abf\u00e4lle im Zusammenhang mit Getr\u00e4nken reduzieren<\/a><\/div>\n\n<div class=\"wp-block-button has-custom-width wp-block-button__width-75 is-style-btn-secondary is-style-btn-secondary--4\"><a class=\"wp-block-button__link has-14-font-size has-custom-font-size wp-element-button\" href=\"https:\/\/eventkit.ch\/?resource=abfaelle-im-zusammenhang-mit-lebensmitteln-reduzieren\" target=\"_blank\" rel=\"noreferrer noopener\">Abf\u00e4lle im Zusammenhang mit Lebensmitteln reduzieren<\/a><\/div>\n\n<div class=\"wp-block-button has-custom-width wp-block-button__width-75 is-style-btn-secondary is-style-btn-secondary--5\"><a class=\"wp-block-button__link has-14-font-size has-custom-font-size wp-element-button\" href=\"https:\/\/eventkit.ch\/?resource=reduktion-von-lebensmittelverschwendung\" target=\"_blank\" rel=\"noreferrer noopener\">Reduktion von Lebensmittelverschwendung<\/a><\/div><\/div>\n\n<p><\/p>\n\n<h4 class=\"wp-block-heading has-secondary-font-family has-24-font-size\">Hilfreiche Links:<\/h4>\n\n<ul class=\"wp-block-list is-style-borderd\"><li><a href=\"https:\/\/www.news.admin.ch\/de\/nsb?id=15855\" target=\"_blank\" rel=\"noreferrer noopener\">BAFU: \u00d6kobilanz von Mehrweggeschirr<\/a><\/li>\n\n<li><a href=\"https:\/\/summit-foundation.org\/de\/sensibilisierung\/\" target=\"_blank\" rel=\"noreferrer noopener\">Posterkampagne von Summit Foundation<\/a><\/li><\/ul>\n\t<\/div>\n\n<div class=\"col-12 col-md-7\">\n\t\t\t\n<figure class=\"wp-block-image size-full has-custom-border\"><img loading=\"lazy\" decoding=\"async\" width=\"2560\" height=\"1707\" src=\"https:\/\/eventkit.ch\/wp-content\/uploads\/2025\/12\/P5251371-edited-scaled.jpg\" alt=\"\" class=\"wp-image-1681\" style=\"border-radius:8px\" srcset=\"https:\/\/eventkit.ch\/wp-content\/uploads\/2025\/12\/P5251371-edited-scaled.jpg 2560w, https:\/\/eventkit.ch\/wp-content\/uploads\/2025\/12\/P5251371-edited-300x200.jpg 300w, https:\/\/eventkit.ch\/wp-content\/uploads\/2025\/12\/P5251371-edited-1024x683.jpg 1024w, https:\/\/eventkit.ch\/wp-content\/uploads\/2025\/12\/P5251371-edited-768x512.jpg 768w, https:\/\/eventkit.ch\/wp-content\/uploads\/2025\/12\/P5251371-edited-1536x1024.jpg 1536w, https:\/\/eventkit.ch\/wp-content\/uploads\/2025\/12\/P5251371-edited-2048x1365.jpg 2048w\" sizes=\"auto, (max-width: 2560px) 100vw, 2560px\" \/><figcaption class=\"wp-element-caption\">\u00a9 SOLA Basel<\/figcaption><\/figure>\n\n<h3 class=\"wp-block-heading has-secondary-font-family has-24-font-size\">Zugeh\u00f6rige Kriterien im Eventkit:<\/h3>\n\n<p>4.1. Auf Wegwerfprodukte (wie Einweggeschirr, Einweg-Glasflaschen, Tetrapacks, Dekoration, etc.) wird verzichtet.<\/p>\n\n<p>4.2. Die Veranstaltung\/Sponsoren\/Partner verzichten auf das Verteilen von Gratismustern, Give-aways und Flyern.<\/p>\n\n<p>4.3. Eigene Druckprodukte werden auf ein Minimum reduziert. Digitale L\u00f6sungen werden bevorzugt.<\/p>\n\t<\/div>\n<\/div><\/section><section class=\"wp-block-group alignfull has-green-light-background-color has-background has-15-font-size is-layout-constrained wp-block-group-is-layout-constrained\"><h2 class=\"wp-block-heading has-text-align-center\">Abf\u00e4lle managen und Recycling f\u00f6rdern<\/h2>\n\n<p class=\"has-text-align-center is-style-subtitle has-30-font-size\">Jeder Flyer, jede Flasche und jede Verpackung z\u00e4hlt<\/p>\n\n<div class=\"wp-bootstrap-blocks-row row\">\n\t\n<div class=\"col-12 col-md-5\">\n\t\t\t\n<p class=\"has-18-font-size\">Mit einem durchdachten Recyclingkonzept wird aus scheinbarem M\u00fcll ein wertvoller Rohstoff. Gen\u00fcgend Abfallbeh\u00e4lter und Trennstationen, f\u00fchren dazu, dass die Abf\u00e4lle korrekt entsorgt werden und nicht auf dem Boden landen. Eine gute Sichtbarkeit, besonders auch in Menschenmengen und verst\u00e4ndliche Hinweise und Kennzeichnung lassen Teilnehmende spielend mitmachen.<\/p>\n\n<p><\/p>\n\n<h4 class=\"wp-block-heading has-secondary-font-family has-24-font-size\">In diesen Merkbl\u00e4ttern findest du vertiefende Informationen:<\/h4>\n\n<div class=\"wp-block-buttons is-layout-flex wp-block-buttons-is-layout-flex\"><div class=\"wp-block-button has-custom-width wp-block-button__width-75 is-style-btn-primary is-style-btn-primary--6\"><a class=\"wp-block-button__link has-general-font-family has-14-font-size has-custom-font-size wp-element-button\" href=\"https:\/\/eventkit.ch\/?resource=abfallwirtschaft-organisieren\" style=\"padding-right:0;padding-left:0\" target=\"_blank\" rel=\"noreferrer noopener\">Abfallwirtschaft organisieren<\/a><\/div>\n\n<div class=\"wp-block-button has-custom-width wp-block-button__width-75 is-style-btn-primary is-style-btn-primary--7\"><a class=\"wp-block-button__link has-general-font-family has-14-font-size has-custom-font-size wp-element-button\" href=\"https:\/\/eventkit.ch\/?resource=abfallwirtschaft-organisieren\" style=\"padding-right:0;padding-left:0\" target=\"_blank\" rel=\"noreferrer noopener\">Abfallarten und ihr jeweiliges Volumen identifizieren<\/a><\/div><\/div>\n\n<p><\/p>\n\n<p><\/p>\n\n<h4 class=\"wp-block-heading has-secondary-font-family has-24-font-size\">Hilfreiche Links:<\/h4>\n\n<ul style=\"margin-top:0;margin-bottom:0\" class=\"wp-block-list is-style-borderd has-secondary-font-family\"><li><a href=\"https:\/\/www.igsu.ch\/de\/\" target=\"_blank\" rel=\"noreferrer noopener\">IGSU: Sich f\u00fcr eine saubere Umwelt entagieren<\/a><\/li>\n\n<li><a href=\"https:\/\/summit-foundation.org\/de\/\" target=\"_blank\" rel=\"noreferrer noopener\">Summit Foundation: Materialausliehe<\/a><\/li>\n\n<li style=\"border-style:none;border-width:0px;margin-top:var(--wp--preset--spacing--30);margin-bottom:var(--wp--preset--spacing--30)\"><a href=\"https:\/\/petrecycling.ch\/ueber-uns\/sammelstellen\/als-veranstalter\/\" target=\"_blank\" rel=\"noreferrer noopener\">PET- und ALU-Sammelbeh\u00e4lter bestellen<\/a><\/li>\n\n<li style=\"border-style:none;border-width:0px;margin-top:var(--wp--preset--spacing--30);margin-bottom:var(--wp--preset--spacing--30)\"><a href=\"https:\/\/swissrecycle.ch\/de\/gemeinden-sammelstellen\/piktogramme\" target=\"_blank\" rel=\"noreferrer noopener\">Offizielle Recycling-Piktogramme<\/a><\/li>\n\n<li style=\"border-style:none;border-width:0px;margin-top:var(--wp--preset--spacing--30);margin-bottom:var(--wp--preset--spacing--30)\"><a href=\"https:\/\/swissrecycle.ch\/de\/wertstoffe-wissen\/wertstoffe\" target=\"_blank\" rel=\"noreferrer noopener\">Informationen zu einzelnen Wertstoffen<\/a><\/li>\n\n<li style=\"border-style:none;border-width:0px;margin-top:var(--wp--preset--spacing--30);margin-bottom:var(--wp--preset--spacing--30)\"><a href=\"https:\/\/www.olympics.com\/ioc\/news\/new-guide-commissioned-by-ioc-and-uefa-helps-identify-more-sustainable-solutions-for-event-branding-and-signage\" target=\"_blank\" rel=\"noreferrer noopener\">IOC: Guide for event branding and signage (englisch)<\/a> <\/li><\/ul>\n\t<\/div>\n\n<div class=\"col-12 col-md-7\">\n\t\t\t\n<figure class=\"wp-block-image size-full has-custom-border\"><img loading=\"lazy\" decoding=\"async\" width=\"2448\" height=\"1632\" src=\"https:\/\/eventkit.ch\/wp-content\/uploads\/2025\/12\/Abfallbehaelter3-edited.jpg\" alt=\"\" class=\"wp-image-1678\" style=\"border-radius:8px\" srcset=\"https:\/\/eventkit.ch\/wp-content\/uploads\/2025\/12\/Abfallbehaelter3-edited.jpg 2448w, https:\/\/eventkit.ch\/wp-content\/uploads\/2025\/12\/Abfallbehaelter3-edited-300x200.jpg 300w, https:\/\/eventkit.ch\/wp-content\/uploads\/2025\/12\/Abfallbehaelter3-edited-1024x683.jpg 1024w, https:\/\/eventkit.ch\/wp-content\/uploads\/2025\/12\/Abfallbehaelter3-edited-768x512.jpg 768w, https:\/\/eventkit.ch\/wp-content\/uploads\/2025\/12\/Abfallbehaelter3-edited-1536x1024.jpg 1536w, https:\/\/eventkit.ch\/wp-content\/uploads\/2025\/12\/Abfallbehaelter3-edited-2048x1365.jpg 2048w\" sizes=\"auto, (max-width: 2448px) 100vw, 2448px\" \/><figcaption class=\"wp-element-caption\">\u00a9 SOLA Basel<\/figcaption><\/figure>\n\n<h3 class=\"wp-block-heading has-secondary-font-family has-22-font-size\">Zugeh\u00f6rige Kriterien im Eventkit:<\/h3>\n\n<p>4.4. Der R\u00fccklauf von Mehrweg und rezyklierbaren Einweggebinden wird sichergestellt (Bsp. Depotsystem auf PET-Getr\u00e4nkeflaschen).<\/p>\n\n<p>4.5. Im Publikumsbereich sind gen\u00fcgend Abfallbeh\u00e4lter (alle 25m, gut sichtbar) aufgestellt, die laufend geleert werden und Abfalltrennung erm\u00f6glichen.<\/p>\n\t<\/div>\n<\/div><\/section><section class=\"wp-block-group alignfull is-layout-constrained wp-block-group-is-layout-constrained\"><h2 class=\"wp-block-heading has-text-align-center\">Weitere Themen<\/h2>\n\n<p class=\"has-text-align-center is-style-subtitle\">zum Bereich Material &amp; Abfall<\/p>\n\n<div class=\"wp-block-columns is-layout-flex wp-container-core-columns-is-layout-28f84493 wp-block-columns-is-layout-flex\"><div class=\"wp-block-column is-layout-flow wp-block-column-is-layout-flow\" style=\"flex-basis:50%\"><div class=\"wp-block-group is-layout-constrained wp-block-group-is-layout-constrained\"><figure class=\"wp-block-image size-large\"><img loading=\"lazy\" decoding=\"async\" width=\"1102\" height=\"735\" src=\"https:\/\/eventkit.ch\/wp-content\/uploads\/2026\/01\/IMG_6974-edited.jpg\" alt=\"\" class=\"wp-image-2806\" srcset=\"https:\/\/eventkit.ch\/wp-content\/uploads\/2026\/01\/IMG_6974-edited.jpg 1102w, https:\/\/eventkit.ch\/wp-content\/uploads\/2026\/01\/IMG_6974-edited-300x200.jpg 300w, https:\/\/eventkit.ch\/wp-content\/uploads\/2026\/01\/IMG_6974-edited-1024x683.jpg 1024w, https:\/\/eventkit.ch\/wp-content\/uploads\/2026\/01\/IMG_6974-edited-768x512.jpg 768w\" sizes=\"auto, (max-width: 1102px) 100vw, 1102px\" \/><\/figure>\n\n<p><\/p>\n\n<h3 class=\"wp-block-heading has-28-font-size\" style=\"margin-top:10px;margin-bottom:10px\">Wasser sparen<\/h3>\n\n<p><\/p>\n\n<p>Tropfen f\u00fcr Tropfen &#8211; Der bewusste Umgang mit Wasser schont Ressourcen und reduziert den \u00f6kologischen Fu\u00dfabdruck jeder Veranstaltung. Effiziente Sanit\u00e4ranlagen und ein gezielter Einsatz beim Catering sparen nicht nur Ressourcen, sondern auch Kosten f\u00fcr Wasser und Energie.<\/p>\n\n<div class=\"wp-block-buttons is-layout-flex wp-block-buttons-is-layout-flex\"><div class=\"wp-block-button\"><a class=\"wp-block-button__link has-white-color has-secondary-background-color has-text-color has-background has-link-color wp-element-button\" href=\"https:\/\/eventkit.ch\/?resource=optimierung-des-wasserverbrauchs\" target=\"_blank\" rel=\"noreferrer noopener\">Optimierung des Wasserverbrauchs<\/a><\/div><\/div>\n\n<p><\/p>\n\n<h4 class=\"wp-block-heading has-secondary-font-family has-24-font-size\">Hilfreiche Links:<\/h4>\n\n<ul class=\"wp-block-list is-style-borderd\"><li><a href=\"https:\/\/netzwerkgreenevents.de\/massnahme\/wasserverbrauch-der-veranstaltungsstaette\/\" type=\"link\" id=\"https:\/\/netzwerkgreenevents.de\/massnahme\/wasserverbrauch-der-veranstaltungsstaette\/\" target=\"_blank\" rel=\"noreferrer noopener\">Wassersparen an Events<\/a><\/li><\/ul><\/div>\n\n<p><\/p><\/div><\/div><\/section><section class=\"wp-block-group alignfull has-secondary-20-background-color has-background has-secondary-font-family has-24-font-size is-layout-constrained wp-block-group-is-layout-constrained\"><div style=\"border-radius:150px; padding-top:var(--wp--preset--spacing--50);padding-bottom:var(--wp--preset--spacing--50);padding-left:var(--wp--preset--spacing--50);padding-right:var(--wp--preset--spacing--50);\" class=\"ico-picker-block aligncenter wp-elements-1f0f9589ebd850535e7013f4b49de024 wp-block-sub-icon-picker has-text-color has-white-color has-background has-primary-background-color has-24-font-size\">\n    <span class=\"icon-download\"><\/span>\n    <\/div>\n\n<h2 class=\"wp-block-heading has-text-align-center\">Download gesamte Kriterienliste<\/h2>\n\n<p class=\"has-text-align-center is-style-subtitle\">mit 58 Kriterien in 9 Themenbereichen<\/p>\n\n<div class=\"wp-block-buttons is-content-justification-center is-layout-flex wp-container-core-buttons-is-layout-a89b3969 wp-block-buttons-is-layout-flex\"><?xml encoding=\"utf-8\" ?><div class=\"wp-block-button is-style-btn-secondary is-style-btn-secondary--8\"><a class=\"wp-block-button__link wp-element-button has-core-icon\" href=\"https:\/\/eventkit.ch\/wp-content\/uploads\/2026\/03\/Zielwerte-Eventkit.pdf\" target=\"_blank\" rel=\"noreferrer noopener\" style='--core-icon: url(\"https:\/\/eventkit.ch\/wp-content\/themes\/eventkit-wp\/gutenberg-dev\/assets\/badge-icons\/file-text.svg\");'>Als PDF<\/a><\/div>\n\n\n<?xml encoding=\"utf-8\" ?><div class=\"wp-block-button is-style-btn-primary is-style-btn-primary--9\"><a class=\"wp-block-button__link wp-element-button has-core-icon\" href=\"https:\/\/eventkit.ch\/wp-content\/uploads\/2026\/03\/Zielwerte-Eventkit.xlsx\" target=\"_blank\" rel=\"noreferrer noopener\" style='--core-icon: url(\"https:\/\/eventkit.ch\/wp-content\/themes\/eventkit-wp\/gutenberg-dev\/assets\/badge-icons\/file-text.svg\");'>Als Excel<\/a><\/div>\n<\/div><\/section>","protected":false},"excerpt":{"rendered":"<p>Weniger ist mehr \u2013 besonders beim Materialeinsatz! Jede Veranstaltung hinterl\u00e4sst Spuren, doch mit cleverer Planung lassen sich diese minimieren. Wiederverwendbare Produkte, effiziente Logistik und klare Recyclingkonzepte sparen Ressourcen\u202f\u2013\u202fund zeigen, dass Nachhaltigkeit kein Zusatz, sondern Teil des Erfolgs ist. So entsteht aus weniger Material mehr Wirkung. Abf\u00e4lle vermeiden Der beste Abfall ist der, der gar nicht [&hellip;]<\/p>\n","protected":false},"author":3,"featured_media":1681,"parent":684,"menu_order":0,"comment_status":"closed","ping_status":"closed","template":"page-no-title","meta":{"_sitemap_exclude":false,"_sitemap_priority":"","_sitemap_frequency":"","footnotes":""},"class_list":["post-1565","page","type-page","status-publish","has-post-thumbnail","hentry"],"yoast_head":"<!-- This site is optimized with the Yoast SEO plugin v27.3 - https:\/\/yoast.com\/product\/yoast-seo-wordpress\/ -->\n<title>Material &amp; Abfall - EventKit<\/title>\n<meta name=\"robots\" content=\"index, follow, max-snippet:-1, max-image-preview:large, max-video-preview:-1\" \/>\n<link rel=\"canonical\" href=\"https:\/\/eventkit.ch\/?page_id=1565\" \/>\n<meta property=\"og:locale\" content=\"de_DE\" \/>\n<meta property=\"og:type\" content=\"article\" \/>\n<meta property=\"og:title\" content=\"Material &amp; Abfall - EventKit\" \/>\n<meta property=\"og:description\" content=\"Weniger ist mehr \u2013 besonders beim Materialeinsatz! Jede Veranstaltung hinterl\u00e4sst Spuren, doch mit cleverer Planung lassen sich diese minimieren. Wiederverwendbare Produkte, effiziente Logistik und klare Recyclingkonzepte sparen Ressourcen\u202f\u2013\u202fund zeigen, dass Nachhaltigkeit kein Zusatz, sondern Teil des Erfolgs ist. So entsteht aus weniger Material mehr Wirkung. Abf\u00e4lle vermeiden Der beste Abfall ist der, der gar nicht [&hellip;]\" \/>\n<meta property=\"og:url\" content=\"https:\/\/eventkit.ch\/?page_id=1565\" \/>\n<meta property=\"og:site_name\" content=\"EventKit\" \/>\n<meta property=\"article:modified_time\" content=\"2026-03-03T10:20:34+00:00\" \/>\n<meta property=\"og:image\" content=\"https:\/\/eventkit.ch\/wp-content\/uploads\/2025\/12\/P5251371-edited-scaled.jpg\" \/>\n\t<meta property=\"og:image:width\" content=\"2560\" \/>\n\t<meta property=\"og:image:height\" content=\"1707\" \/>\n\t<meta property=\"og:image:type\" content=\"image\/jpeg\" \/>\n<meta name=\"twitter:card\" content=\"summary_large_image\" \/>\n<meta name=\"twitter:label1\" content=\"Gesch\u00e4tzte Lesezeit\" \/>\n\t<meta name=\"twitter:data1\" content=\"17\u00a0Minuten\" \/>\n<script type=\"application\/ld+json\" class=\"yoast-schema-graph\">{\"@context\":\"https:\\\/\\\/schema.org\",\"@graph\":[{\"@type\":\"WebPage\",\"@id\":\"https:\\\/\\\/eventkit.ch\\\/?page_id=1565\",\"url\":\"https:\\\/\\\/eventkit.ch\\\/?page_id=1565\",\"name\":\"Material & Abfall - EventKit\",\"isPartOf\":{\"@id\":\"https:\\\/\\\/eventkit.ch\\\/#website\"},\"primaryImageOfPage\":{\"@id\":\"https:\\\/\\\/eventkit.ch\\\/?page_id=1565#primaryimage\"},\"image\":{\"@id\":\"https:\\\/\\\/eventkit.ch\\\/?page_id=1565#primaryimage\"},\"thumbnailUrl\":\"https:\\\/\\\/eventkit.ch\\\/wp-content\\\/uploads\\\/2025\\\/12\\\/P5251371-edited-scaled.jpg\",\"datePublished\":\"2025-12-08T15:41:30+00:00\",\"dateModified\":\"2026-03-03T10:20:34+00:00\",\"breadcrumb\":{\"@id\":\"https:\\\/\\\/eventkit.ch\\\/?page_id=1565#breadcrumb\"},\"inLanguage\":\"de\",\"potentialAction\":[{\"@type\":\"ReadAction\",\"target\":[\"https:\\\/\\\/eventkit.ch\\\/?page_id=1565\"]}]},{\"@type\":\"ImageObject\",\"inLanguage\":\"de\",\"@id\":\"https:\\\/\\\/eventkit.ch\\\/?page_id=1565#primaryimage\",\"url\":\"https:\\\/\\\/eventkit.ch\\\/wp-content\\\/uploads\\\/2025\\\/12\\\/P5251371-edited-scaled.jpg\",\"contentUrl\":\"https:\\\/\\\/eventkit.ch\\\/wp-content\\\/uploads\\\/2025\\\/12\\\/P5251371-edited-scaled.jpg\",\"width\":2560,\"height\":1707,\"caption\":\"\u00a9SOLA Basel 2019\"},{\"@type\":\"BreadcrumbList\",\"@id\":\"https:\\\/\\\/eventkit.ch\\\/?page_id=1565#breadcrumb\",\"itemListElement\":[{\"@type\":\"ListItem\",\"position\":1,\"name\":\"Home\",\"item\":\"https:\\\/\\\/eventkit.ch\\\/\"},{\"@type\":\"ListItem\",\"position\":2,\"name\":\"Themen\",\"item\":\"https:\\\/\\\/eventkit.ch\\\/?page_id=684\"},{\"@type\":\"ListItem\",\"position\":3,\"name\":\"Material &#038; Abfall\"}]},{\"@type\":\"WebSite\",\"@id\":\"https:\\\/\\\/eventkit.ch\\\/#website\",\"url\":\"https:\\\/\\\/eventkit.ch\\\/\",\"name\":\"EventKit\",\"description\":\"Nachhaltigkeit, die wirkt: Dein Event im Check.\",\"publisher\":{\"@id\":\"https:\\\/\\\/eventkit.ch\\\/#organization\"},\"potentialAction\":[{\"@type\":\"SearchAction\",\"target\":{\"@type\":\"EntryPoint\",\"urlTemplate\":\"https:\\\/\\\/eventkit.ch\\\/?s={search_term_string}\"},\"query-input\":{\"@type\":\"PropertyValueSpecification\",\"valueRequired\":true,\"valueName\":\"search_term_string\"}}],\"inLanguage\":\"de\"},{\"@type\":\"Organization\",\"@id\":\"https:\\\/\\\/eventkit.ch\\\/#organization\",\"name\":\"EventKit\",\"url\":\"https:\\\/\\\/eventkit.ch\\\/\",\"logo\":{\"@type\":\"ImageObject\",\"inLanguage\":\"de\",\"@id\":\"https:\\\/\\\/eventkit.ch\\\/#\\\/schema\\\/logo\\\/image\\\/\",\"url\":\"https:\\\/\\\/eventkit.ch\\\/wp-content\\\/uploads\\\/2025\\\/11\\\/android-icon-144x144-1.png\",\"contentUrl\":\"https:\\\/\\\/eventkit.ch\\\/wp-content\\\/uploads\\\/2025\\\/11\\\/android-icon-144x144-1.png\",\"width\":144,\"height\":144,\"caption\":\"EventKit\"},\"image\":{\"@id\":\"https:\\\/\\\/eventkit.ch\\\/#\\\/schema\\\/logo\\\/image\\\/\"}}]}<\/script>\n<!-- \/ Yoast SEO plugin. -->","yoast_head_json":{"title":"Material & Abfall - EventKit","robots":{"index":"index","follow":"follow","max-snippet":"max-snippet:-1","max-image-preview":"max-image-preview:large","max-video-preview":"max-video-preview:-1"},"canonical":"https:\/\/eventkit.ch\/?page_id=1565","og_locale":"de_DE","og_type":"article","og_title":"Material & Abfall - EventKit","og_description":"Weniger ist mehr \u2013 besonders beim Materialeinsatz! Jede Veranstaltung hinterl\u00e4sst Spuren, doch mit cleverer Planung lassen sich diese minimieren. Wiederverwendbare Produkte, effiziente Logistik und klare Recyclingkonzepte sparen Ressourcen\u202f\u2013\u202fund zeigen, dass Nachhaltigkeit kein Zusatz, sondern Teil des Erfolgs ist. So entsteht aus weniger Material mehr Wirkung. Abf\u00e4lle vermeiden Der beste Abfall ist der, der gar nicht [&hellip;]","og_url":"https:\/\/eventkit.ch\/?page_id=1565","og_site_name":"EventKit","article_modified_time":"2026-03-03T10:20:34+00:00","og_image":[{"width":2560,"height":1707,"url":"https:\/\/eventkit.ch\/wp-content\/uploads\/2025\/12\/P5251371-edited-scaled.jpg","type":"image\/jpeg"}],"twitter_card":"summary_large_image","twitter_misc":{"Gesch\u00e4tzte Lesezeit":"17\u00a0Minuten"},"schema":{"@context":"https:\/\/schema.org","@graph":[{"@type":"WebPage","@id":"https:\/\/eventkit.ch\/?page_id=1565","url":"https:\/\/eventkit.ch\/?page_id=1565","name":"Material & Abfall - EventKit","isPartOf":{"@id":"https:\/\/eventkit.ch\/#website"},"primaryImageOfPage":{"@id":"https:\/\/eventkit.ch\/?page_id=1565#primaryimage"},"image":{"@id":"https:\/\/eventkit.ch\/?page_id=1565#primaryimage"},"thumbnailUrl":"https:\/\/eventkit.ch\/wp-content\/uploads\/2025\/12\/P5251371-edited-scaled.jpg","datePublished":"2025-12-08T15:41:30+00:00","dateModified":"2026-03-03T10:20:34+00:00","breadcrumb":{"@id":"https:\/\/eventkit.ch\/?page_id=1565#breadcrumb"},"inLanguage":"de","potentialAction":[{"@type":"ReadAction","target":["https:\/\/eventkit.ch\/?page_id=1565"]}]},{"@type":"ImageObject","inLanguage":"de","@id":"https:\/\/eventkit.ch\/?page_id=1565#primaryimage","url":"https:\/\/eventkit.ch\/wp-content\/uploads\/2025\/12\/P5251371-edited-scaled.jpg","contentUrl":"https:\/\/eventkit.ch\/wp-content\/uploads\/2025\/12\/P5251371-edited-scaled.jpg","width":2560,"height":1707,"caption":"\u00a9SOLA Basel 2019"},{"@type":"BreadcrumbList","@id":"https:\/\/eventkit.ch\/?page_id=1565#breadcrumb","itemListElement":[{"@type":"ListItem","position":1,"name":"Home","item":"https:\/\/eventkit.ch\/"},{"@type":"ListItem","position":2,"name":"Themen","item":"https:\/\/eventkit.ch\/?page_id=684"},{"@type":"ListItem","position":3,"name":"Material &#038; Abfall"}]},{"@type":"WebSite","@id":"https:\/\/eventkit.ch\/#website","url":"https:\/\/eventkit.ch\/","name":"EventKit","description":"Nachhaltigkeit, die wirkt: Dein Event im Check.","publisher":{"@id":"https:\/\/eventkit.ch\/#organization"},"potentialAction":[{"@type":"SearchAction","target":{"@type":"EntryPoint","urlTemplate":"https:\/\/eventkit.ch\/?s={search_term_string}"},"query-input":{"@type":"PropertyValueSpecification","valueRequired":true,"valueName":"search_term_string"}}],"inLanguage":"de"},{"@type":"Organization","@id":"https:\/\/eventkit.ch\/#organization","name":"EventKit","url":"https:\/\/eventkit.ch\/","logo":{"@type":"ImageObject","inLanguage":"de","@id":"https:\/\/eventkit.ch\/#\/schema\/logo\/image\/","url":"https:\/\/eventkit.ch\/wp-content\/uploads\/2025\/11\/android-icon-144x144-1.png","contentUrl":"https:\/\/eventkit.ch\/wp-content\/uploads\/2025\/11\/android-icon-144x144-1.png","width":144,"height":144,"caption":"EventKit"},"image":{"@id":"https:\/\/eventkit.ch\/#\/schema\/logo\/image\/"}}]}},"_links":{"self":[{"href":"https:\/\/eventkit.ch\/index.php?rest_route=\/wp\/v2\/pages\/1565","targetHints":{"allow":["GET"]}}],"collection":[{"href":"https:\/\/eventkit.ch\/index.php?rest_route=\/wp\/v2\/pages"}],"about":[{"href":"https:\/\/eventkit.ch\/index.php?rest_route=\/wp\/v2\/types\/page"}],"author":[{"embeddable":true,"href":"https:\/\/eventkit.ch\/index.php?rest_route=\/wp\/v2\/users\/3"}],"replies":[{"embeddable":true,"href":"https:\/\/eventkit.ch\/index.php?rest_route=%2Fwp%2Fv2%2Fcomments&post=1565"}],"version-history":[{"count":35,"href":"https:\/\/eventkit.ch\/index.php?rest_route=\/wp\/v2\/pages\/1565\/revisions"}],"predecessor-version":[{"id":3674,"href":"https:\/\/eventkit.ch\/index.php?rest_route=\/wp\/v2\/pages\/1565\/revisions\/3674"}],"up":[{"embeddable":true,"href":"https:\/\/eventkit.ch\/index.php?rest_route=\/wp\/v2\/pages\/684"}],"wp:featuredmedia":[{"embeddable":true,"href":"https:\/\/eventkit.ch\/index.php?rest_route=\/wp\/v2\/media\/1681"}],"wp:attachment":[{"href":"https:\/\/eventkit.ch\/index.php?rest_route=%2Fwp%2Fv2%2Fmedia&parent=1565"}],"curies":[{"name":"wp","href":"https:\/\/api.w.org\/{rel}","templated":true}]}}