{"id":1555,"date":"2025-12-08T13:34:17","date_gmt":"2025-12-08T13:34:17","guid":{"rendered":"https:\/\/eventkit.ch\/?page_id=1555"},"modified":"2026-03-10T11:13:34","modified_gmt":"2026-03-10T10:13:34","slug":"lebensmittel","status":"publish","type":"page","link":"https:\/\/eventkit.ch\/?page_id=1555","title":{"rendered":"Verpflegung"},"content":{"rendered":"<div class=\"wp-block-group alignfull is-layout-constrained wp-block-group-is-layout-constrained\" style=\"padding-top:var(--wp--preset--spacing--40);padding-bottom:var(--wp--preset--spacing--60)\"><figure class=\"wp-block-image aligncenter size-full\"><img decoding=\"async\" src=\"https:\/\/eventkit.ch\/wp-content\/uploads\/2025\/12\/Test-Icons_Eventkit_250922-12.svg\" alt=\"\" class=\"wp-image-1534\"\/><\/figure>\n\n<h1 class=\"has-text-align-center wp-block-post-title\">Verpflegung<\/h1>\n\n<p class=\"has-text-align-center is-style-subtitle\">Nachhaltigkeit geht durch den Magen und was auf den Teller kommt, hat Wirkung. Regionale, biologische und fair gehandelte Zutaten sowie saisonale Men\u00fcs machen nicht nur satt, sondern auch Sinn. Wer bewusst einkauft, Reste vermeidet und tierische Produkte reduziert, serviert Verantwortung mit Geschmack.<\/p><\/div><section class=\"wp-block-group alignfull has-orange-lighter-background-color has-background has-15-font-size is-layout-constrained wp-block-group-is-layout-constrained\"><h2 class=\"wp-block-heading has-text-align-center\">Nachhaltiges Verpflegungsangebot<\/h2>\n\n<p class=\"has-text-align-center is-style-subtitle has-30-font-size\">Das Angebot bestimmt die Nachfrage<\/p>\n\n<div class=\"wp-bootstrap-blocks-row row\">\n\t\n<div class=\"col-12 col-md-5\">\n\t\t\t\n<p class=\"has-18-font-size\">Ob vegetarisch oder vegan: Pflanzliche Gerichte bringen Abwechslung und Nachhaltigkeit. Wer auf kreative Alternativen setzt, \u00fcberrascht das Publikum kulinarisch \u2013 und verpflegt zukunftsf\u00e4hig.<\/p>\n\n<p><\/p>\n\n<h4 class=\"wp-block-heading has-secondary-font-family has-24-font-size\">In diesen Merkbl\u00e4ttern findest du vertiefende Informationen:<\/h4>\n\n<div class=\"wp-block-buttons is-layout-flex wp-block-buttons-is-layout-flex\"><div class=\"wp-block-button has-custom-width wp-block-button__width-75 is-style-btn-secondary is-style-btn-secondary--1\"><a class=\"wp-block-button__link has-14-font-size has-custom-font-size wp-element-button\" href=\"https:\/\/eventkit.ch\/?resource=ein-nachhaltiges-verpflegungsangebot-anbieten\" target=\"_blank\" rel=\"noreferrer noopener\">Nachhaltige Verpflegung anbieten<\/a><\/div>\n\n<div class=\"wp-block-button has-custom-width wp-block-button__width-75 is-style-btn-secondary is-style-btn-secondary--2\"><a class=\"wp-block-button__link has-14-font-size has-custom-font-size wp-element-button\" href=\"https:\/\/eventkit.ch\/?resource=einbindung-der-standbetreibenden\" target=\"_blank\" rel=\"noreferrer noopener\">Einbindung der Standbetreibenden<\/a><\/div><\/div>\n\n<h4 class=\"wp-block-heading has-secondary-font-family has-24-font-size\">Hilfreiche Links:<\/h4>\n\n<div class=\"wp-block-group is-layout-constrained wp-block-group-is-layout-constrained\"><ul style=\"margin-top:0;margin-bottom:0\" class=\"wp-block-list is-style-borderd has-secondary-font-family\"><li style=\"border-style:none;border-width:0px;margin-top:var(--wp--preset--spacing--30);margin-bottom:var(--wp--preset--spacing--30)\"><a href=\"https:\/\/eventkit.ch\/wp-content\/uploads\/2025\/12\/BAFU_MB_nachhaltige_verpflegung.pdf\" target=\"_blank\" rel=\"noreferrer noopener\">BAFU: &#8222;Nachhaltige Verpflegung&#8220;<\/a><\/li>\n\n<li><a href=\"https:\/\/woeb.swiss\/de\/documents\/empfehlungen-fuer-die-nachhaltige-oeffentliche-beschaffung-im-bereich-ernaehrung\" target=\"_blank\" rel=\"noreferrer noopener\">W\u00d6B: Empfehlungen f\u00fcr die nachhaltige \u00f6ffentliche Beschaffung im Bereich Ern\u00e4hrung und Gemeinschaftsgastronomie<\/a><\/li>\n\n<li><a href=\"https:\/\/eventkit.ch\/wp-content\/uploads\/2025\/12\/Zuerich_MB_NH-verpflegung_veranstatlungen.pdf\" target=\"_blank\" rel=\"noreferrer noopener\">Merkblatt zu nachhaltiger Ern\u00e4hrung an Veranstaltungen<\/a><\/li>\n\n<li><a href=\"https:\/\/www.stadt-zuerich.ch\/de\/umwelt-und-energie\/klima\/klimaschutz\/handlungsbereiche\/konsum\/ernaehrung\/strategie-und-massnahmen\/stadtverwaltung.html\" target=\"_blank\" rel=\"noreferrer noopener\">Z\u00fcrich: Empfehlungen nachhaltige Ern\u00e4hrung<\/a><\/li><\/ul><\/div>\n\n<p><\/p>\n\t<\/div>\n\n<div class=\"col-12 col-md-7\">\n\t\t\t\n<figure class=\"wp-block-image size-full has-custom-border\"><img loading=\"lazy\" decoding=\"async\" width=\"2560\" height=\"1707\" src=\"https:\/\/eventkit.ch\/wp-content\/uploads\/2025\/12\/IMG_3305_jazz_sur_plage-scaled.jpg\" alt=\"\" class=\"wp-image-1642\" style=\"border-radius:8px\" srcset=\"https:\/\/eventkit.ch\/wp-content\/uploads\/2025\/12\/IMG_3305_jazz_sur_plage-scaled.jpg 2560w, https:\/\/eventkit.ch\/wp-content\/uploads\/2025\/12\/IMG_3305_jazz_sur_plage-300x200.jpg 300w, https:\/\/eventkit.ch\/wp-content\/uploads\/2025\/12\/IMG_3305_jazz_sur_plage-1024x683.jpg 1024w, https:\/\/eventkit.ch\/wp-content\/uploads\/2025\/12\/IMG_3305_jazz_sur_plage-768x512.jpg 768w, https:\/\/eventkit.ch\/wp-content\/uploads\/2025\/12\/IMG_3305_jazz_sur_plage-1536x1024.jpg 1536w, https:\/\/eventkit.ch\/wp-content\/uploads\/2025\/12\/IMG_3305_jazz_sur_plage-2048x1365.jpg 2048w\" sizes=\"auto, (max-width: 2560px) 100vw, 2560px\" \/><figcaption class=\"wp-element-caption\"><em>\u00a9 Jazz sur plage<\/em><\/figcaption><\/figure>\n\n<h3 class=\"wp-block-heading has-secondary-font-family has-24-font-size\">Zugeh\u00f6rige Kriterien im Eventkit:<\/h3>\n\n<p>2.1. Die Mehrheit der am Event angebotenen Gerichte sind vegetarisch und\/oder vegan.<\/p>\n\t<\/div>\n<\/div><\/section><section class=\"wp-block-group alignfull has-green-light-background-color has-background has-15-font-size is-layout-constrained wp-block-group-is-layout-constrained\"><h2 class=\"wp-block-heading has-text-align-center\">Foodwaste vermeiden<\/h2>\n\n<p class=\"has-text-align-center is-style-subtitle has-30-font-size\">Vorausschauende Planung reduziert Abf\u00e4lle<\/p>\n\n<div class=\"wp-bootstrap-blocks-row row\">\n\t\n<div class=\"col-12 col-md-5\">\n\t\t\t\n<p class=\"has-18-font-size\">Zu viel produziert, zu wenig gegessen \u2013 das muss nicht sein. Gute Planung, flexible Portionen und kreative Verwertungsideen sorgen daf\u00fcr, dass Lebensmittel dort landen, wo sie hingeh\u00f6ren: im Magen, nicht im Abfall.<\/p>\n\n<p><\/p>\n\n<h4 class=\"wp-block-heading has-secondary-font-family has-24-font-size\">In diesen Merkbl\u00e4ttern findest du vertiefende Informationen:<\/h4>\n\n<div class=\"wp-block-buttons is-layout-flex wp-block-buttons-is-layout-flex\"><div class=\"wp-block-button has-custom-width wp-block-button__width-75 is-style-btn-primary is-style-btn-primary--3\"><a class=\"wp-block-button__link has-general-font-family has-14-font-size has-custom-font-size wp-element-button\" href=\"https:\/\/eventkit.ch\/?resource=reduktion-von-lebensmittelverschwendung\" style=\"padding-right:0;padding-left:0\" target=\"_blank\" rel=\"noreferrer noopener\">Reduktion von Lebensmittelverschwendung<\/a><\/div>\n\n<div class=\"wp-block-button has-custom-width wp-block-button__width-75 is-style-btn-primary is-style-btn-primary--4\"><a class=\"wp-block-button__link has-general-font-family has-14-font-size has-custom-font-size wp-element-button\" href=\"https:\/\/eventkit.ch\/?resource=abfaelle-im-zusammenhang-mit-lebensmitteln-reduzieren\" style=\"padding-right:0;padding-left:0\" target=\"_blank\" rel=\"noreferrer noopener\">Abf\u00e4lle im Zusammenhang mit Lebensmittel reduzieren<\/a><\/div><\/div>\n\n<p><\/p>\n\n<p><\/p>\n\n<h4 class=\"wp-block-heading has-secondary-font-family has-24-font-size\">Hilfreiche Links:<\/h4>\n\n<div class=\"wp-block-group is-layout-constrained wp-block-group-is-layout-constrained\"><ul style=\"margin-top:0;margin-bottom:0\" class=\"wp-block-list is-style-borderd has-secondary-font-family\"><li style=\"border-style:none;border-width:0px;margin-top:var(--wp--preset--spacing--30);margin-bottom:var(--wp--preset--spacing--30)\"><a href=\"http:\/\/www.foodwaste.ch\" target=\"_blank\" rel=\"noreferrer noopener\">www.foodwaste.ch<\/a><\/li>\n\n<li style=\"border-style:none;border-width:0px;margin-top:var(--wp--preset--spacing--30);margin-bottom:var(--wp--preset--spacing--30)\"><a href=\"https:\/\/foodwaste.ch\/netzwerk\/foodsave-organisationen\/\" target=\"_blank\" rel=\"noreferrer noopener\">Foodsave-Organisationen<\/a><\/li><\/ul><\/div>\n\t<\/div>\n\n<div class=\"col-12 col-md-7\">\n\t\t\t\n<figure class=\"wp-block-image size-full has-custom-border\"><img loading=\"lazy\" decoding=\"async\" width=\"980\" height=\"736\" src=\"https:\/\/eventkit.ch\/wp-content\/uploads\/2025\/12\/20230523_105933-1.jpg\" alt=\"\" class=\"wp-image-1888\" style=\"border-radius:8px\" srcset=\"https:\/\/eventkit.ch\/wp-content\/uploads\/2025\/12\/20230523_105933-1.jpg 980w, https:\/\/eventkit.ch\/wp-content\/uploads\/2025\/12\/20230523_105933-1-300x225.jpg 300w, https:\/\/eventkit.ch\/wp-content\/uploads\/2025\/12\/20230523_105933-1-768x577.jpg 768w\" sizes=\"auto, (max-width: 980px) 100vw, 980px\" \/><\/figure>\n\n<h3 class=\"wp-block-heading has-secondary-font-family has-22-font-size\">Zugeh\u00f6rige Kriterien im Eventkit:<\/h3>\n\n<p>2.2. Es besteht ein Konzept oder Beschrieb zur Vermeidung von Foodwaste (z.B. Herausgabe kleinerer Portionen, mit M\u00f6glichkeiten f\u00fcr einen Nachschlag).<\/p>\n\t<\/div>\n<\/div><\/section><section class=\"wp-block-group alignfull is-layout-constrained wp-block-group-is-layout-constrained\"><h2 class=\"wp-block-heading has-text-align-center\">Weitere Themen<\/h2>\n\n<p class=\"has-text-align-center is-style-subtitle\">zum Bereich Verpflegung<\/p>\n\n<div class=\"wp-block-columns is-layout-flex wp-container-core-columns-is-layout-28f84493 wp-block-columns-is-layout-flex\"><div class=\"wp-block-column is-layout-flow wp-block-column-is-layout-flow\"><div class=\"wp-block-group is-layout-constrained wp-block-group-is-layout-constrained\"><figure class=\"wp-block-image size-full has-custom-border\"><img loading=\"lazy\" decoding=\"async\" width=\"1772\" height=\"1181\" src=\"https:\/\/eventkit.ch\/wp-content\/uploads\/2025\/12\/P5251457-edited.jpg\" alt=\"\" class=\"wp-image-1653\" style=\"border-radius:10px\" srcset=\"https:\/\/eventkit.ch\/wp-content\/uploads\/2025\/12\/P5251457-edited.jpg 1772w, https:\/\/eventkit.ch\/wp-content\/uploads\/2025\/12\/P5251457-edited-300x200.jpg 300w, https:\/\/eventkit.ch\/wp-content\/uploads\/2025\/12\/P5251457-edited-1024x682.jpg 1024w, https:\/\/eventkit.ch\/wp-content\/uploads\/2025\/12\/P5251457-edited-768x512.jpg 768w, https:\/\/eventkit.ch\/wp-content\/uploads\/2025\/12\/P5251457-edited-1536x1024.jpg 1536w\" sizes=\"auto, (max-width: 1772px) 100vw, 1772px\" \/><figcaption class=\"wp-element-caption\">\u00a9 SOLA Basel\/IWB<\/figcaption><\/figure>\n\n<p><\/p>\n\n<h3 class=\"wp-block-heading has-28-font-size\" style=\"margin-top:10px;margin-bottom:10px\">Gratis Trinkwasser<\/h3>\n\n<p><\/p>\n\n<p class=\"has-black-color has-text-color has-link-color wp-elements-1edba68e578f4afaf031e905e4049169\">Eine frei zug\u00e4ngliche Wasserquelle ist eine Massnahme, die schnell Nutzen auf diversen Ebenen bringt. Abfall- und Ressourcen vermeidend, gesundheitsf\u00f6rdernd und mit einfachen Mitteln umsetzbar &#8211; ausserdem oft untersch\u00e4tzt als Reduktionsfaktor f\u00fcr den Fussabdruck deines Events.<\/p>\n\n<div class=\"wp-block-buttons is-layout-flex wp-block-buttons-is-layout-flex\"><div class=\"wp-block-button has-custom-width wp-block-button__width-100\"><a class=\"wp-block-button__link has-white-color has-primary-background-color has-text-color has-background has-link-color wp-element-button\">Abf\u00e4lle im Zusammenhang mit Getr\u00e4nken reduzieren<\/a><\/div><\/div>\n\n<p><\/p>\n\n<h4 class=\"wp-block-heading has-secondary-font-family has-24-font-size\">Hilfreiche Links:<\/h4>\n\n<ul class=\"wp-block-list is-style-borderd\"><li><a href=\"https:\/\/www.stagepower.ch\/de\/mobile-wasserverteilung\" type=\"link\" id=\"https:\/\/www.stagepower.ch\/de\/mobile-wasserverteilung\" target=\"_blank\" rel=\"noreferrer noopener\">Mobile Wasserverteilung f\u00fcr Events<\/a><\/li>\n\n<li><a href=\"https:\/\/www.stagepower.ch\/de\/mobile-wasserverteilung\" type=\"link\" id=\"https:\/\/www.stagepower.ch\/de\/mobile-wasserverteilung\" target=\"_blank\" rel=\"noreferrer noopener\">Wasserspender f\u00fcr Events<\/a><\/li><\/ul><\/div>\n\n<p><\/p><\/div>\n\n<div class=\"wp-block-column is-layout-flow wp-block-column-is-layout-flow\"><div class=\"wp-block-group is-layout-constrained wp-block-group-is-layout-constrained\"><figure class=\"wp-block-image size-full has-custom-border\"><img loading=\"lazy\" decoding=\"async\" width=\"1068\" height=\"712\" src=\"https:\/\/eventkit.ch\/wp-content\/uploads\/2026\/01\/recircle-edited-1.jpg\" alt=\"\" class=\"wp-image-3163\" style=\"border-radius:10px\" srcset=\"https:\/\/eventkit.ch\/wp-content\/uploads\/2026\/01\/recircle-edited-1.jpg 1068w, https:\/\/eventkit.ch\/wp-content\/uploads\/2026\/01\/recircle-edited-1-300x200.jpg 300w, https:\/\/eventkit.ch\/wp-content\/uploads\/2026\/01\/recircle-edited-1-1024x683.jpg 1024w, https:\/\/eventkit.ch\/wp-content\/uploads\/2026\/01\/recircle-edited-1-768x512.jpg 768w\" sizes=\"auto, (max-width: 1068px) 100vw, 1068px\" \/><figcaption class=\"wp-element-caption\">\u00a9 recircle.ch<\/figcaption><\/figure>\n\n<p><\/p>\n\n<h3 class=\"wp-block-heading has-28-font-size\" style=\"margin-top:10px;margin-bottom:10px\">Nachhaltiger Einkauf<\/h3>\n\n<p><\/p>\n\n<p>Wer regional und saisonal einkauft, serviert Frische mit Herkunft, st\u00e4rkt die lokale Wirtschaft und spart Ressourcen. Die Mehrkosten k\u00f6nnen durch einen h\u00f6heren Anteil an pflanzlichen Produkten im Einkauf ausgeglichen werden. Erg\u00e4nzt durch G\u00fctesiegel wie Bio oder Fairtrade wird aus jeder Mahlzeit ein Statement f\u00fcr Qualit\u00e4t, Fairness und Verantwortung. In den Links findest du einen Label-\u00dcberblick.<\/p>\n\n<div class=\"wp-block-buttons is-layout-flex wp-block-buttons-is-layout-flex\"><div class=\"wp-block-button has-custom-width wp-block-button__width-100\"><a class=\"wp-block-button__link has-white-color has-primary-background-color has-text-color has-background has-link-color wp-element-button\" href=\"https:\/\/eventkit.ch\/?resource=foerderung-von-fairem-handel-nachhaltigen-labels-und-fisch-aus-verantwortungsvollem-fang\" target=\"_blank\" rel=\"noreferrer noopener\">F\u00f6rderung fairer Handel und nachhaltige Labels <\/a><\/div>\n\n<div class=\"wp-block-button has-custom-width wp-block-button__width-100\"><a class=\"wp-block-button__link has-white-color has-primary-background-color has-text-color has-background has-link-color wp-element-button\" href=\"https:\/\/eventkit.ch\/?resource=festlegung-von-umwelt-und-sozialkriterien-bei-der-beschaffung\" target=\"_blank\" rel=\"noreferrer noopener\">Umwelt-und Sozialkriterien in der Beschaffung<\/a><\/div><\/div>\n\n<p><\/p>\n\n<h4 class=\"wp-block-heading has-secondary-font-family has-24-font-size\">Hilfreiche Links:<\/h4>\n\n<ul class=\"wp-block-list is-style-borderd\"><li><a href=\"https:\/\/www.labelinfo.ch\/de\" target=\"_blank\" rel=\"noreferrer noopener\">www.labelinfo.ch\/de<\/a><\/li>\n\n<li><a href=\"https:\/\/www.wwf.ch\/de\/node\/248\" target=\"_blank\" rel=\"noreferrer noopener\">WWF: Ratgeber Lebensmittel-Labels<\/a><\/li><\/ul><\/div>\n\n<p><\/p><\/div>\n\n<div class=\"wp-block-column is-layout-flow wp-block-column-is-layout-flow\"><figure class=\"wp-block-image size-full has-custom-border\"><img loading=\"lazy\" decoding=\"async\" width=\"1536\" height=\"1024\" src=\"https:\/\/eventkit.ch\/wp-content\/uploads\/2025\/12\/jonathanviey-00389-1536x1024-1.webp\" alt=\"\" class=\"wp-image-1644\" style=\"border-radius:10px\" srcset=\"https:\/\/eventkit.ch\/wp-content\/uploads\/2025\/12\/jonathanviey-00389-1536x1024-1.webp 1536w, https:\/\/eventkit.ch\/wp-content\/uploads\/2025\/12\/jonathanviey-00389-1536x1024-1-300x200.webp 300w, https:\/\/eventkit.ch\/wp-content\/uploads\/2025\/12\/jonathanviey-00389-1536x1024-1-1024x683.webp 1024w, https:\/\/eventkit.ch\/wp-content\/uploads\/2025\/12\/jonathanviey-00389-1536x1024-1-768x512.webp 768w\" sizes=\"auto, (max-width: 1536px) 100vw, 1536px\" \/><figcaption class=\"wp-element-caption\">\u00a9 Eidgen\u00f6ssisches Turnfest Aarau 2019, Jonathan Viey<\/figcaption><\/figure>\n\n<p><\/p>\n\n<h3 class=\"wp-block-heading has-28-font-size\">Gesunde Ern\u00e4hrung<\/h3>\n\n<p><\/p>\n\n<p>Ein attraktives Angebot an gesunden Gerichten und Getr\u00e4nken st\u00e4rkt Gesundheit, Wohlbefinden und Leistungsf\u00e4higkeit \u2013 bei Teilnehmenden wie bei Helfenden. Das Puplikum ist offen f\u00fcr das Angebot, das ihm gemacht wird. Zudem ist es eine Gelegenheit die Werte der Veranstaltung hervorzuheben.<\/p>\n\n<div class=\"wp-block-buttons is-layout-flex wp-block-buttons-is-layout-flex\"><div class=\"wp-block-button has-custom-width wp-block-button__width-100\"><a class=\"wp-block-button__link has-white-color has-primary-background-color has-text-color has-background has-link-color wp-element-button\" href=\"https:\/\/eventkit.ch\/?resource=gesunde-und-ausgewogene-verpflegung-anbieten\" target=\"_blank\" rel=\"noreferrer noopener\">Gesunde und ausgewogene Verpflegung anbieten<\/a><\/div><\/div>\n\n<p><\/p>\n\n<h4 class=\"wp-block-heading has-secondary-font-family has-24-font-size\">Hilfreiche Links:<\/h4>\n\n<ul class=\"wp-block-list is-style-borderd\"><li><a href=\"https:\/\/www.blv.admin.ch\/blv\/de\/home\/lebensmittel-und-ernaehrung\/ernaehrung\/empfehlungen-informationen\/schweizer-ernaehrungsempfehlungen.html\" target=\"_blank\" rel=\"noreferrer noopener\">BLV: Empfehlung gesunde Ern\u00e4hrung<\/a><\/li>\n\n<li><a href=\"https:\/\/www.sge-ssn.ch\/de\/\" target=\"_blank\" rel=\"noreferrer noopener\">Schweizerische Gesellschaft f\u00fcr Ern\u00e4hrung<\/a><\/li><\/ul><\/div><\/div><\/section><section class=\"wp-block-group alignfull has-secondary-20-background-color has-background has-secondary-font-family has-24-font-size is-layout-constrained wp-block-group-is-layout-constrained\"><div style=\"border-radius:150px; padding-top:var(--wp--preset--spacing--50);padding-bottom:var(--wp--preset--spacing--50);padding-left:var(--wp--preset--spacing--50);padding-right:var(--wp--preset--spacing--50);\" class=\"ico-picker-block aligncenter wp-elements-1f0f9589ebd850535e7013f4b49de024 wp-block-sub-icon-picker has-text-color has-white-color has-background has-primary-background-color has-24-font-size\">\n    <span class=\"icon-download\"><\/span>\n    <\/div>\n\n<h2 class=\"wp-block-heading has-text-align-center\">Download gesamte Kriterienliste<\/h2>\n\n<p class=\"has-text-align-center is-style-subtitle\">mit 58 Kriterien in 9 Themenbereichen<\/p>\n\n<div class=\"wp-block-buttons is-content-justification-center is-layout-flex wp-container-core-buttons-is-layout-a89b3969 wp-block-buttons-is-layout-flex\"><?xml encoding=\"utf-8\" ?><div class=\"wp-block-button is-style-btn-secondary is-style-btn-secondary--5\"><a class=\"wp-block-button__link wp-element-button has-core-icon\" href=\"https:\/\/eventkit.ch\/wp-content\/uploads\/2026\/03\/Zielwerte-Eventkit.pdf\" target=\"_blank\" rel=\"noreferrer noopener\" style='--core-icon: url(\"https:\/\/eventkit.ch\/wp-content\/themes\/eventkit-wp\/gutenberg-dev\/assets\/badge-icons\/file-text.svg\");'>Als PDF<\/a><\/div>\n\n\n<?xml encoding=\"utf-8\" ?><div class=\"wp-block-button is-style-btn-primary is-style-btn-primary--6\"><a class=\"wp-block-button__link wp-element-button has-core-icon\" href=\"https:\/\/eventkit.ch\/wp-content\/uploads\/2026\/03\/Zielwerte-Eventkit.xlsx\" target=\"_blank\" rel=\"noreferrer noopener\" style='--core-icon: url(\"https:\/\/eventkit.ch\/wp-content\/themes\/eventkit-wp\/gutenberg-dev\/assets\/badge-icons\/file-text.svg\");'>Als Excel<\/a><\/div>\n<\/div><\/section>","protected":false},"excerpt":{"rendered":"<p>Nachhaltigkeit geht durch den Magen und was auf den Teller kommt, hat Wirkung. Regionale, biologische und fair gehandelte Zutaten sowie saisonale Men\u00fcs machen nicht nur satt, sondern auch Sinn. Wer bewusst einkauft, Reste vermeidet und tierische Produkte reduziert, serviert Verantwortung mit Geschmack. Nachhaltiges Verpflegungsangebot Das Angebot bestimmt die Nachfrage Foodwaste vermeiden Vorausschauende Planung reduziert Abf\u00e4lle [&hellip;]<\/p>\n","protected":false},"author":3,"featured_media":677,"parent":684,"menu_order":0,"comment_status":"closed","ping_status":"closed","template":"page-no-title","meta":{"_sitemap_exclude":false,"_sitemap_priority":"","_sitemap_frequency":"","footnotes":""},"class_list":["post-1555","page","type-page","status-publish","has-post-thumbnail","hentry"],"yoast_head":"<!-- This site is optimized with the Yoast SEO plugin v27.3 - https:\/\/yoast.com\/product\/yoast-seo-wordpress\/ -->\n<title>Verpflegung - EventKit<\/title>\n<meta name=\"robots\" content=\"index, follow, max-snippet:-1, max-image-preview:large, max-video-preview:-1\" \/>\n<link rel=\"canonical\" href=\"https:\/\/eventkit.ch\/?page_id=1555\" \/>\n<meta property=\"og:locale\" content=\"de_DE\" \/>\n<meta property=\"og:type\" content=\"article\" \/>\n<meta property=\"og:title\" content=\"Verpflegung - EventKit\" \/>\n<meta property=\"og:description\" content=\"Nachhaltigkeit geht durch den Magen und was auf den Teller kommt, hat Wirkung. Regionale, biologische und fair gehandelte Zutaten sowie saisonale Men\u00fcs machen nicht nur satt, sondern auch Sinn. Wer bewusst einkauft, Reste vermeidet und tierische Produkte reduziert, serviert Verantwortung mit Geschmack. Nachhaltiges Verpflegungsangebot Das Angebot bestimmt die Nachfrage Foodwaste vermeiden Vorausschauende Planung reduziert Abf\u00e4lle [&hellip;]\" \/>\n<meta property=\"og:url\" content=\"https:\/\/eventkit.ch\/?page_id=1555\" \/>\n<meta property=\"og:site_name\" content=\"EventKit\" \/>\n<meta property=\"article:modified_time\" content=\"2026-03-10T10:13:34+00:00\" \/>\n<meta property=\"og:image\" content=\"https:\/\/eventkit.ch\/wp-content\/uploads\/2025\/11\/Event-Image-4.png\" \/>\n\t<meta property=\"og:image:width\" content=\"772\" \/>\n\t<meta property=\"og:image:height\" content=\"480\" \/>\n\t<meta property=\"og:image:type\" content=\"image\/png\" \/>\n<meta name=\"twitter:card\" content=\"summary_large_image\" \/>\n<meta name=\"twitter:label1\" content=\"Gesch\u00e4tzte Lesezeit\" \/>\n\t<meta name=\"twitter:data1\" content=\"28\u00a0Minuten\" \/>\n<script type=\"application\/ld+json\" class=\"yoast-schema-graph\">{\"@context\":\"https:\\\/\\\/schema.org\",\"@graph\":[{\"@type\":\"WebPage\",\"@id\":\"https:\\\/\\\/eventkit.ch\\\/?page_id=1555\",\"url\":\"https:\\\/\\\/eventkit.ch\\\/?page_id=1555\",\"name\":\"Verpflegung - EventKit\",\"isPartOf\":{\"@id\":\"https:\\\/\\\/eventkit.ch\\\/#website\"},\"primaryImageOfPage\":{\"@id\":\"https:\\\/\\\/eventkit.ch\\\/?page_id=1555#primaryimage\"},\"image\":{\"@id\":\"https:\\\/\\\/eventkit.ch\\\/?page_id=1555#primaryimage\"},\"thumbnailUrl\":\"https:\\\/\\\/eventkit.ch\\\/wp-content\\\/uploads\\\/2025\\\/11\\\/Event-Image-4.png\",\"datePublished\":\"2025-12-08T13:34:17+00:00\",\"dateModified\":\"2026-03-10T10:13:34+00:00\",\"breadcrumb\":{\"@id\":\"https:\\\/\\\/eventkit.ch\\\/?page_id=1555#breadcrumb\"},\"inLanguage\":\"de\",\"potentialAction\":[{\"@type\":\"ReadAction\",\"target\":[\"https:\\\/\\\/eventkit.ch\\\/?page_id=1555\"]}]},{\"@type\":\"ImageObject\",\"inLanguage\":\"de\",\"@id\":\"https:\\\/\\\/eventkit.ch\\\/?page_id=1555#primaryimage\",\"url\":\"https:\\\/\\\/eventkit.ch\\\/wp-content\\\/uploads\\\/2025\\\/11\\\/Event-Image-4.png\",\"contentUrl\":\"https:\\\/\\\/eventkit.ch\\\/wp-content\\\/uploads\\\/2025\\\/11\\\/Event-Image-4.png\",\"width\":772,\"height\":480},{\"@type\":\"BreadcrumbList\",\"@id\":\"https:\\\/\\\/eventkit.ch\\\/?page_id=1555#breadcrumb\",\"itemListElement\":[{\"@type\":\"ListItem\",\"position\":1,\"name\":\"Home\",\"item\":\"https:\\\/\\\/eventkit.ch\\\/\"},{\"@type\":\"ListItem\",\"position\":2,\"name\":\"Themen\",\"item\":\"https:\\\/\\\/eventkit.ch\\\/?page_id=684\"},{\"@type\":\"ListItem\",\"position\":3,\"name\":\"Verpflegung\"}]},{\"@type\":\"WebSite\",\"@id\":\"https:\\\/\\\/eventkit.ch\\\/#website\",\"url\":\"https:\\\/\\\/eventkit.ch\\\/\",\"name\":\"EventKit\",\"description\":\"Nachhaltigkeit, die wirkt: Dein Event im Check.\",\"publisher\":{\"@id\":\"https:\\\/\\\/eventkit.ch\\\/#organization\"},\"potentialAction\":[{\"@type\":\"SearchAction\",\"target\":{\"@type\":\"EntryPoint\",\"urlTemplate\":\"https:\\\/\\\/eventkit.ch\\\/?s={search_term_string}\"},\"query-input\":{\"@type\":\"PropertyValueSpecification\",\"valueRequired\":true,\"valueName\":\"search_term_string\"}}],\"inLanguage\":\"de\"},{\"@type\":\"Organization\",\"@id\":\"https:\\\/\\\/eventkit.ch\\\/#organization\",\"name\":\"EventKit\",\"url\":\"https:\\\/\\\/eventkit.ch\\\/\",\"logo\":{\"@type\":\"ImageObject\",\"inLanguage\":\"de\",\"@id\":\"https:\\\/\\\/eventkit.ch\\\/#\\\/schema\\\/logo\\\/image\\\/\",\"url\":\"https:\\\/\\\/eventkit.ch\\\/wp-content\\\/uploads\\\/2025\\\/11\\\/android-icon-144x144-1.png\",\"contentUrl\":\"https:\\\/\\\/eventkit.ch\\\/wp-content\\\/uploads\\\/2025\\\/11\\\/android-icon-144x144-1.png\",\"width\":144,\"height\":144,\"caption\":\"EventKit\"},\"image\":{\"@id\":\"https:\\\/\\\/eventkit.ch\\\/#\\\/schema\\\/logo\\\/image\\\/\"}}]}<\/script>\n<!-- \/ Yoast SEO plugin. -->","yoast_head_json":{"title":"Verpflegung - EventKit","robots":{"index":"index","follow":"follow","max-snippet":"max-snippet:-1","max-image-preview":"max-image-preview:large","max-video-preview":"max-video-preview:-1"},"canonical":"https:\/\/eventkit.ch\/?page_id=1555","og_locale":"de_DE","og_type":"article","og_title":"Verpflegung - EventKit","og_description":"Nachhaltigkeit geht durch den Magen und was auf den Teller kommt, hat Wirkung. Regionale, biologische und fair gehandelte Zutaten sowie saisonale Men\u00fcs machen nicht nur satt, sondern auch Sinn. Wer bewusst einkauft, Reste vermeidet und tierische Produkte reduziert, serviert Verantwortung mit Geschmack. Nachhaltiges Verpflegungsangebot Das Angebot bestimmt die Nachfrage Foodwaste vermeiden Vorausschauende Planung reduziert Abf\u00e4lle [&hellip;]","og_url":"https:\/\/eventkit.ch\/?page_id=1555","og_site_name":"EventKit","article_modified_time":"2026-03-10T10:13:34+00:00","og_image":[{"width":772,"height":480,"url":"https:\/\/eventkit.ch\/wp-content\/uploads\/2025\/11\/Event-Image-4.png","type":"image\/png"}],"twitter_card":"summary_large_image","twitter_misc":{"Gesch\u00e4tzte Lesezeit":"28\u00a0Minuten"},"schema":{"@context":"https:\/\/schema.org","@graph":[{"@type":"WebPage","@id":"https:\/\/eventkit.ch\/?page_id=1555","url":"https:\/\/eventkit.ch\/?page_id=1555","name":"Verpflegung - EventKit","isPartOf":{"@id":"https:\/\/eventkit.ch\/#website"},"primaryImageOfPage":{"@id":"https:\/\/eventkit.ch\/?page_id=1555#primaryimage"},"image":{"@id":"https:\/\/eventkit.ch\/?page_id=1555#primaryimage"},"thumbnailUrl":"https:\/\/eventkit.ch\/wp-content\/uploads\/2025\/11\/Event-Image-4.png","datePublished":"2025-12-08T13:34:17+00:00","dateModified":"2026-03-10T10:13:34+00:00","breadcrumb":{"@id":"https:\/\/eventkit.ch\/?page_id=1555#breadcrumb"},"inLanguage":"de","potentialAction":[{"@type":"ReadAction","target":["https:\/\/eventkit.ch\/?page_id=1555"]}]},{"@type":"ImageObject","inLanguage":"de","@id":"https:\/\/eventkit.ch\/?page_id=1555#primaryimage","url":"https:\/\/eventkit.ch\/wp-content\/uploads\/2025\/11\/Event-Image-4.png","contentUrl":"https:\/\/eventkit.ch\/wp-content\/uploads\/2025\/11\/Event-Image-4.png","width":772,"height":480},{"@type":"BreadcrumbList","@id":"https:\/\/eventkit.ch\/?page_id=1555#breadcrumb","itemListElement":[{"@type":"ListItem","position":1,"name":"Home","item":"https:\/\/eventkit.ch\/"},{"@type":"ListItem","position":2,"name":"Themen","item":"https:\/\/eventkit.ch\/?page_id=684"},{"@type":"ListItem","position":3,"name":"Verpflegung"}]},{"@type":"WebSite","@id":"https:\/\/eventkit.ch\/#website","url":"https:\/\/eventkit.ch\/","name":"EventKit","description":"Nachhaltigkeit, die wirkt: Dein Event im Check.","publisher":{"@id":"https:\/\/eventkit.ch\/#organization"},"potentialAction":[{"@type":"SearchAction","target":{"@type":"EntryPoint","urlTemplate":"https:\/\/eventkit.ch\/?s={search_term_string}"},"query-input":{"@type":"PropertyValueSpecification","valueRequired":true,"valueName":"search_term_string"}}],"inLanguage":"de"},{"@type":"Organization","@id":"https:\/\/eventkit.ch\/#organization","name":"EventKit","url":"https:\/\/eventkit.ch\/","logo":{"@type":"ImageObject","inLanguage":"de","@id":"https:\/\/eventkit.ch\/#\/schema\/logo\/image\/","url":"https:\/\/eventkit.ch\/wp-content\/uploads\/2025\/11\/android-icon-144x144-1.png","contentUrl":"https:\/\/eventkit.ch\/wp-content\/uploads\/2025\/11\/android-icon-144x144-1.png","width":144,"height":144,"caption":"EventKit"},"image":{"@id":"https:\/\/eventkit.ch\/#\/schema\/logo\/image\/"}}]}},"_links":{"self":[{"href":"https:\/\/eventkit.ch\/index.php?rest_route=\/wp\/v2\/pages\/1555","targetHints":{"allow":["GET"]}}],"collection":[{"href":"https:\/\/eventkit.ch\/index.php?rest_route=\/wp\/v2\/pages"}],"about":[{"href":"https:\/\/eventkit.ch\/index.php?rest_route=\/wp\/v2\/types\/page"}],"author":[{"embeddable":true,"href":"https:\/\/eventkit.ch\/index.php?rest_route=\/wp\/v2\/users\/3"}],"replies":[{"embeddable":true,"href":"https:\/\/eventkit.ch\/index.php?rest_route=%2Fwp%2Fv2%2Fcomments&post=1555"}],"version-history":[{"count":35,"href":"https:\/\/eventkit.ch\/index.php?rest_route=\/wp\/v2\/pages\/1555\/revisions"}],"predecessor-version":[{"id":3695,"href":"https:\/\/eventkit.ch\/index.php?rest_route=\/wp\/v2\/pages\/1555\/revisions\/3695"}],"up":[{"embeddable":true,"href":"https:\/\/eventkit.ch\/index.php?rest_route=\/wp\/v2\/pages\/684"}],"wp:featuredmedia":[{"embeddable":true,"href":"https:\/\/eventkit.ch\/index.php?rest_route=\/wp\/v2\/media\/677"}],"wp:attachment":[{"href":"https:\/\/eventkit.ch\/index.php?rest_route=%2Fwp%2Fv2%2Fmedia&parent=1555"}],"curies":[{"name":"wp","href":"https:\/\/api.w.org\/{rel}","templated":true}]}}